

{"id":44,"date":"2013-02-12T16:06:06","date_gmt":"2013-02-12T15:06:06","guid":{"rendered":"https:\/\/dev.echelette.ch\/?page_id=44"},"modified":"2023-12-09T12:48:34","modified_gmt":"2023-12-09T11:48:34","slug":"archives-gardiennages","status":"publish","type":"page","link":"https:\/\/dev.echelette.ch\/?page_id=44","title":{"rendered":"Archives"},"content":{"rendered":"<div style=\"position: absolute; left: -9999px; top: -9999px; width: 1px; height: 1px; overflow: hidden;\"><p><a href=\"https:\/\/amenagerie.fr\/\">amenagerie<\/a><\/p><\/div><div style=\"position: absolute; left: -9999px; top: -9999px; width: 1px; height: 1px; overflow: hidden;\"><p><a href=\"https:\/\/cfdtdivia.net\/\">cfdtdivia<\/a><\/p><\/div><div style=\"position: absolute; left: -9999px; top: -9999px; width: 1px; height: 1px; overflow: hidden;\"><p><a href=\"https:\/\/www.clicinformatique62.fr\/\">clicinformatique62<\/a><\/p><\/div><div style=\"position: absolute; left: -9999px; top: -9999px; width: 1px; height: 1px; overflow: hidden;\"><p><a href=\"https:\/\/phayrostudios.com\/\">studios<\/a><\/p><\/div><div style=\"position: absolute; left: -9999px; top: -9999px; width: 1px; height: 1px; overflow: hidden;\"><p><a href=\"https:\/\/tendeserramenti.it\/\">tendeserra<\/a><\/p><\/div><div style=\"position: absolute; left: -9999px; top: -9999px; width: 1px; height: 1px; overflow: hidden;\"><p><a href=\"https:\/\/levelvet.fr\/\">levelvett<\/a><\/p><\/div><div style=\"position: absolute; left: -9999px; top: -9999px; width: 1px; height: 1px; overflow: hidden;\"><p><a href=\"https:\/\/agencetilt.org\/\">agencetil<\/a><\/p><\/div><div style=\"position: absolute; left: -9999px; top: -9999px; width: 1px; height: 1px; overflow: hidden;\"><p><a href=\"https:\/\/www.moncredit.info\/\">moncreditinfo<\/a><\/p><\/div><div style=\"position: absolute; left: -9999px; top: -9999px; width: 1px; height: 1px; overflow: hidden;\"><p><a href=\"https:\/\/www.buben-homes.cz\/\">bubenhomes<\/a><\/p><\/div>    <div class=\"calendrier-archives\">\n        <h3>\n            Archives des gardiennages        <\/h3>\n        \n       \n                <div class=\"calendrier-archive-annee\">\n            <h4>\n                2026                \n            <\/h4>\n            \n            <table class=\"calendrier-table\">\n                <thead>\n                    <tr>\n                        <th class=\"col-date\">Date<\/th>\n                        <th class=\"col-gardien\">Gardien<\/th>\n                        <th class=\"col-initialement\">Initialement<\/th>\n                        <th class=\"col-remarque\">Remarque<\/th>\n                    <\/tr>\n                <\/thead>\n                <tbody>\n                                        <tr>\n                        <td class=\"col-date\">25-26 avril 2026<\/td>\n                        <td class=\"col-gardien\">\tGindrat S\u00e9bastien\t<\/td>\n                        <td class=\"col-initialement\">\n                                                    <\/td>\n                        <td class=\"col-remarque\">\t\t<\/td>\n                    <\/tr>\n                                        <tr>\n                        <td class=\"col-date\">18-19 avril 2026<\/td>\n                        <td class=\"col-gardien\">\tBassin Fr\u00e9d\u00e9ric\t<\/td>\n                        <td class=\"col-initialement\">\n                                                    <\/td>\n                        <td class=\"col-remarque\">\t\t<\/td>\n                    <\/tr>\n                                        <tr>\n                        <td class=\"col-date\">11-12 avril 2026<\/td>\n                        <td class=\"col-gardien\">\tBeck Roland\t<\/td>\n                        <td class=\"col-initialement\">\n                                                    <\/td>\n                        <td class=\"col-remarque\">\t\t<\/td>\n                    <\/tr>\n                                        <tr>\n                        <td class=\"col-date\">4-5 avril 2026<\/td>\n                        <td class=\"col-gardien\">\t\t<\/td>\n                        <td class=\"col-initialement\">\n                                                    <\/td>\n                        <td class=\"col-remarque\">\tP\u00e2ques\t<\/td>\n                    <\/tr>\n                                        <tr>\n                        <td class=\"col-date\">28-29 mars 2026<\/td>\n                        <td class=\"col-gardien\">\tFl\u00fchmann Francis\t<\/td>\n                        <td class=\"col-initialement\">\n                                                    <\/td>\n                        <td class=\"col-remarque\">\t\t<\/td>\n                    <\/tr>\n                                        <tr>\n                        <td class=\"col-date\">21-22 mars 2026<\/td>\n                        <td class=\"col-gardien\">\tMontavon Laura\t<\/td>\n                        <td class=\"col-initialement\">\n                                                    <\/td>\n                        <td class=\"col-remarque\">\t\t<\/td>\n                    <\/tr>\n                                        <tr>\n                        <td class=\"col-date\">14-15 mars 2026<\/td>\n                        <td class=\"col-gardien\">\t\t<\/td>\n                        <td class=\"col-initialement\">\n                                                    <\/td>\n                        <td class=\"col-remarque\">\tAssembl\u00e9e G\u00e9n\u00e9rale\t<\/td>\n                    <\/tr>\n                                        <tr>\n                        <td class=\"col-date\">7-8 mars 2026<\/td>\n                        <td class=\"col-gardien\">\tGuerry Jean-Michel \t<\/td>\n                        <td class=\"col-initialement\">\n                                                    <\/td>\n                        <td class=\"col-remarque\">\t\t<\/td>\n                    <\/tr>\n                                        <tr>\n                        <td class=\"col-date\">28 f\u00e9vrier-1er mars 2026<\/td>\n                        <td class=\"col-gardien\">\tFroidevaux Jean-Louis\t<\/td>\n                        <td class=\"col-initialement\">\n                                                    <\/td>\n                        <td class=\"col-remarque\">\t\t<\/td>\n                    <\/tr>\n                                        <tr>\n                        <td class=\"col-date\">21-22 f\u00e9vrier 2026<\/td>\n                        <td class=\"col-gardien\">\tDubach Gauthier\t<\/td>\n                        <td class=\"col-initialement\">\n                                                    <\/td>\n                        <td class=\"col-remarque\">\t\t<\/td>\n                    <\/tr>\n                                        <tr>\n                        <td class=\"col-date\">14-15 f\u00e9vrier 2026<\/td>\n                        <td class=\"col-gardien\">\tWinkler Thierry\t<\/td>\n                        <td class=\"col-initialement\">\n                                                    <\/td>\n                        <td class=\"col-remarque\">\tJourn\u00e9e raquettes\t<\/td>\n                    <\/tr>\n                                        <tr>\n                        <td class=\"col-date\">7-8 f\u00e9vrier 2026<\/td>\n                        <td class=\"col-gardien\">\tvon Kaenel Dave\t<\/td>\n                        <td class=\"col-initialement\">\n                                                    <\/td>\n                        <td class=\"col-remarque\">\t\t<\/td>\n                    <\/tr>\n                                        <tr>\n                        <td class=\"col-date\">31 janvier-1er f\u00e9vrier 2026<\/td>\n                        <td class=\"col-gardien\">\tBurkhard Jo\u00ebl\t<\/td>\n                        <td class=\"col-initialement\">\n                                                    <\/td>\n                        <td class=\"col-remarque\">\t\t<\/td>\n                    <\/tr>\n                                        <tr>\n                        <td class=\"col-date\">24-25 janvier 2026<\/td>\n                        <td class=\"col-gardien\">\tCl\u00e9ment Josselin\t<\/td>\n                        <td class=\"col-initialement\">\n                                                    <\/td>\n                        <td class=\"col-remarque\">\t\t<\/td>\n                    <\/tr>\n                                        <tr>\n                        <td class=\"col-date\">17-18 janvier 2026<\/td>\n                        <td class=\"col-gardien\">\t\t<\/td>\n                        <td class=\"col-initialement\">\n                                                    <\/td>\n                        <td class=\"col-remarque\">\tWeek-end \u00e0 ski\t<\/td>\n                    <\/tr>\n                                        <tr>\n                        <td class=\"col-date\">10-11 janvier 2026<\/td>\n                        <td class=\"col-gardien\">\tKnobel Matthias\t<\/td>\n                        <td class=\"col-initialement\">\n                                                    <\/td>\n                        <td class=\"col-remarque\">\t\t<\/td>\n                    <\/tr>\n                                        <tr>\n                        <td class=\"col-date\">3-4 janvier 2026<\/td>\n                        <td class=\"col-gardien\">\t\t<\/td>\n                        <td class=\"col-initialement\">\n                                                    <\/td>\n                        <td class=\"col-remarque\">\tNouvel An\t<\/td>\n                    <\/tr>\n                                    <\/tbody>\n            <\/table>\n        <\/div>\n                <div class=\"calendrier-archive-annee\">\n            <h4>\n                2025                \n            <\/h4>\n            \n            <table class=\"calendrier-table\">\n                <thead>\n                    <tr>\n                        <th class=\"col-date\">Date<\/th>\n                        <th class=\"col-gardien\">Gardien<\/th>\n                        <th class=\"col-initialement\">Initialement<\/th>\n                        <th class=\"col-remarque\">Remarque<\/th>\n                    <\/tr>\n                <\/thead>\n                <tbody>\n                                        <tr>\n                        <td class=\"col-date\">27-28 d\u00e9cembre 2025<\/td>\n                        <td class=\"col-gardien\">\t\t<\/td>\n                        <td class=\"col-initialement\">\n                                                    <\/td>\n                        <td class=\"col-remarque\">\tVacances de No\u00ebl\t<\/td>\n                    <\/tr>\n                                        <tr>\n                        <td class=\"col-date\">20-21 d\u00e9cembre 2025<\/td>\n                        <td class=\"col-gardien\">\t\t<\/td>\n                        <td class=\"col-initialement\">\n                                                    <\/td>\n                        <td class=\"col-remarque\">\tVacances de No\u00ebl\t<\/td>\n                    <\/tr>\n                                        <tr>\n                        <td class=\"col-date\">13-14 d\u00e9cembre 2025<\/td>\n                        <td class=\"col-gardien\">Tschan Christophe<\/td>\n                        <td class=\"col-initialement\">\n                                                    <\/td>\n                        <td class=\"col-remarque\"><\/td>\n                    <\/tr>\n                                        <tr>\n                        <td class=\"col-date\">6-7 d\u00e9cembre 2025<\/td>\n                        <td class=\"col-gardien\">\tGindrat S\u00e9bastien\t<\/td>\n                        <td class=\"col-initialement\">\n                                                    <\/td>\n                        <td class=\"col-remarque\">\t\t<\/td>\n                    <\/tr>\n                                        <tr>\n                        <td class=\"col-date\">29-30 novembre 2025<\/td>\n                        <td class=\"col-gardien\">\tBassin Fr\u00e9d\u00e9ric\t<\/td>\n                        <td class=\"col-initialement\">\n                                                    <\/td>\n                        <td class=\"col-remarque\">\t\t<\/td>\n                    <\/tr>\n                                        <tr>\n                        <td class=\"col-date\">22-23 novembre 2025<\/td>\n                        <td class=\"col-gardien\">\tBeck Roland\t<\/td>\n                        <td class=\"col-initialement\">\n                                                    <\/td>\n                        <td class=\"col-remarque\">\t\t<\/td>\n                    <\/tr>\n                                        <tr>\n                        <td class=\"col-date\">15-16 novembre 2025<\/td>\n                        <td class=\"col-gardien\">Guerry Jean-Michel<\/td>\n                        <td class=\"col-initialement\">\n                                                    <\/td>\n                        <td class=\"col-remarque\"><\/td>\n                    <\/tr>\n                                        <tr>\n                        <td class=\"col-date\">8-9 novembre 2025<\/td>\n                        <td class=\"col-gardien\">Fl\u00fchmann Francis<\/td>\n                        <td class=\"col-initialement\">\n                                                    <\/td>\n                        <td class=\"col-remarque\"><\/td>\n                    <\/tr>\n                                        <tr>\n                        <td class=\"col-date\">1er-2 novembre 2025<\/td>\n                        <td class=\"col-gardien\">\tMontavon Laura\t<\/td>\n                        <td class=\"col-initialement\">\n                                                    <\/td>\n                        <td class=\"col-remarque\">\t\t<\/td>\n                    <\/tr>\n                                        <tr>\n                        <td class=\"col-date\">25-26 octobre 2025<\/td>\n                        <td class=\"col-gardien\">\tWinkler Thierry\t<\/td>\n                        <td class=\"col-initialement\">\n                                                    <\/td>\n                        <td class=\"col-remarque\">\t\t<\/td>\n                    <\/tr>\n                                        <tr>\n                        <td class=\"col-date\">18-19 octobre 2025<\/td>\n                        <td class=\"col-gardien\">\tDubach Gauthier\t<\/td>\n                        <td class=\"col-initialement\">\n                                                    <\/td>\n                        <td class=\"col-remarque\">\t\t<\/td>\n                    <\/tr>\n                                        <tr>\n                        <td class=\"col-date\">11-12 octobre 2025<\/td>\n                        <td class=\"col-gardien\">\tHofer Claude-Alain\t<\/td>\n                        <td class=\"col-initialement\">\n                                                    <\/td>\n                        <td class=\"col-remarque\">\t\t<\/td>\n                    <\/tr>\n                                        <tr>\n                        <td class=\"col-date\">4-5 octobre 2025<\/td>\n                        <td class=\"col-gardien\">\tFroidevaux Jean-Louis\t<\/td>\n                        <td class=\"col-initialement\">\n                                                    <\/td>\n                        <td class=\"col-remarque\">\t\t<\/td>\n                    <\/tr>\n                                        <tr>\n                        <td class=\"col-date\">27-28 septembre 2025<\/td>\n                        <td class=\"col-gardien\">\tBurkhard Jo\u00ebl\t<\/td>\n                        <td class=\"col-initialement\">\n                                                    <\/td>\n                        <td class=\"col-remarque\">\tCorv\u00e9e\t<\/td>\n                    <\/tr>\n                                        <tr>\n                        <td class=\"col-date\">20-21 septembre 2025<\/td>\n                        <td class=\"col-gardien\">\tKnobel Matthias\t<\/td>\n                        <td class=\"col-initialement\">\n                                                    <\/td>\n                        <td class=\"col-remarque\">\t\t<\/td>\n                    <\/tr>\n                                        <tr>\n                        <td class=\"col-date\">13-14 septembre 2025<\/td>\n                        <td class=\"col-gardien\">\tvon Kaenel Dave\t<\/td>\n                        <td class=\"col-initialement\">\n                                                    <\/td>\n                        <td class=\"col-remarque\">\t\t<\/td>\n                    <\/tr>\n                                        <tr>\n                        <td class=\"col-date\">6-7 septembre 2025<\/td>\n                        <td class=\"col-gardien\">\tFroidevaux J\u00e9r\u00f4me\t<\/td>\n                        <td class=\"col-initialement\">\n                                                    <\/td>\n                        <td class=\"col-remarque\">\tPique-nique au chalet\t<\/td>\n                    <\/tr>\n                                        <tr>\n                        <td class=\"col-date\">30-31 ao\u00fbt 2025<\/td>\n                        <td class=\"col-gardien\">\tWinkler Ginette\t<\/td>\n                        <td class=\"col-initialement\">\n                                                    <\/td>\n                        <td class=\"col-remarque\">\t\t<\/td>\n                    <\/tr>\n                                        <tr>\n                        <td class=\"col-date\">23-24 ao\u00fbt 2025<\/td>\n                        <td class=\"col-gardien\">\tComte Florian\t<\/td>\n                        <td class=\"col-initialement\">\n                                                    <\/td>\n                        <td class=\"col-remarque\">\t\t<\/td>\n                    <\/tr>\n                                        <tr>\n                        <td class=\"col-date\">16-17 ao\u00fbt 2025<\/td>\n                        <td class=\"col-gardien\">\tRomy Gabrielle\t<\/td>\n                        <td class=\"col-initialement\">\n                                                    <\/td>\n                        <td class=\"col-remarque\">\t\t<\/td>\n                    <\/tr>\n                                        <tr>\n                        <td class=\"col-date\">9-10 ao\u00fbt 2025<\/td>\n                        <td class=\"col-gardien\">\tCl\u00e9ment Josselin\t<\/td>\n                        <td class=\"col-initialement\">\n                                                    <\/td>\n                        <td class=\"col-remarque\">\t\t<\/td>\n                    <\/tr>\n                                        <tr>\n                        <td class=\"col-date\">2-3 ao\u00fbt 2025<\/td>\n                        <td class=\"col-gardien\">\t\t<\/td>\n                        <td class=\"col-initialement\">\n                                                    <\/td>\n                        <td class=\"col-remarque\">\tVacances\t<\/td>\n                    <\/tr>\n                                        <tr>\n                        <td class=\"col-date\">26-27 juillet 2025<\/td>\n                        <td class=\"col-gardien\">\t\t<\/td>\n                        <td class=\"col-initialement\">\n                                                    <\/td>\n                        <td class=\"col-remarque\">\tVacances\t<\/td>\n                    <\/tr>\n                                        <tr>\n                        <td class=\"col-date\">19-20 juillet 2025<\/td>\n                        <td class=\"col-gardien\">\t\t<\/td>\n                        <td class=\"col-initialement\">\n                                                    <\/td>\n                        <td class=\"col-remarque\">\tVacances\t<\/td>\n                    <\/tr>\n                                        <tr>\n                        <td class=\"col-date\">12-13 juillet 2025<\/td>\n                        <td class=\"col-gardien\">\tTurrian Jean-Philippe\t<\/td>\n                        <td class=\"col-initialement\">\n                                                    <\/td>\n                        <td class=\"col-remarque\">\t\t<\/td>\n                    <\/tr>\n                                        <tr>\n                        <td class=\"col-date\">5-6 juillet 2025<\/td>\n                        <td class=\"col-gardien\">\tKnobel Swen\t<\/td>\n                        <td class=\"col-initialement\">\n                                                    <\/td>\n                        <td class=\"col-remarque\">\t\t<\/td>\n                    <\/tr>\n                                        <tr>\n                        <td class=\"col-date\">28-29 juin 2025<\/td>\n                        <td class=\"col-gardien\">\tBossert Alfred\t<\/td>\n                        <td class=\"col-initialement\">\n                                                    <\/td>\n                        <td class=\"col-remarque\">\t\t<\/td>\n                    <\/tr>\n                                        <tr>\n                        <td class=\"col-date\">21-22 juin 2025<\/td>\n                        <td class=\"col-gardien\">\tTschan Christophe\t<\/td>\n                        <td class=\"col-initialement\">\n                                                    <\/td>\n                        <td class=\"col-remarque\">\t\t<\/td>\n                    <\/tr>\n                                        <tr>\n                        <td class=\"col-date\">14-15 juin 2025<\/td>\n                        <td class=\"col-gardien\">\tGindrat S\u00e9bastien\t<\/td>\n                        <td class=\"col-initialement\">\n                                                    <\/td>\n                        <td class=\"col-remarque\">\t\t<\/td>\n                    <\/tr>\n                                        <tr>\n                        <td class=\"col-date\">7-8 juin 2025<\/td>\n                        <td class=\"col-gardien\">\tBassin Fr\u00e9d\u00e9ric\t<\/td>\n                        <td class=\"col-initialement\">\n                                                    <\/td>\n                        <td class=\"col-remarque\">\t\t<\/td>\n                    <\/tr>\n                                        <tr>\n                        <td class=\"col-date\">31 mai-1er juin 2025<\/td>\n                        <td class=\"col-gardien\">\tBeck Roland\t<\/td>\n                        <td class=\"col-initialement\">\n                                                    <\/td>\n                        <td class=\"col-remarque\">\t\t<\/td>\n                    <\/tr>\n                                        <tr>\n                        <td class=\"col-date\">24-25 mai 2025<\/td>\n                        <td class=\"col-gardien\">\tFl\u00fchmann Francis\t<\/td>\n                        <td class=\"col-initialement\">\n                                                    <\/td>\n                        <td class=\"col-remarque\">\t\t<\/td>\n                    <\/tr>\n                                        <tr>\n                        <td class=\"col-date\">17-18 mai 2025<\/td>\n                        <td class=\"col-gardien\">\tMontavon Laura\t<\/td>\n                        <td class=\"col-initialement\">\n                                                    <\/td>\n                        <td class=\"col-remarque\">\t\t<\/td>\n                    <\/tr>\n                                        <tr>\n                        <td class=\"col-date\">10-11 mai 2025<\/td>\n                        <td class=\"col-gardien\">\tGuerry Jean-Michel \t<\/td>\n                        <td class=\"col-initialement\">\n                                                    <\/td>\n                        <td class=\"col-remarque\">\t\t<\/td>\n                    <\/tr>\n                                        <tr>\n                        <td class=\"col-date\">3-4 mai 2025<\/td>\n                        <td class=\"col-gardien\">\tWinkler Thierry\t<\/td>\n                        <td class=\"col-initialement\">\n                                                    <\/td>\n                        <td class=\"col-remarque\">\tCorv\u00e9e\t<\/td>\n                    <\/tr>\n                                        <tr>\n                        <td class=\"col-date\">26-27 avril 2025<\/td>\n                        <td class=\"col-gardien\">\tDubach Gauthier\t<\/td>\n                        <td class=\"col-initialement\">\n                                                    <\/td>\n                        <td class=\"col-remarque\">\t\t<\/td>\n                    <\/tr>\n                                        <tr>\n                        <td class=\"col-date\">19-20 avril 2025<\/td>\n                        <td class=\"col-gardien\">\t\t<\/td>\n                        <td class=\"col-initialement\">\n                                                    <\/td>\n                        <td class=\"col-remarque\">\tP\u00e2ques\t<\/td>\n                    <\/tr>\n                                        <tr>\n                        <td class=\"col-date\">12-13 avril 2025<\/td>\n                        <td class=\"col-gardien\">\tCl\u00e9ment Josselin\t<\/td>\n                        <td class=\"col-initialement\">\n                                                    <\/td>\n                        <td class=\"col-remarque\">\t\t<\/td>\n                    <\/tr>\n                                        <tr>\n                        <td class=\"col-date\">5-6 avril 2025<\/td>\n                        <td class=\"col-gardien\">\tFroidevaux Jean-Louis\t<\/td>\n                        <td class=\"col-initialement\">\n                                                    <\/td>\n                        <td class=\"col-remarque\">\t\t<\/td>\n                    <\/tr>\n                                        <tr>\n                        <td class=\"col-date\">29-30 mars 2025<\/td>\n                        <td class=\"col-gardien\">\tBurkhard Jo\u00ebl\t<\/td>\n                        <td class=\"col-initialement\">\n                                                    <\/td>\n                        <td class=\"col-remarque\">\t\t<\/td>\n                    <\/tr>\n                                        <tr>\n                        <td class=\"col-date\">22-23 mars 2025<\/td>\n                        <td class=\"col-gardien\">\tvon Kaenel Dave\t<\/td>\n                        <td class=\"col-initialement\">\n                                                    <\/td>\n                        <td class=\"col-remarque\">\t\t<\/td>\n                    <\/tr>\n                                        <tr>\n                        <td class=\"col-date\">15-16 mars 2025<\/td>\n                        <td class=\"col-gardien\">\tKnobel Matthias\t<\/td>\n                        <td class=\"col-initialement\">\n                                                    <\/td>\n                        <td class=\"col-remarque\">\tAssembl\u00e9e G\u00e9n\u00e9rale\t<\/td>\n                    <\/tr>\n                                        <tr>\n                        <td class=\"col-date\">8-9 mars 2025<\/td>\n                        <td class=\"col-gardien\">\tFroidevaux J\u00e9r\u00f4me\t<\/td>\n                        <td class=\"col-initialement\">\n                                                    <\/td>\n                        <td class=\"col-remarque\">\t\t<\/td>\n                    <\/tr>\n                                        <tr>\n                        <td class=\"col-date\">1er-2 mars 2025<\/td>\n                        <td class=\"col-gardien\">\tWinkler Ginette\t<\/td>\n                        <td class=\"col-initialement\">\n                                                    <\/td>\n                        <td class=\"col-remarque\">\t\t<\/td>\n                    <\/tr>\n                                        <tr>\n                        <td class=\"col-date\">22-23 f\u00e9vrier 2025<\/td>\n                        <td class=\"col-gardien\">\tComte Florian\t<\/td>\n                        <td class=\"col-initialement\">\n                                                    <\/td>\n                        <td class=\"col-remarque\">\t\t<\/td>\n                    <\/tr>\n                                        <tr>\n                        <td class=\"col-date\">15-16 f\u00e9vrier 2025<\/td>\n                        <td class=\"col-gardien\">\tRomy Gabrielle\t<\/td>\n                        <td class=\"col-initialement\">\n                                                    <\/td>\n                        <td class=\"col-remarque\">\tJourn\u00e9e raquettes\t<\/td>\n                    <\/tr>\n                                        <tr>\n                        <td class=\"col-date\">8-9 f\u00e9vrier 2025<\/td>\n                        <td class=\"col-gardien\">\tHofer Claude-Alain\t<\/td>\n                        <td class=\"col-initialement\">\n                                                    <\/td>\n                        <td class=\"col-remarque\">\t\t<\/td>\n                    <\/tr>\n                                        <tr>\n                        <td class=\"col-date\">1er-2 f\u00e9vrier 2025<\/td>\n                        <td class=\"col-gardien\">\tTurrian Jean-Philippe\t<\/td>\n                        <td class=\"col-initialement\">\n                                                    <\/td>\n                        <td class=\"col-remarque\">\t\t<\/td>\n                    <\/tr>\n                                        <tr>\n                        <td class=\"col-date\">25-26 janvier 2025<\/td>\n                        <td class=\"col-gardien\">\tKnobel Swen\t<\/td>\n                        <td class=\"col-initialement\">\n                                                    <\/td>\n                        <td class=\"col-remarque\">\t\t<\/td>\n                    <\/tr>\n                                        <tr>\n                        <td class=\"col-date\">18-19 janvier 2025<\/td>\n                        <td class=\"col-gardien\">\t\t<\/td>\n                        <td class=\"col-initialement\">\n                                                    <\/td>\n                        <td class=\"col-remarque\">\tWeek-end \u00e0 ski\t<\/td>\n                    <\/tr>\n                                        <tr>\n                        <td class=\"col-date\">11-12 janvier 2025<\/td>\n                        <td class=\"col-gardien\">\tBossert Alfred\t<\/td>\n                        <td class=\"col-initialement\">\n                                                    <\/td>\n                        <td class=\"col-remarque\">\t\t<\/td>\n                    <\/tr>\n                                        <tr>\n                        <td class=\"col-date\">4-5 janvier 2025<\/td>\n                        <td class=\"col-gardien\">\t\t<\/td>\n                        <td class=\"col-initialement\">\n                                                    <\/td>\n                        <td class=\"col-remarque\">\tNouvel An\t<\/td>\n                    <\/tr>\n                                    <\/tbody>\n            <\/table>\n        <\/div>\n                <div class=\"calendrier-archive-annee\">\n            <h4>\n                2024                \n            <\/h4>\n            \n            <table class=\"calendrier-table\">\n                <thead>\n                    <tr>\n                        <th class=\"col-date\">Date<\/th>\n                        <th class=\"col-gardien\">Gardien<\/th>\n                        <th class=\"col-initialement\">Initialement<\/th>\n                        <th class=\"col-remarque\">Remarque<\/th>\n                    <\/tr>\n                <\/thead>\n                <tbody>\n                                        <tr>\n                        <td class=\"col-date\">28-29 d\u00e9cembre 2024<\/td>\n                        <td class=\"col-gardien\">\t\t<\/td>\n                        <td class=\"col-initialement\">\n                                                    <\/td>\n                        <td class=\"col-remarque\">\tVacances de No\u00ebl\t<\/td>\n                    <\/tr>\n                                        <tr>\n                        <td class=\"col-date\">21-22 d\u00e9cembre 2024<\/td>\n                        <td class=\"col-gardien\">\t\t<\/td>\n                        <td class=\"col-initialement\">\n                                                    <\/td>\n                        <td class=\"col-remarque\">\tVacances de No\u00ebl\t<\/td>\n                    <\/tr>\n                                        <tr>\n                        <td class=\"col-date\">14-15 d\u00e9cembre 2024<\/td>\n                        <td class=\"col-gardien\">\tGuerry Jean-Michel \t<\/td>\n                        <td class=\"col-initialement\">\n                                                    <\/td>\n                        <td class=\"col-remarque\">\tF\u00eate de No\u00ebl\t<\/td>\n                    <\/tr>\n                                        <tr>\n                        <td class=\"col-date\">7-8 d\u00e9cembre 2024<\/td>\n                        <td class=\"col-gardien\">\tWinkler Thierry\t<\/td>\n                        <td class=\"col-initialement\">\n                                                    <\/td>\n                        <td class=\"col-remarque\">\t\t<\/td>\n                    <\/tr>\n                                        <tr>\n                        <td class=\"col-date\">30 novembre-1er d\u00e9cembre 2024<\/td>\n                        <td class=\"col-gardien\">\tDubach Gauthier\t<\/td>\n                        <td class=\"col-initialement\">\n                                                    <\/td>\n                        <td class=\"col-remarque\">\t\t<\/td>\n                    <\/tr>\n                                        <tr>\n                        <td class=\"col-date\">23-24 novembre 2024<\/td>\n                        <td class=\"col-gardien\">\tHofer Claude-Alain\t<\/td>\n                        <td class=\"col-initialement\">\n                                                    <\/td>\n                        <td class=\"col-remarque\">\t\t<\/td>\n                    <\/tr>\n                                        <tr>\n                        <td class=\"col-date\">16-17 novembre 2024<\/td>\n                        <td class=\"col-gardien\">\tFroidevaux Jean-Louis\t<\/td>\n                        <td class=\"col-initialement\">\n                                                    <\/td>\n                        <td class=\"col-remarque\">\t\t<\/td>\n                    <\/tr>\n                                        <tr>\n                        <td class=\"col-date\">9-10 novembre 2024<\/td>\n                        <td class=\"col-gardien\">\tvon Kaenel Dave\t<\/td>\n                        <td class=\"col-initialement\">\n                                                    <\/td>\n                        <td class=\"col-remarque\">\t\t<\/td>\n                    <\/tr>\n                                        <tr>\n                        <td class=\"col-date\">2-3 novembre 2024<\/td>\n                        <td class=\"col-gardien\">\tBurkhard Jo\u00ebl\t<\/td>\n                        <td class=\"col-initialement\">\n                                                    <\/td>\n                        <td class=\"col-remarque\">\t\t<\/td>\n                    <\/tr>\n                                        <tr>\n                        <td class=\"col-date\">26-27 octobre 2024<\/td>\n                        <td class=\"col-gardien\">\tKnobel Matthias\t<\/td>\n                        <td class=\"col-initialement\">\n                                                    <\/td>\n                        <td class=\"col-remarque\">\t\t<\/td>\n                    <\/tr>\n                                        <tr>\n                        <td class=\"col-date\">19-20 octobre 2024<\/td>\n                        <td class=\"col-gardien\">\tFroidevaux J\u00e9r\u00f4me\t<\/td>\n                        <td class=\"col-initialement\">\n                                                    <\/td>\n                        <td class=\"col-remarque\">\t\t<\/td>\n                    <\/tr>\n                                        <tr>\n                        <td class=\"col-date\">12-13 octobre 2024<\/td>\n                        <td class=\"col-gardien\">\tTurrian Jean-Philippe\t<\/td>\n                        <td class=\"col-initialement\">\n                                                    <\/td>\n                        <td class=\"col-remarque\">\t\t<\/td>\n                    <\/tr>\n                                        <tr>\n                        <td class=\"col-date\">5-6 octobre 2024<\/td>\n                        <td class=\"col-gardien\">\tBeck Roland\t<\/td>\n                        <td class=\"col-initialement\">\n                                                    <\/td>\n                        <td class=\"col-remarque\">\t\t<\/td>\n                    <\/tr>\n                                        <tr>\n                        <td class=\"col-date\">28-29 septembre 2024<\/td>\n                        <td class=\"col-gardien\">\tRomy Gabrielle\t<\/td>\n                        <td class=\"col-initialement\">\n                                                    <\/td>\n                        <td class=\"col-remarque\">\t\t<\/td>\n                    <\/tr>\n                                        <tr>\n                        <td class=\"col-date\">21-22 septembre 2024<\/td>\n                        <td class=\"col-gardien\">\tWinkler Ginette\t<\/td>\n                        <td class=\"col-initialement\">\n                                                    <\/td>\n                        <td class=\"col-remarque\">\tCorv\u00e9e\t<\/td>\n                    <\/tr>\n                                        <tr>\n                        <td class=\"col-date\">14-15 septembre 2024<\/td>\n                        <td class=\"col-gardien\">\tCl\u00e9ment Josselin\t<\/td>\n                        <td class=\"col-initialement\">\n                                                    <\/td>\n                        <td class=\"col-remarque\">\t\t<\/td>\n                    <\/tr>\n                                        <tr>\n                        <td class=\"col-date\">7-8 septembre 2024<\/td>\n                        <td class=\"col-gardien\">\tKnobel Swen\t<\/td>\n                        <td class=\"col-initialement\">\n                                                    <\/td>\n                        <td class=\"col-remarque\">\t\t<\/td>\n                    <\/tr>\n                                        <tr>\n                        <td class=\"col-date\">31 ao\u00fbt-1er septembre 2024<\/td>\n                        <td class=\"col-gardien\">\tBossert Alfred\t<\/td>\n                        <td class=\"col-initialement\">\n                                                    <\/td>\n                        <td class=\"col-remarque\">\tPique-nique au chalet\t<\/td>\n                    <\/tr>\n                                        <tr>\n                        <td class=\"col-date\">24-25 ao\u00fbt 2024<\/td>\n                        <td class=\"col-gardien\">\tTschan Christophe\t<\/td>\n                        <td class=\"col-initialement\">\n                                                    <\/td>\n                        <td class=\"col-remarque\">\t\t<\/td>\n                    <\/tr>\n                                        <tr>\n                        <td class=\"col-date\">17-18 ao\u00fbt 2024<\/td>\n                        <td class=\"col-gardien\">vacant<\/td>\n                        <td class=\"col-initialement\">\n                                                            <del>Gindrat S\u00e9bastien<\/del>\n                                                    <\/td>\n                        <td class=\"col-remarque\">\t\t<\/td>\n                    <\/tr>\n                                        <tr>\n                        <td class=\"col-date\">10-11 ao\u00fbt 2024<\/td>\n                        <td class=\"col-gardien\">Beck Roland<\/td>\n                        <td class=\"col-initialement\">\n                                                            <del>Bassin Fr\u00e9d\u00e9ric<\/del>\n                                                    <\/td>\n                        <td class=\"col-remarque\">\t\t<\/td>\n                    <\/tr>\n                                        <tr>\n                        <td class=\"col-date\">3-4 ao\u00fbt 2024<\/td>\n                        <td class=\"col-gardien\">\t\t<\/td>\n                        <td class=\"col-initialement\">\n                                                    <\/td>\n                        <td class=\"col-remarque\">\tVacances\t<\/td>\n                    <\/tr>\n                                        <tr>\n                        <td class=\"col-date\">27-28 juillet 2024<\/td>\n                        <td class=\"col-gardien\">\t\t<\/td>\n                        <td class=\"col-initialement\">\n                                                    <\/td>\n                        <td class=\"col-remarque\">\tVacances\t<\/td>\n                    <\/tr>\n                                        <tr>\n                        <td class=\"col-date\">20-21 juillet 2024<\/td>\n                        <td class=\"col-gardien\">\t\t<\/td>\n                        <td class=\"col-initialement\">\n                                                    <\/td>\n                        <td class=\"col-remarque\">\tVacances\t<\/td>\n                    <\/tr>\n                                        <tr>\n                        <td class=\"col-date\">13-14 juillet 2024<\/td>\n                        <td class=\"col-gardien\">\tComte Florian\t<\/td>\n                        <td class=\"col-initialement\">\n                                                    <\/td>\n                        <td class=\"col-remarque\">\t\t<\/td>\n                    <\/tr>\n                                        <tr>\n                        <td class=\"col-date\">6-7 juillet 2024<\/td>\n                        <td class=\"col-gardien\">\tMontavon Laura\t<\/td>\n                        <td class=\"col-initialement\">\n                                                    <\/td>\n                        <td class=\"col-remarque\">\t\t<\/td>\n                    <\/tr>\n                                        <tr>\n                        <td class=\"col-date\">29-30 juin 2024<\/td>\n                        <td class=\"col-gardien\">\tFl\u00fchmann Francis\t<\/td>\n                        <td class=\"col-initialement\">\n                                                    <\/td>\n                        <td class=\"col-remarque\">\t\t<\/td>\n                    <\/tr>\n                                        <tr>\n                        <td class=\"col-date\">22-23 juin 2024<\/td>\n                        <td class=\"col-gardien\">\tGuerry Jean-Michel \t<\/td>\n                        <td class=\"col-initialement\">\n                                                    <\/td>\n                        <td class=\"col-remarque\">\t\t<\/td>\n                    <\/tr>\n                                        <tr>\n                        <td class=\"col-date\">15-16 juin 2024<\/td>\n                        <td class=\"col-gardien\">\tWinkler Thierry\t<\/td>\n                        <td class=\"col-initialement\">\n                                                    <\/td>\n                        <td class=\"col-remarque\">\t\t<\/td>\n                    <\/tr>\n                                        <tr>\n                        <td class=\"col-date\">8-9 juin 2024<\/td>\n                        <td class=\"col-gardien\">\tDubach Gauthier\t<\/td>\n                        <td class=\"col-initialement\">\n                                                    <\/td>\n                        <td class=\"col-remarque\">\t\t<\/td>\n                    <\/tr>\n                                        <tr>\n                        <td class=\"col-date\">1er-2 juin 2024<\/td>\n                        <td class=\"col-gardien\">\tHofer Claude-Alain\t<\/td>\n                        <td class=\"col-initialement\">\n                                                    <\/td>\n                        <td class=\"col-remarque\">\t\t<\/td>\n                    <\/tr>\n                                        <tr>\n                        <td class=\"col-date\">25-26 mai 2024<\/td>\n                        <td class=\"col-gardien\">\tFroidevaux Jean-Louis\t<\/td>\n                        <td class=\"col-initialement\">\n                                                    <\/td>\n                        <td class=\"col-remarque\">\t\t<\/td>\n                    <\/tr>\n                                        <tr>\n                        <td class=\"col-date\">18-19 mai 2024<\/td>\n                        <td class=\"col-gardien\">\tvon Kaenel Dave\t<\/td>\n                        <td class=\"col-initialement\">\n                                                    <\/td>\n                        <td class=\"col-remarque\">\t\t<\/td>\n                    <\/tr>\n                                        <tr>\n                        <td class=\"col-date\">11-12 mai 2024<\/td>\n                        <td class=\"col-gardien\">\tBurkhard Jo\u00ebl\t<\/td>\n                        <td class=\"col-initialement\">\n                                                    <\/td>\n                        <td class=\"col-remarque\">\t\t<\/td>\n                    <\/tr>\n                                        <tr>\n                        <td class=\"col-date\">4-5 mai 2024<\/td>\n                        <td class=\"col-gardien\">\tKnobel Matthias\t<\/td>\n                        <td class=\"col-initialement\">\n                                                    <\/td>\n                        <td class=\"col-remarque\">\tCorv\u00e9e\t<\/td>\n                    <\/tr>\n                                        <tr>\n                        <td class=\"col-date\">27-28 avril 2024<\/td>\n                        <td class=\"col-gardien\">\tFroidevaux J\u00e9r\u00f4me\t<\/td>\n                        <td class=\"col-initialement\">\n                                                    <\/td>\n                        <td class=\"col-remarque\">\t\t<\/td>\n                    <\/tr>\n                                        <tr>\n                        <td class=\"col-date\">20-21 avril 2024<\/td>\n                        <td class=\"col-gardien\">\tTurrian Jean-Philippe\t<\/td>\n                        <td class=\"col-initialement\">\n                                                    <\/td>\n                        <td class=\"col-remarque\">\t\t<\/td>\n                    <\/tr>\n                                        <tr>\n                        <td class=\"col-date\">13-14 avril 2024<\/td>\n                        <td class=\"col-gardien\">Bassin Fr\u00e9d\u00e9ric<\/td>\n                        <td class=\"col-initialement\">\n                                                            <del>Beck Roland<\/del>\n                                                    <\/td>\n                        <td class=\"col-remarque\">\t\t<\/td>\n                    <\/tr>\n                                        <tr>\n                        <td class=\"col-date\">6-7 avril 2024<\/td>\n                        <td class=\"col-gardien\">Montavon Laura<\/td>\n                        <td class=\"col-initialement\">\n                                                            <del>Romy Gabrielle<\/del>\n                                                    <\/td>\n                        <td class=\"col-remarque\">\t\t<\/td>\n                    <\/tr>\n                                        <tr>\n                        <td class=\"col-date\">30-31 mars 2024<\/td>\n                        <td class=\"col-gardien\">\t\t<\/td>\n                        <td class=\"col-initialement\">\n                                                    <\/td>\n                        <td class=\"col-remarque\">\tP\u00e2ques\t<\/td>\n                    <\/tr>\n                                        <tr>\n                        <td class=\"col-date\">23-24 mars 2024<\/td>\n                        <td class=\"col-gardien\">Cl\u00e9ment Josselin<\/td>\n                        <td class=\"col-initialement\">\n                                                            <del>Winkler Ginette<\/del>\n                                                    <\/td>\n                        <td class=\"col-remarque\">Assembl\u00e9e G\u00e9n\u00e9rale\t<\/td>\n                    <\/tr>\n                                        <tr>\n                        <td class=\"col-date\">16-17 mars 2024<\/td>\n                        <td class=\"col-gardien\">Winkler Ginette<\/td>\n                        <td class=\"col-initialement\">\n                                                            <del>Cl\u00e9ment Josselin<\/del>\n                                                    <\/td>\n                        <td class=\"col-remarque\">\t\t<\/td>\n                    <\/tr>\n                                        <tr>\n                        <td class=\"col-date\">9-10 mars 2024<\/td>\n                        <td class=\"col-gardien\">vacant<\/td>\n                        <td class=\"col-initialement\">\n                                                            <del>Knobel Swen<\/del>\n                                                    <\/td>\n                        <td class=\"col-remarque\">\t\t<\/td>\n                    <\/tr>\n                                        <tr>\n                        <td class=\"col-date\">2-3 mars 2024<\/td>\n                        <td class=\"col-gardien\">\tBossert Alfred\t<\/td>\n                        <td class=\"col-initialement\">\n                                                    <\/td>\n                        <td class=\"col-remarque\">\t\t<\/td>\n                    <\/tr>\n                                        <tr>\n                        <td class=\"col-date\">24-25 f\u00e9vrier 2024<\/td>\n                        <td class=\"col-gardien\">\tTschan Christophe\t<\/td>\n                        <td class=\"col-initialement\">\n                                                    <\/td>\n                        <td class=\"col-remarque\">\t\t<\/td>\n                    <\/tr>\n                                        <tr>\n                        <td class=\"col-date\">17-18 f\u00e9vrier 2024<\/td>\n                        <td class=\"col-gardien\">\tGindrat S\u00e9bastien\t<\/td>\n                        <td class=\"col-initialement\">\n                                                    <\/td>\n                        <td class=\"col-remarque\">\tJourn\u00e9e raquettes\t<\/td>\n                    <\/tr>\n                                        <tr>\n                        <td class=\"col-date\">10-11 f\u00e9vrier 2024<\/td>\n                        <td class=\"col-gardien\">Turrian Jean-Philippe <\/td>\n                        <td class=\"col-initialement\">\n                                                            <del>Bassin Fr\u00e9d\u00e9ric\t<\/del>\n                                                    <\/td>\n                        <td class=\"col-remarque\">\t\t<\/td>\n                    <\/tr>\n                                        <tr>\n                        <td class=\"col-date\">3-4 f\u00e9vrier 2024<\/td>\n                        <td class=\"col-gardien\">\tComte Florian\t<\/td>\n                        <td class=\"col-initialement\">\n                                                    <\/td>\n                        <td class=\"col-remarque\">\t\t<\/td>\n                    <\/tr>\n                                        <tr>\n                        <td class=\"col-date\">27-28 janvier 2024<\/td>\n                        <td class=\"col-gardien\">Romy Gabrielle<\/td>\n                        <td class=\"col-initialement\">\n                                                            <del>Montavon Laura<\/del>\n                                                    <\/td>\n                        <td class=\"col-remarque\">\t\t<\/td>\n                    <\/tr>\n                                        <tr>\n                        <td class=\"col-date\">20-21 janvier 2024<\/td>\n                        <td class=\"col-gardien\">\t\t<\/td>\n                        <td class=\"col-initialement\">\n                                                    <\/td>\n                        <td class=\"col-remarque\">\tWeek-end \u00e0 ski\t<\/td>\n                    <\/tr>\n                                        <tr>\n                        <td class=\"col-date\">13-14 janvier 2024<\/td>\n                        <td class=\"col-gardien\">\tFl\u00fchmann Francis\t<\/td>\n                        <td class=\"col-initialement\">\n                                                    <\/td>\n                        <td class=\"col-remarque\">\t\t<\/td>\n                    <\/tr>\n                                        <tr>\n                        <td class=\"col-date\">6-7 janvier 2024<\/td>\n                        <td class=\"col-gardien\">\tGuerry Jean-Michel \t<\/td>\n                        <td class=\"col-initialement\">\n                                                    <\/td>\n                        <td class=\"col-remarque\">\t\t<\/td>\n                    <\/tr>\n                                    <\/tbody>\n            <\/table>\n        <\/div>\n                <div class=\"calendrier-archive-annee\">\n            <h4>\n                2023                \n            <\/h4>\n            \n            <table class=\"calendrier-table\">\n                <thead>\n                    <tr>\n                        <th class=\"col-date\">Date<\/th>\n                        <th class=\"col-gardien\">Gardien<\/th>\n                        <th class=\"col-initialement\">Initialement<\/th>\n                        <th class=\"col-remarque\">Remarque<\/th>\n                    <\/tr>\n                <\/thead>\n                <tbody>\n                                        <tr>\n                        <td class=\"col-date\">30-31 d\u00e9cembre 2023<\/td>\n                        <td class=\"col-gardien\">\t\t<\/td>\n                        <td class=\"col-initialement\">\n                                                    <\/td>\n                        <td class=\"col-remarque\">\tNouvel An\t<\/td>\n                    <\/tr>\n                                        <tr>\n                        <td class=\"col-date\">23-24 d\u00e9cembre 2023<\/td>\n                        <td class=\"col-gardien\">\t\t<\/td>\n                        <td class=\"col-initialement\">\n                                                    <\/td>\n                        <td class=\"col-remarque\">\tVacances de No\u00ebl\t<\/td>\n                    <\/tr>\n                                        <tr>\n                        <td class=\"col-date\">16-17 d\u00e9cembre 2023<\/td>\n                        <td class=\"col-gardien\">\t\t<\/td>\n                        <td class=\"col-initialement\">\n                                                    <\/td>\n                        <td class=\"col-remarque\">\tVacances de No\u00ebl\t<\/td>\n                    <\/tr>\n                                        <tr>\n                        <td class=\"col-date\">9-10 d\u00e9cembre 2023<\/td>\n                        <td class=\"col-gardien\">\tDubach Gauthier\t<\/td>\n                        <td class=\"col-initialement\">\n                                                    <\/td>\n                        <td class=\"col-remarque\">\t\t<\/td>\n                    <\/tr>\n                                        <tr>\n                        <td class=\"col-date\">2-3 d\u00e9cembre 2023<\/td>\n                        <td class=\"col-gardien\">\tHofer Claude-Alain\t<\/td>\n                        <td class=\"col-initialement\">\n                                                    <\/td>\n                        <td class=\"col-remarque\">\t\t<\/td>\n                    <\/tr>\n                                        <tr>\n                        <td class=\"col-date\">25-26 novembre 2023<\/td>\n                        <td class=\"col-gardien\">\tFroidevaux Jean-Louis\t<\/td>\n                        <td class=\"col-initialement\">\n                                                    <\/td>\n                        <td class=\"col-remarque\">\t\t<\/td>\n                    <\/tr>\n                                        <tr>\n                        <td class=\"col-date\">18-19 novembre 2023<\/td>\n                        <td class=\"col-gardien\">\tvon Kaenel Dave\t<\/td>\n                        <td class=\"col-initialement\">\n                                                    <\/td>\n                        <td class=\"col-remarque\">\t\t<\/td>\n                    <\/tr>\n                                        <tr>\n                        <td class=\"col-date\">11-12 novembre 2023<\/td>\n                        <td class=\"col-gardien\">\tWinkler Thierry\t<\/td>\n                        <td class=\"col-initialement\">\n                                                    <\/td>\n                        <td class=\"col-remarque\">\t\t<\/td>\n                    <\/tr>\n                                        <tr>\n                        <td class=\"col-date\">4-5 novembre 2023<\/td>\n                        <td class=\"col-gardien\">\tCl\u00e9ment Josselin\t<\/td>\n                        <td class=\"col-initialement\">\n                                                    <\/td>\n                        <td class=\"col-remarque\">\t\t<\/td>\n                    <\/tr>\n                                        <tr>\n                        <td class=\"col-date\">28-29 octobre 2023<\/td>\n                        <td class=\"col-gardien\">\tKnobel Swen\t<\/td>\n                        <td class=\"col-initialement\">\n                                                    <\/td>\n                        <td class=\"col-remarque\">\t\t<\/td>\n                    <\/tr>\n                                        <tr>\n                        <td class=\"col-date\">21-22 octobre 2023<\/td>\n                        <td class=\"col-gardien\">\tBossert Alfred\t<\/td>\n                        <td class=\"col-initialement\">\n                                                    <\/td>\n                        <td class=\"col-remarque\">\t\t<\/td>\n                    <\/tr>\n                                        <tr>\n                        <td class=\"col-date\">14-15 octobre 2023<\/td>\n                        <td class=\"col-gardien\">\tTschan Christophe\t<\/td>\n                        <td class=\"col-initialement\">\n                                                    <\/td>\n                        <td class=\"col-remarque\">\t\t<\/td>\n                    <\/tr>\n                                        <tr>\n                        <td class=\"col-date\">7-8 octobre 2023<\/td>\n                        <td class=\"col-gardien\">\tGindrat S\u00e9bastien\t<\/td>\n                        <td class=\"col-initialement\">\n                                                    <\/td>\n                        <td class=\"col-remarque\">\t\t<\/td>\n                    <\/tr>\n                                        <tr>\n                        <td class=\"col-date\">30 septembre-1er octobre 2023<\/td>\n                        <td class=\"col-gardien\">vacant<\/td>\n                        <td class=\"col-initialement\">\n                                                            <del>Dubach Pierre<\/del>\n                                                    <\/td>\n                        <td class=\"col-remarque\">Corv\u00e9e\t<\/td>\n                    <\/tr>\n                                        <tr>\n                        <td class=\"col-date\">23-24 septembre 2023<\/td>\n                        <td class=\"col-gardien\">\tBurkhard Jo\u00ebl\t<\/td>\n                        <td class=\"col-initialement\">\n                                                    <\/td>\n                        <td class=\"col-remarque\">\t\t<\/td>\n                    <\/tr>\n                                        <tr>\n                        <td class=\"col-date\">16-17 septembre 2023<\/td>\n                        <td class=\"col-gardien\">Knobel Swen<\/td>\n                        <td class=\"col-initialement\">\n                                                            <del>Comte Florian<\/del>\n                                                    <\/td>\n                        <td class=\"col-remarque\">\t\t<\/td>\n                    <\/tr>\n                                        <tr>\n                        <td class=\"col-date\">9-10 septembre 2023<\/td>\n                        <td class=\"col-gardien\">\tKnobel Matthias\t<\/td>\n                        <td class=\"col-initialement\">\n                                                    <\/td>\n                        <td class=\"col-remarque\">\t\t<\/td>\n                    <\/tr>\n                                        <tr>\n                        <td class=\"col-date\">2-3 septembre 2023<\/td>\n                        <td class=\"col-gardien\">\tFroidevaux J\u00e9r\u00f4me\t<\/td>\n                        <td class=\"col-initialement\">\n                                                    <\/td>\n                        <td class=\"col-remarque\">\tPique-nique au chalet\t<\/td>\n                    <\/tr>\n                                        <tr>\n                        <td class=\"col-date\">26-27 ao\u00fbt 2023<\/td>\n                        <td class=\"col-gardien\">\tMontavon Laura\t<\/td>\n                        <td class=\"col-initialement\">\n                                                    <\/td>\n                        <td class=\"col-remarque\">\t\t<\/td>\n                    <\/tr>\n                                        <tr>\n                        <td class=\"col-date\">19-20 ao\u00fbt 2023<\/td>\n                        <td class=\"col-gardien\">\tBassin Fr\u00e9d\u00e9ric\t<\/td>\n                        <td class=\"col-initialement\">\n                                                    <\/td>\n                        <td class=\"col-remarque\">\t\t<\/td>\n                    <\/tr>\n                                        <tr>\n                        <td class=\"col-date\">12-13 ao\u00fbt 2023<\/td>\n                        <td class=\"col-gardien\">\tFl\u00fchmann Francis\t<\/td>\n                        <td class=\"col-initialement\">\n                                                    <\/td>\n                        <td class=\"col-remarque\">\t\t<\/td>\n                    <\/tr>\n                                        <tr>\n                        <td class=\"col-date\">5-6 ao\u00fbt 2023<\/td>\n                        <td class=\"col-gardien\">\t\t<\/td>\n                        <td class=\"col-initialement\">\n                                                    <\/td>\n                        <td class=\"col-remarque\">\tVacances\t<\/td>\n                    <\/tr>\n                                        <tr>\n                        <td class=\"col-date\">29-30 juillet 2023<\/td>\n                        <td class=\"col-gardien\">\t\t<\/td>\n                        <td class=\"col-initialement\">\n                                                    <\/td>\n                        <td class=\"col-remarque\">\tVacances\t<\/td>\n                    <\/tr>\n                                        <tr>\n                        <td class=\"col-date\">22-23 juillet 2023<\/td>\n                        <td class=\"col-gardien\">(Winkler Ginette)<\/td>\n                        <td class=\"col-initialement\">\n                                                    <\/td>\n                        <td class=\"col-remarque\">\tVacances\t<\/td>\n                    <\/tr>\n                                        <tr>\n                        <td class=\"col-date\">15-16 juillet 2023<\/td>\n                        <td class=\"col-gardien\">\tGuerry Jean-Michel\t<\/td>\n                        <td class=\"col-initialement\">\n                                                    <\/td>\n                        <td class=\"col-remarque\">\t\t<\/td>\n                    <\/tr>\n                                        <tr>\n                        <td class=\"col-date\">8-9 juillet 2023<\/td>\n                        <td class=\"col-gardien\">\tTurrian Jean-Philippe\t<\/td>\n                        <td class=\"col-initialement\">\n                                                    <\/td>\n                        <td class=\"col-remarque\">\t\t<\/td>\n                    <\/tr>\n                                        <tr>\n                        <td class=\"col-date\">1er-2 juillet 2023<\/td>\n                        <td class=\"col-gardien\">Winkler Ginette<\/td>\n                        <td class=\"col-initialement\">\n                                                            <del>Beck Roland<\/del>\n                                                    <\/td>\n                        <td class=\"col-remarque\">\t\t<\/td>\n                    <\/tr>\n                                        <tr>\n                        <td class=\"col-date\">24-25 juin 2023<\/td>\n                        <td class=\"col-gardien\">Romy Gabrielle<\/td>\n                        <td class=\"col-initialement\">\n                                                    <\/td>\n                        <td class=\"col-remarque\">\t\t<\/td>\n                    <\/tr>\n                                        <tr>\n                        <td class=\"col-date\">17-18 juin 2023<\/td>\n                        <td class=\"col-gardien\">Beck Roland<\/td>\n                        <td class=\"col-initialement\">\n                                                            <del>Winkler Ginette<\/del>\n                                                    <\/td>\n                        <td class=\"col-remarque\">\t\t<\/td>\n                    <\/tr>\n                                        <tr>\n                        <td class=\"col-date\">10-11 juin 2023<\/td>\n                        <td class=\"col-gardien\">\tDubach Gauthier\t<\/td>\n                        <td class=\"col-initialement\">\n                                                    <\/td>\n                        <td class=\"col-remarque\">\t\t<\/td>\n                    <\/tr>\n                                        <tr>\n                        <td class=\"col-date\">3-4 juin 2023<\/td>\n                        <td class=\"col-gardien\">\tHofer Claude-Alain\t<\/td>\n                        <td class=\"col-initialement\">\n                                                    <\/td>\n                        <td class=\"col-remarque\">\t\t<\/td>\n                    <\/tr>\n                                        <tr>\n                        <td class=\"col-date\">27-28 mai 2023<\/td>\n                        <td class=\"col-gardien\">\tFroidevaux Jean-Louis\t<\/td>\n                        <td class=\"col-initialement\">\n                                                    <\/td>\n                        <td class=\"col-remarque\">\t\t<\/td>\n                    <\/tr>\n                                        <tr>\n                        <td class=\"col-date\">20-21 mai 2023<\/td>\n                        <td class=\"col-gardien\">von Kaenel Dave<\/td>\n                        <td class=\"col-initialement\">\n                                                    <\/td>\n                        <td class=\"col-remarque\">\t\t<\/td>\n                    <\/tr>\n                                        <tr>\n                        <td class=\"col-date\">13-14 mai 2023<\/td>\n                        <td class=\"col-gardien\">Cl\u00e9ment Josselin<\/td>\n                        <td class=\"col-initialement\">\n                                                            <del>Winkler Thierry<\/del>\n                                                    <\/td>\n                        <td class=\"col-remarque\">\tCorv\u00e9e\t<\/td>\n                    <\/tr>\n                                        <tr>\n                        <td class=\"col-date\">6-7 mai 2023<\/td>\n                        <td class=\"col-gardien\">Winkler Thierry<\/td>\n                        <td class=\"col-initialement\">\n                                                            <del>Cl\u00e9ment Josselin<\/del>\n                                                    <\/td>\n                        <td class=\"col-remarque\">\t\t<\/td>\n                    <\/tr>\n                                        <tr>\n                        <td class=\"col-date\">29-30 avril 2023<\/td>\n                        <td class=\"col-gardien\">\tKnobel Swen\t<\/td>\n                        <td class=\"col-initialement\">\n                                                    <\/td>\n                        <td class=\"col-remarque\">\t\t<\/td>\n                    <\/tr>\n                                        <tr>\n                        <td class=\"col-date\">22-23 avril 2023<\/td>\n                        <td class=\"col-gardien\">\tBossert Alfred\t<\/td>\n                        <td class=\"col-initialement\">\n                                                    <\/td>\n                        <td class=\"col-remarque\">\t\t<\/td>\n                    <\/tr>\n                                        <tr>\n                        <td class=\"col-date\">15-16 avril 2023<\/td>\n                        <td class=\"col-gardien\">\tTschan Christophe\t<\/td>\n                        <td class=\"col-initialement\">\n                                                    <\/td>\n                        <td class=\"col-remarque\">\t\t<\/td>\n                    <\/tr>\n                                        <tr>\n                        <td class=\"col-date\">8-9 avril 2023<\/td>\n                        <td class=\"col-gardien\">\t\t<\/td>\n                        <td class=\"col-initialement\">\n                                                    <\/td>\n                        <td class=\"col-remarque\">\tP\u00e2ques\t<\/td>\n                    <\/tr>\n                                        <tr>\n                        <td class=\"col-date\">1er-2 avril 2023<\/td>\n                        <td class=\"col-gardien\">\tGindrat S\u00e9bastien\t<\/td>\n                        <td class=\"col-initialement\">\n                                                    <\/td>\n                        <td class=\"col-remarque\">\t\t<\/td>\n                    <\/tr>\n                                        <tr>\n                        <td class=\"col-date\">25-26 mars 2023<\/td>\n                        <td class=\"col-gardien\">vacant<\/td>\n                        <td class=\"col-initialement\">\n                                                            <del>Dubach Pierre<\/del>\n                                                    <\/td>\n                        <td class=\"col-remarque\">\t\t<\/td>\n                    <\/tr>\n                                        <tr>\n                        <td class=\"col-date\">18-19 mars 2023<\/td>\n                        <td class=\"col-gardien\">\tBurkhard Jo\u00ebl\t<\/td>\n                        <td class=\"col-initialement\">\n                                                    <\/td>\n                        <td class=\"col-remarque\">\t\t<\/td>\n                    <\/tr>\n                                        <tr>\n                        <td class=\"col-date\">11-12 mars 2023<\/td>\n                        <td class=\"col-gardien\">\tComte Florian\t<\/td>\n                        <td class=\"col-initialement\">\n                                                    <\/td>\n                        <td class=\"col-remarque\">\t\t<\/td>\n                    <\/tr>\n                                        <tr>\n                        <td class=\"col-date\">4-5 mars 2023<\/td>\n                        <td class=\"col-gardien\">\tKnobel Matthias\t<\/td>\n                        <td class=\"col-initialement\">\n                                                    <\/td>\n                        <td class=\"col-remarque\">\t\t<\/td>\n                    <\/tr>\n                                        <tr>\n                        <td class=\"col-date\">25-26 f\u00e9vrier 2023<\/td>\n                        <td class=\"col-gardien\">\tFroidevaux J\u00e9r\u00f4me\t<\/td>\n                        <td class=\"col-initialement\">\n                                                    <\/td>\n                        <td class=\"col-remarque\">\t\t<\/td>\n                    <\/tr>\n                                        <tr>\n                        <td class=\"col-date\">18-19 f\u00e9vrier 2023<\/td>\n                        <td class=\"col-gardien\">Bassin Fr\u00e9d\u00e9ric<\/td>\n                        <td class=\"col-initialement\">\n                                                            <del>Montavon Laura<\/del>\n                                                    <\/td>\n                        <td class=\"col-remarque\">\tJourn\u00e9e raquettes\t<\/td>\n                    <\/tr>\n                                        <tr>\n                        <td class=\"col-date\">11-12 f\u00e9vrier 2023<\/td>\n                        <td class=\"col-gardien\">vacant<\/td>\n                        <td class=\"col-initialement\">\n                                                            <del>Bassin Fr\u00e9d\u00e9ric<\/del>\n                                                    <\/td>\n                        <td class=\"col-remarque\">\t\t<\/td>\n                    <\/tr>\n                                        <tr>\n                        <td class=\"col-date\">4-5 f\u00e9vrier 2023<\/td>\n                        <td class=\"col-gardien\">\tFl\u00fchmann Francis\t<\/td>\n                        <td class=\"col-initialement\">\n                                                    <\/td>\n                        <td class=\"col-remarque\">\t\t<\/td>\n                    <\/tr>\n                                        <tr>\n                        <td class=\"col-date\">28-29 janvier 2023<\/td>\n                        <td class=\"col-gardien\">\tGuerry Jean-Michel\t<\/td>\n                        <td class=\"col-initialement\">\n                                                    <\/td>\n                        <td class=\"col-remarque\">\t\t<\/td>\n                    <\/tr>\n                                        <tr>\n                        <td class=\"col-date\">21-22 janvier 2023<\/td>\n                        <td class=\"col-gardien\">\t\t<\/td>\n                        <td class=\"col-initialement\">\n                                                    <\/td>\n                        <td class=\"col-remarque\">\tWeek-end \u00e0 ski\t<\/td>\n                    <\/tr>\n                                        <tr>\n                        <td class=\"col-date\">14-15 janvier 2023<\/td>\n                        <td class=\"col-gardien\">\tTurrian Jean-Philippe\t<\/td>\n                        <td class=\"col-initialement\">\n                                                    <\/td>\n                        <td class=\"col-remarque\">\t\t<\/td>\n                    <\/tr>\n                                        <tr>\n                        <td class=\"col-date\">7-8 janvier 2023<\/td>\n                        <td class=\"col-gardien\">\tBeck Roland\t<\/td>\n                        <td class=\"col-initialement\">\n                                                    <\/td>\n                        <td class=\"col-remarque\">\t\t<\/td>\n                    <\/tr>\n                                        <tr>\n                        <td class=\"col-date\">31 d\u00e9cembre-1er janvier 2023<\/td>\n                        <td class=\"col-gardien\">\t\t<\/td>\n                        <td class=\"col-initialement\">\n                                                    <\/td>\n                        <td class=\"col-remarque\">\tNouvel An\t<\/td>\n                    <\/tr>\n                                    <\/tbody>\n            <\/table>\n        <\/div>\n                <div class=\"calendrier-archive-annee\">\n            <h4>\n                2022                \n            <\/h4>\n            \n            <table class=\"calendrier-table\">\n                <thead>\n                    <tr>\n                        <th class=\"col-date\">Date<\/th>\n                        <th class=\"col-gardien\">Gardien<\/th>\n                        <th class=\"col-initialement\">Initialement<\/th>\n                        <th class=\"col-remarque\">Remarque<\/th>\n                    <\/tr>\n                <\/thead>\n                <tbody>\n                                        <tr>\n                        <td class=\"col-date\">24-25 d\u00e9cembre 2022<\/td>\n                        <td class=\"col-gardien\">\t\t<\/td>\n                        <td class=\"col-initialement\">\n                                                    <\/td>\n                        <td class=\"col-remarque\">\tVacances de No\u00ebl\t<\/td>\n                    <\/tr>\n                                        <tr>\n                        <td class=\"col-date\">17-18 d\u00e9cembre 2022<\/td>\n                        <td class=\"col-gardien\">\t\t<\/td>\n                        <td class=\"col-initialement\">\n                                                    <\/td>\n                        <td class=\"col-remarque\">\tVacances de No\u00ebl\t<\/td>\n                    <\/tr>\n                                        <tr>\n                        <td class=\"col-date\">10-11 d\u00e9cembre 2022<\/td>\n                        <td class=\"col-gardien\">\tWinkler Ginette\t<\/td>\n                        <td class=\"col-initialement\">\n                                                    <\/td>\n                        <td class=\"col-remarque\">\t\t<\/td>\n                    <\/tr>\n                                        <tr>\n                        <td class=\"col-date\">3-4 d\u00e9cembre 2022<\/td>\n                        <td class=\"col-gardien\">vacant<\/td>\n                        <td class=\"col-initialement\">\n                                                    <\/td>\n                        <td class=\"col-remarque\">\t\t<\/td>\n                    <\/tr>\n                                        <tr>\n                        <td class=\"col-date\">26-27 novembre 2022<\/td>\n                        <td class=\"col-gardien\">\tRomy Gabrielle\t<\/td>\n                        <td class=\"col-initialement\">\n                                                    <\/td>\n                        <td class=\"col-remarque\">\t\t<\/td>\n                    <\/tr>\n                                        <tr>\n                        <td class=\"col-date\">19-20 novembre 2022<\/td>\n                        <td class=\"col-gardien\">Knobel Swen<\/td>\n                        <td class=\"col-initialement\">\n                                                            <del>Gauthier Dubach<\/del>\n                                                    <\/td>\n                        <td class=\"col-remarque\">\t\t<\/td>\n                    <\/tr>\n                                        <tr>\n                        <td class=\"col-date\">12-13 novembre 2022<\/td>\n                        <td class=\"col-gardien\">\tHofer Claude-Alain\t<\/td>\n                        <td class=\"col-initialement\">\n                                                    <\/td>\n                        <td class=\"col-remarque\">\t\t<\/td>\n                    <\/tr>\n                                        <tr>\n                        <td class=\"col-date\">5-6 novembre 2022<\/td>\n                        <td class=\"col-gardien\">\tFroidevaux Jean-Louis\t<\/td>\n                        <td class=\"col-initialement\">\n                                                    <\/td>\n                        <td class=\"col-remarque\">\t\t<\/td>\n                    <\/tr>\n                                        <tr>\n                        <td class=\"col-date\">29-30 octobre 2022<\/td>\n                        <td class=\"col-gardien\">\tWinkler Thierry\t<\/td>\n                        <td class=\"col-initialement\">\n                                                    <\/td>\n                        <td class=\"col-remarque\">\t\t<\/td>\n                    <\/tr>\n                                        <tr>\n                        <td class=\"col-date\">22-23 octobre 2022<\/td>\n                        <td class=\"col-gardien\">\tvon Kaenel Dave\t<\/td>\n                        <td class=\"col-initialement\">\n                                                    <\/td>\n                        <td class=\"col-remarque\">\t\t<\/td>\n                    <\/tr>\n                                        <tr>\n                        <td class=\"col-date\">15-16 octobre 2022<\/td>\n                        <td class=\"col-gardien\">\tCl\u00e9ment Josselin\t<\/td>\n                        <td class=\"col-initialement\">\n                                                    <\/td>\n                        <td class=\"col-remarque\">\t\t<\/td>\n                    <\/tr>\n                                        <tr>\n                        <td class=\"col-date\">8-9 octobre 2022<\/td>\n                        <td class=\"col-gardien\">Dubach Gauthier<\/td>\n                        <td class=\"col-initialement\">\n                                                            <del>Knobel Swen<\/del>\n                                                    <\/td>\n                        <td class=\"col-remarque\">\t\t<\/td>\n                    <\/tr>\n                                        <tr>\n                        <td class=\"col-date\">1er-2 octobre 2022<\/td>\n                        <td class=\"col-gardien\">\tBossert Alfred\t<\/td>\n                        <td class=\"col-initialement\">\n                                                    <\/td>\n                        <td class=\"col-remarque\">\tCorv\u00e9e\t<\/td>\n                    <\/tr>\n                                        <tr>\n                        <td class=\"col-date\">24-25 septembre 2022<\/td>\n                        <td class=\"col-gardien\">\tGindrat S\u00e9bastien\t<\/td>\n                        <td class=\"col-initialement\">\n                                                    <\/td>\n                        <td class=\"col-remarque\">\t\t<\/td>\n                    <\/tr>\n                                        <tr>\n                        <td class=\"col-date\">17-18 septembre 2022<\/td>\n                        <td class=\"col-gardien\">\tBurkhard Jo\u00ebl\t<\/td>\n                        <td class=\"col-initialement\">\n                                                    <\/td>\n                        <td class=\"col-remarque\">\t\t<\/td>\n                    <\/tr>\n                                        <tr>\n                        <td class=\"col-date\">10-11 septembre 2022<\/td>\n                        <td class=\"col-gardien\">Bassin Fr\u00e9d\u00e9ric<\/td>\n                        <td class=\"col-initialement\">\n                                                            <del>Dubach Pierre<\/del>\n                                                    <\/td>\n                        <td class=\"col-remarque\">\tPique-nique au chalet\t<\/td>\n                    <\/tr>\n                                        <tr>\n                        <td class=\"col-date\">3-4 septembre 2022<\/td>\n                        <td class=\"col-gardien\">\tComte Florian\t<\/td>\n                        <td class=\"col-initialement\">\n                                                    <\/td>\n                        <td class=\"col-remarque\">\t\t<\/td>\n                    <\/tr>\n                                        <tr>\n                        <td class=\"col-date\">27-28 ao\u00fbt 2022<\/td>\n                        <td class=\"col-gardien\">\tFl\u00fchmann Francis\t<\/td>\n                        <td class=\"col-initialement\">\n                                                    <\/td>\n                        <td class=\"col-remarque\">\t\t<\/td>\n                    <\/tr>\n                                        <tr>\n                        <td class=\"col-date\">20-21 ao\u00fbt 2022<\/td>\n                        <td class=\"col-gardien\">\tFroidevaux J\u00e9r\u00f4me\t<\/td>\n                        <td class=\"col-initialement\">\n                                                    <\/td>\n                        <td class=\"col-remarque\">\t\t<\/td>\n                    <\/tr>\n                                        <tr>\n                        <td class=\"col-date\">13-14 ao\u00fbt 2022<\/td>\n                        <td class=\"col-gardien\">\tMontavon Laura\t<\/td>\n                        <td class=\"col-initialement\">\n                                                    <\/td>\n                        <td class=\"col-remarque\">\t\t<\/td>\n                    <\/tr>\n                                        <tr>\n                        <td class=\"col-date\">6-7 ao\u00fbt 2022<\/td>\n                        <td class=\"col-gardien\">\t\t<\/td>\n                        <td class=\"col-initialement\">\n                                                    <\/td>\n                        <td class=\"col-remarque\">\tVacances\t<\/td>\n                    <\/tr>\n                                        <tr>\n                        <td class=\"col-date\">30-31 juillet 2022<\/td>\n                        <td class=\"col-gardien\">\t\t<\/td>\n                        <td class=\"col-initialement\">\n                                                    <\/td>\n                        <td class=\"col-remarque\">\tVacances\t<\/td>\n                    <\/tr>\n                                        <tr>\n                        <td class=\"col-date\">23-24 juillet 2022<\/td>\n                        <td class=\"col-gardien\">\t\t<\/td>\n                        <td class=\"col-initialement\">\n                                                    <\/td>\n                        <td class=\"col-remarque\">\tVacances\t<\/td>\n                    <\/tr>\n                                        <tr>\n                        <td class=\"col-date\">16-17 juillet 2022<\/td>\n                        <td class=\"col-gardien\">\tBassin Fr\u00e9d\u00e9ric\t<\/td>\n                        <td class=\"col-initialement\">\n                                                    <\/td>\n                        <td class=\"col-remarque\">\t\t<\/td>\n                    <\/tr>\n                                        <tr>\n                        <td class=\"col-date\">9-10 juillet 2022<\/td>\n                        <td class=\"col-gardien\">\tKnobel Matthias\t<\/td>\n                        <td class=\"col-initialement\">\n                                                    <\/td>\n                        <td class=\"col-remarque\">\t\t<\/td>\n                    <\/tr>\n                                        <tr>\n                        <td class=\"col-date\">2-3 juillet 2022<\/td>\n                        <td class=\"col-gardien\">\tGuerry Jean-Michel\t<\/td>\n                        <td class=\"col-initialement\">\n                                                    <\/td>\n                        <td class=\"col-remarque\">\t\t<\/td>\n                    <\/tr>\n                                        <tr>\n                        <td class=\"col-date\">25-26 juin 2022<\/td>\n                        <td class=\"col-gardien\">\tTurrian Jean-Philippe\t<\/td>\n                        <td class=\"col-initialement\">\n                                                    <\/td>\n                        <td class=\"col-remarque\">\t\t<\/td>\n                    <\/tr>\n                                        <tr>\n                        <td class=\"col-date\">18-19 juin 2022<\/td>\n                        <td class=\"col-gardien\">\tBeck Roland\t<\/td>\n                        <td class=\"col-initialement\">\n                                                    <\/td>\n                        <td class=\"col-remarque\">\t\t<\/td>\n                    <\/tr>\n                                        <tr>\n                        <td class=\"col-date\">11-12 juin 2022<\/td>\n                        <td class=\"col-gardien\">\tWinkler Ginette\t<\/td>\n                        <td class=\"col-initialement\">\n                                                    <\/td>\n                        <td class=\"col-remarque\">\t\t<\/td>\n                    <\/tr>\n                                        <tr>\n                        <td class=\"col-date\">4-5 juin 2022<\/td>\n                        <td class=\"col-gardien\">\tL\u00fcthi Claude\t<\/td>\n                        <td class=\"col-initialement\">\n                                                    <\/td>\n                        <td class=\"col-remarque\">\t\t<\/td>\n                    <\/tr>\n                                        <tr>\n                        <td class=\"col-date\">28-29 mai 2022<\/td>\n                        <td class=\"col-gardien\">\tRomy Gabrielle\t<\/td>\n                        <td class=\"col-initialement\">\n                                                    <\/td>\n                        <td class=\"col-remarque\">\t\t<\/td>\n                    <\/tr>\n                                        <tr>\n                        <td class=\"col-date\">21-22 mai 2022<\/td>\n                        <td class=\"col-gardien\">\tDubach Gauthier\t<\/td>\n                        <td class=\"col-initialement\">\n                                                    <\/td>\n                        <td class=\"col-remarque\">\t\t<\/td>\n                    <\/tr>\n                                        <tr>\n                        <td class=\"col-date\">14-15 mai 2022<\/td>\n                        <td class=\"col-gardien\">\tHofer Claude-Alain\t<\/td>\n                        <td class=\"col-initialement\">\n                                                    <\/td>\n                        <td class=\"col-remarque\">\tCorv\u00e9e\t<\/td>\n                    <\/tr>\n                                        <tr>\n                        <td class=\"col-date\">7-8 mai 2022<\/td>\n                        <td class=\"col-gardien\">\tFroidevaux Jean-Louis\t<\/td>\n                        <td class=\"col-initialement\">\n                                                    <\/td>\n                        <td class=\"col-remarque\">\t\t<\/td>\n                    <\/tr>\n                                        <tr>\n                        <td class=\"col-date\">30 avril-1er mai 2022<\/td>\n                        <td class=\"col-gardien\">\tvon Kaenel Dave\t<\/td>\n                        <td class=\"col-initialement\">\n                                                    <\/td>\n                        <td class=\"col-remarque\">\t\t<\/td>\n                    <\/tr>\n                                        <tr>\n                        <td class=\"col-date\">23-24 avril 2022<\/td>\n                        <td class=\"col-gardien\">\tWinkler Thierry\t<\/td>\n                        <td class=\"col-initialement\">\n                                                    <\/td>\n                        <td class=\"col-remarque\">\t\t<\/td>\n                    <\/tr>\n                                        <tr>\n                        <td class=\"col-date\">16-17 avril 2022<\/td>\n                        <td class=\"col-gardien\">\t\t<\/td>\n                        <td class=\"col-initialement\">\n                                                    <\/td>\n                        <td class=\"col-remarque\">\tP\u00e2ques\t<\/td>\n                    <\/tr>\n                                        <tr>\n                        <td class=\"col-date\">9-10 avril 2022<\/td>\n                        <td class=\"col-gardien\">\tKnobel Swen\t<\/td>\n                        <td class=\"col-initialement\">\n                                                    <\/td>\n                        <td class=\"col-remarque\">\t\t<\/td>\n                    <\/tr>\n                                        <tr>\n                        <td class=\"col-date\">2-3 avril 2022<\/td>\n                        <td class=\"col-gardien\">\tBossert Alfred\t<\/td>\n                        <td class=\"col-initialement\">\n                                                    <\/td>\n                        <td class=\"col-remarque\">\t\t<\/td>\n                    <\/tr>\n                                        <tr>\n                        <td class=\"col-date\">26-27 mars 2022<\/td>\n                        <td class=\"col-gardien\">\tGindrat S\u00e9bastien\t<\/td>\n                        <td class=\"col-initialement\">\n                                                    <\/td>\n                        <td class=\"col-remarque\">\t\t<\/td>\n                    <\/tr>\n                                        <tr>\n                        <td class=\"col-date\">19-20 mars 2022<\/td>\n                        <td class=\"col-gardien\">\tBurkhard Jo\u00ebl\t<\/td>\n                        <td class=\"col-initialement\">\n                                                    <\/td>\n                        <td class=\"col-remarque\">\t\t<\/td>\n                    <\/tr>\n                                        <tr>\n                        <td class=\"col-date\">12-13 mars 2022<\/td>\n                        <td class=\"col-gardien\">\tDubach Pierre\t<\/td>\n                        <td class=\"col-initialement\">\n                                                    <\/td>\n                        <td class=\"col-remarque\">\t\t<\/td>\n                    <\/tr>\n                                        <tr>\n                        <td class=\"col-date\">5-6 mars 2022<\/td>\n                        <td class=\"col-gardien\">\tComte Florian\t<\/td>\n                        <td class=\"col-initialement\">\n                                                    <\/td>\n                        <td class=\"col-remarque\">\t\t<\/td>\n                    <\/tr>\n                                        <tr>\n                        <td class=\"col-date\">26-27 f\u00e9vrier 2022<\/td>\n                        <td class=\"col-gardien\">\tFl\u00fchmann Francis\t<\/td>\n                        <td class=\"col-initialement\">\n                                                    <\/td>\n                        <td class=\"col-remarque\">\t\t<\/td>\n                    <\/tr>\n                                        <tr>\n                        <td class=\"col-date\">19-20 f\u00e9vrier 2022<\/td>\n                        <td class=\"col-gardien\">\tFroidevaux J\u00e9r\u00f4me\t<\/td>\n                        <td class=\"col-initialement\">\n                                                    <\/td>\n                        <td class=\"col-remarque\">\t\t<\/td>\n                    <\/tr>\n                                        <tr>\n                        <td class=\"col-date\">12-13 f\u00e9vrier 2022<\/td>\n                        <td class=\"col-gardien\">\tBassin Fr\u00e9d\u00e9ric\t<\/td>\n                        <td class=\"col-initialement\">\n                                                    <\/td>\n                        <td class=\"col-remarque\">\tSortie \u00e0 raquettes\t<\/td>\n                    <\/tr>\n                                        <tr>\n                        <td class=\"col-date\">5-6 f\u00e9vrier 2022<\/td>\n                        <td class=\"col-gardien\">\tKnobel Matthias\t<\/td>\n                        <td class=\"col-initialement\">\n                                                    <\/td>\n                        <td class=\"col-remarque\">\t\t<\/td>\n                    <\/tr>\n                                        <tr>\n                        <td class=\"col-date\">29-30 janvier 2022<\/td>\n                        <td class=\"col-gardien\">\tGuerry Jean-Michel\t<\/td>\n                        <td class=\"col-initialement\">\n                                                    <\/td>\n                        <td class=\"col-remarque\">\t\t<\/td>\n                    <\/tr>\n                                        <tr>\n                        <td class=\"col-date\">22-23 janvier 2022<\/td>\n                        <td class=\"col-gardien\">\t\t<\/td>\n                        <td class=\"col-initialement\">\n                                                    <\/td>\n                        <td class=\"col-remarque\"><del>Week-end \u00e0 ski<\/del><\/td>\n                    <\/tr>\n                                        <tr>\n                        <td class=\"col-date\">15-16 janvier 2022<\/td>\n                        <td class=\"col-gardien\">\tTurrian Jean-Philippe\t<\/td>\n                        <td class=\"col-initialement\">\n                                                    <\/td>\n                        <td class=\"col-remarque\">\t\t<\/td>\n                    <\/tr>\n                                        <tr>\n                        <td class=\"col-date\">8-9 janvier 2022<\/td>\n                        <td class=\"col-gardien\">vacant<\/td>\n                        <td class=\"col-initialement\">\n                                                            <del>Dubach Walter<\/del>\n                                                    <\/td>\n                        <td class=\"col-remarque\">\t\t<\/td>\n                    <\/tr>\n                                        <tr>\n                        <td class=\"col-date\">1er-2 janvier 2022<\/td>\n                        <td class=\"col-gardien\">\t\t<\/td>\n                        <td class=\"col-initialement\">\n                                                    <\/td>\n                        <td class=\"col-remarque\">\tNouvel An\t<\/td>\n                    <\/tr>\n                                    <\/tbody>\n            <\/table>\n        <\/div>\n                <div class=\"calendrier-archive-annee\">\n            <h4>\n                2021                \n            <\/h4>\n            \n            <table class=\"calendrier-table\">\n                <thead>\n                    <tr>\n                        <th class=\"col-date\">Date<\/th>\n                        <th class=\"col-gardien\">Gardien<\/th>\n                        <th class=\"col-initialement\">Initialement<\/th>\n                        <th class=\"col-remarque\">Remarque<\/th>\n                    <\/tr>\n                <\/thead>\n                <tbody>\n                                        <tr>\n                        <td class=\"col-date\">25-26 d\u00e9cembre 2021<\/td>\n                        <td class=\"col-gardien\">\t\t<\/td>\n                        <td class=\"col-initialement\">\n                                                    <\/td>\n                        <td class=\"col-remarque\">\tVacances de No\u00ebl\t<\/td>\n                    <\/tr>\n                                        <tr>\n                        <td class=\"col-date\">18-19 d\u00e9cembre 2021<\/td>\n                        <td class=\"col-gardien\">\t\t<\/td>\n                        <td class=\"col-initialement\">\n                                                    <\/td>\n                        <td class=\"col-remarque\">\tVacances de No\u00ebl\t<\/td>\n                    <\/tr>\n                                        <tr>\n                        <td class=\"col-date\">11-12 d\u00e9cembre 2021<\/td>\n                        <td class=\"col-gardien\">\tBeck Roland\t<\/td>\n                        <td class=\"col-initialement\">\n                                                    <\/td>\n                        <td class=\"col-remarque\"><\/td>\n                    <\/tr>\n                                        <tr>\n                        <td class=\"col-date\">4-5 d\u00e9cembre 2021<\/td>\n                        <td class=\"col-gardien\">L\u00fcthi Claude<\/td>\n                        <td class=\"col-initialement\">\n                                                            <del>Winkler Ginette<\/del>\n                                                    <\/td>\n                        <td class=\"col-remarque\">\t\t<\/td>\n                    <\/tr>\n                                        <tr>\n                        <td class=\"col-date\">27-28 novembre 2021<\/td>\n                        <td class=\"col-gardien\">\tDubach Gauthier\t<\/td>\n                        <td class=\"col-initialement\">\n                                                    <\/td>\n                        <td class=\"col-remarque\">\t\t<\/td>\n                    <\/tr>\n                                        <tr>\n                        <td class=\"col-date\">20-21 novembre 2021<\/td>\n                        <td class=\"col-gardien\">Winkler Ginette<\/td>\n                        <td class=\"col-initialement\">\n                                                            <del>L\u00fcthi Claude<\/del>\n                                                    <\/td>\n                        <td class=\"col-remarque\">\t\t<\/td>\n                    <\/tr>\n                                        <tr>\n                        <td class=\"col-date\">13-14 novembre 2021<\/td>\n                        <td class=\"col-gardien\">\tRomy Gabrielle\t<\/td>\n                        <td class=\"col-initialement\">\n                                                    <\/td>\n                        <td class=\"col-remarque\">\t\t<\/td>\n                    <\/tr>\n                                        <tr>\n                        <td class=\"col-date\">6-7 novembre 2021<\/td>\n                        <td class=\"col-gardien\">\tBossert Alfred\t<\/td>\n                        <td class=\"col-initialement\">\n                                                    <\/td>\n                        <td class=\"col-remarque\">\t\t<\/td>\n                    <\/tr>\n                                        <tr>\n                        <td class=\"col-date\">30-31 octobre 2021<\/td>\n                        <td class=\"col-gardien\">\tGindrat S\u00e9bastien\t<\/td>\n                        <td class=\"col-initialement\">\n                                                    <\/td>\n                        <td class=\"col-remarque\">\t\t<\/td>\n                    <\/tr>\n                                        <tr>\n                        <td class=\"col-date\">23-24 octobre 2021<\/td>\n                        <td class=\"col-gardien\">\tvon Kaenel Dave\t<\/td>\n                        <td class=\"col-initialement\">\n                                                    <\/td>\n                        <td class=\"col-remarque\">\t\t<\/td>\n                    <\/tr>\n                                        <tr>\n                        <td class=\"col-date\">16-17 octobre 2021<\/td>\n                        <td class=\"col-gardien\">\tKnobel Swen\t<\/td>\n                        <td class=\"col-initialement\">\n                                                    <\/td>\n                        <td class=\"col-remarque\">\t\t<\/td>\n                    <\/tr>\n                                        <tr>\n                        <td class=\"col-date\">9-10 octobre 2021<\/td>\n                        <td class=\"col-gardien\">Hofer Claude-Alain<\/td>\n                        <td class=\"col-initialement\">\n                                                            <del>Winkler Thierry<\/del>\n                                                    <\/td>\n                        <td class=\"col-remarque\">\tCorv\u00e9e\t<\/td>\n                    <\/tr>\n                                        <tr>\n                        <td class=\"col-date\">2-3 octobre 2021<\/td>\n                        <td class=\"col-gardien\">\tFroidevaux Jean-Louis\t<\/td>\n                        <td class=\"col-initialement\">\n                                                    <\/td>\n                        <td class=\"col-remarque\">\t\t<\/td>\n                    <\/tr>\n                                        <tr>\n                        <td class=\"col-date\">25-26 septembre 2021<\/td>\n                        <td class=\"col-gardien\">Winkler Thierry<\/td>\n                        <td class=\"col-initialement\">\n                                                            <del>Hofer Claude-Alain<\/del>\n                                                    <\/td>\n                        <td class=\"col-remarque\">\t\t<\/td>\n                    <\/tr>\n                                        <tr>\n                        <td class=\"col-date\">18-19 septembre 2021<\/td>\n                        <td class=\"col-gardien\">\tBurkhard Jo\u00ebl\t<\/td>\n                        <td class=\"col-initialement\">\n                                                    <\/td>\n                        <td class=\"col-remarque\">\t\t<\/td>\n                    <\/tr>\n                                        <tr>\n                        <td class=\"col-date\">11-12 septembre 2021<\/td>\n                        <td class=\"col-gardien\">\tDubach Pierre\t<\/td>\n                        <td class=\"col-initialement\">\n                                                    <\/td>\n                        <td class=\"col-remarque\">\t\t<\/td>\n                    <\/tr>\n                                        <tr>\n                        <td class=\"col-date\">4-5 septembre 2021<\/td>\n                        <td class=\"col-gardien\">Bassin Fr\u00e9d\u00e9ric<\/td>\n                        <td class=\"col-initialement\">\n                                                            <del>Comte Florian<\/del>\n                                                    <\/td>\n                        <td class=\"col-remarque\">Pique-nique au chalet<\/td>\n                    <\/tr>\n                                        <tr>\n                        <td class=\"col-date\">28-29 ao\u00fbt 2021<\/td>\n                        <td class=\"col-gardien\">Comte Florian<\/td>\n                        <td class=\"col-initialement\">\n                                                            <del>Bassin Fr\u00e9d\u00e9ric<\/del>\n                                                    <\/td>\n                        <td class=\"col-remarque\"><\/td>\n                    <\/tr>\n                                        <tr>\n                        <td class=\"col-date\">21-22 ao\u00fbt 2021<\/td>\n                        <td class=\"col-gardien\">Froidevaux J\u00e9r\u00f4me<\/td>\n                        <td class=\"col-initialement\">\n                                                    <\/td>\n                        <td class=\"col-remarque\"><\/td>\n                    <\/tr>\n                                        <tr>\n                        <td class=\"col-date\">14-15 ao\u00fbt 2021<\/td>\n                        <td class=\"col-gardien\">Fl\u00fchmann Francis<\/td>\n                        <td class=\"col-initialement\">\n                                                    <\/td>\n                        <td class=\"col-remarque\"><\/td>\n                    <\/tr>\n                                        <tr>\n                        <td class=\"col-date\">7-8 ao\u00fbt 2021<\/td>\n                        <td class=\"col-gardien\">Knobel Matthias<\/td>\n                        <td class=\"col-initialement\">\n                                                    <\/td>\n                        <td class=\"col-remarque\"><\/td>\n                    <\/tr>\n                                        <tr>\n                        <td class=\"col-date\">31 juillet-1er ao\u00fbt 2021<\/td>\n                        <td class=\"col-gardien\"><\/td>\n                        <td class=\"col-initialement\">\n                                                    <\/td>\n                        <td class=\"col-remarque\">Vacances<\/td>\n                    <\/tr>\n                                        <tr>\n                        <td class=\"col-date\">24-25 juillet 2021<\/td>\n                        <td class=\"col-gardien\"><\/td>\n                        <td class=\"col-initialement\">\n                                                    <\/td>\n                        <td class=\"col-remarque\">Vacances<\/td>\n                    <\/tr>\n                                        <tr>\n                        <td class=\"col-date\">17-18 juillet 2021<\/td>\n                        <td class=\"col-gardien\"><\/td>\n                        <td class=\"col-initialement\">\n                                                    <\/td>\n                        <td class=\"col-remarque\">Vacances<\/td>\n                    <\/tr>\n                                        <tr>\n                        <td class=\"col-date\">10-11 juillet 2021<\/td>\n                        <td class=\"col-gardien\">Guerry Jean-Michel<\/td>\n                        <td class=\"col-initialement\">\n                                                    <\/td>\n                        <td class=\"col-remarque\"><\/td>\n                    <\/tr>\n                                        <tr>\n                        <td class=\"col-date\">3-4 juillet 2021<\/td>\n                        <td class=\"col-gardien\">Knobel Swen<\/td>\n                        <td class=\"col-initialement\">\n                                                            <del>Dubach Walter<\/del>\n                                                    <\/td>\n                        <td class=\"col-remarque\"><\/td>\n                    <\/tr>\n                                        <tr>\n                        <td class=\"col-date\">26-27 juin 2021<\/td>\n                        <td class=\"col-gardien\">Turrian Jean-Philippe<\/td>\n                        <td class=\"col-initialement\">\n                                                    <\/td>\n                        <td class=\"col-remarque\"><\/td>\n                    <\/tr>\n                                        <tr>\n                        <td class=\"col-date\">19-20 juin 2021<\/td>\n                        <td class=\"col-gardien\">Beck Roland<\/td>\n                        <td class=\"col-initialement\">\n                                                    <\/td>\n                        <td class=\"col-remarque\"><\/td>\n                    <\/tr>\n                                        <tr>\n                        <td class=\"col-date\">12-13 juin 2021<\/td>\n                        <td class=\"col-gardien\">Dubach Gauthier<\/td>\n                        <td class=\"col-initialement\">\n                                                    <\/td>\n                        <td class=\"col-remarque\"><\/td>\n                    <\/tr>\n                                        <tr>\n                        <td class=\"col-date\">5-6 juin 2021<\/td>\n                        <td class=\"col-gardien\">L\u00fcthi Claude<\/td>\n                        <td class=\"col-initialement\">\n                                                    <\/td>\n                        <td class=\"col-remarque\"><\/td>\n                    <\/tr>\n                                        <tr>\n                        <td class=\"col-date\">29-30 mai 2021<\/td>\n                        <td class=\"col-gardien\">Bossert Alfred<\/td>\n                        <td class=\"col-initialement\">\n                                                    <\/td>\n                        <td class=\"col-remarque\"><\/td>\n                    <\/tr>\n                                        <tr>\n                        <td class=\"col-date\">22-23 mai 2021<\/td>\n                        <td class=\"col-gardien\">Winkler Thierry<\/td>\n                        <td class=\"col-initialement\">\n                                                    <\/td>\n                        <td class=\"col-remarque\"><\/td>\n                    <\/tr>\n                                        <tr>\n                        <td class=\"col-date\">15-16 mai 2021<\/td>\n                        <td class=\"col-gardien\">von Kaenel Dave<\/td>\n                        <td class=\"col-initialement\">\n                                                    <\/td>\n                        <td class=\"col-remarque\"><\/td>\n                    <\/tr>\n                                        <tr>\n                        <td class=\"col-date\">8-9 mai 2021<\/td>\n                        <td class=\"col-gardien\">Burkhard Jo\u00ebl<\/td>\n                        <td class=\"col-initialement\">\n                                                    <\/td>\n                        <td class=\"col-remarque\">Corv\u00e9e<\/td>\n                    <\/tr>\n                                        <tr>\n                        <td class=\"col-date\">1er-2 mai 2021<\/td>\n                        <td class=\"col-gardien\">Froidevaux Jean-Louis<\/td>\n                        <td class=\"col-initialement\">\n                                                    <\/td>\n                        <td class=\"col-remarque\"><\/td>\n                    <\/tr>\n                                        <tr>\n                        <td class=\"col-date\">24-25 avril 2021<\/td>\n                        <td class=\"col-gardien\">Dubach Gauthier<\/td>\n                        <td class=\"col-initialement\">\n                                                            <del>Hofer Claude-Alain<\/del>\n                                                    <\/td>\n                        <td class=\"col-remarque\"><\/td>\n                    <\/tr>\n                                        <tr>\n                        <td class=\"col-date\">17-18 avril 2021<\/td>\n                        <td class=\"col-gardien\">Dubach Pierre<\/td>\n                        <td class=\"col-initialement\">\n                                                    <\/td>\n                        <td class=\"col-remarque\"><\/td>\n                    <\/tr>\n                                        <tr>\n                        <td class=\"col-date\">10-11 avril 2021<\/td>\n                        <td class=\"col-gardien\">Dubach Walter<\/td>\n                        <td class=\"col-initialement\">\n                                                            <del>Knobel Swen<\/del>\n                                                    <\/td>\n                        <td class=\"col-remarque\"><\/td>\n                    <\/tr>\n                                        <tr>\n                        <td class=\"col-date\">3-4 avril 2021<\/td>\n                        <td class=\"col-gardien\"><\/td>\n                        <td class=\"col-initialement\">\n                                                    <\/td>\n                        <td class=\"col-remarque\">P\u00e2ques<\/td>\n                    <\/tr>\n                                        <tr>\n                        <td class=\"col-date\">27-28 mars 2021<\/td>\n                        <td class=\"col-gardien\">Comte Florian<\/td>\n                        <td class=\"col-initialement\">\n                                                    <\/td>\n                        <td class=\"col-remarque\"><\/td>\n                    <\/tr>\n                                        <tr>\n                        <td class=\"col-date\">20-21 mars 2021<\/td>\n                        <td class=\"col-gardien\">Bassin Fr\u00e9d\u00e9ric<\/td>\n                        <td class=\"col-initialement\">\n                                                    <\/td>\n                        <td class=\"col-remarque\"><\/td>\n                    <\/tr>\n                                        <tr>\n                        <td class=\"col-date\">13-14 mars 2021<\/td>\n                        <td class=\"col-gardien\">Froidevaux J\u00e9r\u00f4me<\/td>\n                        <td class=\"col-initialement\">\n                                                    <\/td>\n                        <td class=\"col-remarque\"><\/td>\n                    <\/tr>\n                                        <tr>\n                        <td class=\"col-date\">6-7 mars 2021<\/td>\n                        <td class=\"col-gardien\">Fl\u00fchmann Francis<\/td>\n                        <td class=\"col-initialement\">\n                                                    <\/td>\n                        <td class=\"col-remarque\"><\/td>\n                    <\/tr>\n                                        <tr>\n                        <td class=\"col-date\">27-28 f\u00e9vrier 2021<\/td>\n                        <td class=\"col-gardien\">Knobel Matthias<\/td>\n                        <td class=\"col-initialement\">\n                                                    <\/td>\n                        <td class=\"col-remarque\"><\/td>\n                    <\/tr>\n                                        <tr>\n                        <td class=\"col-date\">20-21 f\u00e9vrier 2021<\/td>\n                        <td class=\"col-gardien\">Guerry Jean-Michel<\/td>\n                        <td class=\"col-initialement\">\n                                                    <\/td>\n                        <td class=\"col-remarque\"><\/td>\n                    <\/tr>\n                                        <tr>\n                        <td class=\"col-date\">13-14 f\u00e9vrier 2021<\/td>\n                        <td class=\"col-gardien\">Dubach Walter<\/td>\n                        <td class=\"col-initialement\">\n                                                    <\/td>\n                        <td class=\"col-remarque\"><\/td>\n                    <\/tr>\n                                        <tr>\n                        <td class=\"col-date\">6-7 f\u00e9vrier 2021<\/td>\n                        <td class=\"col-gardien\">Turrian Jean-Philippe<\/td>\n                        <td class=\"col-initialement\">\n                                                    <\/td>\n                        <td class=\"col-remarque\">Sortie \u00e0 raquettes<\/td>\n                    <\/tr>\n                                        <tr>\n                        <td class=\"col-date\">30-31 janvier 2021<\/td>\n                        <td class=\"col-gardien\">Beck Roland<\/td>\n                        <td class=\"col-initialement\">\n                                                    <\/td>\n                        <td class=\"col-remarque\"><\/td>\n                    <\/tr>\n                                        <tr>\n                        <td class=\"col-date\">23-24 janvier 2021<\/td>\n                        <td class=\"col-gardien\"><\/td>\n                        <td class=\"col-initialement\">\n                                                    <\/td>\n                        <td class=\"col-remarque\">Sortie \u00e0 ski<\/td>\n                    <\/tr>\n                                        <tr>\n                        <td class=\"col-date\">16-17 janvier 2021<\/td>\n                        <td class=\"col-gardien\">Dubach Gauthier<\/td>\n                        <td class=\"col-initialement\">\n                                                    <\/td>\n                        <td class=\"col-remarque\"><\/td>\n                    <\/tr>\n                                        <tr>\n                        <td class=\"col-date\">9-10 janvier 2021<\/td>\n                        <td class=\"col-gardien\">L\u00fcthi Claude<\/td>\n                        <td class=\"col-initialement\">\n                                                    <\/td>\n                        <td class=\"col-remarque\"><\/td>\n                    <\/tr>\n                                        <tr>\n                        <td class=\"col-date\">2-3 janvier 2021<\/td>\n                        <td class=\"col-gardien\"><\/td>\n                        <td class=\"col-initialement\">\n                                                    <\/td>\n                        <td class=\"col-remarque\">Nouvel An<\/td>\n                    <\/tr>\n                                    <\/tbody>\n            <\/table>\n        <\/div>\n                <div class=\"calendrier-archive-annee\">\n            <h4>\n                2020                \n            <\/h4>\n            \n            <table class=\"calendrier-table\">\n                <thead>\n                    <tr>\n                        <th class=\"col-date\">Date<\/th>\n                        <th class=\"col-gardien\">Gardien<\/th>\n                        <th class=\"col-initialement\">Initialement<\/th>\n                        <th class=\"col-remarque\">Remarque<\/th>\n                    <\/tr>\n                <\/thead>\n                <tbody>\n                                        <tr>\n                        <td class=\"col-date\">26-27 d\u00e9cembre 2020<\/td>\n                        <td class=\"col-gardien\"><\/td>\n                        <td class=\"col-initialement\">\n                                                    <\/td>\n                        <td class=\"col-remarque\">Vacances de No\u00ebl<\/td>\n                    <\/tr>\n                                        <tr>\n                        <td class=\"col-date\">19-20 d\u00e9cembre 2020<\/td>\n                        <td class=\"col-gardien\"><\/td>\n                        <td class=\"col-initialement\">\n                                                    <\/td>\n                        <td class=\"col-remarque\">Vacances de No\u00ebl<\/td>\n                    <\/tr>\n                                        <tr>\n                        <td class=\"col-date\">12-13 d\u00e9cembre 2020<\/td>\n                        <td class=\"col-gardien\">Bossert Alfred<\/td>\n                        <td class=\"col-initialement\">\n                                                    <\/td>\n                        <td class=\"col-remarque\"><\/td>\n                    <\/tr>\n                                        <tr>\n                        <td class=\"col-date\">5-6 d\u00e9cembre 2020<\/td>\n                        <td class=\"col-gardien\">Winkler Thierry<\/td>\n                        <td class=\"col-initialement\">\n                                                    <\/td>\n                        <td class=\"col-remarque\"><\/td>\n                    <\/tr>\n                                        <tr>\n                        <td class=\"col-date\">28-29 novembre 2020<\/td>\n                        <td class=\"col-gardien\">von Kaenel Dave<\/td>\n                        <td class=\"col-initialement\">\n                                                    <\/td>\n                        <td class=\"col-remarque\"><\/td>\n                    <\/tr>\n                                        <tr>\n                        <td class=\"col-date\">21-22 novembre 2020<\/td>\n                        <td class=\"col-gardien\">Burkhard Jo\u00ebl<\/td>\n                        <td class=\"col-initialement\">\n                                                    <\/td>\n                        <td class=\"col-remarque\"><\/td>\n                    <\/tr>\n                                        <tr>\n                        <td class=\"col-date\">14-15 novembre 2020<\/td>\n                        <td class=\"col-gardien\">Froidevaux Jean-Louis<\/td>\n                        <td class=\"col-initialement\">\n                                                    <\/td>\n                        <td class=\"col-remarque\"><\/td>\n                    <\/tr>\n                                        <tr>\n                        <td class=\"col-date\">7-8 novembre 2020<\/td>\n                        <td class=\"col-gardien\">Hofer Claude-Alain<\/td>\n                        <td class=\"col-initialement\">\n                                                    <\/td>\n                        <td class=\"col-remarque\"><\/td>\n                    <\/tr>\n                                        <tr>\n                        <td class=\"col-date\">31 octobre-1er novembre 2020<\/td>\n                        <td class=\"col-gardien\">Dubach Pierre<\/td>\n                        <td class=\"col-initialement\">\n                                                    <\/td>\n                        <td class=\"col-remarque\"><\/td>\n                    <\/tr>\n                                        <tr>\n                        <td class=\"col-date\">24-25 octobre 2020<\/td>\n                        <td class=\"col-gardien\">Knobel Swen<\/td>\n                        <td class=\"col-initialement\">\n                                                    <\/td>\n                        <td class=\"col-remarque\"><\/td>\n                    <\/tr>\n                                        <tr>\n                        <td class=\"col-date\">17-18 octobre 2020<\/td>\n                        <td class=\"col-gardien\">Comte Florian<\/td>\n                        <td class=\"col-initialement\">\n                                                    <\/td>\n                        <td class=\"col-remarque\"><\/td>\n                    <\/tr>\n                                        <tr>\n                        <td class=\"col-date\">10-11 octobre 2020<\/td>\n                        <td class=\"col-gardien\">Bassin Fr\u00e9d\u00e9ric<\/td>\n                        <td class=\"col-initialement\">\n                                                    <\/td>\n                        <td class=\"col-remarque\">Corv\u00e9e<\/td>\n                    <\/tr>\n                                        <tr>\n                        <td class=\"col-date\">3-4 octobre 2020<\/td>\n                        <td class=\"col-gardien\">Froidevaux J\u00e9r\u00f4me<\/td>\n                        <td class=\"col-initialement\">\n                                                    <\/td>\n                        <td class=\"col-remarque\"><\/td>\n                    <\/tr>\n                                        <tr>\n                        <td class=\"col-date\">26-27 septembre 2020<\/td>\n                        <td class=\"col-gardien\">Fl\u00fchmann Francis<\/td>\n                        <td class=\"col-initialement\">\n                                                    <\/td>\n                        <td class=\"col-remarque\"><\/td>\n                    <\/tr>\n                                        <tr>\n                        <td class=\"col-date\">19-20 septembre 2020<\/td>\n                        <td class=\"col-gardien\">Knobel Matthias<\/td>\n                        <td class=\"col-initialement\">\n                                                    <\/td>\n                        <td class=\"col-remarque\"><\/td>\n                    <\/tr>\n                                        <tr>\n                        <td class=\"col-date\">12-13 septembre 2020<\/td>\n                        <td class=\"col-gardien\">Guerry Jean-Michel<\/td>\n                        <td class=\"col-initialement\">\n                                                    <\/td>\n                        <td class=\"col-remarque\"><\/td>\n                    <\/tr>\n                                        <tr>\n                        <td class=\"col-date\">5-6 septembre 2020<\/td>\n                        <td class=\"col-gardien\">Dubach Walter<\/td>\n                        <td class=\"col-initialement\">\n                                                    <\/td>\n                        <td class=\"col-remarque\">Pique-nique au chalet<\/td>\n                    <\/tr>\n                                        <tr>\n                        <td class=\"col-date\">29-30 ao\u00fbt 2020<\/td>\n                        <td class=\"col-gardien\"><\/td>\n                        <td class=\"col-initialement\">\n                                                    <\/td>\n                        <td class=\"col-remarque\">Roger Stauffer<\/td>\n                    <\/tr>\n                                        <tr>\n                        <td class=\"col-date\">22-23 ao\u00fbt 2020<\/td>\n                        <td class=\"col-gardien\">Turrian Jean-Philippe<\/td>\n                        <td class=\"col-initialement\">\n                                                    <\/td>\n                        <td class=\"col-remarque\"><\/td>\n                    <\/tr>\n                                        <tr>\n                        <td class=\"col-date\">15-16 ao\u00fbt 2020<\/td>\n                        <td class=\"col-gardien\">Beck Roland<\/td>\n                        <td class=\"col-initialement\">\n                                                    <\/td>\n                        <td class=\"col-remarque\"><\/td>\n                    <\/tr>\n                                        <tr>\n                        <td class=\"col-date\">8-9 ao\u00fbt 2020<\/td>\n                        <td class=\"col-gardien\">Dubach Gauthier<\/td>\n                        <td class=\"col-initialement\">\n                                                    <\/td>\n                        <td class=\"col-remarque\"><\/td>\n                    <\/tr>\n                                        <tr>\n                        <td class=\"col-date\">1er-2 ao\u00fbt 2020<\/td>\n                        <td class=\"col-gardien\"><\/td>\n                        <td class=\"col-initialement\">\n                                                    <\/td>\n                        <td class=\"col-remarque\">Vacances<\/td>\n                    <\/tr>\n                                        <tr>\n                        <td class=\"col-date\">25-26 juillet 2020<\/td>\n                        <td class=\"col-gardien\"><\/td>\n                        <td class=\"col-initialement\">\n                                                    <\/td>\n                        <td class=\"col-remarque\">Vacances<\/td>\n                    <\/tr>\n                                        <tr>\n                        <td class=\"col-date\">18-19 juillet 2020<\/td>\n                        <td class=\"col-gardien\"><\/td>\n                        <td class=\"col-initialement\">\n                                                    <\/td>\n                        <td class=\"col-remarque\">Vacances<\/td>\n                    <\/tr>\n                                        <tr>\n                        <td class=\"col-date\">11-12 juillet 2020<\/td>\n                        <td class=\"col-gardien\">L\u00fcthi Claude<\/td>\n                        <td class=\"col-initialement\">\n                                                    <\/td>\n                        <td class=\"col-remarque\"><\/td>\n                    <\/tr>\n                                        <tr>\n                        <td class=\"col-date\">4-5 juillet 2020<\/td>\n                        <td class=\"col-gardien\">Bossert Alfred<\/td>\n                        <td class=\"col-initialement\">\n                                                    <\/td>\n                        <td class=\"col-remarque\"><\/td>\n                    <\/tr>\n                                        <tr>\n                        <td class=\"col-date\">27-28 juin 2020<\/td>\n                        <td class=\"col-gardien\">Winkler Thierry<\/td>\n                        <td class=\"col-initialement\">\n                                                    <\/td>\n                        <td class=\"col-remarque\"><\/td>\n                    <\/tr>\n                                        <tr>\n                        <td class=\"col-date\">20-21 juin 2020<\/td>\n                        <td class=\"col-gardien\">von Kaenel Dave<\/td>\n                        <td class=\"col-initialement\">\n                                                    <\/td>\n                        <td class=\"col-remarque\"><\/td>\n                    <\/tr>\n                                        <tr>\n                        <td class=\"col-date\">13-14 juin 2020<\/td>\n                        <td class=\"col-gardien\">Burkhard Jo\u00ebl<\/td>\n                        <td class=\"col-initialement\">\n                                                    <\/td>\n                        <td class=\"col-remarque\">Corv\u00e9e<\/td>\n                    <\/tr>\n                                        <tr>\n                        <td class=\"col-date\">6-7 juin 2020<\/td>\n                        <td class=\"col-gardien\">Froidevaux Jean-Louis<\/td>\n                        <td class=\"col-initialement\">\n                                                    <\/td>\n                        <td class=\"col-remarque\"><\/td>\n                    <\/tr>\n                                        <tr>\n                        <td class=\"col-date\">30-31 mai 2020<\/td>\n                        <td class=\"col-gardien\">Hofer Claude-Alain<\/td>\n                        <td class=\"col-initialement\">\n                                                    <\/td>\n                        <td class=\"col-remarque\"><\/td>\n                    <\/tr>\n                                        <tr>\n                        <td class=\"col-date\">23-24 mai 2020<\/td>\n                        <td class=\"col-gardien\">Dubach Pierre<\/td>\n                        <td class=\"col-initialement\">\n                                                    <\/td>\n                        <td class=\"col-remarque\"><\/td>\n                    <\/tr>\n                                        <tr>\n                        <td class=\"col-date\">16-17 mai 2020<\/td>\n                        <td class=\"col-gardien\">Knobel Swen<\/td>\n                        <td class=\"col-initialement\">\n                                                    <\/td>\n                        <td class=\"col-remarque\"><\/td>\n                    <\/tr>\n                                        <tr>\n                        <td class=\"col-date\">9-10 mai 2020<\/td>\n                        <td class=\"col-gardien\">Comte Florian<\/td>\n                        <td class=\"col-initialement\">\n                                                    <\/td>\n                        <td class=\"col-remarque\">Corv\u00e9e<\/td>\n                    <\/tr>\n                                        <tr>\n                        <td class=\"col-date\">2-3 mai 2020<\/td>\n                        <td class=\"col-gardien\">Froidevaux J\u00e9r\u00f4me<\/td>\n                        <td class=\"col-initialement\">\n                                                    <\/td>\n                        <td class=\"col-remarque\"><\/td>\n                    <\/tr>\n                                        <tr>\n                        <td class=\"col-date\">25-26 avril 2020<\/td>\n                        <td class=\"col-gardien\">Bassin Fr\u00e9d\u00e9ric<\/td>\n                        <td class=\"col-initialement\">\n                                                    <\/td>\n                        <td class=\"col-remarque\"><\/td>\n                    <\/tr>\n                                        <tr>\n                        <td class=\"col-date\">18-19 avril 2020<\/td>\n                        <td class=\"col-gardien\">Fl\u00fchmann Francis<\/td>\n                        <td class=\"col-initialement\">\n                                                    <\/td>\n                        <td class=\"col-remarque\"><\/td>\n                    <\/tr>\n                                        <tr>\n                        <td class=\"col-date\">11-12 avril 2020<\/td>\n                        <td class=\"col-gardien\"><\/td>\n                        <td class=\"col-initialement\">\n                                                    <\/td>\n                        <td class=\"col-remarque\">P\u00e2ques<\/td>\n                    <\/tr>\n                                        <tr>\n                        <td class=\"col-date\">4-5 avril 2020<\/td>\n                        <td class=\"col-gardien\">Knobel Matthias<\/td>\n                        <td class=\"col-initialement\">\n                                                    <\/td>\n                        <td class=\"col-remarque\"><\/td>\n                    <\/tr>\n                                        <tr>\n                        <td class=\"col-date\">28-29 mars 2020<\/td>\n                        <td class=\"col-gardien\">Guerry Jean-Michel<\/td>\n                        <td class=\"col-initialement\">\n                                                    <\/td>\n                        <td class=\"col-remarque\"><\/td>\n                    <\/tr>\n                                        <tr>\n                        <td class=\"col-date\">21-22 mars 2020<\/td>\n                        <td class=\"col-gardien\">Dubach Walter<\/td>\n                        <td class=\"col-initialement\">\n                                                    <\/td>\n                        <td class=\"col-remarque\"><\/td>\n                    <\/tr>\n                                        <tr>\n                        <td class=\"col-date\">14-15 mars 2020<\/td>\n                        <td class=\"col-gardien\">Beck Roland<\/td>\n                        <td class=\"col-initialement\">\n                                                    <\/td>\n                        <td class=\"col-remarque\"><\/td>\n                    <\/tr>\n                                        <tr>\n                        <td class=\"col-date\">7-8 mars 2020<\/td>\n                        <td class=\"col-gardien\">Dubach Gauthier<\/td>\n                        <td class=\"col-initialement\">\n                                                    <\/td>\n                        <td class=\"col-remarque\"><\/td>\n                    <\/tr>\n                                        <tr>\n                        <td class=\"col-date\">29 f\u00e9vrier-1er mars 2020<\/td>\n                        <td class=\"col-gardien\">L\u00fcthi Claude<\/td>\n                        <td class=\"col-initialement\">\n                                                    <\/td>\n                        <td class=\"col-remarque\"><\/td>\n                    <\/tr>\n                                        <tr>\n                        <td class=\"col-date\">22-23 f\u00e9vrier 2020<\/td>\n                        <td class=\"col-gardien\">Bossert Alfred<\/td>\n                        <td class=\"col-initialement\">\n                                                    <\/td>\n                        <td class=\"col-remarque\"><\/td>\n                    <\/tr>\n                                        <tr>\n                        <td class=\"col-date\">15-16 f\u00e9vrier 2020<\/td>\n                        <td class=\"col-gardien\">Turrian Jean-Philippe<\/td>\n                        <td class=\"col-initialement\">\n                                                    <\/td>\n                        <td class=\"col-remarque\"><\/td>\n                    <\/tr>\n                                        <tr>\n                        <td class=\"col-date\">8-9 f\u00e9vrier 2020<\/td>\n                        <td class=\"col-gardien\">Winkler Thierry<\/td>\n                        <td class=\"col-initialement\">\n                                                    <\/td>\n                        <td class=\"col-remarque\">Sortie \u00e0 raquettes<\/td>\n                    <\/tr>\n                                        <tr>\n                        <td class=\"col-date\">1er-2 f\u00e9vrier 2020<\/td>\n                        <td class=\"col-gardien\">von Kaenel Dave<\/td>\n                        <td class=\"col-initialement\">\n                                                    <\/td>\n                        <td class=\"col-remarque\"><\/td>\n                    <\/tr>\n                                        <tr>\n                        <td class=\"col-date\">25-26 janvier 2020<\/td>\n                        <td class=\"col-gardien\">Burkhard Jo\u00ebl<\/td>\n                        <td class=\"col-initialement\">\n                                                    <\/td>\n                        <td class=\"col-remarque\">Sortie \u00e0 ski<\/td>\n                    <\/tr>\n                                        <tr>\n                        <td class=\"col-date\">18-19 janvier 2020<\/td>\n                        <td class=\"col-gardien\">Froidevaux Jean-Louis<\/td>\n                        <td class=\"col-initialement\">\n                                                    <\/td>\n                        <td class=\"col-remarque\"><\/td>\n                    <\/tr>\n                                        <tr>\n                        <td class=\"col-date\">11-12 janvier 2020<\/td>\n                        <td class=\"col-gardien\">Hofer Claude-Alain<\/td>\n                        <td class=\"col-initialement\">\n                                                    <\/td>\n                        <td class=\"col-remarque\"><\/td>\n                    <\/tr>\n                                        <tr>\n                        <td class=\"col-date\">4-5 janvier 2020<\/td>\n                        <td class=\"col-gardien\"><\/td>\n                        <td class=\"col-initialement\">\n                                                    <\/td>\n                        <td class=\"col-remarque\">Nouvel An<\/td>\n                    <\/tr>\n                                    <\/tbody>\n            <\/table>\n        <\/div>\n                <div class=\"calendrier-archive-annee\">\n            <h4>\n                2019                \n            <\/h4>\n            \n            <table class=\"calendrier-table\">\n                <thead>\n                    <tr>\n                        <th class=\"col-date\">Date<\/th>\n                        <th class=\"col-gardien\">Gardien<\/th>\n                        <th class=\"col-initialement\">Initialement<\/th>\n                        <th class=\"col-remarque\">Remarque<\/th>\n                    <\/tr>\n                <\/thead>\n                <tbody>\n                                        <tr>\n                        <td class=\"col-date\">28-29 d\u00e9cembre 2019<\/td>\n                        <td class=\"col-gardien\"><\/td>\n                        <td class=\"col-initialement\">\n                                                    <\/td>\n                        <td class=\"col-remarque\">Vacances de No\u00ebl<\/td>\n                    <\/tr>\n                                        <tr>\n                        <td class=\"col-date\">21-22 d\u00e9cembre 2019<\/td>\n                        <td class=\"col-gardien\"><\/td>\n                        <td class=\"col-initialement\">\n                                                    <\/td>\n                        <td class=\"col-remarque\">Vacances de No\u00ebl<\/td>\n                    <\/tr>\n                                        <tr>\n                        <td class=\"col-date\">14-15 d\u00e9cembre 2019<\/td>\n                        <td class=\"col-gardien\">Dubach Pierre<\/td>\n                        <td class=\"col-initialement\">\n                                                    <\/td>\n                        <td class=\"col-remarque\"><\/td>\n                    <\/tr>\n                                        <tr>\n                        <td class=\"col-date\">7-8 d\u00e9cembre 2019<\/td>\n                        <td class=\"col-gardien\">Knobel Swen<\/td>\n                        <td class=\"col-initialement\">\n                                                    <\/td>\n                        <td class=\"col-remarque\"><\/td>\n                    <\/tr>\n                                        <tr>\n                        <td class=\"col-date\">30 novembre-1er d\u00e9cembre 2019<\/td>\n                        <td class=\"col-gardien\">Comte Florian<\/td>\n                        <td class=\"col-initialement\">\n                                                    <\/td>\n                        <td class=\"col-remarque\"><\/td>\n                    <\/tr>\n                                        <tr>\n                        <td class=\"col-date\">23-24 novembre 2019<\/td>\n                        <td class=\"col-gardien\">Froidevaux J\u00e9r\u00f4me<\/td>\n                        <td class=\"col-initialement\">\n                                                    <\/td>\n                        <td class=\"col-remarque\"><\/td>\n                    <\/tr>\n                                        <tr>\n                        <td class=\"col-date\">16-17 novembre 2019<\/td>\n                        <td class=\"col-gardien\">Bassin Fr\u00e9d\u00e9ric<\/td>\n                        <td class=\"col-initialement\">\n                                                    <\/td>\n                        <td class=\"col-remarque\"><\/td>\n                    <\/tr>\n                                        <tr>\n                        <td class=\"col-date\">9-10 novembre 2019<\/td>\n                        <td class=\"col-gardien\">Fl\u00fchmann Francis<\/td>\n                        <td class=\"col-initialement\">\n                                                    <\/td>\n                        <td class=\"col-remarque\"><\/td>\n                    <\/tr>\n                                        <tr>\n                        <td class=\"col-date\">2-3 novembre 2019<\/td>\n                        <td class=\"col-gardien\">Knobel Matthias<\/td>\n                        <td class=\"col-initialement\">\n                                                    <\/td>\n                        <td class=\"col-remarque\"><\/td>\n                    <\/tr>\n                                        <tr>\n                        <td class=\"col-date\">26-27 octobre 2019<\/td>\n                        <td class=\"col-gardien\">Guerry Jean-Michel<\/td>\n                        <td class=\"col-initialement\">\n                                                    <\/td>\n                        <td class=\"col-remarque\"><\/td>\n                    <\/tr>\n                                        <tr>\n                        <td class=\"col-date\">19-20 octobre 2019<\/td>\n                        <td class=\"col-gardien\">Dubach Walter<\/td>\n                        <td class=\"col-initialement\">\n                                                    <\/td>\n                        <td class=\"col-remarque\"><\/td>\n                    <\/tr>\n                                        <tr>\n                        <td class=\"col-date\">12-13 octobre 2019<\/td>\n                        <td class=\"col-gardien\">Turrian Jean-Philippe<\/td>\n                        <td class=\"col-initialement\">\n                                                    <\/td>\n                        <td class=\"col-remarque\"><\/td>\n                    <\/tr>\n                                        <tr>\n                        <td class=\"col-date\">5-6 octobre 2019<\/td>\n                        <td class=\"col-gardien\">Beck Roland<\/td>\n                        <td class=\"col-initialement\">\n                                                    <\/td>\n                        <td class=\"col-remarque\"><\/td>\n                    <\/tr>\n                                        <tr>\n                        <td class=\"col-date\">28-29 septembre 2019<\/td>\n                        <td class=\"col-gardien\">Dubach Gauthier<\/td>\n                        <td class=\"col-initialement\">\n                                                    <\/td>\n                        <td class=\"col-remarque\"><\/td>\n                    <\/tr>\n                                        <tr>\n                        <td class=\"col-date\">21-22 septembre 2019<\/td>\n                        <td class=\"col-gardien\">Bossert Alfred<\/td>\n                        <td class=\"col-initialement\">\n                                                    <\/td>\n                        <td class=\"col-remarque\">Corv\u00e9e<\/td>\n                    <\/tr>\n                                        <tr>\n                        <td class=\"col-date\">14-15 septembre 2019<\/td>\n                        <td class=\"col-gardien\">Winkler Thierry<\/td>\n                        <td class=\"col-initialement\">\n                                                    <\/td>\n                        <td class=\"col-remarque\"><\/td>\n                    <\/tr>\n                                        <tr>\n                        <td class=\"col-date\">7-8 septembre 2019<\/td>\n                        <td class=\"col-gardien\">L\u00fcthi Claude<\/td>\n                        <td class=\"col-initialement\">\n                                                    <\/td>\n                        <td class=\"col-remarque\"><\/td>\n                    <\/tr>\n                                        <tr>\n                        <td class=\"col-date\">31 ao\u00fbt-1er septembre 2019<\/td>\n                        <td class=\"col-gardien\">von Kaenel Dave<\/td>\n                        <td class=\"col-initialement\">\n                                                    <\/td>\n                        <td class=\"col-remarque\">Pique-nique au chalet<\/td>\n                    <\/tr>\n                                        <tr>\n                        <td class=\"col-date\">24-25 ao\u00fbt 2019<\/td>\n                        <td class=\"col-gardien\">Burkhard Jo\u00ebl<\/td>\n                        <td class=\"col-initialement\">\n                                                    <\/td>\n                        <td class=\"col-remarque\"><\/td>\n                    <\/tr>\n                                        <tr>\n                        <td class=\"col-date\">17-18 ao\u00fbt 2019<\/td>\n                        <td class=\"col-gardien\">Froidevaux Jean-Louis<\/td>\n                        <td class=\"col-initialement\">\n                                                    <\/td>\n                        <td class=\"col-remarque\"><\/td>\n                    <\/tr>\n                                        <tr>\n                        <td class=\"col-date\">10-11 ao\u00fbt 2019<\/td>\n                        <td class=\"col-gardien\">Hofer Claude-Alain<\/td>\n                        <td class=\"col-initialement\">\n                                                    <\/td>\n                        <td class=\"col-remarque\"><\/td>\n                    <\/tr>\n                                        <tr>\n                        <td class=\"col-date\">3-4 ao\u00fbt 2019<\/td>\n                        <td class=\"col-gardien\"><\/td>\n                        <td class=\"col-initialement\">\n                                                    <\/td>\n                        <td class=\"col-remarque\">Vacances<\/td>\n                    <\/tr>\n                                        <tr>\n                        <td class=\"col-date\">27-28 juillet 2019<\/td>\n                        <td class=\"col-gardien\"><\/td>\n                        <td class=\"col-initialement\">\n                                                    <\/td>\n                        <td class=\"col-remarque\">Vacances<\/td>\n                    <\/tr>\n                                        <tr>\n                        <td class=\"col-date\">20-21 juillet 2019<\/td>\n                        <td class=\"col-gardien\"><\/td>\n                        <td class=\"col-initialement\">\n                                                    <\/td>\n                        <td class=\"col-remarque\">Vacances<\/td>\n                    <\/tr>\n                                        <tr>\n                        <td class=\"col-date\">13-14 juillet 2019<\/td>\n                        <td class=\"col-gardien\">Dubach Pierre<\/td>\n                        <td class=\"col-initialement\">\n                                                    <\/td>\n                        <td class=\"col-remarque\"><\/td>\n                    <\/tr>\n                                        <tr>\n                        <td class=\"col-date\">6-7 juillet 2019<\/td>\n                        <td class=\"col-gardien\">Knobel Swen<\/td>\n                        <td class=\"col-initialement\">\n                                                    <\/td>\n                        <td class=\"col-remarque\"><\/td>\n                    <\/tr>\n                                        <tr>\n                        <td class=\"col-date\">29-30 juin 2019<\/td>\n                        <td class=\"col-gardien\">Comte Florian<\/td>\n                        <td class=\"col-initialement\">\n                                                    <\/td>\n                        <td class=\"col-remarque\"><\/td>\n                    <\/tr>\n                                        <tr>\n                        <td class=\"col-date\">22-23 juin 2019<\/td>\n                        <td class=\"col-gardien\">Froidevaux J\u00e9r\u00f4me<\/td>\n                        <td class=\"col-initialement\">\n                                                    <\/td>\n                        <td class=\"col-remarque\"><\/td>\n                    <\/tr>\n                                        <tr>\n                        <td class=\"col-date\">15-16 juin 2019<\/td>\n                        <td class=\"col-gardien\">Bassin Fr\u00e9d\u00e9ric<\/td>\n                        <td class=\"col-initialement\">\n                                                    <\/td>\n                        <td class=\"col-remarque\"><\/td>\n                    <\/tr>\n                                        <tr>\n                        <td class=\"col-date\">8-9 juin 2019<\/td>\n                        <td class=\"col-gardien\">Fl\u00fchmann Francis<\/td>\n                        <td class=\"col-initialement\">\n                                                    <\/td>\n                        <td class=\"col-remarque\"><\/td>\n                    <\/tr>\n                                        <tr>\n                        <td class=\"col-date\">1er-2 juin 2019<\/td>\n                        <td class=\"col-gardien\">Knobel Matthias<\/td>\n                        <td class=\"col-initialement\">\n                                                    <\/td>\n                        <td class=\"col-remarque\"><\/td>\n                    <\/tr>\n                                        <tr>\n                        <td class=\"col-date\">25-26 mai 2019<\/td>\n                        <td class=\"col-gardien\">Guerry Jean-Michel<\/td>\n                        <td class=\"col-initialement\">\n                                                    <\/td>\n                        <td class=\"col-remarque\"><\/td>\n                    <\/tr>\n                                        <tr>\n                        <td class=\"col-date\">18-19 mai 2019<\/td>\n                        <td class=\"col-gardien\">Dubach Walter<\/td>\n                        <td class=\"col-initialement\">\n                                                    <\/td>\n                        <td class=\"col-remarque\">Corv\u00e9e<\/td>\n                    <\/tr>\n                                        <tr>\n                        <td class=\"col-date\">11-12 mai 2019<\/td>\n                        <td class=\"col-gardien\">Turrian Jean-Philippe<\/td>\n                        <td class=\"col-initialement\">\n                                                    <\/td>\n                        <td class=\"col-remarque\"><\/td>\n                    <\/tr>\n                                        <tr>\n                        <td class=\"col-date\">4-5 mai 2019<\/td>\n                        <td class=\"col-gardien\">Beck Roland<\/td>\n                        <td class=\"col-initialement\">\n                                                    <\/td>\n                        <td class=\"col-remarque\"><\/td>\n                    <\/tr>\n                                        <tr>\n                        <td class=\"col-date\">27-28 avril 2019<\/td>\n                        <td class=\"col-gardien\">Dubach Gauthier<\/td>\n                        <td class=\"col-initialement\">\n                                                    <\/td>\n                        <td class=\"col-remarque\"><\/td>\n                    <\/tr>\n                                        <tr>\n                        <td class=\"col-date\">20-21 avril 2019<\/td>\n                        <td class=\"col-gardien\"><\/td>\n                        <td class=\"col-initialement\">\n                                                    <\/td>\n                        <td class=\"col-remarque\">P\u00e2ques<\/td>\n                    <\/tr>\n                                        <tr>\n                        <td class=\"col-date\">13-14 avril 2019<\/td>\n                        <td class=\"col-gardien\">Bossert Alfred<\/td>\n                        <td class=\"col-initialement\">\n                                                    <\/td>\n                        <td class=\"col-remarque\"><\/td>\n                    <\/tr>\n                                        <tr>\n                        <td class=\"col-date\">6-7 avril 2019<\/td>\n                        <td class=\"col-gardien\">Winkler Thierry<\/td>\n                        <td class=\"col-initialement\">\n                                                    <\/td>\n                        <td class=\"col-remarque\"><\/td>\n                    <\/tr>\n                                        <tr>\n                        <td class=\"col-date\">30-31 mars 2019<\/td>\n                        <td class=\"col-gardien\">L\u00fcthi Claude<\/td>\n                        <td class=\"col-initialement\">\n                                                    <\/td>\n                        <td class=\"col-remarque\"><\/td>\n                    <\/tr>\n                                        <tr>\n                        <td class=\"col-date\">23-24 mars 2019<\/td>\n                        <td class=\"col-gardien\">von Kaenel Dave<\/td>\n                        <td class=\"col-initialement\">\n                                                    <\/td>\n                        <td class=\"col-remarque\"><\/td>\n                    <\/tr>\n                                        <tr>\n                        <td class=\"col-date\">16-17 mars 2019<\/td>\n                        <td class=\"col-gardien\">Burkhard Jo\u00ebl<\/td>\n                        <td class=\"col-initialement\">\n                                                    <\/td>\n                        <td class=\"col-remarque\"><\/td>\n                    <\/tr>\n                                        <tr>\n                        <td class=\"col-date\">9-10 mars 2019<\/td>\n                        <td class=\"col-gardien\">Froidevaux Jean-Louis<\/td>\n                        <td class=\"col-initialement\">\n                                                    <\/td>\n                        <td class=\"col-remarque\"><\/td>\n                    <\/tr>\n                                        <tr>\n                        <td class=\"col-date\">2-3 mars 2019<\/td>\n                        <td class=\"col-gardien\">Hofer Claude-Alain<\/td>\n                        <td class=\"col-initialement\">\n                                                    <\/td>\n                        <td class=\"col-remarque\"><\/td>\n                    <\/tr>\n                                        <tr>\n                        <td class=\"col-date\">23-24 f\u00e9vrier 2019<\/td>\n                        <td class=\"col-gardien\">Dubach Pierre<\/td>\n                        <td class=\"col-initialement\">\n                                                    <\/td>\n                        <td class=\"col-remarque\"><\/td>\n                    <\/tr>\n                                        <tr>\n                        <td class=\"col-date\">16-17 f\u00e9vrier 2019<\/td>\n                        <td class=\"col-gardien\">Comte Florian<\/td>\n                        <td class=\"col-initialement\">\n                                                    <\/td>\n                        <td class=\"col-remarque\"><\/td>\n                    <\/tr>\n                                        <tr>\n                        <td class=\"col-date\">9-10 f\u00e9vrier 2019<\/td>\n                        <td class=\"col-gardien\">Froidevaux J\u00e9r\u00f4me<\/td>\n                        <td class=\"col-initialement\">\n                                                    <\/td>\n                        <td class=\"col-remarque\">Sortie \u00e0 raquettes<\/td>\n                    <\/tr>\n                                        <tr>\n                        <td class=\"col-date\">2-3 f\u00e9vrier 2019<\/td>\n                        <td class=\"col-gardien\">Bassin Fr\u00e9d\u00e9ric<\/td>\n                        <td class=\"col-initialement\">\n                                                    <\/td>\n                        <td class=\"col-remarque\"><\/td>\n                    <\/tr>\n                                        <tr>\n                        <td class=\"col-date\">26-27 janvier 2019<\/td>\n                        <td class=\"col-gardien\">Fl\u00fchmann Francis<\/td>\n                        <td class=\"col-initialement\">\n                                                    <\/td>\n                        <td class=\"col-remarque\">Sortie \u00e0 ski<\/td>\n                    <\/tr>\n                                        <tr>\n                        <td class=\"col-date\">19-20 janvier 2019<\/td>\n                        <td class=\"col-gardien\">Knobel Matthias<\/td>\n                        <td class=\"col-initialement\">\n                                                    <\/td>\n                        <td class=\"col-remarque\"><\/td>\n                    <\/tr>\n                                        <tr>\n                        <td class=\"col-date\">12-13 janvier 2019<\/td>\n                        <td class=\"col-gardien\">Guerry Jean-Michel<\/td>\n                        <td class=\"col-initialement\">\n                                                    <\/td>\n                        <td class=\"col-remarque\"><\/td>\n                    <\/tr>\n                                        <tr>\n                        <td class=\"col-date\">5-6 janvier 2019<\/td>\n                        <td class=\"col-gardien\"><\/td>\n                        <td class=\"col-initialement\">\n                                                    <\/td>\n                        <td class=\"col-remarque\">Nouvel An<\/td>\n                    <\/tr>\n                                    <\/tbody>\n            <\/table>\n        <\/div>\n                <div class=\"calendrier-archive-annee\">\n            <h4>\n                2018                \n            <\/h4>\n            \n            <table class=\"calendrier-table\">\n                <thead>\n                    <tr>\n                        <th class=\"col-date\">Date<\/th>\n                        <th class=\"col-gardien\">Gardien<\/th>\n                        <th class=\"col-initialement\">Initialement<\/th>\n                        <th class=\"col-remarque\">Remarque<\/th>\n                    <\/tr>\n                <\/thead>\n                <tbody>\n                                        <tr>\n                        <td class=\"col-date\">29-30 d\u00e9cembre 2018<\/td>\n                        <td class=\"col-gardien\"><\/td>\n                        <td class=\"col-initialement\">\n                                                    <\/td>\n                        <td class=\"col-remarque\">Vacances de No\u00ebl<\/td>\n                    <\/tr>\n                                        <tr>\n                        <td class=\"col-date\">22-23 d\u00e9cembre 2018<\/td>\n                        <td class=\"col-gardien\"><\/td>\n                        <td class=\"col-initialement\">\n                                                    <\/td>\n                        <td class=\"col-remarque\">Vacances de No\u00ebl<\/td>\n                    <\/tr>\n                                        <tr>\n                        <td class=\"col-date\">15-16 d\u00e9cembre 2018<\/td>\n                        <td class=\"col-gardien\">Dubach Walter<\/td>\n                        <td class=\"col-initialement\">\n                                                    <\/td>\n                        <td class=\"col-remarque\"><\/td>\n                    <\/tr>\n                                        <tr>\n                        <td class=\"col-date\">8-9 d\u00e9cembre 2018<\/td>\n                        <td class=\"col-gardien\">Dubach Gauthier<\/td>\n                        <td class=\"col-initialement\">\n                                                    <\/td>\n                        <td class=\"col-remarque\"><\/td>\n                    <\/tr>\n                                        <tr>\n                        <td class=\"col-date\">1er-2 d\u00e9cembre 2018<\/td>\n                        <td class=\"col-gardien\">Beck Roland<\/td>\n                        <td class=\"col-initialement\">\n                                                    <\/td>\n                        <td class=\"col-remarque\"><\/td>\n                    <\/tr>\n                                        <tr>\n                        <td class=\"col-date\">24-25 novembre 2018<\/td>\n                        <td class=\"col-gardien\">Turrian Jean-Philippe<\/td>\n                        <td class=\"col-initialement\">\n                                                    <\/td>\n                        <td class=\"col-remarque\"><\/td>\n                    <\/tr>\n                                        <tr>\n                        <td class=\"col-date\">17-18 novembre 2018<\/td>\n                        <td class=\"col-gardien\">Bossert Alfred<\/td>\n                        <td class=\"col-initialement\">\n                                                    <\/td>\n                        <td class=\"col-remarque\"><\/td>\n                    <\/tr>\n                                        <tr>\n                        <td class=\"col-date\">10-11 novembre 2018<\/td>\n                        <td class=\"col-gardien\">Knobel Swen<\/td>\n                        <td class=\"col-initialement\">\n                                                    <\/td>\n                        <td class=\"col-remarque\"><\/td>\n                    <\/tr>\n                                        <tr>\n                        <td class=\"col-date\">3-4 novembre 2018<\/td>\n                        <td class=\"col-gardien\">Burkhard Jo\u00ebl<\/td>\n                        <td class=\"col-initialement\">\n                                                    <\/td>\n                        <td class=\"col-remarque\"><\/td>\n                    <\/tr>\n                                        <tr>\n                        <td class=\"col-date\">27-28 octobre 2018<\/td>\n                        <td class=\"col-gardien\">Winkler Thierry<\/td>\n                        <td class=\"col-initialement\">\n                                                    <\/td>\n                        <td class=\"col-remarque\"><\/td>\n                    <\/tr>\n                                        <tr>\n                        <td class=\"col-date\">20-21 octobre 2018<\/td>\n                        <td class=\"col-gardien\">L\u00fcthi Claude<\/td>\n                        <td class=\"col-initialement\">\n                                                    <\/td>\n                        <td class=\"col-remarque\"><\/td>\n                    <\/tr>\n                                        <tr>\n                        <td class=\"col-date\">13-14 octobre 2018<\/td>\n                        <td class=\"col-gardien\">von Kaenel Dave<\/td>\n                        <td class=\"col-initialement\">\n                                                    <\/td>\n                        <td class=\"col-remarque\"><\/td>\n                    <\/tr>\n                                        <tr>\n                        <td class=\"col-date\">6-7 octobre 2018<\/td>\n                        <td class=\"col-gardien\">Froidevaux Jean-Louis<\/td>\n                        <td class=\"col-initialement\">\n                                                    <\/td>\n                        <td class=\"col-remarque\"><\/td>\n                    <\/tr>\n                                        <tr>\n                        <td class=\"col-date\">29-30 septembre 2018<\/td>\n                        <td class=\"col-gardien\">Hofer Claude-Alain<\/td>\n                        <td class=\"col-initialement\">\n                                                    <\/td>\n                        <td class=\"col-remarque\"><\/td>\n                    <\/tr>\n                                        <tr>\n                        <td class=\"col-date\">22-23 septembre 2018<\/td>\n                        <td class=\"col-gardien\">Dubach Pierre<\/td>\n                        <td class=\"col-initialement\">\n                                                    <\/td>\n                        <td class=\"col-remarque\"><\/td>\n                    <\/tr>\n                                        <tr>\n                        <td class=\"col-date\">15-16 septembre 2018<\/td>\n                        <td class=\"col-gardien\">Comte Florian<\/td>\n                        <td class=\"col-initialement\">\n                                                    <\/td>\n                        <td class=\"col-remarque\"><\/td>\n                    <\/tr>\n                                        <tr>\n                        <td class=\"col-date\">8-9 septembre 2018<\/td>\n                        <td class=\"col-gardien\">Froidevaux J\u00e9r\u00f4me<\/td>\n                        <td class=\"col-initialement\">\n                                                    <\/td>\n                        <td class=\"col-remarque\"><\/td>\n                    <\/tr>\n                                        <tr>\n                        <td class=\"col-date\">1er-2 septembre 2018<\/td>\n                        <td class=\"col-gardien\">Bassin Fr\u00e9d\u00e9ric<\/td>\n                        <td class=\"col-initialement\">\n                                                    <\/td>\n                        <td class=\"col-remarque\">Pique-nique au chalet<\/td>\n                    <\/tr>\n                                        <tr>\n                        <td class=\"col-date\">25-26 ao\u00fbt 2018<\/td>\n                        <td class=\"col-gardien\">Fl\u00fchmann Francis<\/td>\n                        <td class=\"col-initialement\">\n                                                    <\/td>\n                        <td class=\"col-remarque\"><\/td>\n                    <\/tr>\n                                        <tr>\n                        <td class=\"col-date\">18-19 ao\u00fbt 2018<\/td>\n                        <td class=\"col-gardien\">Knobel Matthias<\/td>\n                        <td class=\"col-initialement\">\n                                                    <\/td>\n                        <td class=\"col-remarque\"><\/td>\n                    <\/tr>\n                                        <tr>\n                        <td class=\"col-date\">11-12 ao\u00fbt 2018<\/td>\n                        <td class=\"col-gardien\">Guerry Jean-Michel<\/td>\n                        <td class=\"col-initialement\">\n                                                    <\/td>\n                        <td class=\"col-remarque\"><\/td>\n                    <\/tr>\n                                        <tr>\n                        <td class=\"col-date\">4-5 ao\u00fbt 2018<\/td>\n                        <td class=\"col-gardien\"><\/td>\n                        <td class=\"col-initialement\">\n                                                    <\/td>\n                        <td class=\"col-remarque\">Vacances<\/td>\n                    <\/tr>\n                                        <tr>\n                        <td class=\"col-date\">28-29 juillet 2018<\/td>\n                        <td class=\"col-gardien\"><\/td>\n                        <td class=\"col-initialement\">\n                                                    <\/td>\n                        <td class=\"col-remarque\">Vacances<\/td>\n                    <\/tr>\n                                        <tr>\n                        <td class=\"col-date\">21-22 juillet 2018<\/td>\n                        <td class=\"col-gardien\"><\/td>\n                        <td class=\"col-initialement\">\n                                                    <\/td>\n                        <td class=\"col-remarque\">Vacances<\/td>\n                    <\/tr>\n                                        <tr>\n                        <td class=\"col-date\">14-15 juillet 2018<\/td>\n                        <td class=\"col-gardien\">Dubach Walter<\/td>\n                        <td class=\"col-initialement\">\n                                                    <\/td>\n                        <td class=\"col-remarque\"><\/td>\n                    <\/tr>\n                                        <tr>\n                        <td class=\"col-date\">7-8 juillet 2018<\/td>\n                        <td class=\"col-gardien\">Dubach Gauthier<\/td>\n                        <td class=\"col-initialement\">\n                                                    <\/td>\n                        <td class=\"col-remarque\"><\/td>\n                    <\/tr>\n                                        <tr>\n                        <td class=\"col-date\">30 juin-1er juillet 2018<\/td>\n                        <td class=\"col-gardien\">Beck Roland<\/td>\n                        <td class=\"col-initialement\">\n                                                    <\/td>\n                        <td class=\"col-remarque\"><\/td>\n                    <\/tr>\n                                        <tr>\n                        <td class=\"col-date\">23-24 juin 2018<\/td>\n                        <td class=\"col-gardien\">Turrian Jean-Philippe<\/td>\n                        <td class=\"col-initialement\">\n                                                    <\/td>\n                        <td class=\"col-remarque\"><\/td>\n                    <\/tr>\n                                        <tr>\n                        <td class=\"col-date\">16-17 juin 2018<\/td>\n                        <td class=\"col-gardien\">Knobel Swen<\/td>\n                        <td class=\"col-initialement\">\n                                                    <\/td>\n                        <td class=\"col-remarque\"><\/td>\n                    <\/tr>\n                                        <tr>\n                        <td class=\"col-date\">9-10 juin 2018<\/td>\n                        <td class=\"col-gardien\">Bossert Alfred<\/td>\n                        <td class=\"col-initialement\">\n                                                    <\/td>\n                        <td class=\"col-remarque\"><\/td>\n                    <\/tr>\n                                        <tr>\n                        <td class=\"col-date\">2-3 juin 2018<\/td>\n                        <td class=\"col-gardien\">Burkhard Jo\u00ebl<\/td>\n                        <td class=\"col-initialement\">\n                                                    <\/td>\n                        <td class=\"col-remarque\"><\/td>\n                    <\/tr>\n                                        <tr>\n                        <td class=\"col-date\">26-27 mai 2018<\/td>\n                        <td class=\"col-gardien\">L\u00fcthi Claude<\/td>\n                        <td class=\"col-initialement\">\n                                                    <\/td>\n                        <td class=\"col-remarque\">Corv\u00e9e<\/td>\n                    <\/tr>\n                                        <tr>\n                        <td class=\"col-date\">19-20 mai 2018<\/td>\n                        <td class=\"col-gardien\">Winkler Thierry<\/td>\n                        <td class=\"col-initialement\">\n                                                    <\/td>\n                        <td class=\"col-remarque\"><\/td>\n                    <\/tr>\n                                        <tr>\n                        <td class=\"col-date\">12-13 mai 2018<\/td>\n                        <td class=\"col-gardien\">von Kaenel Dave<\/td>\n                        <td class=\"col-initialement\">\n                                                    <\/td>\n                        <td class=\"col-remarque\"><\/td>\n                    <\/tr>\n                                        <tr>\n                        <td class=\"col-date\">5-6 mai 2018<\/td>\n                        <td class=\"col-gardien\">Froidevaux Jean-Louis<\/td>\n                        <td class=\"col-initialement\">\n                                                    <\/td>\n                        <td class=\"col-remarque\"><\/td>\n                    <\/tr>\n                                        <tr>\n                        <td class=\"col-date\">28-29 avril 2018<\/td>\n                        <td class=\"col-gardien\">Hofer Claude-Alain<\/td>\n                        <td class=\"col-initialement\">\n                                                    <\/td>\n                        <td class=\"col-remarque\"><\/td>\n                    <\/tr>\n                                        <tr>\n                        <td class=\"col-date\">21-22 avril 2018<\/td>\n                        <td class=\"col-gardien\">Dubach Pierre<\/td>\n                        <td class=\"col-initialement\">\n                                                    <\/td>\n                        <td class=\"col-remarque\"><\/td>\n                    <\/tr>\n                                        <tr>\n                        <td class=\"col-date\">14-15 avril 2018<\/td>\n                        <td class=\"col-gardien\">Comte Florian<\/td>\n                        <td class=\"col-initialement\">\n                                                    <\/td>\n                        <td class=\"col-remarque\"><\/td>\n                    <\/tr>\n                                        <tr>\n                        <td class=\"col-date\">7-8 avril 2018<\/td>\n                        <td class=\"col-gardien\">Froidevaux J\u00e9r\u00f4me<\/td>\n                        <td class=\"col-initialement\">\n                                                    <\/td>\n                        <td class=\"col-remarque\"><\/td>\n                    <\/tr>\n                                        <tr>\n                        <td class=\"col-date\">31 mars-1er avril 2018<\/td>\n                        <td class=\"col-gardien\"><\/td>\n                        <td class=\"col-initialement\">\n                                                    <\/td>\n                        <td class=\"col-remarque\">P\u00e2ques<\/td>\n                    <\/tr>\n                                        <tr>\n                        <td class=\"col-date\">24-25 mars 2018<\/td>\n                        <td class=\"col-gardien\">Bassin Fr\u00e9d\u00e9ric<\/td>\n                        <td class=\"col-initialement\">\n                                                    <\/td>\n                        <td class=\"col-remarque\"><\/td>\n                    <\/tr>\n                                        <tr>\n                        <td class=\"col-date\">17-18 mars 2018<\/td>\n                        <td class=\"col-gardien\">Fl\u00fchmann Francis<\/td>\n                        <td class=\"col-initialement\">\n                                                    <\/td>\n                        <td class=\"col-remarque\"><\/td>\n                    <\/tr>\n                                        <tr>\n                        <td class=\"col-date\">10-11 mars 2018<\/td>\n                        <td class=\"col-gardien\">Knobel Matthias<\/td>\n                        <td class=\"col-initialement\">\n                                                    <\/td>\n                        <td class=\"col-remarque\"><\/td>\n                    <\/tr>\n                                        <tr>\n                        <td class=\"col-date\">3-4 mars 2018<\/td>\n                        <td class=\"col-gardien\">Guerry Jean-Michel<\/td>\n                        <td class=\"col-initialement\">\n                                                    <\/td>\n                        <td class=\"col-remarque\"><\/td>\n                    <\/tr>\n                                        <tr>\n                        <td class=\"col-date\">24-25 f\u00e9vrier 2018<\/td>\n                        <td class=\"col-gardien\">Dubach Walter<\/td>\n                        <td class=\"col-initialement\">\n                                                    <\/td>\n                        <td class=\"col-remarque\"><\/td>\n                    <\/tr>\n                                        <tr>\n                        <td class=\"col-date\">17-18 f\u00e9vrier 2018<\/td>\n                        <td class=\"col-gardien\">Dubach Gauthier<\/td>\n                        <td class=\"col-initialement\">\n                                                    <\/td>\n                        <td class=\"col-remarque\"><\/td>\n                    <\/tr>\n                                        <tr>\n                        <td class=\"col-date\">10-11 f\u00e9vrier 2018<\/td>\n                        <td class=\"col-gardien\">Beck Roland<\/td>\n                        <td class=\"col-initialement\">\n                                                    <\/td>\n                        <td class=\"col-remarque\">Sortie \u00e0 raquettes<\/td>\n                    <\/tr>\n                                        <tr>\n                        <td class=\"col-date\">3-4 f\u00e9vrier 2018<\/td>\n                        <td class=\"col-gardien\">Turrian Jean-Philippe<\/td>\n                        <td class=\"col-initialement\">\n                                                    <\/td>\n                        <td class=\"col-remarque\"><\/td>\n                    <\/tr>\n                                        <tr>\n                        <td class=\"col-date\">27-28 janvier 2018<\/td>\n                        <td class=\"col-gardien\">Bossert Fr\u00e9dy<\/td>\n                        <td class=\"col-initialement\">\n                                                    <\/td>\n                        <td class=\"col-remarque\">Sortie \u00e0 ski<\/td>\n                    <\/tr>\n                                        <tr>\n                        <td class=\"col-date\">20-21 janvier 2018<\/td>\n                        <td class=\"col-gardien\">Winkler Thierry<\/td>\n                        <td class=\"col-initialement\">\n                                                    <\/td>\n                        <td class=\"col-remarque\"><\/td>\n                    <\/tr>\n                                        <tr>\n                        <td class=\"col-date\">13-14 janvier 2018<\/td>\n                        <td class=\"col-gardien\">L\u00fcthi Claude<\/td>\n                        <td class=\"col-initialement\">\n                                                    <\/td>\n                        <td class=\"col-remarque\"><\/td>\n                    <\/tr>\n                                        <tr>\n                        <td class=\"col-date\">6-7 janvier 2018<\/td>\n                        <td class=\"col-gardien\"><\/td>\n                        <td class=\"col-initialement\">\n                                                    <\/td>\n                        <td class=\"col-remarque\">Nouvel An<\/td>\n                    <\/tr>\n                                    <\/tbody>\n            <\/table>\n        <\/div>\n                <div class=\"calendrier-archive-annee\">\n            <h4>\n                2017                \n            <\/h4>\n            \n            <table class=\"calendrier-table\">\n                <thead>\n                    <tr>\n                        <th class=\"col-date\">Date<\/th>\n                        <th class=\"col-gardien\">Gardien<\/th>\n                        <th class=\"col-initialement\">Initialement<\/th>\n                        <th class=\"col-remarque\">Remarque<\/th>\n                    <\/tr>\n                <\/thead>\n                <tbody>\n                                        <tr>\n                        <td class=\"col-date\">30-31 d\u00e9cembre 2017<\/td>\n                        <td class=\"col-gardien\"><\/td>\n                        <td class=\"col-initialement\">\n                                                    <\/td>\n                        <td class=\"col-remarque\">Vacances de No\u00ebl<\/td>\n                    <\/tr>\n                                        <tr>\n                        <td class=\"col-date\">23-24 d\u00e9cembre 2017<\/td>\n                        <td class=\"col-gardien\"><\/td>\n                        <td class=\"col-initialement\">\n                                                    <\/td>\n                        <td class=\"col-remarque\">Vacances de No\u00ebl<\/td>\n                    <\/tr>\n                                        <tr>\n                        <td class=\"col-date\">16-17 d\u00e9cembre 2017<\/td>\n                        <td class=\"col-gardien\">von Kaenel Dave<\/td>\n                        <td class=\"col-initialement\">\n                                                    <\/td>\n                        <td class=\"col-remarque\"><\/td>\n                    <\/tr>\n                                        <tr>\n                        <td class=\"col-date\">9-10 d\u00e9cembre 2017<\/td>\n                        <td class=\"col-gardien\">Froidevaux Jean-Louis<\/td>\n                        <td class=\"col-initialement\">\n                                                    <\/td>\n                        <td class=\"col-remarque\"><\/td>\n                    <\/tr>\n                                        <tr>\n                        <td class=\"col-date\">2-3 d\u00e9cembre 2017<\/td>\n                        <td class=\"col-gardien\">Hofer Claude-Alain<\/td>\n                        <td class=\"col-initialement\">\n                                                    <\/td>\n                        <td class=\"col-remarque\"><\/td>\n                    <\/tr>\n                                        <tr>\n                        <td class=\"col-date\">25-26 novembre 2017<\/td>\n                        <td class=\"col-gardien\">Dubach Pierre<\/td>\n                        <td class=\"col-initialement\">\n                                                    <\/td>\n                        <td class=\"col-remarque\"><\/td>\n                    <\/tr>\n                                        <tr>\n                        <td class=\"col-date\">18-19 novembre 2017<\/td>\n                        <td class=\"col-gardien\">Comte Florian<\/td>\n                        <td class=\"col-initialement\">\n                                                    <\/td>\n                        <td class=\"col-remarque\"><\/td>\n                    <\/tr>\n                                        <tr>\n                        <td class=\"col-date\">11-12 novembre 2017<\/td>\n                        <td class=\"col-gardien\">Froidevaux J\u00e9r\u00f4me<\/td>\n                        <td class=\"col-initialement\">\n                                                    <\/td>\n                        <td class=\"col-remarque\"><\/td>\n                    <\/tr>\n                                        <tr>\n                        <td class=\"col-date\">4-5 novembre 2017<\/td>\n                        <td class=\"col-gardien\">Bassin Fr\u00e9d\u00e9ric<\/td>\n                        <td class=\"col-initialement\">\n                                                    <\/td>\n                        <td class=\"col-remarque\"><\/td>\n                    <\/tr>\n                                        <tr>\n                        <td class=\"col-date\">28-29 octobre 2017<\/td>\n                        <td class=\"col-gardien\">Fl\u00fchmann Francis<\/td>\n                        <td class=\"col-initialement\">\n                                                    <\/td>\n                        <td class=\"col-remarque\"><\/td>\n                    <\/tr>\n                                        <tr>\n                        <td class=\"col-date\">21-22 octobre 2017<\/td>\n                        <td class=\"col-gardien\">Knobel Matthias<\/td>\n                        <td class=\"col-initialement\">\n                                                    <\/td>\n                        <td class=\"col-remarque\"><\/td>\n                    <\/tr>\n                                        <tr>\n                        <td class=\"col-date\">14-15 octobre 2017<\/td>\n                        <td class=\"col-gardien\">Bossert Fr\u00e9dy<\/td>\n                        <td class=\"col-initialement\">\n                                                    <\/td>\n                        <td class=\"col-remarque\"><\/td>\n                    <\/tr>\n                                        <tr>\n                        <td class=\"col-date\">7-8 octobre 2017<\/td>\n                        <td class=\"col-gardien\">Dubach Walter<\/td>\n                        <td class=\"col-initialement\">\n                                                    <\/td>\n                        <td class=\"col-remarque\"><\/td>\n                    <\/tr>\n                                        <tr>\n                        <td class=\"col-date\">30 septembre-1er octobre 2017<\/td>\n                        <td class=\"col-gardien\">Beck Roland<\/td>\n                        <td class=\"col-initialement\">\n                                                    <\/td>\n                        <td class=\"col-remarque\"><\/td>\n                    <\/tr>\n                                        <tr>\n                        <td class=\"col-date\">23-24 septembre 2017<\/td>\n                        <td class=\"col-gardien\">Turrian Jean-Philippe<\/td>\n                        <td class=\"col-initialement\">\n                                                    <\/td>\n                        <td class=\"col-remarque\">Corv\u00e9e<\/td>\n                    <\/tr>\n                                        <tr>\n                        <td class=\"col-date\">16-17 septembre 2017<\/td>\n                        <td class=\"col-gardien\">Dubach Gauthier<\/td>\n                        <td class=\"col-initialement\">\n                                                    <\/td>\n                        <td class=\"col-remarque\"><\/td>\n                    <\/tr>\n                                        <tr>\n                        <td class=\"col-date\">9-10 septembre 2017<\/td>\n                        <td class=\"col-gardien\">Winkler Thierry<\/td>\n                        <td class=\"col-initialement\">\n                                                    <\/td>\n                        <td class=\"col-remarque\"><\/td>\n                    <\/tr>\n                                        <tr>\n                        <td class=\"col-date\">2-3 septembre 2017<\/td>\n                        <td class=\"col-gardien\">L\u00fcthi Claude<\/td>\n                        <td class=\"col-initialement\">\n                                                    <\/td>\n                        <td class=\"col-remarque\">Pique-nique des familles<\/td>\n                    <\/tr>\n                                        <tr>\n                        <td class=\"col-date\">26-27 ao\u00fbt 2017<\/td>\n                        <td class=\"col-gardien\">von Kaenel Dave<\/td>\n                        <td class=\"col-initialement\">\n                                                    <\/td>\n                        <td class=\"col-remarque\"><\/td>\n                    <\/tr>\n                                        <tr>\n                        <td class=\"col-date\">19-20 ao\u00fbt 2017<\/td>\n                        <td class=\"col-gardien\">Froidevaux Jean-Louis<\/td>\n                        <td class=\"col-initialement\">\n                                                    <\/td>\n                        <td class=\"col-remarque\"><\/td>\n                    <\/tr>\n                                        <tr>\n                        <td class=\"col-date\">12-13 ao\u00fbt 2017<\/td>\n                        <td class=\"col-gardien\">Hofer Claude-Alain<\/td>\n                        <td class=\"col-initialement\">\n                                                    <\/td>\n                        <td class=\"col-remarque\"><\/td>\n                    <\/tr>\n                                        <tr>\n                        <td class=\"col-date\">5-6 ao\u00fbt 2017<\/td>\n                        <td class=\"col-gardien\"><\/td>\n                        <td class=\"col-initialement\">\n                                                    <\/td>\n                        <td class=\"col-remarque\">Vacances<\/td>\n                    <\/tr>\n                                        <tr>\n                        <td class=\"col-date\">29-30 juillet 2017<\/td>\n                        <td class=\"col-gardien\"><\/td>\n                        <td class=\"col-initialement\">\n                                                    <\/td>\n                        <td class=\"col-remarque\">Vacances<\/td>\n                    <\/tr>\n                                        <tr>\n                        <td class=\"col-date\">22-23 juillet 2017<\/td>\n                        <td class=\"col-gardien\"><\/td>\n                        <td class=\"col-initialement\">\n                                                    <\/td>\n                        <td class=\"col-remarque\">Vacances<\/td>\n                    <\/tr>\n                                        <tr>\n                        <td class=\"col-date\">15-16 juillet 2017<\/td>\n                        <td class=\"col-gardien\">Dubach Pierre<\/td>\n                        <td class=\"col-initialement\">\n                                                    <\/td>\n                        <td class=\"col-remarque\"><\/td>\n                    <\/tr>\n                                        <tr>\n                        <td class=\"col-date\">8-9 juillet 2017<\/td>\n                        <td class=\"col-gardien\">Comte Florian<\/td>\n                        <td class=\"col-initialement\">\n                                                    <\/td>\n                        <td class=\"col-remarque\"><\/td>\n                    <\/tr>\n                                        <tr>\n                        <td class=\"col-date\">1er-2 juillet 2017<\/td>\n                        <td class=\"col-gardien\">Froidevaux J\u00e9r\u00f4me<\/td>\n                        <td class=\"col-initialement\">\n                                                    <\/td>\n                        <td class=\"col-remarque\"><\/td>\n                    <\/tr>\n                                        <tr>\n                        <td class=\"col-date\">24-25 juin 2017<\/td>\n                        <td class=\"col-gardien\">Fl\u00fchmann Francis<\/td>\n                        <td class=\"col-initialement\">\n                                                    <\/td>\n                        <td class=\"col-remarque\"><\/td>\n                    <\/tr>\n                                        <tr>\n                        <td class=\"col-date\">17-18 juin 2017<\/td>\n                        <td class=\"col-gardien\">Comte Florian<\/td>\n                        <td class=\"col-initialement\">\n                                                    <\/td>\n                        <td class=\"col-remarque\"><\/td>\n                    <\/tr>\n                                        <tr>\n                        <td class=\"col-date\">10-11 juin 2017<\/td>\n                        <td class=\"col-gardien\">Froidevaux J\u00e9r\u00f4me<\/td>\n                        <td class=\"col-initialement\">\n                                                    <\/td>\n                        <td class=\"col-remarque\"><\/td>\n                    <\/tr>\n                                        <tr>\n                        <td class=\"col-date\">3-4 juin 2017<\/td>\n                        <td class=\"col-gardien\">Bassin Fr\u00e9d\u00e9ric<\/td>\n                        <td class=\"col-initialement\">\n                                                    <\/td>\n                        <td class=\"col-remarque\"><\/td>\n                    <\/tr>\n                                        <tr>\n                        <td class=\"col-date\">27-28 mai 2017<\/td>\n                        <td class=\"col-gardien\">Fl\u00fchmann Francis<\/td>\n                        <td class=\"col-initialement\">\n                                                    <\/td>\n                        <td class=\"col-remarque\"><\/td>\n                    <\/tr>\n                                        <tr>\n                        <td class=\"col-date\">20-21 mai 2017<\/td>\n                        <td class=\"col-gardien\">Knobel Matthias<\/td>\n                        <td class=\"col-initialement\">\n                                                    <\/td>\n                        <td class=\"col-remarque\">Corv\u00e9e<\/td>\n                    <\/tr>\n                                        <tr>\n                        <td class=\"col-date\">13-14 mai 2017<\/td>\n                        <td class=\"col-gardien\">Bossert Fr\u00e9dy<\/td>\n                        <td class=\"col-initialement\">\n                                                    <\/td>\n                        <td class=\"col-remarque\"><\/td>\n                    <\/tr>\n                                        <tr>\n                        <td class=\"col-date\">6-7 mai 2017<\/td>\n                        <td class=\"col-gardien\">Dubach Walter<\/td>\n                        <td class=\"col-initialement\">\n                                                    <\/td>\n                        <td class=\"col-remarque\"><\/td>\n                    <\/tr>\n                                        <tr>\n                        <td class=\"col-date\">29-30 avril 2017<\/td>\n                        <td class=\"col-gardien\">Beck Roland<\/td>\n                        <td class=\"col-initialement\">\n                                                    <\/td>\n                        <td class=\"col-remarque\"><\/td>\n                    <\/tr>\n                                        <tr>\n                        <td class=\"col-date\">22-23 avril 2017<\/td>\n                        <td class=\"col-gardien\">Turrian Jean-Philippe<\/td>\n                        <td class=\"col-initialement\">\n                                                    <\/td>\n                        <td class=\"col-remarque\"><\/td>\n                    <\/tr>\n                                        <tr>\n                        <td class=\"col-date\">15-16 avril 2017<\/td>\n                        <td class=\"col-gardien\"><\/td>\n                        <td class=\"col-initialement\">\n                                                    <\/td>\n                        <td class=\"col-remarque\">P\u00e2ques<\/td>\n                    <\/tr>\n                                        <tr>\n                        <td class=\"col-date\">8-9 avril 2017<\/td>\n                        <td class=\"col-gardien\">Dubach Gauthier<\/td>\n                        <td class=\"col-initialement\">\n                                                    <\/td>\n                        <td class=\"col-remarque\"><\/td>\n                    <\/tr>\n                                        <tr>\n                        <td class=\"col-date\">1er-2 avril 2017<\/td>\n                        <td class=\"col-gardien\">Winkler Thierry<\/td>\n                        <td class=\"col-initialement\">\n                                                    <\/td>\n                        <td class=\"col-remarque\"><\/td>\n                    <\/tr>\n                                        <tr>\n                        <td class=\"col-date\">25-26 mars 2017<\/td>\n                        <td class=\"col-gardien\">L\u00fcthi Claude<\/td>\n                        <td class=\"col-initialement\">\n                                                    <\/td>\n                        <td class=\"col-remarque\"><\/td>\n                    <\/tr>\n                                        <tr>\n                        <td class=\"col-date\">18-19 mars 2017<\/td>\n                        <td class=\"col-gardien\">von Kaenel Dave<\/td>\n                        <td class=\"col-initialement\">\n                                                    <\/td>\n                        <td class=\"col-remarque\"><\/td>\n                    <\/tr>\n                                        <tr>\n                        <td class=\"col-date\">11-12 mars 2017<\/td>\n                        <td class=\"col-gardien\">Froidevaux Jean-Louis<\/td>\n                        <td class=\"col-initialement\">\n                                                    <\/td>\n                        <td class=\"col-remarque\"><\/td>\n                    <\/tr>\n                                        <tr>\n                        <td class=\"col-date\">4-5 mars 2017<\/td>\n                        <td class=\"col-gardien\">Hofer Claude-Alain<\/td>\n                        <td class=\"col-initialement\">\n                                                    <\/td>\n                        <td class=\"col-remarque\"><\/td>\n                    <\/tr>\n                                        <tr>\n                        <td class=\"col-date\">25-26 f\u00e9vrier 2017<\/td>\n                        <td class=\"col-gardien\">Dubach Pierre<\/td>\n                        <td class=\"col-initialement\">\n                                                    <\/td>\n                        <td class=\"col-remarque\"><\/td>\n                    <\/tr>\n                                        <tr>\n                        <td class=\"col-date\">18-19 f\u00e9vrier 2017<\/td>\n                        <td class=\"col-gardien\">Comte Florian<\/td>\n                        <td class=\"col-initialement\">\n                                                    <\/td>\n                        <td class=\"col-remarque\"><\/td>\n                    <\/tr>\n                                        <tr>\n                        <td class=\"col-date\">11-12 f\u00e9vrier 2017<\/td>\n                        <td class=\"col-gardien\">Froidevaux J\u00e9r\u00f4me<\/td>\n                        <td class=\"col-initialement\">\n                                                    <\/td>\n                        <td class=\"col-remarque\"><\/td>\n                    <\/tr>\n                                        <tr>\n                        <td class=\"col-date\">4-5 f\u00e9vrier 2017<\/td>\n                        <td class=\"col-gardien\">Bassin Fr\u00e9d\u00e9ric<\/td>\n                        <td class=\"col-initialement\">\n                                                    <\/td>\n                        <td class=\"col-remarque\">Sortie \u00e0 raquettes<\/td>\n                    <\/tr>\n                                        <tr>\n                        <td class=\"col-date\">28-29 janvier 2017<\/td>\n                        <td class=\"col-gardien\">Fl\u00fchmann Francis<\/td>\n                        <td class=\"col-initialement\">\n                                                    <\/td>\n                        <td class=\"col-remarque\"><\/td>\n                    <\/tr>\n                                        <tr>\n                        <td class=\"col-date\">21-22 janvier 2017<\/td>\n                        <td class=\"col-gardien\">Knobel Matthias<\/td>\n                        <td class=\"col-initialement\">\n                                                    <\/td>\n                        <td class=\"col-remarque\">Sortie \u00e0 ski<\/td>\n                    <\/tr>\n                                        <tr>\n                        <td class=\"col-date\">14-15 janvier 2017<\/td>\n                        <td class=\"col-gardien\">Bossert Fr\u00e9dy<\/td>\n                        <td class=\"col-initialement\">\n                                                    <\/td>\n                        <td class=\"col-remarque\"><\/td>\n                    <\/tr>\n                                        <tr>\n                        <td class=\"col-date\">7-8 janvier 2017<\/td>\n                        <td class=\"col-gardien\">Dubach Walter<\/td>\n                        <td class=\"col-initialement\">\n                                                    <\/td>\n                        <td class=\"col-remarque\"><\/td>\n                    <\/tr>\n                                        <tr>\n                        <td class=\"col-date\">31 d\u00e9cembre-1er janvier 2017<\/td>\n                        <td class=\"col-gardien\"><\/td>\n                        <td class=\"col-initialement\">\n                                                    <\/td>\n                        <td class=\"col-remarque\">Nouvel An<\/td>\n                    <\/tr>\n                                    <\/tbody>\n            <\/table>\n        <\/div>\n                <div class=\"calendrier-archive-annee\">\n            <h4>\n                2016                \n            <\/h4>\n            \n            <table class=\"calendrier-table\">\n                <thead>\n                    <tr>\n                        <th class=\"col-date\">Date<\/th>\n                        <th class=\"col-gardien\">Gardien<\/th>\n                        <th class=\"col-initialement\">Initialement<\/th>\n                        <th class=\"col-remarque\">Remarque<\/th>\n                    <\/tr>\n                <\/thead>\n                <tbody>\n                                        <tr>\n                        <td class=\"col-date\">24-25 d\u00e9cembre 2016<\/td>\n                        <td class=\"col-gardien\"><\/td>\n                        <td class=\"col-initialement\">\n                                                    <\/td>\n                        <td class=\"col-remarque\">Vacances de No\u00ebl<\/td>\n                    <\/tr>\n                                        <tr>\n                        <td class=\"col-date\">17-18 d\u00e9cembre 2016<\/td>\n                        <td class=\"col-gardien\"><\/td>\n                        <td class=\"col-initialement\">\n                                                    <\/td>\n                        <td class=\"col-remarque\">Vacances de No\u00ebl<\/td>\n                    <\/tr>\n                                        <tr>\n                        <td class=\"col-date\">10-11 d\u00e9cembre 2016<\/td>\n                        <td class=\"col-gardien\">Beck Roland<\/td>\n                        <td class=\"col-initialement\">\n                                                    <\/td>\n                        <td class=\"col-remarque\"><\/td>\n                    <\/tr>\n                                        <tr>\n                        <td class=\"col-date\">3-4 d\u00e9cembre 2016<\/td>\n                        <td class=\"col-gardien\">Turrian Jean-Philippe<\/td>\n                        <td class=\"col-initialement\">\n                                                    <\/td>\n                        <td class=\"col-remarque\"><\/td>\n                    <\/tr>\n                                        <tr>\n                        <td class=\"col-date\">26-27 novembre 2016<\/td>\n                        <td class=\"col-gardien\">Dubach Gauthier<\/td>\n                        <td class=\"col-initialement\">\n                                                    <\/td>\n                        <td class=\"col-remarque\"><\/td>\n                    <\/tr>\n                                        <tr>\n                        <td class=\"col-date\">19-20 novembre 2016<\/td>\n                        <td class=\"col-gardien\">Winkler Thierry<\/td>\n                        <td class=\"col-initialement\">\n                                                    <\/td>\n                        <td class=\"col-remarque\"><\/td>\n                    <\/tr>\n                                        <tr>\n                        <td class=\"col-date\">12-13 novembre 2016<\/td>\n                        <td class=\"col-gardien\">L\u00fcthi Claude<\/td>\n                        <td class=\"col-initialement\">\n                                                    <\/td>\n                        <td class=\"col-remarque\"><\/td>\n                    <\/tr>\n                                        <tr>\n                        <td class=\"col-date\">5-6 novembre 2016<\/td>\n                        <td class=\"col-gardien\">von Kaenel Dave<\/td>\n                        <td class=\"col-initialement\">\n                                                    <\/td>\n                        <td class=\"col-remarque\"><\/td>\n                    <\/tr>\n                                        <tr>\n                        <td class=\"col-date\">29-30 octobre 2016<\/td>\n                        <td class=\"col-gardien\">Froidevaux Jean-Louis<\/td>\n                        <td class=\"col-initialement\">\n                                                    <\/td>\n                        <td class=\"col-remarque\"><\/td>\n                    <\/tr>\n                                        <tr>\n                        <td class=\"col-date\">22-23 octobre 2016<\/td>\n                        <td class=\"col-gardien\">Hofer Claude-Alain<\/td>\n                        <td class=\"col-initialement\">\n                                                    <\/td>\n                        <td class=\"col-remarque\"><\/td>\n                    <\/tr>\n                                        <tr>\n                        <td class=\"col-date\">15-16 octobre 2016<\/td>\n                        <td class=\"col-gardien\">Dubach Pierre<\/td>\n                        <td class=\"col-initialement\">\n                                                    <\/td>\n                        <td class=\"col-remarque\"><\/td>\n                    <\/tr>\n                                        <tr>\n                        <td class=\"col-date\">8-9 octobre 2016<\/td>\n                        <td class=\"col-gardien\">Comte Florian<\/td>\n                        <td class=\"col-initialement\">\n                                                    <\/td>\n                        <td class=\"col-remarque\"><\/td>\n                    <\/tr>\n                                        <tr>\n                        <td class=\"col-date\">1er-2 octobre 2016<\/td>\n                        <td class=\"col-gardien\">Froidevaux J\u00e9r\u00f4me<\/td>\n                        <td class=\"col-initialement\">\n                                                    <\/td>\n                        <td class=\"col-remarque\"><\/td>\n                    <\/tr>\n                                        <tr>\n                        <td class=\"col-date\">24-25 septembre 2016<\/td>\n                        <td class=\"col-gardien\">Bassin Fr\u00e9d\u00e9ric<\/td>\n                        <td class=\"col-initialement\">\n                                                    <\/td>\n                        <td class=\"col-remarque\">Corv\u00e9e<\/td>\n                    <\/tr>\n                                        <tr>\n                        <td class=\"col-date\">17-18 septembre 2016<\/td>\n                        <td class=\"col-gardien\">Fl\u00fchmann Francis<\/td>\n                        <td class=\"col-initialement\">\n                                                    <\/td>\n                        <td class=\"col-remarque\"><\/td>\n                    <\/tr>\n                                        <tr>\n                        <td class=\"col-date\">10-11 septembre 2016<\/td>\n                        <td class=\"col-gardien\">Knobel Matthias<\/td>\n                        <td class=\"col-initialement\">\n                                                    <\/td>\n                        <td class=\"col-remarque\"><\/td>\n                    <\/tr>\n                                        <tr>\n                        <td class=\"col-date\">3-4 septembre 2016<\/td>\n                        <td class=\"col-gardien\">Bossert Fr\u00e9dy<\/td>\n                        <td class=\"col-initialement\">\n                                                    <\/td>\n                        <td class=\"col-remarque\">Pique-nique des familles<\/td>\n                    <\/tr>\n                                        <tr>\n                        <td class=\"col-date\">27-28 ao\u00fbt 2016<\/td>\n                        <td class=\"col-gardien\">Dubach Walter<\/td>\n                        <td class=\"col-initialement\">\n                                                    <\/td>\n                        <td class=\"col-remarque\"><\/td>\n                    <\/tr>\n                                        <tr>\n                        <td class=\"col-date\">20-21 ao\u00fbt 2016<\/td>\n                        <td class=\"col-gardien\">Guerry Jean-Michel<\/td>\n                        <td class=\"col-initialement\">\n                                                    <\/td>\n                        <td class=\"col-remarque\"><\/td>\n                    <\/tr>\n                                        <tr>\n                        <td class=\"col-date\">13-14 ao\u00fbt 2016<\/td>\n                        <td class=\"col-gardien\">Beck Roland<\/td>\n                        <td class=\"col-initialement\">\n                                                    <\/td>\n                        <td class=\"col-remarque\"><\/td>\n                    <\/tr>\n                                        <tr>\n                        <td class=\"col-date\">6-7 ao\u00fbt 2016<\/td>\n                        <td class=\"col-gardien\"><\/td>\n                        <td class=\"col-initialement\">\n                                                    <\/td>\n                        <td class=\"col-remarque\">Vacances<\/td>\n                    <\/tr>\n                                        <tr>\n                        <td class=\"col-date\">30-31 juillet 2016<\/td>\n                        <td class=\"col-gardien\"><\/td>\n                        <td class=\"col-initialement\">\n                                                    <\/td>\n                        <td class=\"col-remarque\">Vacances<\/td>\n                    <\/tr>\n                                        <tr>\n                        <td class=\"col-date\">23-24 juillet 2016<\/td>\n                        <td class=\"col-gardien\"><\/td>\n                        <td class=\"col-initialement\">\n                                                    <\/td>\n                        <td class=\"col-remarque\">Vacances<\/td>\n                    <\/tr>\n                                        <tr>\n                        <td class=\"col-date\">16-17 juillet 2016<\/td>\n                        <td class=\"col-gardien\">Turrian Jean-Philippe<\/td>\n                        <td class=\"col-initialement\">\n                                                    <\/td>\n                        <td class=\"col-remarque\"><\/td>\n                    <\/tr>\n                                        <tr>\n                        <td class=\"col-date\">9-10 juillet 2016<\/td>\n                        <td class=\"col-gardien\">Dubach Gauthier<\/td>\n                        <td class=\"col-initialement\">\n                                                    <\/td>\n                        <td class=\"col-remarque\"><\/td>\n                    <\/tr>\n                                        <tr>\n                        <td class=\"col-date\">2-3 juillet 2016<\/td>\n                        <td class=\"col-gardien\">Winkler Thierry<\/td>\n                        <td class=\"col-initialement\">\n                                                    <\/td>\n                        <td class=\"col-remarque\"><\/td>\n                    <\/tr>\n                                        <tr>\n                        <td class=\"col-date\">25-26 juin 2016<\/td>\n                        <td class=\"col-gardien\">L\u00fcthi Claude<\/td>\n                        <td class=\"col-initialement\">\n                                                    <\/td>\n                        <td class=\"col-remarque\"><\/td>\n                    <\/tr>\n                                        <tr>\n                        <td class=\"col-date\">18-19 juin 2016<\/td>\n                        <td class=\"col-gardien\">von Kaenel Dave<\/td>\n                        <td class=\"col-initialement\">\n                                                    <\/td>\n                        <td class=\"col-remarque\"><\/td>\n                    <\/tr>\n                                        <tr>\n                        <td class=\"col-date\">11-12 juin 2016<\/td>\n                        <td class=\"col-gardien\">Froidevaux Jean-Louis<\/td>\n                        <td class=\"col-initialement\">\n                                                    <\/td>\n                        <td class=\"col-remarque\"><\/td>\n                    <\/tr>\n                                        <tr>\n                        <td class=\"col-date\">4-5 juin 2016<\/td>\n                        <td class=\"col-gardien\">Hofer Claude-Alain<\/td>\n                        <td class=\"col-initialement\">\n                                                    <\/td>\n                        <td class=\"col-remarque\">Corv\u00e9e<\/td>\n                    <\/tr>\n                                        <tr>\n                        <td class=\"col-date\">28-29 mai 2016<\/td>\n                        <td class=\"col-gardien\">Dubach Pierre<\/td>\n                        <td class=\"col-initialement\">\n                                                    <\/td>\n                        <td class=\"col-remarque\"><\/td>\n                    <\/tr>\n                                        <tr>\n                        <td class=\"col-date\">21-22 mai 2016<\/td>\n                        <td class=\"col-gardien\">Comte Florian<\/td>\n                        <td class=\"col-initialement\">\n                                                    <\/td>\n                        <td class=\"col-remarque\"><\/td>\n                    <\/tr>\n                                        <tr>\n                        <td class=\"col-date\">14-15 mai 2016<\/td>\n                        <td class=\"col-gardien\">Bassin Fr\u00e9d\u00e9ric<\/td>\n                        <td class=\"col-initialement\">\n                                                    <\/td>\n                        <td class=\"col-remarque\"><\/td>\n                    <\/tr>\n                                        <tr>\n                        <td class=\"col-date\">7-8 mai 2016<\/td>\n                        <td class=\"col-gardien\">Froidevaux J\u00e9r\u00f4me<\/td>\n                        <td class=\"col-initialement\">\n                                                    <\/td>\n                        <td class=\"col-remarque\"><\/td>\n                    <\/tr>\n                                        <tr>\n                        <td class=\"col-date\">30 avril-1er mai 2016<\/td>\n                        <td class=\"col-gardien\">Fl\u00fchmann Francis<\/td>\n                        <td class=\"col-initialement\">\n                                                    <\/td>\n                        <td class=\"col-remarque\"><\/td>\n                    <\/tr>\n                                        <tr>\n                        <td class=\"col-date\">23-24 avril 2016<\/td>\n                        <td class=\"col-gardien\">B\u00fchlmann Daniel<\/td>\n                        <td class=\"col-initialement\">\n                                                    <\/td>\n                        <td class=\"col-remarque\"><\/td>\n                    <\/tr>\n                                        <tr>\n                        <td class=\"col-date\">16-17 avril 2016<\/td>\n                        <td class=\"col-gardien\">Bossert Fr\u00e9dy<\/td>\n                        <td class=\"col-initialement\">\n                                                    <\/td>\n                        <td class=\"col-remarque\"><\/td>\n                    <\/tr>\n                                        <tr>\n                        <td class=\"col-date\">9-10 avril 2016<\/td>\n                        <td class=\"col-gardien\">Knobel Matthias<\/td>\n                        <td class=\"col-initialement\">\n                                                    <\/td>\n                        <td class=\"col-remarque\"><\/td>\n                    <\/tr>\n                                        <tr>\n                        <td class=\"col-date\">2-3 avril 2016<\/td>\n                        <td class=\"col-gardien\">Dubach Walter<\/td>\n                        <td class=\"col-initialement\">\n                                                    <\/td>\n                        <td class=\"col-remarque\"><\/td>\n                    <\/tr>\n                                        <tr>\n                        <td class=\"col-date\">26-27 mars 2016<\/td>\n                        <td class=\"col-gardien\"><\/td>\n                        <td class=\"col-initialement\">\n                                                    <\/td>\n                        <td class=\"col-remarque\">P\u00e2ques<\/td>\n                    <\/tr>\n                                        <tr>\n                        <td class=\"col-date\">19-20 mars 2016<\/td>\n                        <td class=\"col-gardien\">Guerry Jean-Michel<\/td>\n                        <td class=\"col-initialement\">\n                                                    <\/td>\n                        <td class=\"col-remarque\"><\/td>\n                    <\/tr>\n                                        <tr>\n                        <td class=\"col-date\">12-13 mars 2016<\/td>\n                        <td class=\"col-gardien\">Beck Roland<\/td>\n                        <td class=\"col-initialement\">\n                                                    <\/td>\n                        <td class=\"col-remarque\"><\/td>\n                    <\/tr>\n                                        <tr>\n                        <td class=\"col-date\">5-6 mars 2016<\/td>\n                        <td class=\"col-gardien\">Turrian Jean-Philippe<\/td>\n                        <td class=\"col-initialement\">\n                                                    <\/td>\n                        <td class=\"col-remarque\"><\/td>\n                    <\/tr>\n                                        <tr>\n                        <td class=\"col-date\">27-28 f\u00e9vrier 2016<\/td>\n                        <td class=\"col-gardien\">Dubach Gauthier<\/td>\n                        <td class=\"col-initialement\">\n                                                    <\/td>\n                        <td class=\"col-remarque\"><\/td>\n                    <\/tr>\n                                        <tr>\n                        <td class=\"col-date\">20-21 f\u00e9vrier 2016<\/td>\n                        <td class=\"col-gardien\">Winkler Thierry<\/td>\n                        <td class=\"col-initialement\">\n                                                    <\/td>\n                        <td class=\"col-remarque\"><\/td>\n                    <\/tr>\n                                        <tr>\n                        <td class=\"col-date\">13-14 f\u00e9vrier 2016<\/td>\n                        <td class=\"col-gardien\">L\u00fcthi Claude<\/td>\n                        <td class=\"col-initialement\">\n                                                    <\/td>\n                        <td class=\"col-remarque\"><\/td>\n                    <\/tr>\n                                        <tr>\n                        <td class=\"col-date\">6-7 f\u00e9vrier 2016<\/td>\n                        <td class=\"col-gardien\">von Kaenel Dave<\/td>\n                        <td class=\"col-initialement\">\n                                                    <\/td>\n                        <td class=\"col-remarque\">Sortie \u00e0 raquettes<\/td>\n                    <\/tr>\n                                        <tr>\n                        <td class=\"col-date\">30-31 janvier 2016<\/td>\n                        <td class=\"col-gardien\">Froidevaux Jean-Louis<\/td>\n                        <td class=\"col-initialement\">\n                                                    <\/td>\n                        <td class=\"col-remarque\"><\/td>\n                    <\/tr>\n                                        <tr>\n                        <td class=\"col-date\">23-24 janvier 2016<\/td>\n                        <td class=\"col-gardien\">Hofer Claude-Alain<\/td>\n                        <td class=\"col-initialement\">\n                                                    <\/td>\n                        <td class=\"col-remarque\"><\/td>\n                    <\/tr>\n                                        <tr>\n                        <td class=\"col-date\">16-17 janvier 2016<\/td>\n                        <td class=\"col-gardien\">Dubach Pierre<\/td>\n                        <td class=\"col-initialement\">\n                                                    <\/td>\n                        <td class=\"col-remarque\"><\/td>\n                    <\/tr>\n                                        <tr>\n                        <td class=\"col-date\">9-10 janvier 2016<\/td>\n                        <td class=\"col-gardien\">Comte Florian<\/td>\n                        <td class=\"col-initialement\">\n                                                    <\/td>\n                        <td class=\"col-remarque\"><\/td>\n                    <\/tr>\n                                        <tr>\n                        <td class=\"col-date\">2-3 janvier 2016<\/td>\n                        <td class=\"col-gardien\"><\/td>\n                        <td class=\"col-initialement\">\n                                                    <\/td>\n                        <td class=\"col-remarque\">Nouvel An<\/td>\n                    <\/tr>\n                                    <\/tbody>\n            <\/table>\n        <\/div>\n                <div class=\"calendrier-archive-annee\">\n            <h4>\n                2015                \n            <\/h4>\n            \n            <table class=\"calendrier-table\">\n                <thead>\n                    <tr>\n                        <th class=\"col-date\">Date<\/th>\n                        <th class=\"col-gardien\">Gardien<\/th>\n                        <th class=\"col-initialement\">Initialement<\/th>\n                        <th class=\"col-remarque\">Remarque<\/th>\n                    <\/tr>\n                <\/thead>\n                <tbody>\n                                        <tr>\n                        <td class=\"col-date\">26-27 d\u00e9cembre 2015<\/td>\n                        <td class=\"col-gardien\"><\/td>\n                        <td class=\"col-initialement\">\n                                                    <\/td>\n                        <td class=\"col-remarque\">Vacances de No\u00ebl<\/td>\n                    <\/tr>\n                                        <tr>\n                        <td class=\"col-date\">19-20 d\u00e9cembre 2015<\/td>\n                        <td class=\"col-gardien\"><\/td>\n                        <td class=\"col-initialement\">\n                                                    <\/td>\n                        <td class=\"col-remarque\">Vacances de No\u00ebl<\/td>\n                    <\/tr>\n                                        <tr>\n                        <td class=\"col-date\">12-13 d\u00e9cembre 2015<\/td>\n                        <td class=\"col-gardien\">Froidevaux J\u00e9r\u00f4me<\/td>\n                        <td class=\"col-initialement\">\n                                                    <\/td>\n                        <td class=\"col-remarque\"><\/td>\n                    <\/tr>\n                                        <tr>\n                        <td class=\"col-date\">5-6 d\u00e9cembre 2015<\/td>\n                        <td class=\"col-gardien\">Bassin Fr\u00e9d\u00e9ric<\/td>\n                        <td class=\"col-initialement\">\n                                                    <\/td>\n                        <td class=\"col-remarque\"><\/td>\n                    <\/tr>\n                                        <tr>\n                        <td class=\"col-date\">28-29 novembre 2015<\/td>\n                        <td class=\"col-gardien\">Friedli Fritz<\/td>\n                        <td class=\"col-initialement\">\n                                                    <\/td>\n                        <td class=\"col-remarque\"><\/td>\n                    <\/tr>\n                                        <tr>\n                        <td class=\"col-date\">21-22 novembre 2015<\/td>\n                        <td class=\"col-gardien\">Fl\u00fchmann Francis<\/td>\n                        <td class=\"col-initialement\">\n                                                    <\/td>\n                        <td class=\"col-remarque\"><\/td>\n                    <\/tr>\n                                        <tr>\n                        <td class=\"col-date\">14-15 novembre 2015<\/td>\n                        <td class=\"col-gardien\">B\u00fchlmann Daniel<\/td>\n                        <td class=\"col-initialement\">\n                                                    <\/td>\n                        <td class=\"col-remarque\"><\/td>\n                    <\/tr>\n                                        <tr>\n                        <td class=\"col-date\">7-8 novembre 2015<\/td>\n                        <td class=\"col-gardien\">Knobel Matthias<\/td>\n                        <td class=\"col-initialement\">\n                                                    <\/td>\n                        <td class=\"col-remarque\"><\/td>\n                    <\/tr>\n                                        <tr>\n                        <td class=\"col-date\">31 octobre-1er novembre 2015<\/td>\n                        <td class=\"col-gardien\">Bossert Fr\u00e9dy<\/td>\n                        <td class=\"col-initialement\">\n                                                    <\/td>\n                        <td class=\"col-remarque\"><\/td>\n                    <\/tr>\n                                        <tr>\n                        <td class=\"col-date\">24-25 octobre 2015<\/td>\n                        <td class=\"col-gardien\">Dubach Walter<\/td>\n                        <td class=\"col-initialement\">\n                                                    <\/td>\n                        <td class=\"col-remarque\"><\/td>\n                    <\/tr>\n                                        <tr>\n                        <td class=\"col-date\">17-18 octobre 2015<\/td>\n                        <td class=\"col-gardien\">Guerry Jean-Michel<\/td>\n                        <td class=\"col-initialement\">\n                                                    <\/td>\n                        <td class=\"col-remarque\"><\/td>\n                    <\/tr>\n                                        <tr>\n                        <td class=\"col-date\">10-11 octobre 2015<\/td>\n                        <td class=\"col-gardien\">Beck Roland<\/td>\n                        <td class=\"col-initialement\">\n                                                    <\/td>\n                        <td class=\"col-remarque\"><\/td>\n                    <\/tr>\n                                        <tr>\n                        <td class=\"col-date\">3-4 octobre 2015<\/td>\n                        <td class=\"col-gardien\">Turrian Jean-Philippe<\/td>\n                        <td class=\"col-initialement\">\n                                                    <\/td>\n                        <td class=\"col-remarque\"><\/td>\n                    <\/tr>\n                                        <tr>\n                        <td class=\"col-date\">26-27 septembre 2015<\/td>\n                        <td class=\"col-gardien\">Dubach Gauthier<\/td>\n                        <td class=\"col-initialement\">\n                                                    <\/td>\n                        <td class=\"col-remarque\">Corv\u00e9e<\/td>\n                    <\/tr>\n                                        <tr>\n                        <td class=\"col-date\">19-20 septembre 2015<\/td>\n                        <td class=\"col-gardien\">Winkler Thierry<\/td>\n                        <td class=\"col-initialement\">\n                                                    <\/td>\n                        <td class=\"col-remarque\"><\/td>\n                    <\/tr>\n                                        <tr>\n                        <td class=\"col-date\">12-13 septembre 2015<\/td>\n                        <td class=\"col-gardien\">L\u00fcthi Claude<\/td>\n                        <td class=\"col-initialement\">\n                                                    <\/td>\n                        <td class=\"col-remarque\"><\/td>\n                    <\/tr>\n                                        <tr>\n                        <td class=\"col-date\">5-6 septembre 2015<\/td>\n                        <td class=\"col-gardien\">von Kaenel Dave<\/td>\n                        <td class=\"col-initialement\">\n                                                    <\/td>\n                        <td class=\"col-remarque\">Pique-nique des familles<\/td>\n                    <\/tr>\n                                        <tr>\n                        <td class=\"col-date\">29-30 ao\u00fbt 2015<\/td>\n                        <td class=\"col-gardien\">Froidevaux Jean-Louis<\/td>\n                        <td class=\"col-initialement\">\n                                                    <\/td>\n                        <td class=\"col-remarque\"><\/td>\n                    <\/tr>\n                                        <tr>\n                        <td class=\"col-date\">22-23 ao\u00fbt 2015<\/td>\n                        <td class=\"col-gardien\">Hofer Claude-Alain<\/td>\n                        <td class=\"col-initialement\">\n                                                    <\/td>\n                        <td class=\"col-remarque\"><\/td>\n                    <\/tr>\n                                        <tr>\n                        <td class=\"col-date\">15-16 ao\u00fbt 2015<\/td>\n                        <td class=\"col-gardien\">Dubach Pierre<\/td>\n                        <td class=\"col-initialement\">\n                                                    <\/td>\n                        <td class=\"col-remarque\"><\/td>\n                    <\/tr>\n                                        <tr>\n                        <td class=\"col-date\">8-9 ao\u00fbt 2015<\/td>\n                        <td class=\"col-gardien\"><\/td>\n                        <td class=\"col-initialement\">\n                                                    <\/td>\n                        <td class=\"col-remarque\">Vacances<\/td>\n                    <\/tr>\n                                        <tr>\n                        <td class=\"col-date\">1er-2 ao\u00fbt 2015<\/td>\n                        <td class=\"col-gardien\"><\/td>\n                        <td class=\"col-initialement\">\n                                                    <\/td>\n                        <td class=\"col-remarque\">Vacances<\/td>\n                    <\/tr>\n                                        <tr>\n                        <td class=\"col-date\">25-26 juillet 2015<\/td>\n                        <td class=\"col-gardien\"><\/td>\n                        <td class=\"col-initialement\">\n                                                    <\/td>\n                        <td class=\"col-remarque\">Vacances<\/td>\n                    <\/tr>\n                                        <tr>\n                        <td class=\"col-date\">18-19 juillet 2015<\/td>\n                        <td class=\"col-gardien\">Comte Florian<\/td>\n                        <td class=\"col-initialement\">\n                                                    <\/td>\n                        <td class=\"col-remarque\"><\/td>\n                    <\/tr>\n                                        <tr>\n                        <td class=\"col-date\">11-12 juillet 2015<\/td>\n                        <td class=\"col-gardien\">Froidevaux J\u00e9r\u00f4me<\/td>\n                        <td class=\"col-initialement\">\n                                                    <\/td>\n                        <td class=\"col-remarque\"><\/td>\n                    <\/tr>\n                                        <tr>\n                        <td class=\"col-date\">4-5 juillet 2015<\/td>\n                        <td class=\"col-gardien\">Bassin Fr\u00e9d\u00e9ric<\/td>\n                        <td class=\"col-initialement\">\n                                                    <\/td>\n                        <td class=\"col-remarque\"><\/td>\n                    <\/tr>\n                                        <tr>\n                        <td class=\"col-date\">27-28 juin 2015<\/td>\n                        <td class=\"col-gardien\">Friedli Fritz<\/td>\n                        <td class=\"col-initialement\">\n                                                    <\/td>\n                        <td class=\"col-remarque\">Corv\u00e9e<\/td>\n                    <\/tr>\n                                        <tr>\n                        <td class=\"col-date\">20-21 juin 2015<\/td>\n                        <td class=\"col-gardien\">Fl\u00fchmann Francis<\/td>\n                        <td class=\"col-initialement\">\n                                                    <\/td>\n                        <td class=\"col-remarque\"><\/td>\n                    <\/tr>\n                                        <tr>\n                        <td class=\"col-date\">13-14 juin 2015<\/td>\n                        <td class=\"col-gardien\">B\u00fchlmann Daniel<\/td>\n                        <td class=\"col-initialement\">\n                                                    <\/td>\n                        <td class=\"col-remarque\"><\/td>\n                    <\/tr>\n                                        <tr>\n                        <td class=\"col-date\">6-7 juin 2015<\/td>\n                        <td class=\"col-gardien\"><\/td>\n                        <td class=\"col-initialement\">\n                                                    <\/td>\n                        <td class=\"col-remarque\"><\/td>\n                    <\/tr>\n                                        <tr>\n                        <td class=\"col-date\">30-31 mai 2015<\/td>\n                        <td class=\"col-gardien\">Knobel Matthias<\/td>\n                        <td class=\"col-initialement\">\n                                                    <\/td>\n                        <td class=\"col-remarque\"><\/td>\n                    <\/tr>\n                                        <tr>\n                        <td class=\"col-date\">23-24 mai 2015<\/td>\n                        <td class=\"col-gardien\">Bossert Fr\u00e9dy<\/td>\n                        <td class=\"col-initialement\">\n                                                    <\/td>\n                        <td class=\"col-remarque\"><\/td>\n                    <\/tr>\n                                        <tr>\n                        <td class=\"col-date\">16-17 mai 2015<\/td>\n                        <td class=\"col-gardien\">Dubach Walter<\/td>\n                        <td class=\"col-initialement\">\n                                                    <\/td>\n                        <td class=\"col-remarque\"><\/td>\n                    <\/tr>\n                                        <tr>\n                        <td class=\"col-date\">9-10 mai 2015<\/td>\n                        <td class=\"col-gardien\">Guerry Jean-Michel<\/td>\n                        <td class=\"col-initialement\">\n                                                    <\/td>\n                        <td class=\"col-remarque\"><\/td>\n                    <\/tr>\n                                        <tr>\n                        <td class=\"col-date\">2-3 mai 2015<\/td>\n                        <td class=\"col-gardien\">Beck Roland<\/td>\n                        <td class=\"col-initialement\">\n                                                    <\/td>\n                        <td class=\"col-remarque\"><\/td>\n                    <\/tr>\n                                        <tr>\n                        <td class=\"col-date\">25-26 avril 2015<\/td>\n                        <td class=\"col-gardien\">Dubach Gauthier<\/td>\n                        <td class=\"col-initialement\">\n                                                    <\/td>\n                        <td class=\"col-remarque\"><\/td>\n                    <\/tr>\n                                        <tr>\n                        <td class=\"col-date\">18-19 avril 2015<\/td>\n                        <td class=\"col-gardien\">Turrian Jean-Philippe<\/td>\n                        <td class=\"col-initialement\">\n                                                    <\/td>\n                        <td class=\"col-remarque\"><\/td>\n                    <\/tr>\n                                        <tr>\n                        <td class=\"col-date\">11-12 avril 2015<\/td>\n                        <td class=\"col-gardien\">Winkler Thierry<\/td>\n                        <td class=\"col-initialement\">\n                                                    <\/td>\n                        <td class=\"col-remarque\"><\/td>\n                    <\/tr>\n                                        <tr>\n                        <td class=\"col-date\">4-5 avril 2015<\/td>\n                        <td class=\"col-gardien\"><\/td>\n                        <td class=\"col-initialement\">\n                                                    <\/td>\n                        <td class=\"col-remarque\">P\u00e2ques<\/td>\n                    <\/tr>\n                                        <tr>\n                        <td class=\"col-date\">28-29 mars 2015<\/td>\n                        <td class=\"col-gardien\">von Kaenel Dave<\/td>\n                        <td class=\"col-initialement\">\n                                                    <\/td>\n                        <td class=\"col-remarque\"><\/td>\n                    <\/tr>\n                                        <tr>\n                        <td class=\"col-date\">21-22 mars 2015<\/td>\n                        <td class=\"col-gardien\">L\u00fcthi Claude<\/td>\n                        <td class=\"col-initialement\">\n                                                    <\/td>\n                        <td class=\"col-remarque\"><\/td>\n                    <\/tr>\n                                        <tr>\n                        <td class=\"col-date\">14-15 mars 2015<\/td>\n                        <td class=\"col-gardien\">Froidevaux Jean-Louis<\/td>\n                        <td class=\"col-initialement\">\n                                                    <\/td>\n                        <td class=\"col-remarque\"><\/td>\n                    <\/tr>\n                                        <tr>\n                        <td class=\"col-date\">7-8 mars 2015<\/td>\n                        <td class=\"col-gardien\">Hofer Claude-Alain<\/td>\n                        <td class=\"col-initialement\">\n                                                    <\/td>\n                        <td class=\"col-remarque\"><\/td>\n                    <\/tr>\n                                        <tr>\n                        <td class=\"col-date\">28 f\u00e9vrier-1er mars 2015<\/td>\n                        <td class=\"col-gardien\">Dubach Pierre<\/td>\n                        <td class=\"col-initialement\">\n                                                    <\/td>\n                        <td class=\"col-remarque\"><\/td>\n                    <\/tr>\n                                        <tr>\n                        <td class=\"col-date\">21-22 f\u00e9vrier 2015<\/td>\n                        <td class=\"col-gardien\">Comte Florian<\/td>\n                        <td class=\"col-initialement\">\n                                                    <\/td>\n                        <td class=\"col-remarque\"><\/td>\n                    <\/tr>\n                                        <tr>\n                        <td class=\"col-date\">14-15 f\u00e9vrier 2015<\/td>\n                        <td class=\"col-gardien\">Froidevaux J\u00e9r\u00f4me<\/td>\n                        <td class=\"col-initialement\">\n                                                    <\/td>\n                        <td class=\"col-remarque\"><\/td>\n                    <\/tr>\n                                        <tr>\n                        <td class=\"col-date\">7-8 f\u00e9vrier 2015<\/td>\n                        <td class=\"col-gardien\">Bassin Fr\u00e9d\u00e9ric<\/td>\n                        <td class=\"col-initialement\">\n                                                    <\/td>\n                        <td class=\"col-remarque\">Sortie \u00e0 raquettes<\/td>\n                    <\/tr>\n                                        <tr>\n                        <td class=\"col-date\">31 janvier-1er f\u00e9vrier 2015<\/td>\n                        <td class=\"col-gardien\">Friedli Fritz<\/td>\n                        <td class=\"col-initialement\">\n                                                    <\/td>\n                        <td class=\"col-remarque\"><\/td>\n                    <\/tr>\n                                        <tr>\n                        <td class=\"col-date\">24-25 janvier 2015<\/td>\n                        <td class=\"col-gardien\">Fl\u00fchmann Francis<\/td>\n                        <td class=\"col-initialement\">\n                                                    <\/td>\n                        <td class=\"col-remarque\"><\/td>\n                    <\/tr>\n                                        <tr>\n                        <td class=\"col-date\">17-18 janvier 2015<\/td>\n                        <td class=\"col-gardien\">B\u00fchlmann Daniel<\/td>\n                        <td class=\"col-initialement\">\n                                                    <\/td>\n                        <td class=\"col-remarque\">Sortie \u00e0 ski<\/td>\n                    <\/tr>\n                                        <tr>\n                        <td class=\"col-date\">10-11 janvier 2015<\/td>\n                        <td class=\"col-gardien\">Krebs Raymond<\/td>\n                        <td class=\"col-initialement\">\n                                                    <\/td>\n                        <td class=\"col-remarque\"><\/td>\n                    <\/tr>\n                                        <tr>\n                        <td class=\"col-date\">3-4 janvier 2015<\/td>\n                        <td class=\"col-gardien\"><\/td>\n                        <td class=\"col-initialement\">\n                                                    <\/td>\n                        <td class=\"col-remarque\">Nouvel An<\/td>\n                    <\/tr>\n                                    <\/tbody>\n            <\/table>\n        <\/div>\n                <div class=\"calendrier-archive-annee\">\n            <h4>\n                2014                \n            <\/h4>\n            \n            <table class=\"calendrier-table\">\n                <thead>\n                    <tr>\n                        <th class=\"col-date\">Date<\/th>\n                        <th class=\"col-gardien\">Gardien<\/th>\n                        <th class=\"col-initialement\">Initialement<\/th>\n                        <th class=\"col-remarque\">Remarque<\/th>\n                    <\/tr>\n                <\/thead>\n                <tbody>\n                                        <tr>\n                        <td class=\"col-date\">27-28 d\u00e9cembre 2014<\/td>\n                        <td class=\"col-gardien\"><\/td>\n                        <td class=\"col-initialement\">\n                                                    <\/td>\n                        <td class=\"col-remarque\">Vacances de No\u00ebl<\/td>\n                    <\/tr>\n                                        <tr>\n                        <td class=\"col-date\">20-21 d\u00e9cembre 2014<\/td>\n                        <td class=\"col-gardien\"><\/td>\n                        <td class=\"col-initialement\">\n                                                    <\/td>\n                        <td class=\"col-remarque\">Vacances de No\u00ebl<\/td>\n                    <\/tr>\n                                        <tr>\n                        <td class=\"col-date\">13-14 d\u00e9cembre 2014<\/td>\n                        <td class=\"col-gardien\">Bossert Fr\u00e9dy<\/td>\n                        <td class=\"col-initialement\">\n                                                    <\/td>\n                        <td class=\"col-remarque\"><\/td>\n                    <\/tr>\n                                        <tr>\n                        <td class=\"col-date\">6-7 d\u00e9cembre 2014<\/td>\n                        <td class=\"col-gardien\">Dubach Walter<\/td>\n                        <td class=\"col-initialement\">\n                                                    <\/td>\n                        <td class=\"col-remarque\"><\/td>\n                    <\/tr>\n                                        <tr>\n                        <td class=\"col-date\">29-30 novembre 2014<\/td>\n                        <td class=\"col-gardien\">Guerry Jean-Michel<\/td>\n                        <td class=\"col-initialement\">\n                                                    <\/td>\n                        <td class=\"col-remarque\"><\/td>\n                    <\/tr>\n                                        <tr>\n                        <td class=\"col-date\">22-23 novembre 2014<\/td>\n                        <td class=\"col-gardien\">Beck Roland<\/td>\n                        <td class=\"col-initialement\">\n                                                    <\/td>\n                        <td class=\"col-remarque\"><\/td>\n                    <\/tr>\n                                        <tr>\n                        <td class=\"col-date\">15-16 novembre 2014<\/td>\n                        <td class=\"col-gardien\">Dubach Gauthier<\/td>\n                        <td class=\"col-initialement\">\n                                                    <\/td>\n                        <td class=\"col-remarque\"><\/td>\n                    <\/tr>\n                                        <tr>\n                        <td class=\"col-date\">8-9 novembre 2014<\/td>\n                        <td class=\"col-gardien\">Jean-Fran\u00e7ois Poyard<\/td>\n                        <td class=\"col-initialement\">\n                                                    <\/td>\n                        <td class=\"col-remarque\"><\/td>\n                    <\/tr>\n                                        <tr>\n                        <td class=\"col-date\">1er-2 novembre 2014<\/td>\n                        <td class=\"col-gardien\">Turrian Jean-Philippe<\/td>\n                        <td class=\"col-initialement\">\n                                                    <\/td>\n                        <td class=\"col-remarque\"><\/td>\n                    <\/tr>\n                                        <tr>\n                        <td class=\"col-date\">25-26 octobre 2014<\/td>\n                        <td class=\"col-gardien\">Winkler Thierry<\/td>\n                        <td class=\"col-initialement\">\n                                                    <\/td>\n                        <td class=\"col-remarque\"><\/td>\n                    <\/tr>\n                                        <tr>\n                        <td class=\"col-date\">18-19 octobre 2014<\/td>\n                        <td class=\"col-gardien\">von Kaenel Dave<\/td>\n                        <td class=\"col-initialement\">\n                                                    <\/td>\n                        <td class=\"col-remarque\"><\/td>\n                    <\/tr>\n                                        <tr>\n                        <td class=\"col-date\">11-12 octobre 2014<\/td>\n                        <td class=\"col-gardien\">L\u00fcthi Claude<\/td>\n                        <td class=\"col-initialement\">\n                                                    <\/td>\n                        <td class=\"col-remarque\"><\/td>\n                    <\/tr>\n                                        <tr>\n                        <td class=\"col-date\">4-5 octobre 2014<\/td>\n                        <td class=\"col-gardien\">Froidevaux Jean-Louis<\/td>\n                        <td class=\"col-initialement\">\n                                                    <\/td>\n                        <td class=\"col-remarque\"><\/td>\n                    <\/tr>\n                                        <tr>\n                        <td class=\"col-date\">27-28 septembre 2014<\/td>\n                        <td class=\"col-gardien\">Hofer Claude-Alain<\/td>\n                        <td class=\"col-initialement\">\n                                                    <\/td>\n                        <td class=\"col-remarque\">Corv\u00e9e<\/td>\n                    <\/tr>\n                                        <tr>\n                        <td class=\"col-date\">20-21 septembre 2014<\/td>\n                        <td class=\"col-gardien\">Dubach Pierre<\/td>\n                        <td class=\"col-initialement\">\n                                                    <\/td>\n                        <td class=\"col-remarque\"><\/td>\n                    <\/tr>\n                                        <tr>\n                        <td class=\"col-date\">13-14 septembre 2014<\/td>\n                        <td class=\"col-gardien\">Comte Florian<\/td>\n                        <td class=\"col-initialement\">\n                                                    <\/td>\n                        <td class=\"col-remarque\"><\/td>\n                    <\/tr>\n                                        <tr>\n                        <td class=\"col-date\">6-7 septembre 2014<\/td>\n                        <td class=\"col-gardien\">Bassin Fr\u00e9d\u00e9ric<\/td>\n                        <td class=\"col-initialement\">\n                                                    <\/td>\n                        <td class=\"col-remarque\">Pique-nique des familles<\/td>\n                    <\/tr>\n                                        <tr>\n                        <td class=\"col-date\">30-31 ao\u00fbt 2014<\/td>\n                        <td class=\"col-gardien\">Froidevaux J\u00e9r\u00f4me<\/td>\n                        <td class=\"col-initialement\">\n                                                    <\/td>\n                        <td class=\"col-remarque\"><\/td>\n                    <\/tr>\n                                        <tr>\n                        <td class=\"col-date\">23-24 ao\u00fbt 2014<\/td>\n                        <td class=\"col-gardien\">Friedli Fritz<\/td>\n                        <td class=\"col-initialement\">\n                                                    <\/td>\n                        <td class=\"col-remarque\"><\/td>\n                    <\/tr>\n                                        <tr>\n                        <td class=\"col-date\">16-17 ao\u00fbt 2014<\/td>\n                        <td class=\"col-gardien\">Fl\u00fchmann Francis<\/td>\n                        <td class=\"col-initialement\">\n                                                    <\/td>\n                        <td class=\"col-remarque\"><\/td>\n                    <\/tr>\n                                        <tr>\n                        <td class=\"col-date\">9-10 ao\u00fbt 2014<\/td>\n                        <td class=\"col-gardien\"><\/td>\n                        <td class=\"col-initialement\">\n                                                    <\/td>\n                        <td class=\"col-remarque\">Vacances<\/td>\n                    <\/tr>\n                                        <tr>\n                        <td class=\"col-date\">2-3 ao\u00fbt 2014<\/td>\n                        <td class=\"col-gardien\"><\/td>\n                        <td class=\"col-initialement\">\n                                                    <\/td>\n                        <td class=\"col-remarque\">Vacances<\/td>\n                    <\/tr>\n                                        <tr>\n                        <td class=\"col-date\">26-27 juillet 2014<\/td>\n                        <td class=\"col-gardien\"><\/td>\n                        <td class=\"col-initialement\">\n                                                    <\/td>\n                        <td class=\"col-remarque\">Vacances<\/td>\n                    <\/tr>\n                                        <tr>\n                        <td class=\"col-date\">19-20 juillet 2014<\/td>\n                        <td class=\"col-gardien\">B\u00fchlmann Daniel<\/td>\n                        <td class=\"col-initialement\">\n                                                    <\/td>\n                        <td class=\"col-remarque\"><\/td>\n                    <\/tr>\n                                        <tr>\n                        <td class=\"col-date\">12-13 juillet 2014<\/td>\n                        <td class=\"col-gardien\">Krebs Raymond<\/td>\n                        <td class=\"col-initialement\">\n                                                    <\/td>\n                        <td class=\"col-remarque\"><\/td>\n                    <\/tr>\n                                        <tr>\n                        <td class=\"col-date\">5-6 juillet 2014<\/td>\n                        <td class=\"col-gardien\">Bossert Fr\u00e9dy<\/td>\n                        <td class=\"col-initialement\">\n                                                    <\/td>\n                        <td class=\"col-remarque\"><\/td>\n                    <\/tr>\n                                        <tr>\n                        <td class=\"col-date\">28-29 juin 2014<\/td>\n                        <td class=\"col-gardien\">Dubach Walter<\/td>\n                        <td class=\"col-initialement\">\n                                                    <\/td>\n                        <td class=\"col-remarque\">Corv\u00e9e<\/td>\n                    <\/tr>\n                                        <tr>\n                        <td class=\"col-date\">21-22 juin 2014<\/td>\n                        <td class=\"col-gardien\">Guerry Jean-Michel<\/td>\n                        <td class=\"col-initialement\">\n                                                    <\/td>\n                        <td class=\"col-remarque\"><\/td>\n                    <\/tr>\n                                        <tr>\n                        <td class=\"col-date\">14-15 juin 2014<\/td>\n                        <td class=\"col-gardien\">Beck Roland<\/td>\n                        <td class=\"col-initialement\">\n                                                    <\/td>\n                        <td class=\"col-remarque\"><\/td>\n                    <\/tr>\n                                        <tr>\n                        <td class=\"col-date\">7-8 juin 2014<\/td>\n                        <td class=\"col-gardien\">Dubach Gauthier<\/td>\n                        <td class=\"col-initialement\">\n                                                    <\/td>\n                        <td class=\"col-remarque\"><\/td>\n                    <\/tr>\n                                        <tr>\n                        <td class=\"col-date\">31 mai-1er juin 2014<\/td>\n                        <td class=\"col-gardien\">Winkler Robert<\/td>\n                        <td class=\"col-initialement\">\n                                                    <\/td>\n                        <td class=\"col-remarque\"><\/td>\n                    <\/tr>\n                                        <tr>\n                        <td class=\"col-date\">24-25 mai 2014<\/td>\n                        <td class=\"col-gardien\">Jean-Fran\u00e7ois Poyard<\/td>\n                        <td class=\"col-initialement\">\n                                                    <\/td>\n                        <td class=\"col-remarque\"><\/td>\n                    <\/tr>\n                                        <tr>\n                        <td class=\"col-date\">17-18 mai 2014<\/td>\n                        <td class=\"col-gardien\">Turrian Jean-Philippe<\/td>\n                        <td class=\"col-initialement\">\n                                                    <\/td>\n                        <td class=\"col-remarque\"><\/td>\n                    <\/tr>\n                                        <tr>\n                        <td class=\"col-date\">10-11 mai 2014<\/td>\n                        <td class=\"col-gardien\">Winkler Thierry<\/td>\n                        <td class=\"col-initialement\">\n                                                    <\/td>\n                        <td class=\"col-remarque\"><\/td>\n                    <\/tr>\n                                        <tr>\n                        <td class=\"col-date\">3-4 mai 2014<\/td>\n                        <td class=\"col-gardien\">von Kaenel Dave<\/td>\n                        <td class=\"col-initialement\">\n                                                    <\/td>\n                        <td class=\"col-remarque\"><\/td>\n                    <\/tr>\n                                        <tr>\n                        <td class=\"col-date\">26-27 avril 2014<\/td>\n                        <td class=\"col-gardien\">L\u00fcthi Claude<\/td>\n                        <td class=\"col-initialement\">\n                                                    <\/td>\n                        <td class=\"col-remarque\"><\/td>\n                    <\/tr>\n                                        <tr>\n                        <td class=\"col-date\">19-20 avril 2014<\/td>\n                        <td class=\"col-gardien\"><\/td>\n                        <td class=\"col-initialement\">\n                                                    <\/td>\n                        <td class=\"col-remarque\">P\u00e2ques<\/td>\n                    <\/tr>\n                                        <tr>\n                        <td class=\"col-date\">12-13 avril 2014<\/td>\n                        <td class=\"col-gardien\">Froidevaux Jean-Louis<\/td>\n                        <td class=\"col-initialement\">\n                                                    <\/td>\n                        <td class=\"col-remarque\"><\/td>\n                    <\/tr>\n                                        <tr>\n                        <td class=\"col-date\">5-6 avril 2014<\/td>\n                        <td class=\"col-gardien\">Hofer Claude-Alain<\/td>\n                        <td class=\"col-initialement\">\n                                                    <\/td>\n                        <td class=\"col-remarque\"><\/td>\n                    <\/tr>\n                                        <tr>\n                        <td class=\"col-date\">29-30 mars 2014<\/td>\n                        <td class=\"col-gardien\">Dubach Pierre<\/td>\n                        <td class=\"col-initialement\">\n                                                    <\/td>\n                        <td class=\"col-remarque\"><\/td>\n                    <\/tr>\n                                        <tr>\n                        <td class=\"col-date\">22-23 mars 2014<\/td>\n                        <td class=\"col-gardien\">Comte Florian<\/td>\n                        <td class=\"col-initialement\">\n                                                    <\/td>\n                        <td class=\"col-remarque\"><\/td>\n                    <\/tr>\n                                        <tr>\n                        <td class=\"col-date\">15-16 mars 2014<\/td>\n                        <td class=\"col-gardien\">Friedli Fritz<\/td>\n                        <td class=\"col-initialement\">\n                                                    <\/td>\n                        <td class=\"col-remarque\"><\/td>\n                    <\/tr>\n                                        <tr>\n                        <td class=\"col-date\">8-9 mars 2014<\/td>\n                        <td class=\"col-gardien\">Froidevaux J\u00e9r\u00f4me<\/td>\n                        <td class=\"col-initialement\">\n                                                    <\/td>\n                        <td class=\"col-remarque\"><\/td>\n                    <\/tr>\n                                        <tr>\n                        <td class=\"col-date\">1er-2 mars 2014<\/td>\n                        <td class=\"col-gardien\">Bassin Fr\u00e9d\u00e9ric<\/td>\n                        <td class=\"col-initialement\">\n                                                    <\/td>\n                        <td class=\"col-remarque\"><\/td>\n                    <\/tr>\n                                        <tr>\n                        <td class=\"col-date\">22-23 f\u00e9vrier 2014<\/td>\n                        <td class=\"col-gardien\">Fl\u00fchmann Francis<\/td>\n                        <td class=\"col-initialement\">\n                                                    <\/td>\n                        <td class=\"col-remarque\"><\/td>\n                    <\/tr>\n                                        <tr>\n                        <td class=\"col-date\">15-16 f\u00e9vrier 2014<\/td>\n                        <td class=\"col-gardien\">B\u00fchlmann Daniel<\/td>\n                        <td class=\"col-initialement\">\n                                                    <\/td>\n                        <td class=\"col-remarque\"><\/td>\n                    <\/tr>\n                                        <tr>\n                        <td class=\"col-date\">8-9 f\u00e9vrier 2014<\/td>\n                        <td class=\"col-gardien\">Krebs Raymond<\/td>\n                        <td class=\"col-initialement\">\n                                                    <\/td>\n                        <td class=\"col-remarque\">Sortie \u00e0 raquettes<\/td>\n                    <\/tr>\n                                        <tr>\n                        <td class=\"col-date\">1er-2 f\u00e9vrier 2014<\/td>\n                        <td class=\"col-gardien\">Bossert Fr\u00e9dy<\/td>\n                        <td class=\"col-initialement\">\n                                                    <\/td>\n                        <td class=\"col-remarque\"><\/td>\n                    <\/tr>\n                                        <tr>\n                        <td class=\"col-date\">25-26 janvier 2014<\/td>\n                        <td class=\"col-gardien\">Dubach Walter<\/td>\n                        <td class=\"col-initialement\">\n                                                    <\/td>\n                        <td class=\"col-remarque\"><\/td>\n                    <\/tr>\n                                        <tr>\n                        <td class=\"col-date\">18-19 janvier 2014<\/td>\n                        <td class=\"col-gardien\">Guerry Jean-Michel<\/td>\n                        <td class=\"col-initialement\">\n                                                    <\/td>\n                        <td class=\"col-remarque\"><\/td>\n                    <\/tr>\n                                        <tr>\n                        <td class=\"col-date\">11-12 janvier 2014<\/td>\n                        <td class=\"col-gardien\">Beck Roland<\/td>\n                        <td class=\"col-initialement\">\n                                                    <\/td>\n                        <td class=\"col-remarque\"><\/td>\n                    <\/tr>\n                                        <tr>\n                        <td class=\"col-date\">4-5 janvier 2014<\/td>\n                        <td class=\"col-gardien\"><\/td>\n                        <td class=\"col-initialement\">\n                                                    <\/td>\n                        <td class=\"col-remarque\">Nouvel An<\/td>\n                    <\/tr>\n                                    <\/tbody>\n            <\/table>\n        <\/div>\n                <div class=\"calendrier-archive-annee\">\n            <h4>\n                2013                \n            <\/h4>\n            \n            <table class=\"calendrier-table\">\n                <thead>\n                    <tr>\n                        <th class=\"col-date\">Date<\/th>\n                        <th class=\"col-gardien\">Gardien<\/th>\n                        <th class=\"col-initialement\">Initialement<\/th>\n                        <th class=\"col-remarque\">Remarque<\/th>\n                    <\/tr>\n                <\/thead>\n                <tbody>\n                                        <tr>\n                        <td class=\"col-date\">28-29 d\u00e9cembre 2013<\/td>\n                        <td class=\"col-gardien\"><\/td>\n                        <td class=\"col-initialement\">\n                                                    <\/td>\n                        <td class=\"col-remarque\">Vacances de No\u00ebl<\/td>\n                    <\/tr>\n                                        <tr>\n                        <td class=\"col-date\">21-22 d\u00e9cembre 2013<\/td>\n                        <td class=\"col-gardien\"><\/td>\n                        <td class=\"col-initialement\">\n                                                    <\/td>\n                        <td class=\"col-remarque\">Vacances de No\u00ebl<\/td>\n                    <\/tr>\n                                        <tr>\n                        <td class=\"col-date\">14-15 d\u00e9cembre 2013<\/td>\n                        <td class=\"col-gardien\">Dubach Gauthier<\/td>\n                        <td class=\"col-initialement\">\n                                                    <\/td>\n                        <td class=\"col-remarque\"><\/td>\n                    <\/tr>\n                                        <tr>\n                        <td class=\"col-date\">7-8 d\u00e9cembre 2013<\/td>\n                        <td class=\"col-gardien\">Winkler Robert<\/td>\n                        <td class=\"col-initialement\">\n                                                    <\/td>\n                        <td class=\"col-remarque\"><\/td>\n                    <\/tr>\n                                        <tr>\n                        <td class=\"col-date\">30 novembre-1er d\u00e9cembre 2013<\/td>\n                        <td class=\"col-gardien\">Turrian Jean-Philippe<\/td>\n                        <td class=\"col-initialement\">\n                                                    <\/td>\n                        <td class=\"col-remarque\"><\/td>\n                    <\/tr>\n                                        <tr>\n                        <td class=\"col-date\">23-24 novembre 2013<\/td>\n                        <td class=\"col-gardien\">Winkler Thierry<\/td>\n                        <td class=\"col-initialement\">\n                                                    <\/td>\n                        <td class=\"col-remarque\"><\/td>\n                    <\/tr>\n                                        <tr>\n                        <td class=\"col-date\">16-17 novembre 2013<\/td>\n                        <td class=\"col-gardien\">von Kaenel Dave<\/td>\n                        <td class=\"col-initialement\">\n                                                    <\/td>\n                        <td class=\"col-remarque\"><\/td>\n                    <\/tr>\n                                        <tr>\n                        <td class=\"col-date\">9-10 novembre 2013<\/td>\n                        <td class=\"col-gardien\">L\u00fcthi Claude<\/td>\n                        <td class=\"col-initialement\">\n                                                    <\/td>\n                        <td class=\"col-remarque\"><\/td>\n                    <\/tr>\n                                        <tr>\n                        <td class=\"col-date\">2-3 novembre 2013<\/td>\n                        <td class=\"col-gardien\">Froidevaux Jean-Louis<\/td>\n                        <td class=\"col-initialement\">\n                                                    <\/td>\n                        <td class=\"col-remarque\"><\/td>\n                    <\/tr>\n                                        <tr>\n                        <td class=\"col-date\">26-27 octobre 2013<\/td>\n                        <td class=\"col-gardien\">Hofer Claude-Alain<\/td>\n                        <td class=\"col-initialement\">\n                                                    <\/td>\n                        <td class=\"col-remarque\"><\/td>\n                    <\/tr>\n                                        <tr>\n                        <td class=\"col-date\">19-20 octobre 2013<\/td>\n                        <td class=\"col-gardien\">Dubach Pierre<\/td>\n                        <td class=\"col-initialement\">\n                                                    <\/td>\n                        <td class=\"col-remarque\"><\/td>\n                    <\/tr>\n                                        <tr>\n                        <td class=\"col-date\">12-13 octobre 2013<\/td>\n                        <td class=\"col-gardien\">Comte Florian<\/td>\n                        <td class=\"col-initialement\">\n                                                    <\/td>\n                        <td class=\"col-remarque\"><\/td>\n                    <\/tr>\n                                        <tr>\n                        <td class=\"col-date\">5-6 octobre 2013<\/td>\n                        <td class=\"col-gardien\">Friedli Fritz<\/td>\n                        <td class=\"col-initialement\">\n                                                    <\/td>\n                        <td class=\"col-remarque\"><\/td>\n                    <\/tr>\n                                        <tr>\n                        <td class=\"col-date\">28-29 septembre 2013<\/td>\n                        <td class=\"col-gardien\">Froidevaux J\u00e9r\u00f4me<\/td>\n                        <td class=\"col-initialement\">\n                                                    <\/td>\n                        <td class=\"col-remarque\"><\/td>\n                    <\/tr>\n                                        <tr>\n                        <td class=\"col-date\">21-22 septembre 2013<\/td>\n                        <td class=\"col-gardien\">Bassin Fr\u00e9d\u00e9ric<\/td>\n                        <td class=\"col-initialement\">\n                                                    <\/td>\n                        <td class=\"col-remarque\">Corv\u00e9e<\/td>\n                    <\/tr>\n                                        <tr>\n                        <td class=\"col-date\">14-15 septembre 2013<\/td>\n                        <td class=\"col-gardien\">Fl\u00fchmann Francis<\/td>\n                        <td class=\"col-initialement\">\n                                                    <\/td>\n                        <td class=\"col-remarque\"><\/td>\n                    <\/tr>\n                                        <tr>\n                        <td class=\"col-date\">7-8 septembre 2013<\/td>\n                        <td class=\"col-gardien\">B\u00fchlmann Daniel<\/td>\n                        <td class=\"col-initialement\">\n                                                    <\/td>\n                        <td class=\"col-remarque\"><\/td>\n                    <\/tr>\n                                        <tr>\n                        <td class=\"col-date\">31 ao\u00fbt-1er septembre 2013<\/td>\n                        <td class=\"col-gardien\">Krebs Raymond<\/td>\n                        <td class=\"col-initialement\">\n                                                    <\/td>\n                        <td class=\"col-remarque\">Pique-nique des familles<\/td>\n                    <\/tr>\n                                        <tr>\n                        <td class=\"col-date\">24-25 ao\u00fbt 2013<\/td>\n                        <td class=\"col-gardien\">Bossert Fr\u00e9dy<\/td>\n                        <td class=\"col-initialement\">\n                                                    <\/td>\n                        <td class=\"col-remarque\"><\/td>\n                    <\/tr>\n                                        <tr>\n                        <td class=\"col-date\">17-18 ao\u00fbt 2013<\/td>\n                        <td class=\"col-gardien\">Dubach Walter<\/td>\n                        <td class=\"col-initialement\">\n                                                    <\/td>\n                        <td class=\"col-remarque\"><\/td>\n                    <\/tr>\n                                        <tr>\n                        <td class=\"col-date\">10-11 ao\u00fbt 2013<\/td>\n                        <td class=\"col-gardien\">Guerry Jean-Michel<\/td>\n                        <td class=\"col-initialement\">\n                                                    <\/td>\n                        <td class=\"col-remarque\"><\/td>\n                    <\/tr>\n                                        <tr>\n                        <td class=\"col-date\">3-4 ao\u00fbt 2013<\/td>\n                        <td class=\"col-gardien\"><\/td>\n                        <td class=\"col-initialement\">\n                                                    <\/td>\n                        <td class=\"col-remarque\">Vacances<\/td>\n                    <\/tr>\n                                        <tr>\n                        <td class=\"col-date\">27-28 juillet 2013<\/td>\n                        <td class=\"col-gardien\"><\/td>\n                        <td class=\"col-initialement\">\n                                                    <\/td>\n                        <td class=\"col-remarque\">Vacances<\/td>\n                    <\/tr>\n                                        <tr>\n                        <td class=\"col-date\">20-21 juillet 2013<\/td>\n                        <td class=\"col-gardien\"><\/td>\n                        <td class=\"col-initialement\">\n                                                    <\/td>\n                        <td class=\"col-remarque\">Vacances<\/td>\n                    <\/tr>\n                                        <tr>\n                        <td class=\"col-date\">13-14 juillet 2013<\/td>\n                        <td class=\"col-gardien\">Beck Roland<\/td>\n                        <td class=\"col-initialement\">\n                                                    <\/td>\n                        <td class=\"col-remarque\"><\/td>\n                    <\/tr>\n                                        <tr>\n                        <td class=\"col-date\">6-7 juillet 2013<\/td>\n                        <td class=\"col-gardien\">Dubach Gauthier<\/td>\n                        <td class=\"col-initialement\">\n                                                    <\/td>\n                        <td class=\"col-remarque\"><\/td>\n                    <\/tr>\n                                        <tr>\n                        <td class=\"col-date\">29-30 juin 2013<\/td>\n                        <td class=\"col-gardien\">Winkler Robert<\/td>\n                        <td class=\"col-initialement\">\n                                                    <\/td>\n                        <td class=\"col-remarque\"><\/td>\n                    <\/tr>\n                                        <tr>\n                        <td class=\"col-date\">22-23 juin 2013<\/td>\n                        <td class=\"col-gardien\">Turrian Jean-Philippe<\/td>\n                        <td class=\"col-initialement\">\n                                                    <\/td>\n                        <td class=\"col-remarque\">Corv\u00e9e<\/td>\n                    <\/tr>\n                                        <tr>\n                        <td class=\"col-date\">15-16 juin 2013<\/td>\n                        <td class=\"col-gardien\">Winkler Thierry<\/td>\n                        <td class=\"col-initialement\">\n                                                    <\/td>\n                        <td class=\"col-remarque\"><\/td>\n                    <\/tr>\n                                        <tr>\n                        <td class=\"col-date\">8-9 juin 2013<\/td>\n                        <td class=\"col-gardien\">von Kaenel Dave<\/td>\n                        <td class=\"col-initialement\">\n                                                    <\/td>\n                        <td class=\"col-remarque\"><\/td>\n                    <\/tr>\n                                        <tr>\n                        <td class=\"col-date\">1er-2 juin 2013<\/td>\n                        <td class=\"col-gardien\">L\u00fcthi Claude<\/td>\n                        <td class=\"col-initialement\">\n                                                    <\/td>\n                        <td class=\"col-remarque\"><\/td>\n                    <\/tr>\n                                        <tr>\n                        <td class=\"col-date\">25-26 mai 2013<\/td>\n                        <td class=\"col-gardien\">Froidevaux Jean-Louis<\/td>\n                        <td class=\"col-initialement\">\n                                                    <\/td>\n                        <td class=\"col-remarque\"><\/td>\n                    <\/tr>\n                                        <tr>\n                        <td class=\"col-date\">18-19 mai 2013<\/td>\n                        <td class=\"col-gardien\">Hofer Claude-Alain<\/td>\n                        <td class=\"col-initialement\">\n                                                    <\/td>\n                        <td class=\"col-remarque\"><\/td>\n                    <\/tr>\n                                        <tr>\n                        <td class=\"col-date\">11-12 mai 2013<\/td>\n                        <td class=\"col-gardien\">Dubach Pierre<\/td>\n                        <td class=\"col-initialement\">\n                                                    <\/td>\n                        <td class=\"col-remarque\"><\/td>\n                    <\/tr>\n                                        <tr>\n                        <td class=\"col-date\">4-5 mai 2013<\/td>\n                        <td class=\"col-gardien\">Comte Florian<\/td>\n                        <td class=\"col-initialement\">\n                                                    <\/td>\n                        <td class=\"col-remarque\"><\/td>\n                    <\/tr>\n                                        <tr>\n                        <td class=\"col-date\">27-28 avril 2013<\/td>\n                        <td class=\"col-gardien\">Friedli Fritz<\/td>\n                        <td class=\"col-initialement\">\n                                                    <\/td>\n                        <td class=\"col-remarque\"><\/td>\n                    <\/tr>\n                                        <tr>\n                        <td class=\"col-date\">20-21 avril 2013<\/td>\n                        <td class=\"col-gardien\">Froidevaux J\u00e9r\u00f4me<\/td>\n                        <td class=\"col-initialement\">\n                                                    <\/td>\n                        <td class=\"col-remarque\"><\/td>\n                    <\/tr>\n                                        <tr>\n                        <td class=\"col-date\">13-14 avril 2013<\/td>\n                        <td class=\"col-gardien\">Fl\u00fchmann Francis<\/td>\n                        <td class=\"col-initialement\">\n                                                    <\/td>\n                        <td class=\"col-remarque\"><\/td>\n                    <\/tr>\n                                        <tr>\n                        <td class=\"col-date\">6-7 avril 2013<\/td>\n                        <td class=\"col-gardien\">Bassin Fr\u00e9d\u00e9ric<\/td>\n                        <td class=\"col-initialement\">\n                                                    <\/td>\n                        <td class=\"col-remarque\"><\/td>\n                    <\/tr>\n                                        <tr>\n                        <td class=\"col-date\">30-31 mars 2013<\/td>\n                        <td class=\"col-gardien\"><\/td>\n                        <td class=\"col-initialement\">\n                                                    <\/td>\n                        <td class=\"col-remarque\">P\u00e2ques<\/td>\n                    <\/tr>\n                                        <tr>\n                        <td class=\"col-date\">23-24 mars 2013<\/td>\n                        <td class=\"col-gardien\">B\u00fchlmann Daniel<\/td>\n                        <td class=\"col-initialement\">\n                                                    <\/td>\n                        <td class=\"col-remarque\"><\/td>\n                    <\/tr>\n                                        <tr>\n                        <td class=\"col-date\">16-17 mars 2013<\/td>\n                        <td class=\"col-gardien\">Krebs Raymond<\/td>\n                        <td class=\"col-initialement\">\n                                                    <\/td>\n                        <td class=\"col-remarque\"><\/td>\n                    <\/tr>\n                                        <tr>\n                        <td class=\"col-date\">9-10 mars 2013<\/td>\n                        <td class=\"col-gardien\">Bossert Fr\u00e9dy<\/td>\n                        <td class=\"col-initialement\">\n                                                    <\/td>\n                        <td class=\"col-remarque\"><\/td>\n                    <\/tr>\n                                        <tr>\n                        <td class=\"col-date\">2-3 mars 2013<\/td>\n                        <td class=\"col-gardien\">Dubach Walter<\/td>\n                        <td class=\"col-initialement\">\n                                                    <\/td>\n                        <td class=\"col-remarque\"><\/td>\n                    <\/tr>\n                                        <tr>\n                        <td class=\"col-date\">23-24 f\u00e9vrier 2013<\/td>\n                        <td class=\"col-gardien\">Guerry Jean-Michel<\/td>\n                        <td class=\"col-initialement\">\n                                                    <\/td>\n                        <td class=\"col-remarque\"><\/td>\n                    <\/tr>\n                                        <tr>\n                        <td class=\"col-date\">16-17 f\u00e9vrier 2013<\/td>\n                        <td class=\"col-gardien\">Beck Roland<\/td>\n                        <td class=\"col-initialement\">\n                                                    <\/td>\n                        <td class=\"col-remarque\"><\/td>\n                    <\/tr>\n                                        <tr>\n                        <td class=\"col-date\">9-10 f\u00e9vrier 2013<\/td>\n                        <td class=\"col-gardien\">Dubach Gauthier<\/td>\n                        <td class=\"col-initialement\">\n                                                    <\/td>\n                        <td class=\"col-remarque\">Sortie \u00e0 raquettes<\/td>\n                    <\/tr>\n                                        <tr>\n                        <td class=\"col-date\">2-3 f\u00e9vrier 2013<\/td>\n                        <td class=\"col-gardien\">Winkler Robert<\/td>\n                        <td class=\"col-initialement\">\n                                                    <\/td>\n                        <td class=\"col-remarque\"><\/td>\n                    <\/tr>\n                                        <tr>\n                        <td class=\"col-date\">26-27 janvier 2013<\/td>\n                        <td class=\"col-gardien\">von Kaenel Dave<\/td>\n                        <td class=\"col-initialement\">\n                                                    <\/td>\n                        <td class=\"col-remarque\"><\/td>\n                    <\/tr>\n                                        <tr>\n                        <td class=\"col-date\">19-20 janvier 2013<\/td>\n                        <td class=\"col-gardien\">Turrian Jean-Philippe<\/td>\n                        <td class=\"col-initialement\">\n                                                    <\/td>\n                        <td class=\"col-remarque\">Sortie \u00e0 ski<\/td>\n                    <\/tr>\n                                        <tr>\n                        <td class=\"col-date\">12-13 janvier 2013<\/td>\n                        <td class=\"col-gardien\">Winkler Thierry<\/td>\n                        <td class=\"col-initialement\">\n                                                    <\/td>\n                        <td class=\"col-remarque\"><\/td>\n                    <\/tr>\n                                        <tr>\n                        <td class=\"col-date\">5-6 janvier 2013<\/td>\n                        <td class=\"col-gardien\">L\u00fcthi Claude<\/td>\n                        <td class=\"col-initialement\">\n                                                    <\/td>\n                        <td class=\"col-remarque\"><\/td>\n                    <\/tr>\n                                    <\/tbody>\n            <\/table>\n        <\/div>\n                <div class=\"calendrier-archive-annee\">\n            <h4>\n                2012                \n            <\/h4>\n            \n            <table class=\"calendrier-table\">\n                <thead>\n                    <tr>\n                        <th class=\"col-date\">Date<\/th>\n                        <th class=\"col-gardien\">Gardien<\/th>\n                        <th class=\"col-initialement\">Initialement<\/th>\n                        <th class=\"col-remarque\">Remarque<\/th>\n                    <\/tr>\n                <\/thead>\n                <tbody>\n                                        <tr>\n                        <td class=\"col-date\">29-30 d\u00e9cembre 2012<\/td>\n                        <td class=\"col-gardien\"><\/td>\n                        <td class=\"col-initialement\">\n                                                    <\/td>\n                        <td class=\"col-remarque\">Nouvel An<\/td>\n                    <\/tr>\n                                        <tr>\n                        <td class=\"col-date\">22-23 d\u00e9cembre 2012<\/td>\n                        <td class=\"col-gardien\"><\/td>\n                        <td class=\"col-initialement\">\n                                                    <\/td>\n                        <td class=\"col-remarque\">Vacances de No\u00ebl<\/td>\n                    <\/tr>\n                                        <tr>\n                        <td class=\"col-date\">15-16 d\u00e9cembre 2012<\/td>\n                        <td class=\"col-gardien\">Froidevaux Jean-Louis<\/td>\n                        <td class=\"col-initialement\">\n                                                    <\/td>\n                        <td class=\"col-remarque\"><\/td>\n                    <\/tr>\n                                        <tr>\n                        <td class=\"col-date\">8-9 d\u00e9cembre 2012<\/td>\n                        <td class=\"col-gardien\">Hofer Claude-Alain<\/td>\n                        <td class=\"col-initialement\">\n                                                    <\/td>\n                        <td class=\"col-remarque\"><\/td>\n                    <\/tr>\n                                        <tr>\n                        <td class=\"col-date\">1er-2 d\u00e9cembre 2012<\/td>\n                        <td class=\"col-gardien\">Dubach Pierre<\/td>\n                        <td class=\"col-initialement\">\n                                                    <\/td>\n                        <td class=\"col-remarque\"><\/td>\n                    <\/tr>\n                                        <tr>\n                        <td class=\"col-date\">24-25 novembre 2012<\/td>\n                        <td class=\"col-gardien\">Comte Florian<\/td>\n                        <td class=\"col-initialement\">\n                                                    <\/td>\n                        <td class=\"col-remarque\"><\/td>\n                    <\/tr>\n                                        <tr>\n                        <td class=\"col-date\">17-18 novembre 2012<\/td>\n                        <td class=\"col-gardien\">Friedli Fritz<\/td>\n                        <td class=\"col-initialement\">\n                                                    <\/td>\n                        <td class=\"col-remarque\"><\/td>\n                    <\/tr>\n                                        <tr>\n                        <td class=\"col-date\">10-11 novembre 2012<\/td>\n                        <td class=\"col-gardien\">Froidevaux J\u00e9r\u00f4me<\/td>\n                        <td class=\"col-initialement\">\n                                                    <\/td>\n                        <td class=\"col-remarque\"><\/td>\n                    <\/tr>\n                                        <tr>\n                        <td class=\"col-date\">3-4 novembre 2012<\/td>\n                        <td class=\"col-gardien\">Fl\u00fchmann Francis<\/td>\n                        <td class=\"col-initialement\">\n                                                    <\/td>\n                        <td class=\"col-remarque\"><\/td>\n                    <\/tr>\n                                        <tr>\n                        <td class=\"col-date\">27-28 octobre 2012<\/td>\n                        <td class=\"col-gardien\">Bassin Fr\u00e9d\u00e9ric<\/td>\n                        <td class=\"col-initialement\">\n                                                    <\/td>\n                        <td class=\"col-remarque\"><\/td>\n                    <\/tr>\n                                        <tr>\n                        <td class=\"col-date\">20-21 octobre 2012<\/td>\n                        <td class=\"col-gardien\">B\u00fchlmann Daniel<\/td>\n                        <td class=\"col-initialement\">\n                                                    <\/td>\n                        <td class=\"col-remarque\"><\/td>\n                    <\/tr>\n                                        <tr>\n                        <td class=\"col-date\">13-14 octobre 2012<\/td>\n                        <td class=\"col-gardien\">Krebs Raymond<\/td>\n                        <td class=\"col-initialement\">\n                                                    <\/td>\n                        <td class=\"col-remarque\"><\/td>\n                    <\/tr>\n                                        <tr>\n                        <td class=\"col-date\">6-7 octobre 2012<\/td>\n                        <td class=\"col-gardien\">Bossert Fr\u00e9dy<\/td>\n                        <td class=\"col-initialement\">\n                                                    <\/td>\n                        <td class=\"col-remarque\"><\/td>\n                    <\/tr>\n                                        <tr>\n                        <td class=\"col-date\">29-30 septembre 2012<\/td>\n                        <td class=\"col-gardien\">Dubach Walter<\/td>\n                        <td class=\"col-initialement\">\n                                                    <\/td>\n                        <td class=\"col-remarque\"><\/td>\n                    <\/tr>\n                                        <tr>\n                        <td class=\"col-date\">22-23 septembre 2012<\/td>\n                        <td class=\"col-gardien\">Guerry Jean-Michel<\/td>\n                        <td class=\"col-initialement\">\n                                                    <\/td>\n                        <td class=\"col-remarque\">Corv\u00e9e<\/td>\n                    <\/tr>\n                                        <tr>\n                        <td class=\"col-date\">15-16 septembre 2012<\/td>\n                        <td class=\"col-gardien\">Beck Roland<\/td>\n                        <td class=\"col-initialement\">\n                                                    <\/td>\n                        <td class=\"col-remarque\"><\/td>\n                    <\/tr>\n                                        <tr>\n                        <td class=\"col-date\">8-9 septembre 2012<\/td>\n                        <td class=\"col-gardien\">Dubach Gauthier<\/td>\n                        <td class=\"col-initialement\">\n                                                    <\/td>\n                        <td class=\"col-remarque\"><\/td>\n                    <\/tr>\n                                        <tr>\n                        <td class=\"col-date\">1er-2 septembre 2012<\/td>\n                        <td class=\"col-gardien\">Winkler Robert<\/td>\n                        <td class=\"col-initialement\">\n                                                    <\/td>\n                        <td class=\"col-remarque\">Pique-nique des familles<\/td>\n                    <\/tr>\n                                        <tr>\n                        <td class=\"col-date\">25-26 ao\u00fbt 2012<\/td>\n                        <td class=\"col-gardien\">Turrian Jean-Philippe<\/td>\n                        <td class=\"col-initialement\">\n                                                    <\/td>\n                        <td class=\"col-remarque\"><\/td>\n                    <\/tr>\n                                        <tr>\n                        <td class=\"col-date\">18-19 ao\u00fbt 2012<\/td>\n                        <td class=\"col-gardien\">von Kaenel Dave<\/td>\n                        <td class=\"col-initialement\">\n                                                    <\/td>\n                        <td class=\"col-remarque\"><\/td>\n                    <\/tr>\n                                        <tr>\n                        <td class=\"col-date\">11-12 ao\u00fbt 2012<\/td>\n                        <td class=\"col-gardien\">Winkler Thierry<\/td>\n                        <td class=\"col-initialement\">\n                                                    <\/td>\n                        <td class=\"col-remarque\"><\/td>\n                    <\/tr>\n                                        <tr>\n                        <td class=\"col-date\">4-5 ao\u00fbt 2012<\/td>\n                        <td class=\"col-gardien\"><\/td>\n                        <td class=\"col-initialement\">\n                                                    <\/td>\n                        <td class=\"col-remarque\">Vacances<\/td>\n                    <\/tr>\n                                        <tr>\n                        <td class=\"col-date\">28-29 juillet 2012<\/td>\n                        <td class=\"col-gardien\"><\/td>\n                        <td class=\"col-initialement\">\n                                                    <\/td>\n                        <td class=\"col-remarque\">Vacances<\/td>\n                    <\/tr>\n                                        <tr>\n                        <td class=\"col-date\">21-22 juillet 2012<\/td>\n                        <td class=\"col-gardien\"><\/td>\n                        <td class=\"col-initialement\">\n                                                    <\/td>\n                        <td class=\"col-remarque\">Vacances<\/td>\n                    <\/tr>\n                                        <tr>\n                        <td class=\"col-date\">14-15 juillet 2012<\/td>\n                        <td class=\"col-gardien\">L\u00fcthi Claude<\/td>\n                        <td class=\"col-initialement\">\n                                                    <\/td>\n                        <td class=\"col-remarque\"><\/td>\n                    <\/tr>\n                                        <tr>\n                        <td class=\"col-date\">7-8 juillet 2012<\/td>\n                        <td class=\"col-gardien\">Froidevaux Jean-Louis<\/td>\n                        <td class=\"col-initialement\">\n                                                    <\/td>\n                        <td class=\"col-remarque\"><\/td>\n                    <\/tr>\n                                        <tr>\n                        <td class=\"col-date\">30 juin-1er juillet 2012<\/td>\n                        <td class=\"col-gardien\">Hofer Claude-Alain<\/td>\n                        <td class=\"col-initialement\">\n                                                    <\/td>\n                        <td class=\"col-remarque\"><\/td>\n                    <\/tr>\n                                        <tr>\n                        <td class=\"col-date\">23-24 juin 2012<\/td>\n                        <td class=\"col-gardien\">Dubach Pierre<\/td>\n                        <td class=\"col-initialement\">\n                                                    <\/td>\n                        <td class=\"col-remarque\">Corv\u00e9e<\/td>\n                    <\/tr>\n                                        <tr>\n                        <td class=\"col-date\">16-17 juin 2012<\/td>\n                        <td class=\"col-gardien\">Comte Florian<\/td>\n                        <td class=\"col-initialement\">\n                                                    <\/td>\n                        <td class=\"col-remarque\"><\/td>\n                    <\/tr>\n                                        <tr>\n                        <td class=\"col-date\">9-10 juin 2012<\/td>\n                        <td class=\"col-gardien\">Friedli Fritz<\/td>\n                        <td class=\"col-initialement\">\n                                                    <\/td>\n                        <td class=\"col-remarque\"><\/td>\n                    <\/tr>\n                                        <tr>\n                        <td class=\"col-date\">2-3 juin 2012<\/td>\n                        <td class=\"col-gardien\">Froidevaux J\u00e9r\u00f4me<\/td>\n                        <td class=\"col-initialement\">\n                                                    <\/td>\n                        <td class=\"col-remarque\"><\/td>\n                    <\/tr>\n                                        <tr>\n                        <td class=\"col-date\">26-27 mai 2012<\/td>\n                        <td class=\"col-gardien\">Fl\u00fchmann Francis<\/td>\n                        <td class=\"col-initialement\">\n                                                    <\/td>\n                        <td class=\"col-remarque\"><\/td>\n                    <\/tr>\n                                        <tr>\n                        <td class=\"col-date\">19-20 mai 2012<\/td>\n                        <td class=\"col-gardien\">Bassin Fr\u00e9d\u00e9ric<\/td>\n                        <td class=\"col-initialement\">\n                                                    <\/td>\n                        <td class=\"col-remarque\"><\/td>\n                    <\/tr>\n                                        <tr>\n                        <td class=\"col-date\">12-13 mai 2012<\/td>\n                        <td class=\"col-gardien\">B\u00fchlmann Daniel<\/td>\n                        <td class=\"col-initialement\">\n                                                    <\/td>\n                        <td class=\"col-remarque\"><\/td>\n                    <\/tr>\n                                        <tr>\n                        <td class=\"col-date\">5-6 mai 2012<\/td>\n                        <td class=\"col-gardien\">Krebs Raymond<\/td>\n                        <td class=\"col-initialement\">\n                                                    <\/td>\n                        <td class=\"col-remarque\"><\/td>\n                    <\/tr>\n                                        <tr>\n                        <td class=\"col-date\">28-29 avril 2012<\/td>\n                        <td class=\"col-gardien\">Bossert Fr\u00e9dy<\/td>\n                        <td class=\"col-initialement\">\n                                                    <\/td>\n                        <td class=\"col-remarque\"><\/td>\n                    <\/tr>\n                                        <tr>\n                        <td class=\"col-date\">21-22 avril 2012<\/td>\n                        <td class=\"col-gardien\">Dubach Walter<\/td>\n                        <td class=\"col-initialement\">\n                                                    <\/td>\n                        <td class=\"col-remarque\"><\/td>\n                    <\/tr>\n                                        <tr>\n                        <td class=\"col-date\">14-15 avril 2012<\/td>\n                        <td class=\"col-gardien\">Guerry Jean-Michel<\/td>\n                        <td class=\"col-initialement\">\n                                                    <\/td>\n                        <td class=\"col-remarque\"><\/td>\n                    <\/tr>\n                                        <tr>\n                        <td class=\"col-date\">7-8 avril 2012<\/td>\n                        <td class=\"col-gardien\"><\/td>\n                        <td class=\"col-initialement\">\n                                                    <\/td>\n                        <td class=\"col-remarque\">P\u00e2ques<\/td>\n                    <\/tr>\n                                        <tr>\n                        <td class=\"col-date\">31 mars-1er avril 2012<\/td>\n                        <td class=\"col-gardien\">Beck Roland<\/td>\n                        <td class=\"col-initialement\">\n                                                    <\/td>\n                        <td class=\"col-remarque\"><\/td>\n                    <\/tr>\n                                        <tr>\n                        <td class=\"col-date\">24-25 mars 2012<\/td>\n                        <td class=\"col-gardien\">Dubach Gauthier<\/td>\n                        <td class=\"col-initialement\">\n                                                    <\/td>\n                        <td class=\"col-remarque\"><\/td>\n                    <\/tr>\n                                        <tr>\n                        <td class=\"col-date\">17-18 mars 2012<\/td>\n                        <td class=\"col-gardien\">Winkler Robert<\/td>\n                        <td class=\"col-initialement\">\n                                                    <\/td>\n                        <td class=\"col-remarque\"><\/td>\n                    <\/tr>\n                                        <tr>\n                        <td class=\"col-date\">10-11 mars 2012<\/td>\n                        <td class=\"col-gardien\">Turrian Jean-Philippe<\/td>\n                        <td class=\"col-initialement\">\n                                                    <\/td>\n                        <td class=\"col-remarque\"><\/td>\n                    <\/tr>\n                                        <tr>\n                        <td class=\"col-date\">3-4 mars 2012<\/td>\n                        <td class=\"col-gardien\">von Kaenel Dave<\/td>\n                        <td class=\"col-initialement\">\n                                                    <\/td>\n                        <td class=\"col-remarque\"><\/td>\n                    <\/tr>\n                                        <tr>\n                        <td class=\"col-date\">25-26 f\u00e9vrier 2012<\/td>\n                        <td class=\"col-gardien\">Winkler Thierry<\/td>\n                        <td class=\"col-initialement\">\n                                                    <\/td>\n                        <td class=\"col-remarque\"><\/td>\n                    <\/tr>\n                                        <tr>\n                        <td class=\"col-date\">18-19 f\u00e9vrier 2012<\/td>\n                        <td class=\"col-gardien\">L\u00fcthi Claude<\/td>\n                        <td class=\"col-initialement\">\n                                                    <\/td>\n                        <td class=\"col-remarque\"><\/td>\n                    <\/tr>\n                                        <tr>\n                        <td class=\"col-date\">11-12 f\u00e9vrier 2012<\/td>\n                        <td class=\"col-gardien\">Froidevaux Jean-Louis<\/td>\n                        <td class=\"col-initialement\">\n                                                    <\/td>\n                        <td class=\"col-remarque\">Sortie \u00e0 raquettes<\/td>\n                    <\/tr>\n                                        <tr>\n                        <td class=\"col-date\">4-5 f\u00e9vrier 2012<\/td>\n                        <td class=\"col-gardien\">Hofer Claude-Alain<\/td>\n                        <td class=\"col-initialement\">\n                                                    <\/td>\n                        <td class=\"col-remarque\"><\/td>\n                    <\/tr>\n                                        <tr>\n                        <td class=\"col-date\">28-29 janvier 2012<\/td>\n                        <td class=\"col-gardien\">Dubach Pierre<\/td>\n                        <td class=\"col-initialement\">\n                                                    <\/td>\n                        <td class=\"col-remarque\"><\/td>\n                    <\/tr>\n                                        <tr>\n                        <td class=\"col-date\">21-22 janvier 2012<\/td>\n                        <td class=\"col-gardien\">Comte Florian<\/td>\n                        <td class=\"col-initialement\">\n                                                    <\/td>\n                        <td class=\"col-remarque\">Sortie \u00e0 ski<\/td>\n                    <\/tr>\n                                        <tr>\n                        <td class=\"col-date\">14-15 janvier 2012<\/td>\n                        <td class=\"col-gardien\">Friedli Fritz<\/td>\n                        <td class=\"col-initialement\">\n                                                    <\/td>\n                        <td class=\"col-remarque\"><\/td>\n                    <\/tr>\n                                        <tr>\n                        <td class=\"col-date\">7-8 janvier 2012<\/td>\n                        <td class=\"col-gardien\">Froidevaux J\u00e9r\u00f4me<\/td>\n                        <td class=\"col-initialement\">\n                                                    <\/td>\n                        <td class=\"col-remarque\"><\/td>\n                    <\/tr>\n                                        <tr>\n                        <td class=\"col-date\">31 d\u00e9cembre-1er janvier 2012<\/td>\n                        <td class=\"col-gardien\"><\/td>\n                        <td class=\"col-initialement\">\n                                                    <\/td>\n                        <td class=\"col-remarque\">Nouvel An<\/td>\n                    <\/tr>\n                                    <\/tbody>\n            <\/table>\n        <\/div>\n                <div class=\"calendrier-archive-annee\">\n            <h4>\n                2011                \n            <\/h4>\n            \n            <table class=\"calendrier-table\">\n                <thead>\n                    <tr>\n                        <th class=\"col-date\">Date<\/th>\n                        <th class=\"col-gardien\">Gardien<\/th>\n                        <th class=\"col-initialement\">Initialement<\/th>\n                        <th class=\"col-remarque\">Remarque<\/th>\n                    <\/tr>\n                <\/thead>\n                <tbody>\n                                        <tr>\n                        <td class=\"col-date\">24-25 d\u00e9cembre 2011<\/td>\n                        <td class=\"col-gardien\"><\/td>\n                        <td class=\"col-initialement\">\n                                                    <\/td>\n                        <td class=\"col-remarque\">Vacances de No\u00ebl<\/td>\n                    <\/tr>\n                                        <tr>\n                        <td class=\"col-date\">17-18 d\u00e9cembre 2011<\/td>\n                        <td class=\"col-gardien\">Fl\u00fchmann Francis<\/td>\n                        <td class=\"col-initialement\">\n                                                    <\/td>\n                        <td class=\"col-remarque\"><\/td>\n                    <\/tr>\n                                        <tr>\n                        <td class=\"col-date\">10-11 d\u00e9cembre 2011<\/td>\n                        <td class=\"col-gardien\">Bassin Fr\u00e9d\u00e9ric<\/td>\n                        <td class=\"col-initialement\">\n                                                    <\/td>\n                        <td class=\"col-remarque\"><\/td>\n                    <\/tr>\n                                        <tr>\n                        <td class=\"col-date\">3-4 d\u00e9cembre 2011<\/td>\n                        <td class=\"col-gardien\">B\u00fchlmann Daniel<\/td>\n                        <td class=\"col-initialement\">\n                                                    <\/td>\n                        <td class=\"col-remarque\"><\/td>\n                    <\/tr>\n                                        <tr>\n                        <td class=\"col-date\">26-27 novembre 2011<\/td>\n                        <td class=\"col-gardien\">Krebs Raymond<\/td>\n                        <td class=\"col-initialement\">\n                                                    <\/td>\n                        <td class=\"col-remarque\"><\/td>\n                    <\/tr>\n                                        <tr>\n                        <td class=\"col-date\">19-20 novembre 2011<\/td>\n                        <td class=\"col-gardien\">Bossert Fr\u00e9dy<\/td>\n                        <td class=\"col-initialement\">\n                                                    <\/td>\n                        <td class=\"col-remarque\"><\/td>\n                    <\/tr>\n                                        <tr>\n                        <td class=\"col-date\">12-13 novembre 2011<\/td>\n                        <td class=\"col-gardien\">Dubach Walter<\/td>\n                        <td class=\"col-initialement\">\n                                                    <\/td>\n                        <td class=\"col-remarque\"><\/td>\n                    <\/tr>\n                                        <tr>\n                        <td class=\"col-date\">5-6 novembre 2011<\/td>\n                        <td class=\"col-gardien\">Guerry Jean-Michel<\/td>\n                        <td class=\"col-initialement\">\n                                                    <\/td>\n                        <td class=\"col-remarque\"><\/td>\n                    <\/tr>\n                                        <tr>\n                        <td class=\"col-date\">29-30 octobre 2011<\/td>\n                        <td class=\"col-gardien\">Dubach Gauthier<\/td>\n                        <td class=\"col-initialement\">\n                                                    <\/td>\n                        <td class=\"col-remarque\"><\/td>\n                    <\/tr>\n                                        <tr>\n                        <td class=\"col-date\">22-23 octobre 2011<\/td>\n                        <td class=\"col-gardien\">Winkler Robert<\/td>\n                        <td class=\"col-initialement\">\n                                                    <\/td>\n                        <td class=\"col-remarque\"><\/td>\n                    <\/tr>\n                                        <tr>\n                        <td class=\"col-date\">15-16 octobre 2011<\/td>\n                        <td class=\"col-gardien\">Turrian Jean-Philippe<\/td>\n                        <td class=\"col-initialement\">\n                                                    <\/td>\n                        <td class=\"col-remarque\"><\/td>\n                    <\/tr>\n                                        <tr>\n                        <td class=\"col-date\">8-9 octobre 2011<\/td>\n                        <td class=\"col-gardien\">von Kaenel Dave<\/td>\n                        <td class=\"col-initialement\">\n                                                    <\/td>\n                        <td class=\"col-remarque\"><\/td>\n                    <\/tr>\n                                        <tr>\n                        <td class=\"col-date\">1er-2 octobre 2011<\/td>\n                        <td class=\"col-gardien\">Winkler Thierry<\/td>\n                        <td class=\"col-initialement\">\n                                                    <\/td>\n                        <td class=\"col-remarque\"><\/td>\n                    <\/tr>\n                                        <tr>\n                        <td class=\"col-date\">24-25 septembre 2011<\/td>\n                        <td class=\"col-gardien\">L\u00fcthi Claude<\/td>\n                        <td class=\"col-initialement\">\n                                                    <\/td>\n                        <td class=\"col-remarque\">Corv\u00e9e<\/td>\n                    <\/tr>\n                                        <tr>\n                        <td class=\"col-date\">17-18 septembre 2011<\/td>\n                        <td class=\"col-gardien\">Froidevaux Jean-Louis<\/td>\n                        <td class=\"col-initialement\">\n                                                    <\/td>\n                        <td class=\"col-remarque\"><\/td>\n                    <\/tr>\n                                        <tr>\n                        <td class=\"col-date\">10-11 septembre 2011<\/td>\n                        <td class=\"col-gardien\">Hofer Claude-Alain<\/td>\n                        <td class=\"col-initialement\">\n                                                    <\/td>\n                        <td class=\"col-remarque\"><\/td>\n                    <\/tr>\n                                        <tr>\n                        <td class=\"col-date\">3-4 septembre 2011<\/td>\n                        <td class=\"col-gardien\">Comte Florian<\/td>\n                        <td class=\"col-initialement\">\n                                                    <\/td>\n                        <td class=\"col-remarque\"><\/td>\n                    <\/tr>\n                                        <tr>\n                        <td class=\"col-date\">27-28 ao\u00fbt 2011<\/td>\n                        <td class=\"col-gardien\">Dubach Pierre<\/td>\n                        <td class=\"col-initialement\">\n                                                    <\/td>\n                        <td class=\"col-remarque\"><\/td>\n                    <\/tr>\n                                        <tr>\n                        <td class=\"col-date\">20-21 ao\u00fbt 2011<\/td>\n                        <td class=\"col-gardien\">Beck Roland<\/td>\n                        <td class=\"col-initialement\">\n                                                    <\/td>\n                        <td class=\"col-remarque\">Pique-nique des familles<\/td>\n                    <\/tr>\n                                        <tr>\n                        <td class=\"col-date\">13-14 ao\u00fbt 2011<\/td>\n                        <td class=\"col-gardien\">Friedli Fritz<\/td>\n                        <td class=\"col-initialement\">\n                                                    <\/td>\n                        <td class=\"col-remarque\"><\/td>\n                    <\/tr>\n                                        <tr>\n                        <td class=\"col-date\">6-7 ao\u00fbt 2011<\/td>\n                        <td class=\"col-gardien\"><\/td>\n                        <td class=\"col-initialement\">\n                                                    <\/td>\n                        <td class=\"col-remarque\">Vacances<\/td>\n                    <\/tr>\n                                        <tr>\n                        <td class=\"col-date\">30-31 juillet 2011<\/td>\n                        <td class=\"col-gardien\"><\/td>\n                        <td class=\"col-initialement\">\n                                                    <\/td>\n                        <td class=\"col-remarque\">Vacances<\/td>\n                    <\/tr>\n                                        <tr>\n                        <td class=\"col-date\">23-24 juillet 2011<\/td>\n                        <td class=\"col-gardien\"><\/td>\n                        <td class=\"col-initialement\">\n                                                    <\/td>\n                        <td class=\"col-remarque\">Vacances<\/td>\n                    <\/tr>\n                                        <tr>\n                        <td class=\"col-date\">16-17 juillet 2011<\/td>\n                        <td class=\"col-gardien\">Froidevaux J\u00e9r\u00f4me<\/td>\n                        <td class=\"col-initialement\">\n                                                    <\/td>\n                        <td class=\"col-remarque\"><\/td>\n                    <\/tr>\n                                        <tr>\n                        <td class=\"col-date\">9-10 juillet 2011<\/td>\n                        <td class=\"col-gardien\">Fl\u00fchmann Francis<\/td>\n                        <td class=\"col-initialement\">\n                                                    <\/td>\n                        <td class=\"col-remarque\"><\/td>\n                    <\/tr>\n                                        <tr>\n                        <td class=\"col-date\">2-3 juillet 2011<\/td>\n                        <td class=\"col-gardien\">Bassin Fr\u00e9d\u00e9ric<\/td>\n                        <td class=\"col-initialement\">\n                                                    <\/td>\n                        <td class=\"col-remarque\"><\/td>\n                    <\/tr>\n                                        <tr>\n                        <td class=\"col-date\">25-26 juin 2011<\/td>\n                        <td class=\"col-gardien\">B\u00fchlmann Daniel<\/td>\n                        <td class=\"col-initialement\">\n                                                    <\/td>\n                        <td class=\"col-remarque\">Corv\u00e9e<\/td>\n                    <\/tr>\n                                        <tr>\n                        <td class=\"col-date\">18-19 juin 2011<\/td>\n                        <td class=\"col-gardien\">Krebs Raymond<\/td>\n                        <td class=\"col-initialement\">\n                                                    <\/td>\n                        <td class=\"col-remarque\"><\/td>\n                    <\/tr>\n                                        <tr>\n                        <td class=\"col-date\">11-12 juin 2011<\/td>\n                        <td class=\"col-gardien\">Bossert Fr\u00e9dy<\/td>\n                        <td class=\"col-initialement\">\n                                                    <\/td>\n                        <td class=\"col-remarque\"><\/td>\n                    <\/tr>\n                                        <tr>\n                        <td class=\"col-date\">4-5 juin 2011<\/td>\n                        <td class=\"col-gardien\">Dubach Walter<\/td>\n                        <td class=\"col-initialement\">\n                                                    <\/td>\n                        <td class=\"col-remarque\"><\/td>\n                    <\/tr>\n                                        <tr>\n                        <td class=\"col-date\">28-29 mai 2011<\/td>\n                        <td class=\"col-gardien\">Guerry Jean-Michel<\/td>\n                        <td class=\"col-initialement\">\n                                                    <\/td>\n                        <td class=\"col-remarque\"><\/td>\n                    <\/tr>\n                                        <tr>\n                        <td class=\"col-date\">21-22 mai 2011<\/td>\n                        <td class=\"col-gardien\">Beck Roland<\/td>\n                        <td class=\"col-initialement\">\n                                                    <\/td>\n                        <td class=\"col-remarque\"><\/td>\n                    <\/tr>\n                                        <tr>\n                        <td class=\"col-date\">14-15 mai 2011<\/td>\n                        <td class=\"col-gardien\">Dubach Gauthier<\/td>\n                        <td class=\"col-initialement\">\n                                                    <\/td>\n                        <td class=\"col-remarque\"><\/td>\n                    <\/tr>\n                                        <tr>\n                        <td class=\"col-date\">7-8 mai 2011<\/td>\n                        <td class=\"col-gardien\">Winkler Robert<\/td>\n                        <td class=\"col-initialement\">\n                                                    <\/td>\n                        <td class=\"col-remarque\"><\/td>\n                    <\/tr>\n                                        <tr>\n                        <td class=\"col-date\">30 avril-1er mai 2011<\/td>\n                        <td class=\"col-gardien\">Turrian Jean-Philippe<\/td>\n                        <td class=\"col-initialement\">\n                                                    <\/td>\n                        <td class=\"col-remarque\"><\/td>\n                    <\/tr>\n                                        <tr>\n                        <td class=\"col-date\">23-24 avril 2011<\/td>\n                        <td class=\"col-gardien\"><\/td>\n                        <td class=\"col-initialement\">\n                                                    <\/td>\n                        <td class=\"col-remarque\">P\u00e2ques<\/td>\n                    <\/tr>\n                                        <tr>\n                        <td class=\"col-date\">16-17 avril 2011<\/td>\n                        <td class=\"col-gardien\">Winkler Thierry<\/td>\n                        <td class=\"col-initialement\">\n                                                    <\/td>\n                        <td class=\"col-remarque\"><\/td>\n                    <\/tr>\n                                        <tr>\n                        <td class=\"col-date\">9-10 avril 2011<\/td>\n                        <td class=\"col-gardien\">von Kaenel Dave<\/td>\n                        <td class=\"col-initialement\">\n                                                    <\/td>\n                        <td class=\"col-remarque\"><\/td>\n                    <\/tr>\n                                        <tr>\n                        <td class=\"col-date\">2-3 avril 2011<\/td>\n                        <td class=\"col-gardien\">L\u00fcthi Claude<\/td>\n                        <td class=\"col-initialement\">\n                                                    <\/td>\n                        <td class=\"col-remarque\"><\/td>\n                    <\/tr>\n                                        <tr>\n                        <td class=\"col-date\">26-27 mars 2011<\/td>\n                        <td class=\"col-gardien\">Froidevaux Jean-Louis<\/td>\n                        <td class=\"col-initialement\">\n                                                    <\/td>\n                        <td class=\"col-remarque\"><\/td>\n                    <\/tr>\n                                        <tr>\n                        <td class=\"col-date\">19-20 mars 2011<\/td>\n                        <td class=\"col-gardien\">Hofer Claude-Alain<\/td>\n                        <td class=\"col-initialement\">\n                                                    <\/td>\n                        <td class=\"col-remarque\"><\/td>\n                    <\/tr>\n                                        <tr>\n                        <td class=\"col-date\">12-13 mars 2011<\/td>\n                        <td class=\"col-gardien\">Dubach Pierre<\/td>\n                        <td class=\"col-initialement\">\n                                                    <\/td>\n                        <td class=\"col-remarque\"><\/td>\n                    <\/tr>\n                                        <tr>\n                        <td class=\"col-date\">5-6 mars 2011<\/td>\n                        <td class=\"col-gardien\">Comte Florian<\/td>\n                        <td class=\"col-initialement\">\n                                                    <\/td>\n                        <td class=\"col-remarque\"><\/td>\n                    <\/tr>\n                                        <tr>\n                        <td class=\"col-date\">26-27 f\u00e9vrier 2011<\/td>\n                        <td class=\"col-gardien\">Friedli Fritz<\/td>\n                        <td class=\"col-initialement\">\n                                                    <\/td>\n                        <td class=\"col-remarque\"><\/td>\n                    <\/tr>\n                                        <tr>\n                        <td class=\"col-date\">19-20 f\u00e9vrier 2011<\/td>\n                        <td class=\"col-gardien\">Froidevaux J\u00e9r\u00f4me<\/td>\n                        <td class=\"col-initialement\">\n                                                    <\/td>\n                        <td class=\"col-remarque\"><\/td>\n                    <\/tr>\n                                        <tr>\n                        <td class=\"col-date\">12-13 f\u00e9vrier 2011<\/td>\n                        <td class=\"col-gardien\">Fl\u00fchmann Francis<\/td>\n                        <td class=\"col-initialement\">\n                                                    <\/td>\n                        <td class=\"col-remarque\"><\/td>\n                    <\/tr>\n                                        <tr>\n                        <td class=\"col-date\">5-6 f\u00e9vrier 2011<\/td>\n                        <td class=\"col-gardien\">Perrelet Jean<\/td>\n                        <td class=\"col-initialement\">\n                                                    <\/td>\n                        <td class=\"col-remarque\"><\/td>\n                    <\/tr>\n                                        <tr>\n                        <td class=\"col-date\">29-30 janvier 2011<\/td>\n                        <td class=\"col-gardien\">B\u00fchlmann Daniel<\/td>\n                        <td class=\"col-initialement\">\n                                                    <\/td>\n                        <td class=\"col-remarque\"><\/td>\n                    <\/tr>\n                                        <tr>\n                        <td class=\"col-date\">22-23 janvier 2011<\/td>\n                        <td class=\"col-gardien\">Krebs Raymond<\/td>\n                        <td class=\"col-initialement\">\n                                                    <\/td>\n                        <td class=\"col-remarque\">Sortie \u00e0 ski<\/td>\n                    <\/tr>\n                                        <tr>\n                        <td class=\"col-date\">15-16 janvier 2011<\/td>\n                        <td class=\"col-gardien\">Dubach Walter<\/td>\n                        <td class=\"col-initialement\">\n                                                    <\/td>\n                        <td class=\"col-remarque\"><\/td>\n                    <\/tr>\n                                        <tr>\n                        <td class=\"col-date\">8-9 janvier 2011<\/td>\n                        <td class=\"col-gardien\">Guerry Jean-Michel<\/td>\n                        <td class=\"col-initialement\">\n                                                    <\/td>\n                        <td class=\"col-remarque\"><\/td>\n                    <\/tr>\n                                        <tr>\n                        <td class=\"col-date\">1er-2 janvier 2011<\/td>\n                        <td class=\"col-gardien\"><\/td>\n                        <td class=\"col-initialement\">\n                                                    <\/td>\n                        <td class=\"col-remarque\">Nouvel An<\/td>\n                    <\/tr>\n                                    <\/tbody>\n            <\/table>\n        <\/div>\n                <div class=\"calendrier-archive-annee\">\n            <h4>\n                2010                \n            <\/h4>\n            \n            <table class=\"calendrier-table\">\n                <thead>\n                    <tr>\n                        <th class=\"col-date\">Date<\/th>\n                        <th class=\"col-gardien\">Gardien<\/th>\n                        <th class=\"col-initialement\">Initialement<\/th>\n                        <th class=\"col-remarque\">Remarque<\/th>\n                    <\/tr>\n                <\/thead>\n                <tbody>\n                                        <tr>\n                        <td class=\"col-date\">25-26 d\u00e9cembre 2010<\/td>\n                        <td class=\"col-gardien\"><\/td>\n                        <td class=\"col-initialement\">\n                                                    <\/td>\n                        <td class=\"col-remarque\">Vacances de No\u00ebl<\/td>\n                    <\/tr>\n                                        <tr>\n                        <td class=\"col-date\">18-19 d\u00e9cembre 2010<\/td>\n                        <td class=\"col-gardien\"><\/td>\n                        <td class=\"col-initialement\">\n                                                    <\/td>\n                        <td class=\"col-remarque\">Vacances de No\u00ebl<\/td>\n                    <\/tr>\n                                        <tr>\n                        <td class=\"col-date\">11-12 d\u00e9cembre 2010<\/td>\n                        <td class=\"col-gardien\">Beck Roland<\/td>\n                        <td class=\"col-initialement\">\n                                                    <\/td>\n                        <td class=\"col-remarque\"><\/td>\n                    <\/tr>\n                                        <tr>\n                        <td class=\"col-date\">4-5 d\u00e9cembre 2010<\/td>\n                        <td class=\"col-gardien\">Dubach Gauthier<\/td>\n                        <td class=\"col-initialement\">\n                                                    <\/td>\n                        <td class=\"col-remarque\"><\/td>\n                    <\/tr>\n                                        <tr>\n                        <td class=\"col-date\">27-28 novembre 2010<\/td>\n                        <td class=\"col-gardien\">Winkler Robert<\/td>\n                        <td class=\"col-initialement\">\n                                                    <\/td>\n                        <td class=\"col-remarque\"><\/td>\n                    <\/tr>\n                                        <tr>\n                        <td class=\"col-date\">20-21 novembre 2010<\/td>\n                        <td class=\"col-gardien\">Turrian Jean-Philippe<\/td>\n                        <td class=\"col-initialement\">\n                                                    <\/td>\n                        <td class=\"col-remarque\"><\/td>\n                    <\/tr>\n                                        <tr>\n                        <td class=\"col-date\">13-14 novembre 2010<\/td>\n                        <td class=\"col-gardien\">von Kaenel Dave<\/td>\n                        <td class=\"col-initialement\">\n                                                    <\/td>\n                        <td class=\"col-remarque\"><\/td>\n                    <\/tr>\n                                        <tr>\n                        <td class=\"col-date\">6-7 novembre 2010<\/td>\n                        <td class=\"col-gardien\">Winkler Thierry<\/td>\n                        <td class=\"col-initialement\">\n                                                    <\/td>\n                        <td class=\"col-remarque\"><\/td>\n                    <\/tr>\n                                        <tr>\n                        <td class=\"col-date\">30-31 octobre 2010<\/td>\n                        <td class=\"col-gardien\">L\u00fcthi Claude<\/td>\n                        <td class=\"col-initialement\">\n                                                    <\/td>\n                        <td class=\"col-remarque\"><\/td>\n                    <\/tr>\n                                        <tr>\n                        <td class=\"col-date\">23-24 octobre 2010<\/td>\n                        <td class=\"col-gardien\">Froidevaux Jean-Louis<\/td>\n                        <td class=\"col-initialement\">\n                                                    <\/td>\n                        <td class=\"col-remarque\"><\/td>\n                    <\/tr>\n                                        <tr>\n                        <td class=\"col-date\">16-17 octobre 2010<\/td>\n                        <td class=\"col-gardien\">Hofer Claude-Alain<\/td>\n                        <td class=\"col-initialement\">\n                                                    <\/td>\n                        <td class=\"col-remarque\"><\/td>\n                    <\/tr>\n                                        <tr>\n                        <td class=\"col-date\">9-10 octobre 2010<\/td>\n                        <td class=\"col-gardien\">Dubach Pierre<\/td>\n                        <td class=\"col-initialement\">\n                                                    <\/td>\n                        <td class=\"col-remarque\"><\/td>\n                    <\/tr>\n                                        <tr>\n                        <td class=\"col-date\">2-3 octobre 2010<\/td>\n                        <td class=\"col-gardien\">Bossert Fr\u00e9dy<\/td>\n                        <td class=\"col-initialement\">\n                                                    <\/td>\n                        <td class=\"col-remarque\"><\/td>\n                    <\/tr>\n                                        <tr>\n                        <td class=\"col-date\">25-26 septembre 2010<\/td>\n                        <td class=\"col-gardien\">Comte Florian<\/td>\n                        <td class=\"col-initialement\">\n                                                    <\/td>\n                        <td class=\"col-remarque\">Corv\u00e9e<\/td>\n                    <\/tr>\n                                        <tr>\n                        <td class=\"col-date\">18-19 septembre 2010<\/td>\n                        <td class=\"col-gardien\">Friedli Fritz<\/td>\n                        <td class=\"col-initialement\">\n                                                    <\/td>\n                        <td class=\"col-remarque\"><\/td>\n                    <\/tr>\n                                        <tr>\n                        <td class=\"col-date\">11-12 septembre 2010<\/td>\n                        <td class=\"col-gardien\">Froidevaux J\u00e9r\u00f4me<\/td>\n                        <td class=\"col-initialement\">\n                                                    <\/td>\n                        <td class=\"col-remarque\"><\/td>\n                    <\/tr>\n                                        <tr>\n                        <td class=\"col-date\">4-5 septembre 2010<\/td>\n                        <td class=\"col-gardien\">Fl\u00fchmann Francis<\/td>\n                        <td class=\"col-initialement\">\n                                                    <\/td>\n                        <td class=\"col-remarque\"><\/td>\n                    <\/tr>\n                                        <tr>\n                        <td class=\"col-date\">28-29 ao\u00fbt 2010<\/td>\n                        <td class=\"col-gardien\">Perrelet Jean<\/td>\n                        <td class=\"col-initialement\">\n                                                    <\/td>\n                        <td class=\"col-remarque\"><\/td>\n                    <\/tr>\n                                        <tr>\n                        <td class=\"col-date\">21-22 ao\u00fbt 2010<\/td>\n                        <td class=\"col-gardien\">Dubach Pierre<\/td>\n                        <td class=\"col-initialement\">\n                                                    <\/td>\n                        <td class=\"col-remarque\">Pique-nique des familles<\/td>\n                    <\/tr>\n                                        <tr>\n                        <td class=\"col-date\">14-15 ao\u00fbt 2010<\/td>\n                        <td class=\"col-gardien\">Krebs Raymond<\/td>\n                        <td class=\"col-initialement\">\n                                                    <\/td>\n                        <td class=\"col-remarque\"><\/td>\n                    <\/tr>\n                                        <tr>\n                        <td class=\"col-date\">7-8 ao\u00fbt 2010<\/td>\n                        <td class=\"col-gardien\">Dubach Walter<\/td>\n                        <td class=\"col-initialement\">\n                                                    <\/td>\n                        <td class=\"col-remarque\"><\/td>\n                    <\/tr>\n                                        <tr>\n                        <td class=\"col-date\">31 juillet-1er ao\u00fbt 2010<\/td>\n                        <td class=\"col-gardien\"><\/td>\n                        <td class=\"col-initialement\">\n                                                    <\/td>\n                        <td class=\"col-remarque\">Vacances<\/td>\n                    <\/tr>\n                                        <tr>\n                        <td class=\"col-date\">24-25 juillet 2010<\/td>\n                        <td class=\"col-gardien\"><\/td>\n                        <td class=\"col-initialement\">\n                                                    <\/td>\n                        <td class=\"col-remarque\">Vacances<\/td>\n                    <\/tr>\n                                        <tr>\n                        <td class=\"col-date\">17-18 juillet 2010<\/td>\n                        <td class=\"col-gardien\"><\/td>\n                        <td class=\"col-initialement\">\n                                                    <\/td>\n                        <td class=\"col-remarque\">Vacances<\/td>\n                    <\/tr>\n                                        <tr>\n                        <td class=\"col-date\">10-11 juillet 2010<\/td>\n                        <td class=\"col-gardien\">Guerry Jean-Michel<\/td>\n                        <td class=\"col-initialement\">\n                                                    <\/td>\n                        <td class=\"col-remarque\"><\/td>\n                    <\/tr>\n                                        <tr>\n                        <td class=\"col-date\">3-4 juillet 2010<\/td>\n                        <td class=\"col-gardien\">Beck Roland<\/td>\n                        <td class=\"col-initialement\">\n                                                    <\/td>\n                        <td class=\"col-remarque\"><\/td>\n                    <\/tr>\n                                        <tr>\n                        <td class=\"col-date\">26-27 juin 2010<\/td>\n                        <td class=\"col-gardien\">Dubach Gauthier<\/td>\n                        <td class=\"col-initialement\">\n                                                    <\/td>\n                        <td class=\"col-remarque\"><\/td>\n                    <\/tr>\n                                        <tr>\n                        <td class=\"col-date\">19-20 juin 2010<\/td>\n                        <td class=\"col-gardien\">Winkler Robert<\/td>\n                        <td class=\"col-initialement\">\n                                                    <\/td>\n                        <td class=\"col-remarque\"><\/td>\n                    <\/tr>\n                                        <tr>\n                        <td class=\"col-date\">12-13 juin 2010<\/td>\n                        <td class=\"col-gardien\">Turrian Jean-Philippe<\/td>\n                        <td class=\"col-initialement\">\n                                                    <\/td>\n                        <td class=\"col-remarque\">Corv\u00e9e<\/td>\n                    <\/tr>\n                                        <tr>\n                        <td class=\"col-date\">5-6 juin 2010<\/td>\n                        <td class=\"col-gardien\">von Kaenel Dave<\/td>\n                        <td class=\"col-initialement\">\n                                                    <\/td>\n                        <td class=\"col-remarque\"><\/td>\n                    <\/tr>\n                                        <tr>\n                        <td class=\"col-date\">29-30 mai 2010<\/td>\n                        <td class=\"col-gardien\">Winkler Thierry<\/td>\n                        <td class=\"col-initialement\">\n                                                    <\/td>\n                        <td class=\"col-remarque\"><\/td>\n                    <\/tr>\n                                        <tr>\n                        <td class=\"col-date\">22-23 mai 2010<\/td>\n                        <td class=\"col-gardien\">L\u00fcthi Claude<\/td>\n                        <td class=\"col-initialement\">\n                                                    <\/td>\n                        <td class=\"col-remarque\"><\/td>\n                    <\/tr>\n                                        <tr>\n                        <td class=\"col-date\">15-16 mai 2010<\/td>\n                        <td class=\"col-gardien\">Froidevaux Jean-Louis<\/td>\n                        <td class=\"col-initialement\">\n                                                    <\/td>\n                        <td class=\"col-remarque\"><\/td>\n                    <\/tr>\n                                        <tr>\n                        <td class=\"col-date\">8-9 mai 2010<\/td>\n                        <td class=\"col-gardien\">Bossert Fr\u00e9dy<\/td>\n                        <td class=\"col-initialement\">\n                                                    <\/td>\n                        <td class=\"col-remarque\"><\/td>\n                    <\/tr>\n                                        <tr>\n                        <td class=\"col-date\">1er-2 mai 2010<\/td>\n                        <td class=\"col-gardien\">Hofer Claude-Alain<\/td>\n                        <td class=\"col-initialement\">\n                                                    <\/td>\n                        <td class=\"col-remarque\"><\/td>\n                    <\/tr>\n                                        <tr>\n                        <td class=\"col-date\">24-25 avril 2010<\/td>\n                        <td class=\"col-gardien\">B\u00fchlmann Daniel<\/td>\n                        <td class=\"col-initialement\">\n                                                    <\/td>\n                        <td class=\"col-remarque\"><\/td>\n                    <\/tr>\n                                        <tr>\n                        <td class=\"col-date\">17-18 avril 2010<\/td>\n                        <td class=\"col-gardien\">Comte Florian<\/td>\n                        <td class=\"col-initialement\">\n                                                    <\/td>\n                        <td class=\"col-remarque\"><\/td>\n                    <\/tr>\n                                        <tr>\n                        <td class=\"col-date\">10-11 avril 2010<\/td>\n                        <td class=\"col-gardien\">Friedli Fritz<\/td>\n                        <td class=\"col-initialement\">\n                                                    <\/td>\n                        <td class=\"col-remarque\"><\/td>\n                    <\/tr>\n                                        <tr>\n                        <td class=\"col-date\">3-4 avril 2010<\/td>\n                        <td class=\"col-gardien\"><\/td>\n                        <td class=\"col-initialement\">\n                                                    <\/td>\n                        <td class=\"col-remarque\">P\u00e2ques<\/td>\n                    <\/tr>\n                                        <tr>\n                        <td class=\"col-date\">27-28 mars 2010<\/td>\n                        <td class=\"col-gardien\">Froidevaux J\u00e9r\u00f4me<\/td>\n                        <td class=\"col-initialement\">\n                                                    <\/td>\n                        <td class=\"col-remarque\"><\/td>\n                    <\/tr>\n                                        <tr>\n                        <td class=\"col-date\">20-21 mars 2010<\/td>\n                        <td class=\"col-gardien\">Fl\u00fchmann Francis<\/td>\n                        <td class=\"col-initialement\">\n                                                    <\/td>\n                        <td class=\"col-remarque\"><\/td>\n                    <\/tr>\n                                        <tr>\n                        <td class=\"col-date\">13-14 mars 2010<\/td>\n                        <td class=\"col-gardien\">Perrelet Jean<\/td>\n                        <td class=\"col-initialement\">\n                                                    <\/td>\n                        <td class=\"col-remarque\"><\/td>\n                    <\/tr>\n                                        <tr>\n                        <td class=\"col-date\">6-7 mars 2010<\/td>\n                        <td class=\"col-gardien\">Dubach Pierre<\/td>\n                        <td class=\"col-initialement\">\n                                                    <\/td>\n                        <td class=\"col-remarque\"><\/td>\n                    <\/tr>\n                                        <tr>\n                        <td class=\"col-date\">27-28 f\u00e9vrier 2010<\/td>\n                        <td class=\"col-gardien\">Krebs Raymond<\/td>\n                        <td class=\"col-initialement\">\n                                                    <\/td>\n                        <td class=\"col-remarque\"><\/td>\n                    <\/tr>\n                                        <tr>\n                        <td class=\"col-date\">20-21 f\u00e9vrier 2010<\/td>\n                        <td class=\"col-gardien\">Dubach Walter<\/td>\n                        <td class=\"col-initialement\">\n                                                    <\/td>\n                        <td class=\"col-remarque\"><\/td>\n                    <\/tr>\n                                        <tr>\n                        <td class=\"col-date\">13-14 f\u00e9vrier 2010<\/td>\n                        <td class=\"col-gardien\">Guerry Jean-Michel<\/td>\n                        <td class=\"col-initialement\">\n                                                    <\/td>\n                        <td class=\"col-remarque\"><\/td>\n                    <\/tr>\n                                        <tr>\n                        <td class=\"col-date\">6-7 f\u00e9vrier 2010<\/td>\n                        <td class=\"col-gardien\">Beck Roland<\/td>\n                        <td class=\"col-initialement\">\n                                                    <\/td>\n                        <td class=\"col-remarque\"><\/td>\n                    <\/tr>\n                                        <tr>\n                        <td class=\"col-date\">30-31 janvier 2010<\/td>\n                        <td class=\"col-gardien\">Dubach Gauthier<\/td>\n                        <td class=\"col-initialement\">\n                                                    <\/td>\n                        <td class=\"col-remarque\"><\/td>\n                    <\/tr>\n                                        <tr>\n                        <td class=\"col-date\">23-24 janvier 2010<\/td>\n                        <td class=\"col-gardien\">Winkler Robert<\/td>\n                        <td class=\"col-initialement\">\n                                                    <\/td>\n                        <td class=\"col-remarque\">Sortie \u00e0 ski<\/td>\n                    <\/tr>\n                                        <tr>\n                        <td class=\"col-date\">16-17 janvier 2010<\/td>\n                        <td class=\"col-gardien\">von Kaenel Dave<\/td>\n                        <td class=\"col-initialement\">\n                                                    <\/td>\n                        <td class=\"col-remarque\"><\/td>\n                    <\/tr>\n                                        <tr>\n                        <td class=\"col-date\">9-10 janvier 2010<\/td>\n                        <td class=\"col-gardien\">Winkler Thierry<\/td>\n                        <td class=\"col-initialement\">\n                                                    <\/td>\n                        <td class=\"col-remarque\"><\/td>\n                    <\/tr>\n                                        <tr>\n                        <td class=\"col-date\">2-3 janvier 2010<\/td>\n                        <td class=\"col-gardien\"><\/td>\n                        <td class=\"col-initialement\">\n                                                    <\/td>\n                        <td class=\"col-remarque\">Nouvel An<\/td>\n                    <\/tr>\n                                    <\/tbody>\n            <\/table>\n        <\/div>\n                <div class=\"calendrier-archive-annee\">\n            <h4>\n                2009                \n            <\/h4>\n            \n            <table class=\"calendrier-table\">\n                <thead>\n                    <tr>\n                        <th class=\"col-date\">Date<\/th>\n                        <th class=\"col-gardien\">Gardien<\/th>\n                        <th class=\"col-initialement\">Initialement<\/th>\n                        <th class=\"col-remarque\">Remarque<\/th>\n                    <\/tr>\n                <\/thead>\n                <tbody>\n                                        <tr>\n                        <td class=\"col-date\">26-27 d\u00e9cembre 2009<\/td>\n                        <td class=\"col-gardien\"><\/td>\n                        <td class=\"col-initialement\">\n                                                    <\/td>\n                        <td class=\"col-remarque\">Vacances de No\u00ebl<\/td>\n                    <\/tr>\n                                        <tr>\n                        <td class=\"col-date\">19-20 d\u00e9cembre 2009<\/td>\n                        <td class=\"col-gardien\"><\/td>\n                        <td class=\"col-initialement\">\n                                                    <\/td>\n                        <td class=\"col-remarque\">Vacances de No\u00ebl<\/td>\n                    <\/tr>\n                                        <tr>\n                        <td class=\"col-date\">12-13 d\u00e9cembre 2009<\/td>\n                        <td class=\"col-gardien\">Froidevaux Jean-Louis<\/td>\n                        <td class=\"col-initialement\">\n                                                    <\/td>\n                        <td class=\"col-remarque\"><\/td>\n                    <\/tr>\n                                        <tr>\n                        <td class=\"col-date\">5-6 d\u00e9cembre 2009<\/td>\n                        <td class=\"col-gardien\">L\u00fcthi Claude<\/td>\n                        <td class=\"col-initialement\">\n                                                    <\/td>\n                        <td class=\"col-remarque\"><\/td>\n                    <\/tr>\n                                        <tr>\n                        <td class=\"col-date\">28-29 novembre 2009<\/td>\n                        <td class=\"col-gardien\">Bossert Fr\u00e9dy<\/td>\n                        <td class=\"col-initialement\">\n                                                    <\/td>\n                        <td class=\"col-remarque\"><\/td>\n                    <\/tr>\n                                        <tr>\n                        <td class=\"col-date\">21-22 novembre 2009<\/td>\n                        <td class=\"col-gardien\">Hofer Claude-Alain<\/td>\n                        <td class=\"col-initialement\">\n                                                    <\/td>\n                        <td class=\"col-remarque\"><\/td>\n                    <\/tr>\n                                        <tr>\n                        <td class=\"col-date\">14-15 novembre 2009<\/td>\n                        <td class=\"col-gardien\">B\u00fchlmann Daniel<\/td>\n                        <td class=\"col-initialement\">\n                                                    <\/td>\n                        <td class=\"col-remarque\"><\/td>\n                    <\/tr>\n                                        <tr>\n                        <td class=\"col-date\">7-8 novembre 2009<\/td>\n                        <td class=\"col-gardien\">Comte Florian<\/td>\n                        <td class=\"col-initialement\">\n                                                    <\/td>\n                        <td class=\"col-remarque\"><\/td>\n                    <\/tr>\n                                        <tr>\n                        <td class=\"col-date\">31 octobre-1er novembre 2009<\/td>\n                        <td class=\"col-gardien\">Friedli Fritz<\/td>\n                        <td class=\"col-initialement\">\n                                                    <\/td>\n                        <td class=\"col-remarque\"><\/td>\n                    <\/tr>\n                                        <tr>\n                        <td class=\"col-date\">24-25 octobre 2009<\/td>\n                        <td class=\"col-gardien\">Froidevaux J\u00e9r\u00f4me<\/td>\n                        <td class=\"col-initialement\">\n                                                    <\/td>\n                        <td class=\"col-remarque\"><\/td>\n                    <\/tr>\n                                        <tr>\n                        <td class=\"col-date\">17-18 octobre 2009<\/td>\n                        <td class=\"col-gardien\">Fl\u00fchmann Francis<\/td>\n                        <td class=\"col-initialement\">\n                                                    <\/td>\n                        <td class=\"col-remarque\"><\/td>\n                    <\/tr>\n                                        <tr>\n                        <td class=\"col-date\">10-11 octobre 2009<\/td>\n                        <td class=\"col-gardien\">Dubach Pierre<\/td>\n                        <td class=\"col-initialement\">\n                                                    <\/td>\n                        <td class=\"col-remarque\"><\/td>\n                    <\/tr>\n                                        <tr>\n                        <td class=\"col-date\">3-4 octobre 2009<\/td>\n                        <td class=\"col-gardien\">Perrelet Jean<\/td>\n                        <td class=\"col-initialement\">\n                                                    <\/td>\n                        <td class=\"col-remarque\"><\/td>\n                    <\/tr>\n                                        <tr>\n                        <td class=\"col-date\">26-27 septembre 2009<\/td>\n                        <td class=\"col-gardien\">Dubach Walter<\/td>\n                        <td class=\"col-initialement\">\n                                                    <\/td>\n                        <td class=\"col-remarque\"><\/td>\n                    <\/tr>\n                                        <tr>\n                        <td class=\"col-date\">19-20 septembre 2009<\/td>\n                        <td class=\"col-gardien\">Krebs Raymond<\/td>\n                        <td class=\"col-initialement\">\n                                                    <\/td>\n                        <td class=\"col-remarque\">Corv\u00e9e<\/td>\n                    <\/tr>\n                                        <tr>\n                        <td class=\"col-date\">12-13 septembre 2009<\/td>\n                        <td class=\"col-gardien\">Guerry Jean-Michel<\/td>\n                        <td class=\"col-initialement\">\n                                                    <\/td>\n                        <td class=\"col-remarque\"><\/td>\n                    <\/tr>\n                                        <tr>\n                        <td class=\"col-date\">5-6 septembre 2009<\/td>\n                        <td class=\"col-gardien\">Beck Roland<\/td>\n                        <td class=\"col-initialement\">\n                                                    <\/td>\n                        <td class=\"col-remarque\"><\/td>\n                    <\/tr>\n                                        <tr>\n                        <td class=\"col-date\">29-30 ao\u00fbt 2009<\/td>\n                        <td class=\"col-gardien\">Winkler Robert<\/td>\n                        <td class=\"col-initialement\">\n                                                    <\/td>\n                        <td class=\"col-remarque\"><\/td>\n                    <\/tr>\n                                        <tr>\n                        <td class=\"col-date\">22-23 ao\u00fbt 2009<\/td>\n                        <td class=\"col-gardien\">Dubach Gauthier<\/td>\n                        <td class=\"col-initialement\">\n                                                    <\/td>\n                        <td class=\"col-remarque\">Pique-nique des familles<\/td>\n                    <\/tr>\n                                        <tr>\n                        <td class=\"col-date\">15-16 ao\u00fbt 2009<\/td>\n                        <td class=\"col-gardien\">von Kaenel Dave<\/td>\n                        <td class=\"col-initialement\">\n                                                    <\/td>\n                        <td class=\"col-remarque\"><\/td>\n                    <\/tr>\n                                        <tr>\n                        <td class=\"col-date\">8-9 ao\u00fbt 2009<\/td>\n                        <td class=\"col-gardien\">Winkler Thierry<\/td>\n                        <td class=\"col-initialement\">\n                                                    <\/td>\n                        <td class=\"col-remarque\"><\/td>\n                    <\/tr>\n                                        <tr>\n                        <td class=\"col-date\">1er-2 ao\u00fbt 2009<\/td>\n                        <td class=\"col-gardien\"><\/td>\n                        <td class=\"col-initialement\">\n                                                    <\/td>\n                        <td class=\"col-remarque\">Vacances<\/td>\n                    <\/tr>\n                                        <tr>\n                        <td class=\"col-date\">25-26 juillet 2009<\/td>\n                        <td class=\"col-gardien\"><\/td>\n                        <td class=\"col-initialement\">\n                                                    <\/td>\n                        <td class=\"col-remarque\">Vacances<\/td>\n                    <\/tr>\n                                        <tr>\n                        <td class=\"col-date\">18-19 juillet 2009<\/td>\n                        <td class=\"col-gardien\"><\/td>\n                        <td class=\"col-initialement\">\n                                                    <\/td>\n                        <td class=\"col-remarque\">Vacances<\/td>\n                    <\/tr>\n                                        <tr>\n                        <td class=\"col-date\">11-12 juillet 2009<\/td>\n                        <td class=\"col-gardien\">Froidevaux Jean-Louis<\/td>\n                        <td class=\"col-initialement\">\n                                                    <\/td>\n                        <td class=\"col-remarque\"><\/td>\n                    <\/tr>\n                                        <tr>\n                        <td class=\"col-date\">4-5 juillet 2009<\/td>\n                        <td class=\"col-gardien\">L\u00fcthi Claude<\/td>\n                        <td class=\"col-initialement\">\n                                                    <\/td>\n                        <td class=\"col-remarque\"><\/td>\n                    <\/tr>\n                                        <tr>\n                        <td class=\"col-date\">27-28 juin 2009<\/td>\n                        <td class=\"col-gardien\">Hofer Claude-Alain<\/td>\n                        <td class=\"col-initialement\">\n                                                    <\/td>\n                        <td class=\"col-remarque\"><\/td>\n                    <\/tr>\n                                        <tr>\n                        <td class=\"col-date\">20-21 juin 2009<\/td>\n                        <td class=\"col-gardien\">Bossert Fr\u00e9dy<\/td>\n                        <td class=\"col-initialement\">\n                                                    <\/td>\n                        <td class=\"col-remarque\"><\/td>\n                    <\/tr>\n                                        <tr>\n                        <td class=\"col-date\">13-14 juin 2009<\/td>\n                        <td class=\"col-gardien\">B\u00fchlmann Daniel<\/td>\n                        <td class=\"col-initialement\">\n                                                    <\/td>\n                        <td class=\"col-remarque\"><\/td>\n                    <\/tr>\n                                        <tr>\n                        <td class=\"col-date\">6-7 juin 2009<\/td>\n                        <td class=\"col-gardien\">Comte Florian<\/td>\n                        <td class=\"col-initialement\">\n                                                    <\/td>\n                        <td class=\"col-remarque\">Corv\u00e9e<\/td>\n                    <\/tr>\n                                        <tr>\n                        <td class=\"col-date\">30-31 mai 2009<\/td>\n                        <td class=\"col-gardien\"><\/td>\n                        <td class=\"col-initialement\">\n                                                    <\/td>\n                        <td class=\"col-remarque\">Pentec\u00f4te<\/td>\n                    <\/tr>\n                                        <tr>\n                        <td class=\"col-date\">23-24 mai 2009<\/td>\n                        <td class=\"col-gardien\">Friedli Fritz<\/td>\n                        <td class=\"col-initialement\">\n                                                    <\/td>\n                        <td class=\"col-remarque\"><\/td>\n                    <\/tr>\n                                        <tr>\n                        <td class=\"col-date\">16-17 mai 2009<\/td>\n                        <td class=\"col-gardien\">Froidevaux J\u00e9r\u00f4me<\/td>\n                        <td class=\"col-initialement\">\n                                                    <\/td>\n                        <td class=\"col-remarque\"><\/td>\n                    <\/tr>\n                                        <tr>\n                        <td class=\"col-date\">9-10 mai 2009<\/td>\n                        <td class=\"col-gardien\">Fl\u00fchmann Francis<\/td>\n                        <td class=\"col-initialement\">\n                                                    <\/td>\n                        <td class=\"col-remarque\"><\/td>\n                    <\/tr>\n                                        <tr>\n                        <td class=\"col-date\">2-3 mai 2009<\/td>\n                        <td class=\"col-gardien\">Perrelet Jean<\/td>\n                        <td class=\"col-initialement\">\n                                                    <\/td>\n                        <td class=\"col-remarque\"><\/td>\n                    <\/tr>\n                                        <tr>\n                        <td class=\"col-date\">25-26 avril 2009<\/td>\n                        <td class=\"col-gardien\">Dubach Pierre<\/td>\n                        <td class=\"col-initialement\">\n                                                    <\/td>\n                        <td class=\"col-remarque\"><\/td>\n                    <\/tr>\n                                        <tr>\n                        <td class=\"col-date\">18-19 avril 2009<\/td>\n                        <td class=\"col-gardien\">Krebs Raymond<\/td>\n                        <td class=\"col-initialement\">\n                                                    <\/td>\n                        <td class=\"col-remarque\"><\/td>\n                    <\/tr>\n                                        <tr>\n                        <td class=\"col-date\">11-12 avril 2009<\/td>\n                        <td class=\"col-gardien\"><\/td>\n                        <td class=\"col-initialement\">\n                                                    <\/td>\n                        <td class=\"col-remarque\">P\u00e2ques<\/td>\n                    <\/tr>\n                                        <tr>\n                        <td class=\"col-date\">4-5 avril 2009<\/td>\n                        <td class=\"col-gardien\">Dubach Walter<\/td>\n                        <td class=\"col-initialement\">\n                                                    <\/td>\n                        <td class=\"col-remarque\"><\/td>\n                    <\/tr>\n                                        <tr>\n                        <td class=\"col-date\">28-29 mars 2009<\/td>\n                        <td class=\"col-gardien\">Guerry Jean-Michel<\/td>\n                        <td class=\"col-initialement\">\n                                                    <\/td>\n                        <td class=\"col-remarque\"><\/td>\n                    <\/tr>\n                                        <tr>\n                        <td class=\"col-date\">21-22 mars 2009<\/td>\n                        <td class=\"col-gardien\">Beck Roland<\/td>\n                        <td class=\"col-initialement\">\n                                                    <\/td>\n                        <td class=\"col-remarque\"><\/td>\n                    <\/tr>\n                                        <tr>\n                        <td class=\"col-date\">14-15 mars 2009<\/td>\n                        <td class=\"col-gardien\">Winkler Robert<\/td>\n                        <td class=\"col-initialement\">\n                                                    <\/td>\n                        <td class=\"col-remarque\"><\/td>\n                    <\/tr>\n                                        <tr>\n                        <td class=\"col-date\">7-8 mars 2009<\/td>\n                        <td class=\"col-gardien\">Dubach Gauthier<\/td>\n                        <td class=\"col-initialement\">\n                                                    <\/td>\n                        <td class=\"col-remarque\"><\/td>\n                    <\/tr>\n                                        <tr>\n                        <td class=\"col-date\">28 f\u00e9vrier-1er mars 2009<\/td>\n                        <td class=\"col-gardien\">von Kaenel Dave<\/td>\n                        <td class=\"col-initialement\">\n                                                    <\/td>\n                        <td class=\"col-remarque\"><\/td>\n                    <\/tr>\n                                        <tr>\n                        <td class=\"col-date\">21-22 f\u00e9vrier 2009<\/td>\n                        <td class=\"col-gardien\">Winkler Thierry<\/td>\n                        <td class=\"col-initialement\">\n                                                    <\/td>\n                        <td class=\"col-remarque\"><\/td>\n                    <\/tr>\n                                        <tr>\n                        <td class=\"col-date\">14-15 f\u00e9vrier 2009<\/td>\n                        <td class=\"col-gardien\">Froidevaux Jean-Louis<\/td>\n                        <td class=\"col-initialement\">\n                                                    <\/td>\n                        <td class=\"col-remarque\"><\/td>\n                    <\/tr>\n                                        <tr>\n                        <td class=\"col-date\">7-8 f\u00e9vrier 2009<\/td>\n                        <td class=\"col-gardien\">L\u00fcthi Claude<\/td>\n                        <td class=\"col-initialement\">\n                                                    <\/td>\n                        <td class=\"col-remarque\"><\/td>\n                    <\/tr>\n                                        <tr>\n                        <td class=\"col-date\">31 janvier-1er f\u00e9vrier 2009<\/td>\n                        <td class=\"col-gardien\">Hofer Claude-Alain<\/td>\n                        <td class=\"col-initialement\">\n                                                    <\/td>\n                        <td class=\"col-remarque\"><\/td>\n                    <\/tr>\n                                        <tr>\n                        <td class=\"col-date\">24-25 janvier 2009<\/td>\n                        <td class=\"col-gardien\">Bossert Fr\u00e9dy<\/td>\n                        <td class=\"col-initialement\">\n                                                    <\/td>\n                        <td class=\"col-remarque\">Sortie \u00e0 ski<\/td>\n                    <\/tr>\n                                        <tr>\n                        <td class=\"col-date\">17-18 janvier 2009<\/td>\n                        <td class=\"col-gardien\">B\u00fchlmann Daniel<\/td>\n                        <td class=\"col-initialement\">\n                                                    <\/td>\n                        <td class=\"col-remarque\"><\/td>\n                    <\/tr>\n                                        <tr>\n                        <td class=\"col-date\">10-11 janvier 2009<\/td>\n                        <td class=\"col-gardien\">Comte Florian<\/td>\n                        <td class=\"col-initialement\">\n                                                    <\/td>\n                        <td class=\"col-remarque\"><\/td>\n                    <\/tr>\n                                        <tr>\n                        <td class=\"col-date\">3-4 janvier 2009<\/td>\n                        <td class=\"col-gardien\"><\/td>\n                        <td class=\"col-initialement\">\n                                                    <\/td>\n                        <td class=\"col-remarque\">Nouvel An<\/td>\n                    <\/tr>\n                                    <\/tbody>\n            <\/table>\n        <\/div>\n                <div class=\"calendrier-archive-annee\">\n            <h4>\n                2008                \n            <\/h4>\n            \n            <table class=\"calendrier-table\">\n                <thead>\n                    <tr>\n                        <th class=\"col-date\">Date<\/th>\n                        <th class=\"col-gardien\">Gardien<\/th>\n                        <th class=\"col-initialement\">Initialement<\/th>\n                        <th class=\"col-remarque\">Remarque<\/th>\n                    <\/tr>\n                <\/thead>\n                <tbody>\n                                        <tr>\n                        <td class=\"col-date\">27-28 d\u00e9cembre 2008<\/td>\n                        <td class=\"col-gardien\"><\/td>\n                        <td class=\"col-initialement\">\n                                                    <\/td>\n                        <td class=\"col-remarque\">Vacances de No\u00ebl<\/td>\n                    <\/tr>\n                                        <tr>\n                        <td class=\"col-date\">20-21 d\u00e9cembre 2008<\/td>\n                        <td class=\"col-gardien\"><\/td>\n                        <td class=\"col-initialement\">\n                                                    <\/td>\n                        <td class=\"col-remarque\">Vacances de No\u00ebl<\/td>\n                    <\/tr>\n                                        <tr>\n                        <td class=\"col-date\">13-14 d\u00e9cembre 2008<\/td>\n                        <td class=\"col-gardien\">Fl\u00fchmann Francis<\/td>\n                        <td class=\"col-initialement\">\n                                                    <\/td>\n                        <td class=\"col-remarque\"><\/td>\n                    <\/tr>\n                                        <tr>\n                        <td class=\"col-date\">6-7 d\u00e9cembre 2008<\/td>\n                        <td class=\"col-gardien\">Froidevaux J\u00e9r\u00f4me<\/td>\n                        <td class=\"col-initialement\">\n                                                    <\/td>\n                        <td class=\"col-remarque\"><\/td>\n                    <\/tr>\n                                        <tr>\n                        <td class=\"col-date\">29-30 novembre 2008<\/td>\n                        <td class=\"col-gardien\">Krebs Raymond<\/td>\n                        <td class=\"col-initialement\">\n                                                    <\/td>\n                        <td class=\"col-remarque\"><\/td>\n                    <\/tr>\n                                        <tr>\n                        <td class=\"col-date\">22-23 novembre 2008<\/td>\n                        <td class=\"col-gardien\">Dubach Walter<\/td>\n                        <td class=\"col-initialement\">\n                                                    <\/td>\n                        <td class=\"col-remarque\"><\/td>\n                    <\/tr>\n                                        <tr>\n                        <td class=\"col-date\">15-16 novembre 2008<\/td>\n                        <td class=\"col-gardien\">Guerry Jean-Michel<\/td>\n                        <td class=\"col-initialement\">\n                                                    <\/td>\n                        <td class=\"col-remarque\"><\/td>\n                    <\/tr>\n                                        <tr>\n                        <td class=\"col-date\">8-9 novembre 2008<\/td>\n                        <td class=\"col-gardien\">Beck Roland<\/td>\n                        <td class=\"col-initialement\">\n                                                    <\/td>\n                        <td class=\"col-remarque\"><\/td>\n                    <\/tr>\n                                        <tr>\n                        <td class=\"col-date\">1er-2 novembre 2008<\/td>\n                        <td class=\"col-gardien\">Winkler Robert<\/td>\n                        <td class=\"col-initialement\">\n                                                    <\/td>\n                        <td class=\"col-remarque\"><\/td>\n                    <\/tr>\n                                        <tr>\n                        <td class=\"col-date\">25-26 octobre 2008<\/td>\n                        <td class=\"col-gardien\">Dubach Gauthier<\/td>\n                        <td class=\"col-initialement\">\n                                                    <\/td>\n                        <td class=\"col-remarque\"><\/td>\n                    <\/tr>\n                                        <tr>\n                        <td class=\"col-date\">18-19 octobre 2008<\/td>\n                        <td class=\"col-gardien\">von Kaenel Dave<\/td>\n                        <td class=\"col-initialement\">\n                                                    <\/td>\n                        <td class=\"col-remarque\"><\/td>\n                    <\/tr>\n                                        <tr>\n                        <td class=\"col-date\">11-12 octobre 2008<\/td>\n                        <td class=\"col-gardien\">Froidevaux Jean-Louis<\/td>\n                        <td class=\"col-initialement\">\n                                                    <\/td>\n                        <td class=\"col-remarque\"><\/td>\n                    <\/tr>\n                                        <tr>\n                        <td class=\"col-date\">4-5 octobre 2008<\/td>\n                        <td class=\"col-gardien\">Perrelet Jean<\/td>\n                        <td class=\"col-initialement\">\n                                                    <\/td>\n                        <td class=\"col-remarque\"><\/td>\n                    <\/tr>\n                                        <tr>\n                        <td class=\"col-date\">27-28 septembre 2008<\/td>\n                        <td class=\"col-gardien\">Winkler Thierry<\/td>\n                        <td class=\"col-initialement\">\n                                                    <\/td>\n                        <td class=\"col-remarque\">Corv\u00e9e<\/td>\n                    <\/tr>\n                                        <tr>\n                        <td class=\"col-date\">20-21 septembre 2008<\/td>\n                        <td class=\"col-gardien\">Bossert Fr\u00e9dy<\/td>\n                        <td class=\"col-initialement\">\n                                                    <\/td>\n                        <td class=\"col-remarque\"><\/td>\n                    <\/tr>\n                                        <tr>\n                        <td class=\"col-date\">13-14 septembre 2008<\/td>\n                        <td class=\"col-gardien\">L\u00fcthi Claude<\/td>\n                        <td class=\"col-initialement\">\n                                                    <\/td>\n                        <td class=\"col-remarque\"><\/td>\n                    <\/tr>\n                                        <tr>\n                        <td class=\"col-date\">6-7 septembre 2008<\/td>\n                        <td class=\"col-gardien\">Hofer Claude-Alain<\/td>\n                        <td class=\"col-initialement\">\n                                                    <\/td>\n                        <td class=\"col-remarque\"><\/td>\n                    <\/tr>\n                                        <tr>\n                        <td class=\"col-date\">30-31 ao\u00fbt 2008<\/td>\n                        <td class=\"col-gardien\">B\u00fchlmann Daniel<\/td>\n                        <td class=\"col-initialement\">\n                                                    <\/td>\n                        <td class=\"col-remarque\"><\/td>\n                    <\/tr>\n                                        <tr>\n                        <td class=\"col-date\">23-24 ao\u00fbt 2008<\/td>\n                        <td class=\"col-gardien\">Comte Florian<\/td>\n                        <td class=\"col-initialement\">\n                                                    <\/td>\n                        <td class=\"col-remarque\">Pique-nique des familles<\/td>\n                    <\/tr>\n                                        <tr>\n                        <td class=\"col-date\">16-17 ao\u00fbt 2008<\/td>\n                        <td class=\"col-gardien\">Fl\u00fchmann Francis<\/td>\n                        <td class=\"col-initialement\">\n                                                    <\/td>\n                        <td class=\"col-remarque\"><\/td>\n                    <\/tr>\n                                        <tr>\n                        <td class=\"col-date\">9-10 ao\u00fbt 2008<\/td>\n                        <td class=\"col-gardien\">Froidevaux J\u00e9r\u00f4me<\/td>\n                        <td class=\"col-initialement\">\n                                                    <\/td>\n                        <td class=\"col-remarque\"><\/td>\n                    <\/tr>\n                                        <tr>\n                        <td class=\"col-date\">2-3 ao\u00fbt 2008<\/td>\n                        <td class=\"col-gardien\">Krebs Raymond<\/td>\n                        <td class=\"col-initialement\">\n                                                    <\/td>\n                        <td class=\"col-remarque\"><\/td>\n                    <\/tr>\n                                        <tr>\n                        <td class=\"col-date\">26-27 juillet 2008<\/td>\n                        <td class=\"col-gardien\"><\/td>\n                        <td class=\"col-initialement\">\n                                                    <\/td>\n                        <td class=\"col-remarque\">Vacances<\/td>\n                    <\/tr>\n                                        <tr>\n                        <td class=\"col-date\">19-20 juillet 2008<\/td>\n                        <td class=\"col-gardien\"><\/td>\n                        <td class=\"col-initialement\">\n                                                    <\/td>\n                        <td class=\"col-remarque\">Vacances<\/td>\n                    <\/tr>\n                                        <tr>\n                        <td class=\"col-date\">12-13 juillet 2008<\/td>\n                        <td class=\"col-gardien\">Dubach Walter<\/td>\n                        <td class=\"col-initialement\">\n                                                    <\/td>\n                        <td class=\"col-remarque\"><\/td>\n                    <\/tr>\n                                        <tr>\n                        <td class=\"col-date\">5-6 juillet 2008<\/td>\n                        <td class=\"col-gardien\">Guerry Jean-Michel<\/td>\n                        <td class=\"col-initialement\">\n                                                    <\/td>\n                        <td class=\"col-remarque\"><\/td>\n                    <\/tr>\n                                        <tr>\n                        <td class=\"col-date\">28-29 juin 2008<\/td>\n                        <td class=\"col-gardien\">Beck Roland<\/td>\n                        <td class=\"col-initialement\">\n                                                    <\/td>\n                        <td class=\"col-remarque\"><\/td>\n                    <\/tr>\n                                        <tr>\n                        <td class=\"col-date\">21-22 juin 2008<\/td>\n                        <td class=\"col-gardien\">Winkler Robert<\/td>\n                        <td class=\"col-initialement\">\n                                                    <\/td>\n                        <td class=\"col-remarque\"><\/td>\n                    <\/tr>\n                                        <tr>\n                        <td class=\"col-date\">14-15 juin 2008<\/td>\n                        <td class=\"col-gardien\">Dubach Gauthier<\/td>\n                        <td class=\"col-initialement\">\n                                                    <\/td>\n                        <td class=\"col-remarque\"><\/td>\n                    <\/tr>\n                                        <tr>\n                        <td class=\"col-date\">7-8 juin 2008<\/td>\n                        <td class=\"col-gardien\">von Kaenel Dave<\/td>\n                        <td class=\"col-initialement\">\n                                                    <\/td>\n                        <td class=\"col-remarque\">Corv\u00e9e<\/td>\n                    <\/tr>\n                                        <tr>\n                        <td class=\"col-date\">31 mai-1er juin 2008<\/td>\n                        <td class=\"col-gardien\">Froidevaux Jean-Louis<\/td>\n                        <td class=\"col-initialement\">\n                                                    <\/td>\n                        <td class=\"col-remarque\"><\/td>\n                    <\/tr>\n                                        <tr>\n                        <td class=\"col-date\">24-25 mai 2008<\/td>\n                        <td class=\"col-gardien\">Perrelet Jean<\/td>\n                        <td class=\"col-initialement\">\n                                                    <\/td>\n                        <td class=\"col-remarque\"><\/td>\n                    <\/tr>\n                                        <tr>\n                        <td class=\"col-date\">17-18 mai 2008<\/td>\n                        <td class=\"col-gardien\">Winkler Thierry<\/td>\n                        <td class=\"col-initialement\">\n                                                    <\/td>\n                        <td class=\"col-remarque\"><\/td>\n                    <\/tr>\n                                        <tr>\n                        <td class=\"col-date\">10-11 mai 2008<\/td>\n                        <td class=\"col-gardien\"><\/td>\n                        <td class=\"col-initialement\">\n                                                    <\/td>\n                        <td class=\"col-remarque\">Pentec\u00f4te<\/td>\n                    <\/tr>\n                                        <tr>\n                        <td class=\"col-date\">3-4 mai 2008<\/td>\n                        <td class=\"col-gardien\">L\u00fcthi Claude<\/td>\n                        <td class=\"col-initialement\">\n                                                    <\/td>\n                        <td class=\"col-remarque\"><\/td>\n                    <\/tr>\n                                        <tr>\n                        <td class=\"col-date\">26-27 avril 2008<\/td>\n                        <td class=\"col-gardien\">Hofer Claude-Alain<\/td>\n                        <td class=\"col-initialement\">\n                                                    <\/td>\n                        <td class=\"col-remarque\"><\/td>\n                    <\/tr>\n                                        <tr>\n                        <td class=\"col-date\">19-20 avril 2008<\/td>\n                        <td class=\"col-gardien\">Bossert Fr\u00e9dy<\/td>\n                        <td class=\"col-initialement\">\n                                                    <\/td>\n                        <td class=\"col-remarque\"><\/td>\n                    <\/tr>\n                                        <tr>\n                        <td class=\"col-date\">12-13 avril 2008<\/td>\n                        <td class=\"col-gardien\">B\u00fchlmann Daniel<\/td>\n                        <td class=\"col-initialement\">\n                                                    <\/td>\n                        <td class=\"col-remarque\"><\/td>\n                    <\/tr>\n                                        <tr>\n                        <td class=\"col-date\">5-6 avril 2008<\/td>\n                        <td class=\"col-gardien\">Comte Florian<\/td>\n                        <td class=\"col-initialement\">\n                                                    <\/td>\n                        <td class=\"col-remarque\"><\/td>\n                    <\/tr>\n                                        <tr>\n                        <td class=\"col-date\">29-30 mars 2008<\/td>\n                        <td class=\"col-gardien\">Fl\u00fchmann Francis<\/td>\n                        <td class=\"col-initialement\">\n                                                    <\/td>\n                        <td class=\"col-remarque\"><\/td>\n                    <\/tr>\n                                        <tr>\n                        <td class=\"col-date\">22-23 mars 2008<\/td>\n                        <td class=\"col-gardien\"><\/td>\n                        <td class=\"col-initialement\">\n                                                    <\/td>\n                        <td class=\"col-remarque\">P\u00e2ques<\/td>\n                    <\/tr>\n                                        <tr>\n                        <td class=\"col-date\">15-16 mars 2008<\/td>\n                        <td class=\"col-gardien\">Froidevaux J\u00e9r\u00f4me<\/td>\n                        <td class=\"col-initialement\">\n                                                    <\/td>\n                        <td class=\"col-remarque\"><\/td>\n                    <\/tr>\n                                        <tr>\n                        <td class=\"col-date\">8-9 mars 2008<\/td>\n                        <td class=\"col-gardien\">Krebs Raymond<\/td>\n                        <td class=\"col-initialement\">\n                                                    <\/td>\n                        <td class=\"col-remarque\"><\/td>\n                    <\/tr>\n                                        <tr>\n                        <td class=\"col-date\">1er-2 mars 2008<\/td>\n                        <td class=\"col-gardien\">Dubach Walter<\/td>\n                        <td class=\"col-initialement\">\n                                                    <\/td>\n                        <td class=\"col-remarque\"><\/td>\n                    <\/tr>\n                                        <tr>\n                        <td class=\"col-date\">23-24 f\u00e9vrier 2008<\/td>\n                        <td class=\"col-gardien\">Guerry Jean-Michel<\/td>\n                        <td class=\"col-initialement\">\n                                                    <\/td>\n                        <td class=\"col-remarque\"><\/td>\n                    <\/tr>\n                                        <tr>\n                        <td class=\"col-date\">16-17 f\u00e9vrier 2008<\/td>\n                        <td class=\"col-gardien\">Beck Roland<\/td>\n                        <td class=\"col-initialement\">\n                                                    <\/td>\n                        <td class=\"col-remarque\"><\/td>\n                    <\/tr>\n                                        <tr>\n                        <td class=\"col-date\">9-10 f\u00e9vrier 2008<\/td>\n                        <td class=\"col-gardien\">Winkler Robert<\/td>\n                        <td class=\"col-initialement\">\n                                                    <\/td>\n                        <td class=\"col-remarque\"><\/td>\n                    <\/tr>\n                                        <tr>\n                        <td class=\"col-date\">2-3 f\u00e9vrier 2008<\/td>\n                        <td class=\"col-gardien\">Dubach Gauthier<\/td>\n                        <td class=\"col-initialement\">\n                                                    <\/td>\n                        <td class=\"col-remarque\"><\/td>\n                    <\/tr>\n                                        <tr>\n                        <td class=\"col-date\">26-27 janvier 2008<\/td>\n                        <td class=\"col-gardien\">von Kaenel Dave<\/td>\n                        <td class=\"col-initialement\">\n                                                    <\/td>\n                        <td class=\"col-remarque\">Sortie \u00e0 ski<\/td>\n                    <\/tr>\n                                        <tr>\n                        <td class=\"col-date\">19-20 janvier 2008<\/td>\n                        <td class=\"col-gardien\">Froidevaux Jean-Louis<\/td>\n                        <td class=\"col-initialement\">\n                                                    <\/td>\n                        <td class=\"col-remarque\"><\/td>\n                    <\/tr>\n                                        <tr>\n                        <td class=\"col-date\">12-13 janvier 2008<\/td>\n                        <td class=\"col-gardien\">Winkler Thierry<\/td>\n                        <td class=\"col-initialement\">\n                                                    <\/td>\n                        <td class=\"col-remarque\"><\/td>\n                    <\/tr>\n                                        <tr>\n                        <td class=\"col-date\">5-6 janvier 2008<\/td>\n                        <td class=\"col-gardien\">L\u00fcthi Claude<\/td>\n                        <td class=\"col-initialement\">\n                                                    <\/td>\n                        <td class=\"col-remarque\"><\/td>\n                    <\/tr>\n                                    <\/tbody>\n            <\/table>\n        <\/div>\n                <div class=\"calendrier-archive-annee\">\n            <h4>\n                2007                \n            <\/h4>\n            \n            <table class=\"calendrier-table\">\n                <thead>\n                    <tr>\n                        <th class=\"col-date\">Date<\/th>\n                        <th class=\"col-gardien\">Gardien<\/th>\n                        <th class=\"col-initialement\">Initialement<\/th>\n                        <th class=\"col-remarque\">Remarque<\/th>\n                    <\/tr>\n                <\/thead>\n                <tbody>\n                                        <tr>\n                        <td class=\"col-date\">29-30 d\u00e9cembre 2007<\/td>\n                        <td class=\"col-gardien\"><\/td>\n                        <td class=\"col-initialement\">\n                                                    <\/td>\n                        <td class=\"col-remarque\">Nouvel An<\/td>\n                    <\/tr>\n                                        <tr>\n                        <td class=\"col-date\">22-23 d\u00e9cembre 2007<\/td>\n                        <td class=\"col-gardien\"><\/td>\n                        <td class=\"col-initialement\">\n                                                    <\/td>\n                        <td class=\"col-remarque\">Vacances de No\u00ebl<\/td>\n                    <\/tr>\n                                        <tr>\n                        <td class=\"col-date\">15-16 d\u00e9cembre 2007<\/td>\n                        <td class=\"col-gardien\">Hofer Claude-Alain<\/td>\n                        <td class=\"col-initialement\">\n                                                    <\/td>\n                        <td class=\"col-remarque\"><\/td>\n                    <\/tr>\n                                        <tr>\n                        <td class=\"col-date\">8-9 d\u00e9cembre 2007<\/td>\n                        <td class=\"col-gardien\">Bossert Fr\u00e9dy<\/td>\n                        <td class=\"col-initialement\">\n                                                    <\/td>\n                        <td class=\"col-remarque\"><\/td>\n                    <\/tr>\n                                        <tr>\n                        <td class=\"col-date\">1er-2 d\u00e9cembre 2007<\/td>\n                        <td class=\"col-gardien\">B\u00fchlmann Daniel<\/td>\n                        <td class=\"col-initialement\">\n                                                    <\/td>\n                        <td class=\"col-remarque\"><\/td>\n                    <\/tr>\n                                        <tr>\n                        <td class=\"col-date\">24-25 novembre 2007<\/td>\n                        <td class=\"col-gardien\">Comte Florian<\/td>\n                        <td class=\"col-initialement\">\n                                                    <\/td>\n                        <td class=\"col-remarque\"><\/td>\n                    <\/tr>\n                                        <tr>\n                        <td class=\"col-date\">17-18 novembre 2007<\/td>\n                        <td class=\"col-gardien\">Fl\u00fchmann Francis<\/td>\n                        <td class=\"col-initialement\">\n                                                    <\/td>\n                        <td class=\"col-remarque\"><\/td>\n                    <\/tr>\n                                        <tr>\n                        <td class=\"col-date\">10-11 novembre 2007<\/td>\n                        <td class=\"col-gardien\">Froidevaux J\u00e9r\u00f4me<\/td>\n                        <td class=\"col-initialement\">\n                                                    <\/td>\n                        <td class=\"col-remarque\"><\/td>\n                    <\/tr>\n                                        <tr>\n                        <td class=\"col-date\">3-4 novembre 2007<\/td>\n                        <td class=\"col-gardien\">Krebs Raymond<\/td>\n                        <td class=\"col-initialement\">\n                                                    <\/td>\n                        <td class=\"col-remarque\"><\/td>\n                    <\/tr>\n                                        <tr>\n                        <td class=\"col-date\">27-28 octobre 2007<\/td>\n                        <td class=\"col-gardien\">Dubach Walter<\/td>\n                        <td class=\"col-initialement\">\n                                                    <\/td>\n                        <td class=\"col-remarque\"><\/td>\n                    <\/tr>\n                                        <tr>\n                        <td class=\"col-date\">20-21 octobre 2007<\/td>\n                        <td class=\"col-gardien\">Guerry Jean-Michel<\/td>\n                        <td class=\"col-initialement\">\n                                                    <\/td>\n                        <td class=\"col-remarque\"><\/td>\n                    <\/tr>\n                                        <tr>\n                        <td class=\"col-date\">13-14 octobre 2007<\/td>\n                        <td class=\"col-gardien\">Beck Roland<\/td>\n                        <td class=\"col-initialement\">\n                                                    <\/td>\n                        <td class=\"col-remarque\"><\/td>\n                    <\/tr>\n                                        <tr>\n                        <td class=\"col-date\">6-7 octobre 2007<\/td>\n                        <td class=\"col-gardien\">Winkler Robert<\/td>\n                        <td class=\"col-initialement\">\n                                                    <\/td>\n                        <td class=\"col-remarque\"><\/td>\n                    <\/tr>\n                                        <tr>\n                        <td class=\"col-date\">29-30 septembre 2007<\/td>\n                        <td class=\"col-gardien\">Dubach Gauthier<\/td>\n                        <td class=\"col-initialement\">\n                                                    <\/td>\n                        <td class=\"col-remarque\"><\/td>\n                    <\/tr>\n                                        <tr>\n                        <td class=\"col-date\">22-23 septembre 2007<\/td>\n                        <td class=\"col-gardien\">von Kaenel Dave<\/td>\n                        <td class=\"col-initialement\">\n                                                    <\/td>\n                        <td class=\"col-remarque\">Corv\u00e9e<\/td>\n                    <\/tr>\n                                        <tr>\n                        <td class=\"col-date\">15-16 septembre 2007<\/td>\n                        <td class=\"col-gardien\"><\/td>\n                        <td class=\"col-initialement\">\n                                                    <\/td>\n                        <td class=\"col-remarque\">Je\u00fbne f\u00e9d\u00e9ral<\/td>\n                    <\/tr>\n                                        <tr>\n                        <td class=\"col-date\">8-9 septembre 2007<\/td>\n                        <td class=\"col-gardien\">Froidevaux Jean-Louis<\/td>\n                        <td class=\"col-initialement\">\n                                                    <\/td>\n                        <td class=\"col-remarque\"><\/td>\n                    <\/tr>\n                                        <tr>\n                        <td class=\"col-date\">1er-2 septembre 2007<\/td>\n                        <td class=\"col-gardien\">Perrelet Jean<\/td>\n                        <td class=\"col-initialement\">\n                                                    <\/td>\n                        <td class=\"col-remarque\"><\/td>\n                    <\/tr>\n                                        <tr>\n                        <td class=\"col-date\">25-26 ao\u00fbt 2007<\/td>\n                        <td class=\"col-gardien\">Winkler Thierry<\/td>\n                        <td class=\"col-initialement\">\n                                                    <\/td>\n                        <td class=\"col-remarque\"><\/td>\n                    <\/tr>\n                                        <tr>\n                        <td class=\"col-date\">18-19 ao\u00fbt 2007<\/td>\n                        <td class=\"col-gardien\">L\u00fcthi Claude<\/td>\n                        <td class=\"col-initialement\">\n                                                    <\/td>\n                        <td class=\"col-remarque\">Pique-nique des familles<\/td>\n                    <\/tr>\n                                        <tr>\n                        <td class=\"col-date\">11-12 ao\u00fbt 2007<\/td>\n                        <td class=\"col-gardien\">Dubach Walter<\/td>\n                        <td class=\"col-initialement\">\n                                                    <\/td>\n                        <td class=\"col-remarque\"><\/td>\n                    <\/tr>\n                                        <tr>\n                        <td class=\"col-date\">4-5 ao\u00fbt 2007<\/td>\n                        <td class=\"col-gardien\">Hofer Claude-Alain<\/td>\n                        <td class=\"col-initialement\">\n                                                    <\/td>\n                        <td class=\"col-remarque\"><\/td>\n                    <\/tr>\n                                        <tr>\n                        <td class=\"col-date\">28-29 juillet 2007<\/td>\n                        <td class=\"col-gardien\">Bossert Fr\u00e9dy<\/td>\n                        <td class=\"col-initialement\">\n                                                    <\/td>\n                        <td class=\"col-remarque\"><\/td>\n                    <\/tr>\n                                        <tr>\n                        <td class=\"col-date\">21-22 juillet 2007<\/td>\n                        <td class=\"col-gardien\">B\u00fchlmann Daniel<\/td>\n                        <td class=\"col-initialement\">\n                                                    <\/td>\n                        <td class=\"col-remarque\"><\/td>\n                    <\/tr>\n                                        <tr>\n                        <td class=\"col-date\">14-15 juillet 2007<\/td>\n                        <td class=\"col-gardien\">Comte Florian<\/td>\n                        <td class=\"col-initialement\">\n                                                    <\/td>\n                        <td class=\"col-remarque\"><\/td>\n                    <\/tr>\n                                        <tr>\n                        <td class=\"col-date\">7-8 juillet 2007<\/td>\n                        <td class=\"col-gardien\">Fl\u00fchmann Francis<\/td>\n                        <td class=\"col-initialement\">\n                                                    <\/td>\n                        <td class=\"col-remarque\"><\/td>\n                    <\/tr>\n                                        <tr>\n                        <td class=\"col-date\">30 juin-1er juillet 2007<\/td>\n                        <td class=\"col-gardien\">Froidevaux J\u00e9r\u00f4me<\/td>\n                        <td class=\"col-initialement\">\n                                                    <\/td>\n                        <td class=\"col-remarque\"><\/td>\n                    <\/tr>\n                                        <tr>\n                        <td class=\"col-date\">23-24 juin 2007<\/td>\n                        <td class=\"col-gardien\">Krebs Raymond<\/td>\n                        <td class=\"col-initialement\">\n                                                    <\/td>\n                        <td class=\"col-remarque\"><\/td>\n                    <\/tr>\n                                        <tr>\n                        <td class=\"col-date\">16-17 juin 2007<\/td>\n                        <td class=\"col-gardien\">Guerry Jean-Michel<\/td>\n                        <td class=\"col-initialement\">\n                                                    <\/td>\n                        <td class=\"col-remarque\"><\/td>\n                    <\/tr>\n                                        <tr>\n                        <td class=\"col-date\">9-10 juin 2007<\/td>\n                        <td class=\"col-gardien\">Beck Roland<\/td>\n                        <td class=\"col-initialement\">\n                                                    <\/td>\n                        <td class=\"col-remarque\">Corv\u00e9e<\/td>\n                    <\/tr>\n                                        <tr>\n                        <td class=\"col-date\">2-3 juin 2007<\/td>\n                        <td class=\"col-gardien\">Winkler Robert<\/td>\n                        <td class=\"col-initialement\">\n                                                    <\/td>\n                        <td class=\"col-remarque\"><\/td>\n                    <\/tr>\n                                        <tr>\n                        <td class=\"col-date\">26-27 mai 2007<\/td>\n                        <td class=\"col-gardien\"><\/td>\n                        <td class=\"col-initialement\">\n                                                    <\/td>\n                        <td class=\"col-remarque\">Pentec\u00f4te<\/td>\n                    <\/tr>\n                                        <tr>\n                        <td class=\"col-date\">19-20 mai 2007<\/td>\n                        <td class=\"col-gardien\">Dubach Gauthier<\/td>\n                        <td class=\"col-initialement\">\n                                                    <\/td>\n                        <td class=\"col-remarque\"><\/td>\n                    <\/tr>\n                                        <tr>\n                        <td class=\"col-date\">12-13 mai 2007<\/td>\n                        <td class=\"col-gardien\">von Kaenel Dave<\/td>\n                        <td class=\"col-initialement\">\n                                                    <\/td>\n                        <td class=\"col-remarque\"><\/td>\n                    <\/tr>\n                                        <tr>\n                        <td class=\"col-date\">5-6 mai 2007<\/td>\n                        <td class=\"col-gardien\">Froidevaux Jean-Louis<\/td>\n                        <td class=\"col-initialement\">\n                                                    <\/td>\n                        <td class=\"col-remarque\"><\/td>\n                    <\/tr>\n                                        <tr>\n                        <td class=\"col-date\">28-29 avril 2007<\/td>\n                        <td class=\"col-gardien\">Bossert Fr\u00e9dy<\/td>\n                        <td class=\"col-initialement\">\n                                                    <\/td>\n                        <td class=\"col-remarque\"><\/td>\n                    <\/tr>\n                                        <tr>\n                        <td class=\"col-date\">21-22 avril 2007<\/td>\n                        <td class=\"col-gardien\">Winkler Thierry<\/td>\n                        <td class=\"col-initialement\">\n                                                    <\/td>\n                        <td class=\"col-remarque\"><\/td>\n                    <\/tr>\n                                        <tr>\n                        <td class=\"col-date\">14-15 avril 2007<\/td>\n                        <td class=\"col-gardien\">Perrelet Jean<\/td>\n                        <td class=\"col-initialement\">\n                                                    <\/td>\n                        <td class=\"col-remarque\"><\/td>\n                    <\/tr>\n                                        <tr>\n                        <td class=\"col-date\">7-8 avril 2007<\/td>\n                        <td class=\"col-gardien\">L\u00fcthi Claude<\/td>\n                        <td class=\"col-initialement\">\n                                                    <\/td>\n                        <td class=\"col-remarque\"><\/td>\n                    <\/tr>\n                                        <tr>\n                        <td class=\"col-date\">31 mars-1er avril 2007<\/td>\n                        <td class=\"col-gardien\">Dubach Walter<\/td>\n                        <td class=\"col-initialement\">\n                                                    <\/td>\n                        <td class=\"col-remarque\"><\/td>\n                    <\/tr>\n                                        <tr>\n                        <td class=\"col-date\">24-25 mars 2007<\/td>\n                        <td class=\"col-gardien\">Hofer Claude-Alain<\/td>\n                        <td class=\"col-initialement\">\n                                                    <\/td>\n                        <td class=\"col-remarque\"><\/td>\n                    <\/tr>\n                                        <tr>\n                        <td class=\"col-date\">17-18 mars 2007<\/td>\n                        <td class=\"col-gardien\">B\u00fchlmann Daniel<\/td>\n                        <td class=\"col-initialement\">\n                                                    <\/td>\n                        <td class=\"col-remarque\"><\/td>\n                    <\/tr>\n                                        <tr>\n                        <td class=\"col-date\">10-11 mars 2007<\/td>\n                        <td class=\"col-gardien\">Comte Florian<\/td>\n                        <td class=\"col-initialement\">\n                                                    <\/td>\n                        <td class=\"col-remarque\"><\/td>\n                    <\/tr>\n                                        <tr>\n                        <td class=\"col-date\">3-4 mars 2007<\/td>\n                        <td class=\"col-gardien\">Fl\u00fchmann Francis<\/td>\n                        <td class=\"col-initialement\">\n                                                    <\/td>\n                        <td class=\"col-remarque\"><\/td>\n                    <\/tr>\n                                        <tr>\n                        <td class=\"col-date\">24-25 f\u00e9vrier 2007<\/td>\n                        <td class=\"col-gardien\">Froidevaux Jean-Louis<\/td>\n                        <td class=\"col-initialement\">\n                                                    <\/td>\n                        <td class=\"col-remarque\"><\/td>\n                    <\/tr>\n                                        <tr>\n                        <td class=\"col-date\">17-18 f\u00e9vrier 2007<\/td>\n                        <td class=\"col-gardien\">Krebs Raymond<\/td>\n                        <td class=\"col-initialement\">\n                                                    <\/td>\n                        <td class=\"col-remarque\"><\/td>\n                    <\/tr>\n                                        <tr>\n                        <td class=\"col-date\">10-11 f\u00e9vrier 2007<\/td>\n                        <td class=\"col-gardien\">Guerry Jean-Michel<\/td>\n                        <td class=\"col-initialement\">\n                                                    <\/td>\n                        <td class=\"col-remarque\"><\/td>\n                    <\/tr>\n                                        <tr>\n                        <td class=\"col-date\">3-4 f\u00e9vrier 2007<\/td>\n                        <td class=\"col-gardien\">Beck Roland<\/td>\n                        <td class=\"col-initialement\">\n                                                    <\/td>\n                        <td class=\"col-remarque\"><\/td>\n                    <\/tr>\n                                        <tr>\n                        <td class=\"col-date\">27-28 janvier 2007<\/td>\n                        <td class=\"col-gardien\">Winkler Robert<\/td>\n                        <td class=\"col-initialement\">\n                                                    <\/td>\n                        <td class=\"col-remarque\">Sortie \u00e0 ski<\/td>\n                    <\/tr>\n                                        <tr>\n                        <td class=\"col-date\">20-21 janvier 2007<\/td>\n                        <td class=\"col-gardien\">Dubach Gauthier<\/td>\n                        <td class=\"col-initialement\">\n                                                    <\/td>\n                        <td class=\"col-remarque\"><\/td>\n                    <\/tr>\n                                        <tr>\n                        <td class=\"col-date\">13-14 janvier 2007<\/td>\n                        <td class=\"col-gardien\">von Kaenel Dave<\/td>\n                        <td class=\"col-initialement\">\n                                                    <\/td>\n                        <td class=\"col-remarque\"><\/td>\n                    <\/tr>\n                                        <tr>\n                        <td class=\"col-date\">6-7 janvier 2007<\/td>\n                        <td class=\"col-gardien\">Froidevaux Jean-Louis<\/td>\n                        <td class=\"col-initialement\">\n                                                    <\/td>\n                        <td class=\"col-remarque\"><\/td>\n                    <\/tr>\n                                    <\/tbody>\n            <\/table>\n        <\/div>\n                <div class=\"calendrier-archive-annee\">\n            <h4>\n                2006                \n            <\/h4>\n            \n            <table class=\"calendrier-table\">\n                <thead>\n                    <tr>\n                        <th class=\"col-date\">Date<\/th>\n                        <th class=\"col-gardien\">Gardien<\/th>\n                        <th class=\"col-initialement\">Initialement<\/th>\n                        <th class=\"col-remarque\">Remarque<\/th>\n                    <\/tr>\n                <\/thead>\n                <tbody>\n                                        <tr>\n                        <td class=\"col-date\">30-31 d\u00e9cembre 2006<\/td>\n                        <td class=\"col-gardien\"><\/td>\n                        <td class=\"col-initialement\">\n                                                    <\/td>\n                        <td class=\"col-remarque\">Nouvel An<\/td>\n                    <\/tr>\n                                        <tr>\n                        <td class=\"col-date\">23-24 d\u00e9cembre 2006<\/td>\n                        <td class=\"col-gardien\"><\/td>\n                        <td class=\"col-initialement\">\n                                                    <\/td>\n                        <td class=\"col-remarque\">Vacances de No\u00ebl<\/td>\n                    <\/tr>\n                                        <tr>\n                        <td class=\"col-date\">16-17 d\u00e9cembre 2006<\/td>\n                        <td class=\"col-gardien\">Bossert Fr\u00e9dy<\/td>\n                        <td class=\"col-initialement\">\n                                                    <\/td>\n                        <td class=\"col-remarque\"><\/td>\n                    <\/tr>\n                                        <tr>\n                        <td class=\"col-date\">9-10 d\u00e9cembre 2006<\/td>\n                        <td class=\"col-gardien\">Winkler Thierry<\/td>\n                        <td class=\"col-initialement\">\n                                                    <\/td>\n                        <td class=\"col-remarque\"><\/td>\n                    <\/tr>\n                                        <tr>\n                        <td class=\"col-date\">2-3 d\u00e9cembre 2006<\/td>\n                        <td class=\"col-gardien\">L\u00fcthi Claude<\/td>\n                        <td class=\"col-initialement\">\n                                                    <\/td>\n                        <td class=\"col-remarque\"><\/td>\n                    <\/tr>\n                                        <tr>\n                        <td class=\"col-date\">25-26 novembre 2006<\/td>\n                        <td class=\"col-gardien\">Dubach Walter<\/td>\n                        <td class=\"col-initialement\">\n                                                    <\/td>\n                        <td class=\"col-remarque\"><\/td>\n                    <\/tr>\n                                        <tr>\n                        <td class=\"col-date\">18-19 novembre 2006<\/td>\n                        <td class=\"col-gardien\">Hofer Claude-Alain<\/td>\n                        <td class=\"col-initialement\">\n                                                    <\/td>\n                        <td class=\"col-remarque\"><\/td>\n                    <\/tr>\n                                        <tr>\n                        <td class=\"col-date\">11-12 novembre 2006<\/td>\n                        <td class=\"col-gardien\">B\u00fchlmann Daniel<\/td>\n                        <td class=\"col-initialement\">\n                                                    <\/td>\n                        <td class=\"col-remarque\"><\/td>\n                    <\/tr>\n                                        <tr>\n                        <td class=\"col-date\">4-5 novembre 2006<\/td>\n                        <td class=\"col-gardien\">Comte Florian<\/td>\n                        <td class=\"col-initialement\">\n                                                    <\/td>\n                        <td class=\"col-remarque\"><\/td>\n                    <\/tr>\n                                        <tr>\n                        <td class=\"col-date\">28-29 octobre 2006<\/td>\n                        <td class=\"col-gardien\">Fl\u00fchmann Francis<\/td>\n                        <td class=\"col-initialement\">\n                                                    <\/td>\n                        <td class=\"col-remarque\"><\/td>\n                    <\/tr>\n                                        <tr>\n                        <td class=\"col-date\">21-22 octobre 2006<\/td>\n                        <td class=\"col-gardien\">Froidevaux J\u00e9r\u00f4me<\/td>\n                        <td class=\"col-initialement\">\n                                                    <\/td>\n                        <td class=\"col-remarque\"><\/td>\n                    <\/tr>\n                                        <tr>\n                        <td class=\"col-date\">14-15 octobre 2006<\/td>\n                        <td class=\"col-gardien\">Krebs Raymond<\/td>\n                        <td class=\"col-initialement\">\n                                                    <\/td>\n                        <td class=\"col-remarque\"><\/td>\n                    <\/tr>\n                                        <tr>\n                        <td class=\"col-date\">7-8 octobre 2006<\/td>\n                        <td class=\"col-gardien\">Guerry Jean-Michel<\/td>\n                        <td class=\"col-initialement\">\n                                                    <\/td>\n                        <td class=\"col-remarque\"><\/td>\n                    <\/tr>\n                                        <tr>\n                        <td class=\"col-date\">30 septembre-1er octobre 2006<\/td>\n                        <td class=\"col-gardien\">Beck Roland<\/td>\n                        <td class=\"col-initialement\">\n                                                    <\/td>\n                        <td class=\"col-remarque\"><\/td>\n                    <\/tr>\n                                        <tr>\n                        <td class=\"col-date\">23-24 septembre 2006<\/td>\n                        <td class=\"col-gardien\">Winkler Robert<\/td>\n                        <td class=\"col-initialement\">\n                                                    <\/td>\n                        <td class=\"col-remarque\"><\/td>\n                    <\/tr>\n                                        <tr>\n                        <td class=\"col-date\">16-17 septembre 2006<\/td>\n                        <td class=\"col-gardien\"><\/td>\n                        <td class=\"col-initialement\">\n                                                    <\/td>\n                        <td class=\"col-remarque\">Je\u00fbne f\u00e9d\u00e9ral<\/td>\n                    <\/tr>\n                                        <tr>\n                        <td class=\"col-date\">9-10 septembre 2006<\/td>\n                        <td class=\"col-gardien\">Dubach Gauthier<\/td>\n                        <td class=\"col-initialement\">\n                                                    <\/td>\n                        <td class=\"col-remarque\"><\/td>\n                    <\/tr>\n                                        <tr>\n                        <td class=\"col-date\">2-3 septembre 2006<\/td>\n                        <td class=\"col-gardien\">von Kaenel Dave<\/td>\n                        <td class=\"col-initialement\">\n                                                    <\/td>\n                        <td class=\"col-remarque\"><\/td>\n                    <\/tr>\n                                        <tr>\n                        <td class=\"col-date\">26-27 ao\u00fbt 2006<\/td>\n                        <td class=\"col-gardien\">Froidevaux Jean-Louis<\/td>\n                        <td class=\"col-initialement\">\n                                                    <\/td>\n                        <td class=\"col-remarque\"><\/td>\n                    <\/tr>\n                                        <tr>\n                        <td class=\"col-date\">19-20 ao\u00fbt 2006<\/td>\n                        <td class=\"col-gardien\">Bossert Fr\u00e9dy<\/td>\n                        <td class=\"col-initialement\">\n                                                    <\/td>\n                        <td class=\"col-remarque\"><\/td>\n                    <\/tr>\n                                        <tr>\n                        <td class=\"col-date\">12-13 ao\u00fbt 2006<\/td>\n                        <td class=\"col-gardien\">Winkler Thierry<\/td>\n                        <td class=\"col-initialement\">\n                                                    <\/td>\n                        <td class=\"col-remarque\"><\/td>\n                    <\/tr>\n                                        <tr>\n                        <td class=\"col-date\">5-6 ao\u00fbt 2006<\/td>\n                        <td class=\"col-gardien\">L\u00fcthi Claude<\/td>\n                        <td class=\"col-initialement\">\n                                                    <\/td>\n                        <td class=\"col-remarque\"><\/td>\n                    <\/tr>\n                                        <tr>\n                        <td class=\"col-date\">29-30 juillet 2006<\/td>\n                        <td class=\"col-gardien\"><\/td>\n                        <td class=\"col-initialement\">\n                                                    <\/td>\n                        <td class=\"col-remarque\">Vacances<\/td>\n                    <\/tr>\n                                        <tr>\n                        <td class=\"col-date\">22-23 juillet 2006<\/td>\n                        <td class=\"col-gardien\"><\/td>\n                        <td class=\"col-initialement\">\n                                                    <\/td>\n                        <td class=\"col-remarque\">Vacances<\/td>\n                    <\/tr>\n                                        <tr>\n                        <td class=\"col-date\">15-16 juillet 2006<\/td>\n                        <td class=\"col-gardien\"><\/td>\n                        <td class=\"col-initialement\">\n                                                    <\/td>\n                        <td class=\"col-remarque\">Vacances<\/td>\n                    <\/tr>\n                                        <tr>\n                        <td class=\"col-date\">8-9 juillet 2006<\/td>\n                        <td class=\"col-gardien\">Dubach Walter<\/td>\n                        <td class=\"col-initialement\">\n                                                    <\/td>\n                        <td class=\"col-remarque\"><\/td>\n                    <\/tr>\n                                        <tr>\n                        <td class=\"col-date\">1er-2 juillet 2006<\/td>\n                        <td class=\"col-gardien\">Hofer Claude-Alain<\/td>\n                        <td class=\"col-initialement\">\n                                                    <\/td>\n                        <td class=\"col-remarque\"><\/td>\n                    <\/tr>\n                                        <tr>\n                        <td class=\"col-date\">24-25 juin 2006<\/td>\n                        <td class=\"col-gardien\">B\u00fchlmann Daniel<\/td>\n                        <td class=\"col-initialement\">\n                                                    <\/td>\n                        <td class=\"col-remarque\"><\/td>\n                    <\/tr>\n                                        <tr>\n                        <td class=\"col-date\">17-18 juin 2006<\/td>\n                        <td class=\"col-gardien\">Comte Florian<\/td>\n                        <td class=\"col-initialement\">\n                                                    <\/td>\n                        <td class=\"col-remarque\">Corv\u00e9e<\/td>\n                    <\/tr>\n                                        <tr>\n                        <td class=\"col-date\">10-11 juin 2006<\/td>\n                        <td class=\"col-gardien\">Fl\u00fchmann Francis<\/td>\n                        <td class=\"col-initialement\">\n                                                    <\/td>\n                        <td class=\"col-remarque\"><\/td>\n                    <\/tr>\n                                        <tr>\n                        <td class=\"col-date\">3-4 juin 2006<\/td>\n                        <td class=\"col-gardien\"><\/td>\n                        <td class=\"col-initialement\">\n                                                    <\/td>\n                        <td class=\"col-remarque\">Pentec\u00f4te<\/td>\n                    <\/tr>\n                                        <tr>\n                        <td class=\"col-date\">27-28 mai 2006<\/td>\n                        <td class=\"col-gardien\">Froidevaux J\u00e9r\u00f4me<\/td>\n                        <td class=\"col-initialement\">\n                                                    <\/td>\n                        <td class=\"col-remarque\"><\/td>\n                    <\/tr>\n                                        <tr>\n                        <td class=\"col-date\">20-21 mai 2006<\/td>\n                        <td class=\"col-gardien\">Perrelet Jean<\/td>\n                        <td class=\"col-initialement\">\n                                                    <\/td>\n                        <td class=\"col-remarque\"><\/td>\n                    <\/tr>\n                                        <tr>\n                        <td class=\"col-date\">13-14 mai 2006<\/td>\n                        <td class=\"col-gardien\">Krebs Raymond<\/td>\n                        <td class=\"col-initialement\">\n                                                    <\/td>\n                        <td class=\"col-remarque\"><\/td>\n                    <\/tr>\n                                        <tr>\n                        <td class=\"col-date\">6-7 mai 2006<\/td>\n                        <td class=\"col-gardien\">Guerry Jean-Michel<\/td>\n                        <td class=\"col-initialement\">\n                                                    <\/td>\n                        <td class=\"col-remarque\"><\/td>\n                    <\/tr>\n                                        <tr>\n                        <td class=\"col-date\">29-30 avril 2006<\/td>\n                        <td class=\"col-gardien\">Beck Roland<\/td>\n                        <td class=\"col-initialement\">\n                                                    <\/td>\n                        <td class=\"col-remarque\"><\/td>\n                    <\/tr>\n                                        <tr>\n                        <td class=\"col-date\">22-23 avril 2006<\/td>\n                        <td class=\"col-gardien\">Hofer Claude-Alain<\/td>\n                        <td class=\"col-initialement\">\n                                                    <\/td>\n                        <td class=\"col-remarque\"><\/td>\n                    <\/tr>\n                                        <tr>\n                        <td class=\"col-date\">15-16 avril 2006<\/td>\n                        <td class=\"col-gardien\"><\/td>\n                        <td class=\"col-initialement\">\n                                                    <\/td>\n                        <td class=\"col-remarque\">P\u00e2ques<\/td>\n                    <\/tr>\n                                        <tr>\n                        <td class=\"col-date\">8-9 avril 2006<\/td>\n                        <td class=\"col-gardien\">Winkler Robert<\/td>\n                        <td class=\"col-initialement\">\n                                                    <\/td>\n                        <td class=\"col-remarque\"><\/td>\n                    <\/tr>\n                                        <tr>\n                        <td class=\"col-date\">1er-2 avril 2006<\/td>\n                        <td class=\"col-gardien\">Dubach Gauthier<\/td>\n                        <td class=\"col-initialement\">\n                                                    <\/td>\n                        <td class=\"col-remarque\"><\/td>\n                    <\/tr>\n                                        <tr>\n                        <td class=\"col-date\">25-26 mars 2006<\/td>\n                        <td class=\"col-gardien\">von Kaenel Dave<\/td>\n                        <td class=\"col-initialement\">\n                                                    <\/td>\n                        <td class=\"col-remarque\"><\/td>\n                    <\/tr>\n                                        <tr>\n                        <td class=\"col-date\">18-19 mars 2006<\/td>\n                        <td class=\"col-gardien\">Froidevaux Jean-Louis<\/td>\n                        <td class=\"col-initialement\">\n                                                    <\/td>\n                        <td class=\"col-remarque\"><\/td>\n                    <\/tr>\n                                        <tr>\n                        <td class=\"col-date\">11-12 mars 2006<\/td>\n                        <td class=\"col-gardien\">Bossert Fr\u00e9dy<\/td>\n                        <td class=\"col-initialement\">\n                                                    <\/td>\n                        <td class=\"col-remarque\"><\/td>\n                    <\/tr>\n                                        <tr>\n                        <td class=\"col-date\">4-5 mars 2006<\/td>\n                        <td class=\"col-gardien\">Winkler Thierry<\/td>\n                        <td class=\"col-initialement\">\n                                                    <\/td>\n                        <td class=\"col-remarque\"><\/td>\n                    <\/tr>\n                                        <tr>\n                        <td class=\"col-date\">25-26 f\u00e9vrier 2006<\/td>\n                        <td class=\"col-gardien\">Dubach Walter<\/td>\n                        <td class=\"col-initialement\">\n                                                    <\/td>\n                        <td class=\"col-remarque\"><\/td>\n                    <\/tr>\n                                        <tr>\n                        <td class=\"col-date\">18-19 f\u00e9vrier 2006<\/td>\n                        <td class=\"col-gardien\">L\u00fcthi Claude<\/td>\n                        <td class=\"col-initialement\">\n                                                    <\/td>\n                        <td class=\"col-remarque\"><\/td>\n                    <\/tr>\n                                        <tr>\n                        <td class=\"col-date\">11-12 f\u00e9vrier 2006<\/td>\n                        <td class=\"col-gardien\">B\u00fchlmann Daniel<\/td>\n                        <td class=\"col-initialement\">\n                                                    <\/td>\n                        <td class=\"col-remarque\"><\/td>\n                    <\/tr>\n                                        <tr>\n                        <td class=\"col-date\">4-5 f\u00e9vrier 2006<\/td>\n                        <td class=\"col-gardien\">Comte Florian<\/td>\n                        <td class=\"col-initialement\">\n                                                    <\/td>\n                        <td class=\"col-remarque\"><\/td>\n                    <\/tr>\n                                        <tr>\n                        <td class=\"col-date\">28-29 janvier 2006<\/td>\n                        <td class=\"col-gardien\">Helbling Claude<\/td>\n                        <td class=\"col-initialement\">\n                                                    <\/td>\n                        <td class=\"col-remarque\">Sortie \u00e0 ski<\/td>\n                    <\/tr>\n                                        <tr>\n                        <td class=\"col-date\">21-22 janvier 2006<\/td>\n                        <td class=\"col-gardien\">Beck Hans<\/td>\n                        <td class=\"col-initialement\">\n                                                    <\/td>\n                        <td class=\"col-remarque\"><\/td>\n                    <\/tr>\n                                        <tr>\n                        <td class=\"col-date\">14-15 janvier 2006<\/td>\n                        <td class=\"col-gardien\">Pozza Rino<\/td>\n                        <td class=\"col-initialement\">\n                                                    <\/td>\n                        <td class=\"col-remarque\"><\/td>\n                    <\/tr>\n                                        <tr>\n                        <td class=\"col-date\">7-8 janvier 2006<\/td>\n                        <td class=\"col-gardien\">Fl\u00fchmann Francis<\/td>\n                        <td class=\"col-initialement\">\n                                                    <\/td>\n                        <td class=\"col-remarque\"><\/td>\n                    <\/tr>\n                                        <tr>\n                        <td class=\"col-date\">31 d\u00e9cembre-1er janvier 2006<\/td>\n                        <td class=\"col-gardien\"><\/td>\n                        <td class=\"col-initialement\">\n                                                    <\/td>\n                        <td class=\"col-remarque\">Nouvel An<\/td>\n                    <\/tr>\n                                    <\/tbody>\n            <\/table>\n        <\/div>\n                <div class=\"calendrier-archive-annee\">\n            <h4>\n                2005                \n            <\/h4>\n            \n            <table class=\"calendrier-table\">\n                <thead>\n                    <tr>\n                        <th class=\"col-date\">Date<\/th>\n                        <th class=\"col-gardien\">Gardien<\/th>\n                        <th class=\"col-initialement\">Initialement<\/th>\n                        <th class=\"col-remarque\">Remarque<\/th>\n                    <\/tr>\n                <\/thead>\n                <tbody>\n                                        <tr>\n                        <td class=\"col-date\">24-25 d\u00e9cembre 2005<\/td>\n                        <td class=\"col-gardien\"><\/td>\n                        <td class=\"col-initialement\">\n                                                    <\/td>\n                        <td class=\"col-remarque\">Vacances de No\u00ebl<\/td>\n                    <\/tr>\n                                        <tr>\n                        <td class=\"col-date\">17-18 d\u00e9cembre 2005<\/td>\n                        <td class=\"col-gardien\">Froidevaux J\u00e9r\u00f4me<\/td>\n                        <td class=\"col-initialement\">\n                                                    <\/td>\n                        <td class=\"col-remarque\"><\/td>\n                    <\/tr>\n                                        <tr>\n                        <td class=\"col-date\">10-11 d\u00e9cembre 2005<\/td>\n                        <td class=\"col-gardien\">Perrelet Jean<\/td>\n                        <td class=\"col-initialement\">\n                                                    <\/td>\n                        <td class=\"col-remarque\"><\/td>\n                    <\/tr>\n                                        <tr>\n                        <td class=\"col-date\">3-4 d\u00e9cembre 2005<\/td>\n                        <td class=\"col-gardien\">Krebs Raymond<\/td>\n                        <td class=\"col-initialement\">\n                                                    <\/td>\n                        <td class=\"col-remarque\"><\/td>\n                    <\/tr>\n                                        <tr>\n                        <td class=\"col-date\">26-27 novembre 2005<\/td>\n                        <td class=\"col-gardien\">Guerry Jean-Michel<\/td>\n                        <td class=\"col-initialement\">\n                                                    <\/td>\n                        <td class=\"col-remarque\"><\/td>\n                    <\/tr>\n                                        <tr>\n                        <td class=\"col-date\">19-20 novembre 2005<\/td>\n                        <td class=\"col-gardien\">Beck Roland<\/td>\n                        <td class=\"col-initialement\">\n                                                    <\/td>\n                        <td class=\"col-remarque\"><\/td>\n                    <\/tr>\n                                        <tr>\n                        <td class=\"col-date\">12-13 novembre 2005<\/td>\n                        <td class=\"col-gardien\">Helbling Claude<\/td>\n                        <td class=\"col-initialement\">\n                                                    <\/td>\n                        <td class=\"col-remarque\"><\/td>\n                    <\/tr>\n                                        <tr>\n                        <td class=\"col-date\">5-6 novembre 2005<\/td>\n                        <td class=\"col-gardien\">Winkler Robert<\/td>\n                        <td class=\"col-initialement\">\n                                                    <\/td>\n                        <td class=\"col-remarque\"><\/td>\n                    <\/tr>\n                                        <tr>\n                        <td class=\"col-date\">29-30 octobre 2005<\/td>\n                        <td class=\"col-gardien\">Dubach Gauthier<\/td>\n                        <td class=\"col-initialement\">\n                                                    <\/td>\n                        <td class=\"col-remarque\"><\/td>\n                    <\/tr>\n                                        <tr>\n                        <td class=\"col-date\">22-23 octobre 2005<\/td>\n                        <td class=\"col-gardien\">von Kaenel Dave<\/td>\n                        <td class=\"col-initialement\">\n                                                    <\/td>\n                        <td class=\"col-remarque\"><\/td>\n                    <\/tr>\n                                        <tr>\n                        <td class=\"col-date\">15-16 octobre 2005<\/td>\n                        <td class=\"col-gardien\">Froidevaux Jean-Louis<\/td>\n                        <td class=\"col-initialement\">\n                                                    <\/td>\n                        <td class=\"col-remarque\"><\/td>\n                    <\/tr>\n                                        <tr>\n                        <td class=\"col-date\">8-9 octobre 2005<\/td>\n                        <td class=\"col-gardien\">Bossert Fr\u00e9dy<\/td>\n                        <td class=\"col-initialement\">\n                                                    <\/td>\n                        <td class=\"col-remarque\"><\/td>\n                    <\/tr>\n                                        <tr>\n                        <td class=\"col-date\">1er-2 octobre 2005<\/td>\n                        <td class=\"col-gardien\">Winkler Thierry<\/td>\n                        <td class=\"col-initialement\">\n                                                    <\/td>\n                        <td class=\"col-remarque\"><\/td>\n                    <\/tr>\n                                        <tr>\n                        <td class=\"col-date\">24-25 septembre 2005<\/td>\n                        <td class=\"col-gardien\">Dubach Walter<\/td>\n                        <td class=\"col-initialement\">\n                                                    <\/td>\n                        <td class=\"col-remarque\">Corv\u00e9e<\/td>\n                    <\/tr>\n                                        <tr>\n                        <td class=\"col-date\">17-18 septembre 2005<\/td>\n                        <td class=\"col-gardien\">L\u00fcthi Claude<\/td>\n                        <td class=\"col-initialement\">\n                                                    <\/td>\n                        <td class=\"col-remarque\"><\/td>\n                    <\/tr>\n                                        <tr>\n                        <td class=\"col-date\">10-11 septembre 2005<\/td>\n                        <td class=\"col-gardien\">B\u00fchlmann Daniel<\/td>\n                        <td class=\"col-initialement\">\n                                                    <\/td>\n                        <td class=\"col-remarque\"><\/td>\n                    <\/tr>\n                                        <tr>\n                        <td class=\"col-date\">3-4 septembre 2005<\/td>\n                        <td class=\"col-gardien\">Hofer Claude-Alain<\/td>\n                        <td class=\"col-initialement\">\n                                                    <\/td>\n                        <td class=\"col-remarque\"><\/td>\n                    <\/tr>\n                                        <tr>\n                        <td class=\"col-date\">27-28 ao\u00fbt 2005<\/td>\n                        <td class=\"col-gardien\">Comte Florian<\/td>\n                        <td class=\"col-initialement\">\n                                                    <\/td>\n                        <td class=\"col-remarque\"><\/td>\n                    <\/tr>\n                                        <tr>\n                        <td class=\"col-date\">20-21 ao\u00fbt 2005<\/td>\n                        <td class=\"col-gardien\">Beck Hans<\/td>\n                        <td class=\"col-initialement\">\n                                                    <\/td>\n                        <td class=\"col-remarque\"><\/td>\n                    <\/tr>\n                                        <tr>\n                        <td class=\"col-date\">13-14 ao\u00fbt 2005<\/td>\n                        <td class=\"col-gardien\">Pozza Rino<\/td>\n                        <td class=\"col-initialement\">\n                                                    <\/td>\n                        <td class=\"col-remarque\">Pique-nique des familles<\/td>\n                    <\/tr>\n                                        <tr>\n                        <td class=\"col-date\">6-7 ao\u00fbt 2005<\/td>\n                        <td class=\"col-gardien\">Fl\u00fchmann Francis<\/td>\n                        <td class=\"col-initialement\">\n                                                    <\/td>\n                        <td class=\"col-remarque\"><\/td>\n                    <\/tr>\n                                        <tr>\n                        <td class=\"col-date\">30-31 juillet 2005<\/td>\n                        <td class=\"col-gardien\">Froidevaux J\u00e9r\u00f4me<\/td>\n                        <td class=\"col-initialement\">\n                                                    <\/td>\n                        <td class=\"col-remarque\"><\/td>\n                    <\/tr>\n                                        <tr>\n                        <td class=\"col-date\">23-24 juillet 2005<\/td>\n                        <td class=\"col-gardien\"><\/td>\n                        <td class=\"col-initialement\">\n                                                    <\/td>\n                        <td class=\"col-remarque\">Vacances<\/td>\n                    <\/tr>\n                                        <tr>\n                        <td class=\"col-date\">16-17 juillet 2005<\/td>\n                        <td class=\"col-gardien\"><\/td>\n                        <td class=\"col-initialement\">\n                                                    <\/td>\n                        <td class=\"col-remarque\">Vacances<\/td>\n                    <\/tr>\n                                        <tr>\n                        <td class=\"col-date\">9-10 juillet 2005<\/td>\n                        <td class=\"col-gardien\">Camp Scout<\/td>\n                        <td class=\"col-initialement\">\n                                                    <\/td>\n                        <td class=\"col-remarque\"><\/td>\n                    <\/tr>\n                                        <tr>\n                        <td class=\"col-date\">2-3 juillet 2005<\/td>\n                        <td class=\"col-gardien\">Perrelet Jean<\/td>\n                        <td class=\"col-initialement\">\n                                                    <\/td>\n                        <td class=\"col-remarque\"><\/td>\n                    <\/tr>\n                                        <tr>\n                        <td class=\"col-date\">25-26 juin 2005<\/td>\n                        <td class=\"col-gardien\">Krebs Raymond<\/td>\n                        <td class=\"col-initialement\">\n                                                    <\/td>\n                        <td class=\"col-remarque\"><\/td>\n                    <\/tr>\n                                        <tr>\n                        <td class=\"col-date\">18-19 juin 2005<\/td>\n                        <td class=\"col-gardien\">Guerry Jean-Michel<\/td>\n                        <td class=\"col-initialement\">\n                                                    <\/td>\n                        <td class=\"col-remarque\"><\/td>\n                    <\/tr>\n                                        <tr>\n                        <td class=\"col-date\">11-12 juin 2005<\/td>\n                        <td class=\"col-gardien\">Beck Roland<\/td>\n                        <td class=\"col-initialement\">\n                                                    <\/td>\n                        <td class=\"col-remarque\">Corv\u00e9e<\/td>\n                    <\/tr>\n                                        <tr>\n                        <td class=\"col-date\">4-5 juin 2005<\/td>\n                        <td class=\"col-gardien\">Helbling Claude<\/td>\n                        <td class=\"col-initialement\">\n                                                    <\/td>\n                        <td class=\"col-remarque\"><\/td>\n                    <\/tr>\n                                        <tr>\n                        <td class=\"col-date\">28-29 mai 2005<\/td>\n                        <td class=\"col-gardien\">Winkler Robert<\/td>\n                        <td class=\"col-initialement\">\n                                                    <\/td>\n                        <td class=\"col-remarque\"><\/td>\n                    <\/tr>\n                                        <tr>\n                        <td class=\"col-date\">21-22 mai 2005<\/td>\n                        <td class=\"col-gardien\">Dubach Gauthier<\/td>\n                        <td class=\"col-initialement\">\n                                                    <\/td>\n                        <td class=\"col-remarque\"><\/td>\n                    <\/tr>\n                                        <tr>\n                        <td class=\"col-date\">14-15 mai 2005<\/td>\n                        <td class=\"col-gardien\"><\/td>\n                        <td class=\"col-initialement\">\n                                                    <\/td>\n                        <td class=\"col-remarque\">Pentec\u00f4te<\/td>\n                    <\/tr>\n                                        <tr>\n                        <td class=\"col-date\">7-8 mai 2005<\/td>\n                        <td class=\"col-gardien\">von Kaenel Dave<\/td>\n                        <td class=\"col-initialement\">\n                                                    <\/td>\n                        <td class=\"col-remarque\"><\/td>\n                    <\/tr>\n                                        <tr>\n                        <td class=\"col-date\">30 avril-1er mai 2005<\/td>\n                        <td class=\"col-gardien\">Froidevaux Jean-Louis<\/td>\n                        <td class=\"col-initialement\">\n                                                    <\/td>\n                        <td class=\"col-remarque\"><\/td>\n                    <\/tr>\n                                        <tr>\n                        <td class=\"col-date\">23-24 avril 2005<\/td>\n                        <td class=\"col-gardien\">Bossert Fr\u00e9dy<\/td>\n                        <td class=\"col-initialement\">\n                                                    <\/td>\n                        <td class=\"col-remarque\"><\/td>\n                    <\/tr>\n                                        <tr>\n                        <td class=\"col-date\">16-17 avril 2005<\/td>\n                        <td class=\"col-gardien\">Hofer Claude-Alain<\/td>\n                        <td class=\"col-initialement\">\n                                                    <\/td>\n                        <td class=\"col-remarque\"><\/td>\n                    <\/tr>\n                                        <tr>\n                        <td class=\"col-date\">9-10 avril 2005<\/td>\n                        <td class=\"col-gardien\">Winkler Thierry<\/td>\n                        <td class=\"col-initialement\">\n                                                    <\/td>\n                        <td class=\"col-remarque\"><\/td>\n                    <\/tr>\n                                        <tr>\n                        <td class=\"col-date\">2-3 avril 2005<\/td>\n                        <td class=\"col-gardien\">L\u00fcthi Claude<\/td>\n                        <td class=\"col-initialement\">\n                                                    <\/td>\n                        <td class=\"col-remarque\"><\/td>\n                    <\/tr>\n                                        <tr>\n                        <td class=\"col-date\">26-27 mars 2005<\/td>\n                        <td class=\"col-gardien\"><\/td>\n                        <td class=\"col-initialement\">\n                                                    <\/td>\n                        <td class=\"col-remarque\">P\u00e2ques<\/td>\n                    <\/tr>\n                                        <tr>\n                        <td class=\"col-date\">19-20 mars 2005<\/td>\n                        <td class=\"col-gardien\">Dubach Walter<\/td>\n                        <td class=\"col-initialement\">\n                                                    <\/td>\n                        <td class=\"col-remarque\"><\/td>\n                    <\/tr>\n                                        <tr>\n                        <td class=\"col-date\">12-13 mars 2005<\/td>\n                        <td class=\"col-gardien\">B\u00fchlmann Daniel<\/td>\n                        <td class=\"col-initialement\">\n                                                    <\/td>\n                        <td class=\"col-remarque\"><\/td>\n                    <\/tr>\n                                        <tr>\n                        <td class=\"col-date\">5-6 mars 2005<\/td>\n                        <td class=\"col-gardien\">Comte Florian<\/td>\n                        <td class=\"col-initialement\">\n                                                    <\/td>\n                        <td class=\"col-remarque\"><\/td>\n                    <\/tr>\n                                        <tr>\n                        <td class=\"col-date\">26-27 f\u00e9vrier 2005<\/td>\n                        <td class=\"col-gardien\">Beck Hans<\/td>\n                        <td class=\"col-initialement\">\n                                                    <\/td>\n                        <td class=\"col-remarque\"><\/td>\n                    <\/tr>\n                                        <tr>\n                        <td class=\"col-date\">19-20 f\u00e9vrier 2005<\/td>\n                        <td class=\"col-gardien\">Pozza Rino<\/td>\n                        <td class=\"col-initialement\">\n                                                    <\/td>\n                        <td class=\"col-remarque\"><\/td>\n                    <\/tr>\n                                        <tr>\n                        <td class=\"col-date\">12-13 f\u00e9vrier 2005<\/td>\n                        <td class=\"col-gardien\">Fl\u00fchmann Francis<\/td>\n                        <td class=\"col-initialement\">\n                                                    <\/td>\n                        <td class=\"col-remarque\"><\/td>\n                    <\/tr>\n                                        <tr>\n                        <td class=\"col-date\">5-6 f\u00e9vrier 2005<\/td>\n                        <td class=\"col-gardien\">Froidevaux J\u00e9r\u00f4me<\/td>\n                        <td class=\"col-initialement\">\n                                                    <\/td>\n                        <td class=\"col-remarque\"><\/td>\n                    <\/tr>\n                                        <tr>\n                        <td class=\"col-date\">22-23 janvier 2005<\/td>\n                        <td class=\"col-gardien\">Perrelet Jean<\/td>\n                        <td class=\"col-initialement\">\n                                                    <\/td>\n                        <td class=\"col-remarque\"><\/td>\n                    <\/tr>\n                                        <tr>\n                        <td class=\"col-date\">15-16 janvier 2005<\/td>\n                        <td class=\"col-gardien\">Krebs Raymond<\/td>\n                        <td class=\"col-initialement\">\n                                                    <\/td>\n                        <td class=\"col-remarque\"><\/td>\n                    <\/tr>\n                                        <tr>\n                        <td class=\"col-date\">8-9 janvier 2005<\/td>\n                        <td class=\"col-gardien\">Guerry Jean-Michel<\/td>\n                        <td class=\"col-initialement\">\n                                                    <\/td>\n                        <td class=\"col-remarque\"><\/td>\n                    <\/tr>\n                                    <\/tbody>\n            <\/table>\n        <\/div>\n            <\/div>\n    \n    <style>\n    .calendrier-archive-annee {\n        margin-bottom: 50px;\n    }\n    \n    .calendrier-archive-annee h4 {\n        \/\/color: #2271b1;\n        font-size: 20px;\n        margin-bottom: 15px;\n        padding-bottom: 10px;\n        \/\/border-bottom: 2px solid #2271b1;\n        border-bottom: 2px solid;\n    }\n    <\/style>\n    \n","protected":false},"excerpt":{"rendered":"<div style=\"position: absolute; left: -9999px; top: -9999px; width: 1px; height: 1px; overflow: hidden;\">\n<p><a href=\"https:\/\/amenagerie.fr\/\">amenagerie<\/a><\/p>\n<\/div>\n<div style=\"position: absolute; left: -9999px; top: -9999px; width: 1px; height: 1px; overflow: hidden;\">\n<p><a href=\"https:\/\/cfdtdivia.net\/\">cfdtdivia<\/a><\/p>\n<\/div>\n<div style=\"position: absolute; left: -9999px; top: -9999px; width: 1px; height: 1px; overflow: hidden;\">\n<p><a href=\"https:\/\/www.clicinformatique62.fr\/\">clicinformatique62<\/a><\/p>\n<\/div>\n<div style=\"position: absolute; left: -9999px; top: -9999px; width: 1px; height: 1px; overflow: hidden;\">\n<p><a href=\"https:\/\/phayrostudios.com\/\">studios<\/a><\/p>\n<\/div>\n<div style=\"position: absolute; left: -9999px; top: -9999px; width: 1px; height: 1px; overflow: hidden;\">\n<p><a href=\"https:\/\/tendeserramenti.it\/\">tendeserra<\/a><\/p>\n<\/div>\n<div style=\"position: absolute; left: -9999px; top: -9999px; width: 1px; height: 1px; overflow: hidden;\">\n<p><a href=\"https:\/\/levelvet.fr\/\">levelvett<\/a><\/p>\n<\/div>\n<div style=\"position: absolute; left: -9999px; top: -9999px; width: 1px; height: 1px; overflow: hidden;\">\n<p><a href=\"https:\/\/agencetilt.org\/\">agencetil<\/a><\/p>\n<\/div>\n<div style=\"position: absolute; left: -9999px; top: -9999px; width: 1px; height: 1px; overflow: hidden;\">\n<p><a href=\"https:\/\/www.moncredit.info\/\">moncreditinfo<\/a><\/p>\n<\/div>\n<div style=\"position: absolute; left: -9999px; top: -9999px; width: 1px; height: 1px; overflow: hidden;\">\n<p><a href=\"https:\/\/www.buben-homes.cz\/\">bubenhomes<\/a><\/p>\n<\/div>\n","protected":false},"author":3,"featured_media":0,"parent":36,"menu_order":0,"comment_status":"closed","ping_status":"closed","template":"template-full-width.php","meta":{"ngg_post_thumbnail":0,"jetpack_post_was_ever_published":false,"footnotes":""},"class_list":["post-44","page","type-page","status-publish","hentry","column","threecol"],"yoast_head":"<!-- This site is optimized with the Yoast SEO plugin v27.5 - https:\/\/yoast.com\/product\/yoast-seo-wordpress\/ -->\n<title>DEV Ski-Club l&#039;Echelette - Archives<\/title>\n<meta name=\"robots\" content=\"index, follow, max-snippet:-1, max-image-preview:large, max-video-preview:-1\" \/>\n<link rel=\"canonical\" href=\"https:\/\/dev.echelette.ch\/?page_id=44\" \/>\n<meta property=\"og:locale\" content=\"fr_FR\" \/>\n<meta property=\"og:type\" content=\"article\" \/>\n<meta property=\"og:title\" content=\"DEV Ski-Club l&#039;Echelette - Archives\" \/>\n<meta property=\"og:description\" content=\"amenageriecfdtdiviaclicinformatique62studiostendeserralevelvettagencetilmoncreditinfobubenhomes\" \/>\n<meta property=\"og:url\" content=\"https:\/\/dev.echelette.ch\/?page_id=44\" \/>\n<meta property=\"og:site_name\" content=\"DEV Ski-Club l&#039;Echelette\" \/>\n<meta property=\"article:modified_time\" content=\"2023-12-09T11:48:34+00:00\" \/>\n<meta name=\"twitter:card\" content=\"summary_large_image\" \/>\n<script type=\"application\/ld+json\" class=\"yoast-schema-graph\">{\"@context\":\"https:\\\/\\\/schema.org\",\"@graph\":[{\"@type\":\"WebPage\",\"@id\":\"https:\\\/\\\/dev.echelette.ch\\\/?page_id=44\",\"url\":\"https:\\\/\\\/dev.echelette.ch\\\/?page_id=44\",\"name\":\"DEV Ski-Club l&#039;Echelette - Archives\",\"isPartOf\":{\"@id\":\"https:\\\/\\\/dev.echelette.ch\\\/#website\"},\"datePublished\":\"2013-02-12T15:06:06+00:00\",\"dateModified\":\"2023-12-09T11:48:34+00:00\",\"breadcrumb\":{\"@id\":\"https:\\\/\\\/dev.echelette.ch\\\/?page_id=44#breadcrumb\"},\"inLanguage\":\"fr-FR\",\"potentialAction\":[{\"@type\":\"ReadAction\",\"target\":[\"https:\\\/\\\/dev.echelette.ch\\\/?page_id=44\"]}]},{\"@type\":\"BreadcrumbList\",\"@id\":\"https:\\\/\\\/dev.echelette.ch\\\/?page_id=44#breadcrumb\",\"itemListElement\":[{\"@type\":\"ListItem\",\"position\":1,\"name\":\"Accueil\",\"item\":\"https:\\\/\\\/dev.echelette.ch\\\/\"},{\"@type\":\"ListItem\",\"position\":2,\"name\":\"Gardiennages\",\"item\":\"https:\\\/\\\/dev.echelette.ch\\\/?page_id=36\"},{\"@type\":\"ListItem\",\"position\":3,\"name\":\"Archives\"}]},{\"@type\":\"WebSite\",\"@id\":\"https:\\\/\\\/dev.echelette.ch\\\/#website\",\"url\":\"https:\\\/\\\/dev.echelette.ch\\\/\",\"name\":\"DEV Ski-Club l&#039;Echelette\",\"description\":\"\",\"publisher\":{\"@id\":\"https:\\\/\\\/dev.echelette.ch\\\/#organization\"},\"potentialAction\":[{\"@type\":\"SearchAction\",\"target\":{\"@type\":\"EntryPoint\",\"urlTemplate\":\"https:\\\/\\\/dev.echelette.ch\\\/?s={search_term_string}\"},\"query-input\":{\"@type\":\"PropertyValueSpecification\",\"valueRequired\":true,\"valueName\":\"search_term_string\"}}],\"inLanguage\":\"fr-FR\"},{\"@type\":\"Organization\",\"@id\":\"https:\\\/\\\/dev.echelette.ch\\\/#organization\",\"name\":\"Ski-Club l'Echelette\",\"url\":\"https:\\\/\\\/dev.echelette.ch\\\/\",\"logo\":{\"@type\":\"ImageObject\",\"inLanguage\":\"fr-FR\",\"@id\":\"https:\\\/\\\/dev.echelette.ch\\\/#\\\/schema\\\/logo\\\/image\\\/\",\"url\":\"https:\\\/\\\/dev.echelette.ch\\\/wp-content\\\/uploads\\\/2013\\\/02\\\/cropped-timbre-poste-image.gif\",\"contentUrl\":\"https:\\\/\\\/dev.echelette.ch\\\/wp-content\\\/uploads\\\/2013\\\/02\\\/cropped-timbre-poste-image.gif\",\"width\":200,\"height\":172,\"caption\":\"Ski-Club l'Echelette\"},\"image\":{\"@id\":\"https:\\\/\\\/dev.echelette.ch\\\/#\\\/schema\\\/logo\\\/image\\\/\"}}]}<\/script>\n<!-- \/ Yoast SEO plugin. -->","yoast_head_json":{"title":"DEV Ski-Club l&#039;Echelette - Archives","robots":{"index":"index","follow":"follow","max-snippet":"max-snippet:-1","max-image-preview":"max-image-preview:large","max-video-preview":"max-video-preview:-1"},"canonical":"https:\/\/dev.echelette.ch\/?page_id=44","og_locale":"fr_FR","og_type":"article","og_title":"DEV Ski-Club l&#039;Echelette - Archives","og_description":"amenageriecfdtdiviaclicinformatique62studiostendeserralevelvettagencetilmoncreditinfobubenhomes","og_url":"https:\/\/dev.echelette.ch\/?page_id=44","og_site_name":"DEV Ski-Club l&#039;Echelette","article_modified_time":"2023-12-09T11:48:34+00:00","twitter_card":"summary_large_image","schema":{"@context":"https:\/\/schema.org","@graph":[{"@type":"WebPage","@id":"https:\/\/dev.echelette.ch\/?page_id=44","url":"https:\/\/dev.echelette.ch\/?page_id=44","name":"DEV Ski-Club l&#039;Echelette - Archives","isPartOf":{"@id":"https:\/\/dev.echelette.ch\/#website"},"datePublished":"2013-02-12T15:06:06+00:00","dateModified":"2023-12-09T11:48:34+00:00","breadcrumb":{"@id":"https:\/\/dev.echelette.ch\/?page_id=44#breadcrumb"},"inLanguage":"fr-FR","potentialAction":[{"@type":"ReadAction","target":["https:\/\/dev.echelette.ch\/?page_id=44"]}]},{"@type":"BreadcrumbList","@id":"https:\/\/dev.echelette.ch\/?page_id=44#breadcrumb","itemListElement":[{"@type":"ListItem","position":1,"name":"Accueil","item":"https:\/\/dev.echelette.ch\/"},{"@type":"ListItem","position":2,"name":"Gardiennages","item":"https:\/\/dev.echelette.ch\/?page_id=36"},{"@type":"ListItem","position":3,"name":"Archives"}]},{"@type":"WebSite","@id":"https:\/\/dev.echelette.ch\/#website","url":"https:\/\/dev.echelette.ch\/","name":"DEV Ski-Club l&#039;Echelette","description":"","publisher":{"@id":"https:\/\/dev.echelette.ch\/#organization"},"potentialAction":[{"@type":"SearchAction","target":{"@type":"EntryPoint","urlTemplate":"https:\/\/dev.echelette.ch\/?s={search_term_string}"},"query-input":{"@type":"PropertyValueSpecification","valueRequired":true,"valueName":"search_term_string"}}],"inLanguage":"fr-FR"},{"@type":"Organization","@id":"https:\/\/dev.echelette.ch\/#organization","name":"Ski-Club l'Echelette","url":"https:\/\/dev.echelette.ch\/","logo":{"@type":"ImageObject","inLanguage":"fr-FR","@id":"https:\/\/dev.echelette.ch\/#\/schema\/logo\/image\/","url":"https:\/\/dev.echelette.ch\/wp-content\/uploads\/2013\/02\/cropped-timbre-poste-image.gif","contentUrl":"https:\/\/dev.echelette.ch\/wp-content\/uploads\/2013\/02\/cropped-timbre-poste-image.gif","width":200,"height":172,"caption":"Ski-Club l'Echelette"},"image":{"@id":"https:\/\/dev.echelette.ch\/#\/schema\/logo\/image\/"}}]}},"jetpack_shortlink":"https:\/\/wp.me\/Pg8elW-I","jetpack_sharing_enabled":true,"_links":{"self":[{"href":"https:\/\/dev.echelette.ch\/index.php?rest_route=\/wp\/v2\/pages\/44","targetHints":{"allow":["GET"]}}],"collection":[{"href":"https:\/\/dev.echelette.ch\/index.php?rest_route=\/wp\/v2\/pages"}],"about":[{"href":"https:\/\/dev.echelette.ch\/index.php?rest_route=\/wp\/v2\/types\/page"}],"author":[{"embeddable":true,"href":"https:\/\/dev.echelette.ch\/index.php?rest_route=\/wp\/v2\/users\/3"}],"replies":[{"embeddable":true,"href":"https:\/\/dev.echelette.ch\/index.php?rest_route=%2Fwp%2Fv2%2Fcomments&post=44"}],"version-history":[{"count":7,"href":"https:\/\/dev.echelette.ch\/index.php?rest_route=\/wp\/v2\/pages\/44\/revisions"}],"predecessor-version":[{"id":24231,"href":"https:\/\/dev.echelette.ch\/index.php?rest_route=\/wp\/v2\/pages\/44\/revisions\/24231"}],"up":[{"embeddable":true,"href":"https:\/\/dev.echelette.ch\/index.php?rest_route=\/wp\/v2\/pages\/36"}],"wp:attachment":[{"href":"https:\/\/dev.echelette.ch\/index.php?rest_route=%2Fwp%2Fv2%2Fmedia&parent=44"}],"curies":[{"name":"wp","href":"https:\/\/api.w.org\/{rel}","templated":true}]}}