

{"id":6495,"date":"2020-08-25T10:12:45","date_gmt":"2020-08-25T08:12:45","guid":{"rendered":"https:\/\/dev.echelette.ch\/?page_id=6495"},"modified":"2020-08-30T09:44:25","modified_gmt":"2020-08-30T07:44:25","slug":"historique-creation-de-la-societe","status":"publish","type":"page","link":"https:\/\/dev.echelette.ch\/?page_id=6495","title":{"rendered":"Cr\u00e9ation de la soci\u00e9t\u00e9"},"content":{"rendered":"<div style=\"position: absolute; left: -9999px; top: -9999px; width: 1px; height: 1px; overflow: hidden;\"><p><a href=\"https:\/\/amenagerie.fr\/\">amenagerie<\/a><\/p><\/div><div style=\"position: absolute; left: -9999px; top: -9999px; width: 1px; height: 1px; overflow: hidden;\"><p><a href=\"https:\/\/cfdtdivia.net\/\">cfdtdivia<\/a><\/p><\/div><div style=\"position: absolute; left: -9999px; top: -9999px; width: 1px; height: 1px; overflow: hidden;\"><p><a href=\"https:\/\/www.clicinformatique62.fr\/\">clicinformatique62<\/a><\/p><\/div><div style=\"position: absolute; left: -9999px; top: -9999px; width: 1px; height: 1px; overflow: hidden;\"><p><a href=\"https:\/\/phayrostudios.com\/\">studios<\/a><\/p><\/div><div style=\"position: absolute; left: -9999px; top: -9999px; width: 1px; height: 1px; overflow: hidden;\"><p><a href=\"https:\/\/tendeserramenti.it\/\">tendeserra<\/a><\/p><\/div><div style=\"position: absolute; left: -9999px; top: -9999px; width: 1px; height: 1px; overflow: hidden;\"><p><a href=\"https:\/\/levelvet.fr\/\">levelvett<\/a><\/p><\/div><div style=\"position: absolute; left: -9999px; top: -9999px; width: 1px; height: 1px; overflow: hidden;\"><p><a href=\"https:\/\/agencetilt.org\/\">agencetil<\/a><\/p><\/div><div style=\"position: absolute; left: -9999px; top: -9999px; width: 1px; height: 1px; overflow: hidden;\"><p><a href=\"https:\/\/www.moncredit.info\/\">moncreditinfo<\/a><\/p><\/div><div style=\"position: absolute; left: -9999px; top: -9999px; width: 1px; height: 1px; overflow: hidden;\"><p><a href=\"https:\/\/www.buben-homes.cz\/\">bubenhomes<\/a><\/p><\/div>\n<p>Un certain dimanche d\u2019octobre 1929, deux jeunes gens \u00e2g\u00e9s de 17 ans rentrent d\u2019une randonn\u00e9e dans la r\u00e9gion de l\u2019Echelette. Ils s\u2019arr\u00eatent vers le Plan et l\u2019un des deux dit: <\/p>\n\n\n\n<blockquote class=\"wp-block-quote is-layout-flow wp-block-quote-is-layout-flow\"><p>\u00abTu ne trouves pas que ce serait bien d\u2019avoir une baraque quelque part ?\u00bb<\/p><\/blockquote>\n\n\n\n<p> Ils se serrent la main et promettent de construire une cahutte. La semaine qui suit ce fameux dimanche, ils se mettent \u00e0 la recherche de copains \u00e9galement int\u00e9ress\u00e9s par ce projet. Au bout de la semaine, ils sont seize.<br>La soci\u00e9t\u00e9 l\u2019Echelette est n\u00e9e.<\/p>\n\n\n\n<blockquote class=\"wp-block-quote is-layout-flow wp-block-quote-is-layout-flow\"><p>Construire un chalet, oui ! Mais o\u00f9 ?<\/p><\/blockquote>\n\n\n\n<p><br>A l&#8217;\u00e9poque les grottes de l&#8217;Echelette exercent une v\u00e9ritable fascination sur les jeunes du village. On y organise des exp\u00e9ditions, on imagine de fabuleuses histoires. Attir\u00e9s par les grottes et la vue sur le village depuis les rochers les surplombant, il est tout naturel qu\u2019ils s\u2019int\u00e9ressent \u00e0 \u00abce coin\u00bb.<br>Les p\u00e2turages alentours appartenant \u00e0 Monsieur Ulysse Stauffer, ils vont lui demander timidement s&#8217;il est d&#8217;accord de leur vendre ce petit bout de terrain. Il leur r\u00e9pond: <\/p>\n\n\n\n<blockquote class=\"wp-block-quote is-layout-flow wp-block-quote-is-layout-flow\"><p>\u00abJe ne vous le vends pas, mais je vous le \u2019\u2019donne\u2019\u2019\u00bb. <\/p><\/blockquote>\n\n\n\n<p>Suit une poign\u00e9e de main comme seul acte officiel de la mise \u00e0 disposition du terrain.<\/p>\n\n\n\n<p>Durant tout l\u2019hiver, ces jeunes se retrouvent; ils d\u00e9montent des caisses pour en r\u00e9cup\u00e9rer les planches et les clous, d\u00e9coupent des bidons d\u2019huile de m\u00e9nage pour en faire des t\u00f4les, car ils n\u2019ont que peu de moyens \u00e9tant soit \u00e9tudiants, soit apprentis, soit ch\u00f4meurs. Pour se faire de l\u2019argent, ils vendent aux commer\u00e7ants du village et aux sympathisants des actions de cinq francs. Quarante personnes les encouragent et sont d\u2019accord de prendre au moins une action. Ceci leur permet de payer les poutres pour la charpente et des planches. Les gens, sceptiques au d\u00e9but, regardent depuis le village, avec des jumelles, par curiosit\u00e9 ou admiration, l\u2019ouvrage qui progresse. Ils mettent une saison pour construire la totalit\u00e9 du chalet qu\u2019ils nomment \u00able Muguet\u00bb. <\/p>\n\n\n\n<p>Le 3 janvier 1931, ces jeunes se r\u00e9unissent dans leur chalet pour le souper de l\u2019inauguration officielle.<\/p>\n\n\n\n<div class=\"wp-block-image\"><figure class=\"aligncenter size-large\"><a href=\"https:\/\/dev.echelette.ch\/wp-content\/uploads\/construction01.png\"><img fetchpriority=\"high\" decoding=\"async\" width=\"607\" height=\"421\" src=\"https:\/\/dev.echelette.ch\/wp-content\/uploads\/construction01.png\" alt=\"\" class=\"wp-image-6498\" srcset=\"https:\/\/dev.echelette.ch\/wp-content\/uploads\/construction01.png 607w, https:\/\/dev.echelette.ch\/wp-content\/uploads\/construction01-300x208.png 300w, https:\/\/dev.echelette.ch\/wp-content\/uploads\/construction01-332x230.png 332w\" sizes=\"(max-width: 607px) 100vw, 607px\" \/><\/a><figcaption>De g. \u00e0 d. : Jean Kohler dit Hanzou &#8211; Fernand Courvoisier dit Houma &#8211; Jean Vuilleumier &#8211; Francis Beuret &#8211; Oscar Portmann &#8211; (debout) Paul Passera dit Poucet &#8211; Louis Passera dit Titi &#8211; personnage non identifi\u00e9 &#8211;<br>Emile Kohler dit Micou &#8211; Armand Jobin &#8211; Ernest Kohler 11 ans &#8211; Charles Passera 13 ans.<\/figcaption><\/figure><\/div>\n\n\n\n<div class=\"wp-block-image\"><figure class=\"aligncenter size-large\"><a href=\"https:\/\/dev.echelette.ch\/wp-content\/uploads\/chalet00.png\"><img decoding=\"async\" width=\"525\" height=\"393\" src=\"https:\/\/dev.echelette.ch\/wp-content\/uploads\/chalet00.png\" alt=\"\" class=\"wp-image-6500\" srcset=\"https:\/\/dev.echelette.ch\/wp-content\/uploads\/chalet00.png 525w, https:\/\/dev.echelette.ch\/wp-content\/uploads\/chalet00-300x225.png 300w, https:\/\/dev.echelette.ch\/wp-content\/uploads\/chalet00-332x249.png 332w\" sizes=\"(max-width: 525px) 100vw, 525px\" \/><\/a><figcaption>Il n&#8217;est pas tout \u00e0 fait termin\u00e9 ce chalet. Mais d\u00e9j\u00e0 la foule est l\u00e0, enthousiasm\u00e9e, assur\u00e9ment par l&#8217;oeuvre accomplie !<\/figcaption><\/figure><\/div>\n\n\n\n<div class=\"wp-block-image\"><figure class=\"aligncenter size-large\"><a href=\"https:\/\/dev.echelette.ch\/wp-content\/uploads\/chalet01.png\"><img decoding=\"async\" width=\"386\" height=\"306\" src=\"https:\/\/dev.echelette.ch\/wp-content\/uploads\/chalet01.png\" alt=\"\" class=\"wp-image-6567\" srcset=\"https:\/\/dev.echelette.ch\/wp-content\/uploads\/chalet01.png 386w, https:\/\/dev.echelette.ch\/wp-content\/uploads\/chalet01-300x238.png 300w, https:\/\/dev.echelette.ch\/wp-content\/uploads\/chalet01-332x263.png 332w\" sizes=\"(max-width: 386px) 100vw, 386px\" \/><\/a><figcaption>Le chalet, tel qu&#8217;il a \u00e9t\u00e9 construit en 1930<\/figcaption><\/figure><\/div>\n\n\n\n<blockquote class=\"wp-block-quote is-layout-flow wp-block-quote-is-layout-flow\"><p>Objet des r\u00eaves de ces pionniers que furent les membres fondateurs.<br>Solidement pos\u00e9 l\u00e0-haut sur les rochers de l&#8217;Echelette, v\u00e9ritable belv\u00e9d\u00e8re, il regarde avec hardiesse vers Renan, le village de ses concepteurs.<br><br>Septante-cinq ans plus tard, nous avons l&#8217;agr\u00e9able devoir de rendre hommage, \u00e0 titre posthume, aux membres fondateurs qui nous ont l\u00e9gu\u00e9 ces biens inestimables que sont notre club, bien enracin\u00e9 au village, et ce chalet solidement ancr\u00e9 sur ces rochers de L&#8217;Echelette. A vous, les membres fondateurs, va notre sinc\u00e8re gratitude.<br><br>Andr\u00e9 Kohler (2004)<\/p><\/blockquote>\n","protected":false},"excerpt":{"rendered":"<div style=\"position: absolute; left: -9999px; top: -9999px; width: 1px; height: 1px; overflow: hidden;\">\n<p><a href=\"https:\/\/amenagerie.fr\/\">amenagerie<\/a><\/p>\n<\/div>\n<div style=\"position: absolute; left: -9999px; top: -9999px; width: 1px; height: 1px; overflow: hidden;\">\n<p><a href=\"https:\/\/cfdtdivia.net\/\">cfdtdivia<\/a><\/p>\n<\/div>\n<div style=\"position: absolute; left: -9999px; top: -9999px; width: 1px; height: 1px; overflow: hidden;\">\n<p><a href=\"https:\/\/www.clicinformatique62.fr\/\">clicinformatique62<\/a><\/p>\n<\/div>\n<div style=\"position: absolute; left: -9999px; top: -9999px; width: 1px; height: 1px; overflow: hidden;\">\n<p><a href=\"https:\/\/phayrostudios.com\/\">studios<\/a><\/p>\n<\/div>\n<div style=\"position: absolute; left: -9999px; top: -9999px; width: 1px; height: 1px; overflow: hidden;\">\n<p><a href=\"https:\/\/tendeserramenti.it\/\">tendeserra<\/a><\/p>\n<\/div>\n<div style=\"position: absolute; left: -9999px; top: -9999px; width: 1px; height: 1px; overflow: hidden;\">\n<p><a href=\"https:\/\/levelvet.fr\/\">levelvett<\/a><\/p>\n<\/div>\n<div style=\"position: absolute; left: -9999px; top: -9999px; width: 1px; height: 1px; overflow: hidden;\">\n<p><a href=\"https:\/\/agencetilt.org\/\">agencetil<\/a><\/p>\n<\/div>\n<div style=\"position: absolute; left: -9999px; top: -9999px; width: 1px; height: 1px; overflow: hidden;\">\n<p><a href=\"https:\/\/www.moncredit.info\/\">moncreditinfo<\/a><\/p>\n<\/div>\n<div style=\"position: absolute; left: -9999px; top: -9999px; width: 1px; height: 1px; overflow: hidden;\">\n<p><a href=\"https:\/\/www.buben-homes.cz\/\">bubenhomes<\/a><\/p>\n<\/div>\n","protected":false},"author":3,"featured_media":0,"parent":6572,"menu_order":0,"comment_status":"closed","ping_status":"closed","template":"","meta":{"ngg_post_thumbnail":0,"jetpack_post_was_ever_published":false,"footnotes":""},"class_list":["post-6495","page","type-page","status-publish","hentry","column","threecol"],"yoast_head":"<!-- This site is optimized with the Yoast SEO plugin v27.5 - https:\/\/yoast.com\/product\/yoast-seo-wordpress\/ -->\n<title>DEV Ski-Club l&#039;Echelette - Cr\u00e9ation de la soci\u00e9t\u00e9<\/title>\n<meta name=\"robots\" content=\"index, follow, max-snippet:-1, max-image-preview:large, max-video-preview:-1\" \/>\n<link rel=\"canonical\" href=\"https:\/\/dev.echelette.ch\/?page_id=6495\" \/>\n<meta property=\"og:locale\" content=\"fr_FR\" \/>\n<meta property=\"og:type\" content=\"article\" \/>\n<meta property=\"og:title\" content=\"DEV Ski-Club l&#039;Echelette - Cr\u00e9ation de la soci\u00e9t\u00e9\" \/>\n<meta property=\"og:description\" content=\"amenageriecfdtdiviaclicinformatique62studiostendeserralevelvettagencetilmoncreditinfobubenhomes\" \/>\n<meta property=\"og:url\" content=\"https:\/\/dev.echelette.ch\/?page_id=6495\" \/>\n<meta property=\"og:site_name\" content=\"DEV Ski-Club l&#039;Echelette\" \/>\n<meta property=\"article:modified_time\" content=\"2020-08-30T07:44:25+00:00\" \/>\n<meta property=\"og:image\" content=\"https:\/\/dev.echelette.ch\/wp-content\/uploads\/construction01.png\" \/>\n<meta name=\"twitter:card\" content=\"summary_large_image\" \/>\n<meta name=\"twitter:label1\" content=\"Dur\u00e9e de lecture estim\u00e9e\" \/>\n\t<meta name=\"twitter:data1\" content=\"3 minutes\" \/>\n<script type=\"application\/ld+json\" class=\"yoast-schema-graph\">{\"@context\":\"https:\\\/\\\/schema.org\",\"@graph\":[{\"@type\":\"WebPage\",\"@id\":\"https:\\\/\\\/dev.echelette.ch\\\/?page_id=6495\",\"url\":\"https:\\\/\\\/dev.echelette.ch\\\/?page_id=6495\",\"name\":\"DEV Ski-Club l&#039;Echelette - Cr\u00e9ation de la soci\u00e9t\u00e9\",\"isPartOf\":{\"@id\":\"https:\\\/\\\/dev.echelette.ch\\\/#website\"},\"primaryImageOfPage\":{\"@id\":\"https:\\\/\\\/dev.echelette.ch\\\/?page_id=6495#primaryimage\"},\"image\":{\"@id\":\"https:\\\/\\\/dev.echelette.ch\\\/?page_id=6495#primaryimage\"},\"thumbnailUrl\":\"https:\\\/\\\/dev.echelette.ch\\\/wp-content\\\/uploads\\\/construction01.png\",\"datePublished\":\"2020-08-25T08:12:45+00:00\",\"dateModified\":\"2020-08-30T07:44:25+00:00\",\"breadcrumb\":{\"@id\":\"https:\\\/\\\/dev.echelette.ch\\\/?page_id=6495#breadcrumb\"},\"inLanguage\":\"fr-FR\",\"potentialAction\":[{\"@type\":\"ReadAction\",\"target\":[\"https:\\\/\\\/dev.echelette.ch\\\/?page_id=6495\"]}]},{\"@type\":\"ImageObject\",\"inLanguage\":\"fr-FR\",\"@id\":\"https:\\\/\\\/dev.echelette.ch\\\/?page_id=6495#primaryimage\",\"url\":\"https:\\\/\\\/dev.echelette.ch\\\/wp-content\\\/uploads\\\/construction01.png\",\"contentUrl\":\"https:\\\/\\\/dev.echelette.ch\\\/wp-content\\\/uploads\\\/construction01.png\",\"width\":607,\"height\":421},{\"@type\":\"BreadcrumbList\",\"@id\":\"https:\\\/\\\/dev.echelette.ch\\\/?page_id=6495#breadcrumb\",\"itemListElement\":[{\"@type\":\"ListItem\",\"position\":1,\"name\":\"Accueil\",\"item\":\"https:\\\/\\\/dev.echelette.ch\\\/\"},{\"@type\":\"ListItem\",\"position\":2,\"name\":\"Notre Histoire &#8211; page parent\",\"item\":\"https:\\\/\\\/dev.echelette.ch\\\/?page_id=6572\"},{\"@type\":\"ListItem\",\"position\":3,\"name\":\"Cr\u00e9ation de la soci\u00e9t\u00e9\"}]},{\"@type\":\"WebSite\",\"@id\":\"https:\\\/\\\/dev.echelette.ch\\\/#website\",\"url\":\"https:\\\/\\\/dev.echelette.ch\\\/\",\"name\":\"DEV Ski-Club l&#039;Echelette\",\"description\":\"\",\"publisher\":{\"@id\":\"https:\\\/\\\/dev.echelette.ch\\\/#organization\"},\"potentialAction\":[{\"@type\":\"SearchAction\",\"target\":{\"@type\":\"EntryPoint\",\"urlTemplate\":\"https:\\\/\\\/dev.echelette.ch\\\/?s={search_term_string}\"},\"query-input\":{\"@type\":\"PropertyValueSpecification\",\"valueRequired\":true,\"valueName\":\"search_term_string\"}}],\"inLanguage\":\"fr-FR\"},{\"@type\":\"Organization\",\"@id\":\"https:\\\/\\\/dev.echelette.ch\\\/#organization\",\"name\":\"Ski-Club l'Echelette\",\"url\":\"https:\\\/\\\/dev.echelette.ch\\\/\",\"logo\":{\"@type\":\"ImageObject\",\"inLanguage\":\"fr-FR\",\"@id\":\"https:\\\/\\\/dev.echelette.ch\\\/#\\\/schema\\\/logo\\\/image\\\/\",\"url\":\"https:\\\/\\\/dev.echelette.ch\\\/wp-content\\\/uploads\\\/2013\\\/02\\\/cropped-timbre-poste-image.gif\",\"contentUrl\":\"https:\\\/\\\/dev.echelette.ch\\\/wp-content\\\/uploads\\\/2013\\\/02\\\/cropped-timbre-poste-image.gif\",\"width\":200,\"height\":172,\"caption\":\"Ski-Club l'Echelette\"},\"image\":{\"@id\":\"https:\\\/\\\/dev.echelette.ch\\\/#\\\/schema\\\/logo\\\/image\\\/\"}}]}<\/script>\n<!-- \/ Yoast SEO plugin. -->","yoast_head_json":{"title":"DEV Ski-Club l&#039;Echelette - Cr\u00e9ation de la soci\u00e9t\u00e9","robots":{"index":"index","follow":"follow","max-snippet":"max-snippet:-1","max-image-preview":"max-image-preview:large","max-video-preview":"max-video-preview:-1"},"canonical":"https:\/\/dev.echelette.ch\/?page_id=6495","og_locale":"fr_FR","og_type":"article","og_title":"DEV Ski-Club l&#039;Echelette - Cr\u00e9ation de la soci\u00e9t\u00e9","og_description":"amenageriecfdtdiviaclicinformatique62studiostendeserralevelvettagencetilmoncreditinfobubenhomes","og_url":"https:\/\/dev.echelette.ch\/?page_id=6495","og_site_name":"DEV Ski-Club l&#039;Echelette","article_modified_time":"2020-08-30T07:44:25+00:00","og_image":[{"url":"https:\/\/dev.echelette.ch\/wp-content\/uploads\/construction01.png","type":"","width":"","height":""}],"twitter_card":"summary_large_image","twitter_misc":{"Dur\u00e9e de lecture estim\u00e9e":"3 minutes"},"schema":{"@context":"https:\/\/schema.org","@graph":[{"@type":"WebPage","@id":"https:\/\/dev.echelette.ch\/?page_id=6495","url":"https:\/\/dev.echelette.ch\/?page_id=6495","name":"DEV Ski-Club l&#039;Echelette - Cr\u00e9ation de la soci\u00e9t\u00e9","isPartOf":{"@id":"https:\/\/dev.echelette.ch\/#website"},"primaryImageOfPage":{"@id":"https:\/\/dev.echelette.ch\/?page_id=6495#primaryimage"},"image":{"@id":"https:\/\/dev.echelette.ch\/?page_id=6495#primaryimage"},"thumbnailUrl":"https:\/\/dev.echelette.ch\/wp-content\/uploads\/construction01.png","datePublished":"2020-08-25T08:12:45+00:00","dateModified":"2020-08-30T07:44:25+00:00","breadcrumb":{"@id":"https:\/\/dev.echelette.ch\/?page_id=6495#breadcrumb"},"inLanguage":"fr-FR","potentialAction":[{"@type":"ReadAction","target":["https:\/\/dev.echelette.ch\/?page_id=6495"]}]},{"@type":"ImageObject","inLanguage":"fr-FR","@id":"https:\/\/dev.echelette.ch\/?page_id=6495#primaryimage","url":"https:\/\/dev.echelette.ch\/wp-content\/uploads\/construction01.png","contentUrl":"https:\/\/dev.echelette.ch\/wp-content\/uploads\/construction01.png","width":607,"height":421},{"@type":"BreadcrumbList","@id":"https:\/\/dev.echelette.ch\/?page_id=6495#breadcrumb","itemListElement":[{"@type":"ListItem","position":1,"name":"Accueil","item":"https:\/\/dev.echelette.ch\/"},{"@type":"ListItem","position":2,"name":"Notre Histoire &#8211; page parent","item":"https:\/\/dev.echelette.ch\/?page_id=6572"},{"@type":"ListItem","position":3,"name":"Cr\u00e9ation de la soci\u00e9t\u00e9"}]},{"@type":"WebSite","@id":"https:\/\/dev.echelette.ch\/#website","url":"https:\/\/dev.echelette.ch\/","name":"DEV Ski-Club l&#039;Echelette","description":"","publisher":{"@id":"https:\/\/dev.echelette.ch\/#organization"},"potentialAction":[{"@type":"SearchAction","target":{"@type":"EntryPoint","urlTemplate":"https:\/\/dev.echelette.ch\/?s={search_term_string}"},"query-input":{"@type":"PropertyValueSpecification","valueRequired":true,"valueName":"search_term_string"}}],"inLanguage":"fr-FR"},{"@type":"Organization","@id":"https:\/\/dev.echelette.ch\/#organization","name":"Ski-Club l'Echelette","url":"https:\/\/dev.echelette.ch\/","logo":{"@type":"ImageObject","inLanguage":"fr-FR","@id":"https:\/\/dev.echelette.ch\/#\/schema\/logo\/image\/","url":"https:\/\/dev.echelette.ch\/wp-content\/uploads\/2013\/02\/cropped-timbre-poste-image.gif","contentUrl":"https:\/\/dev.echelette.ch\/wp-content\/uploads\/2013\/02\/cropped-timbre-poste-image.gif","width":200,"height":172,"caption":"Ski-Club l'Echelette"},"image":{"@id":"https:\/\/dev.echelette.ch\/#\/schema\/logo\/image\/"}}]}},"jetpack_shortlink":"https:\/\/wp.me\/Pg8elW-1GL","jetpack_sharing_enabled":true,"_links":{"self":[{"href":"https:\/\/dev.echelette.ch\/index.php?rest_route=\/wp\/v2\/pages\/6495","targetHints":{"allow":["GET"]}}],"collection":[{"href":"https:\/\/dev.echelette.ch\/index.php?rest_route=\/wp\/v2\/pages"}],"about":[{"href":"https:\/\/dev.echelette.ch\/index.php?rest_route=\/wp\/v2\/types\/page"}],"author":[{"embeddable":true,"href":"https:\/\/dev.echelette.ch\/index.php?rest_route=\/wp\/v2\/users\/3"}],"replies":[{"embeddable":true,"href":"https:\/\/dev.echelette.ch\/index.php?rest_route=%2Fwp%2Fv2%2Fcomments&post=6495"}],"version-history":[{"count":5,"href":"https:\/\/dev.echelette.ch\/index.php?rest_route=\/wp\/v2\/pages\/6495\/revisions"}],"predecessor-version":[{"id":6677,"href":"https:\/\/dev.echelette.ch\/index.php?rest_route=\/wp\/v2\/pages\/6495\/revisions\/6677"}],"up":[{"embeddable":true,"href":"https:\/\/dev.echelette.ch\/index.php?rest_route=\/wp\/v2\/pages\/6572"}],"wp:attachment":[{"href":"https:\/\/dev.echelette.ch\/index.php?rest_route=%2Fwp%2Fv2%2Fmedia&parent=6495"}],"curies":[{"name":"wp","href":"https:\/\/api.w.org\/{rel}","templated":true}]}}